{"id":5906,"date":"2021-04-12T15:54:14","date_gmt":"2021-04-12T13:54:14","guid":{"rendered":"https:\/\/www.icpmuenchen.de\/bildung-erziehung\/"},"modified":"2023-07-31T13:36:45","modified_gmt":"2023-07-31T11:36:45","slug":"instruction-and-education","status":"publish","type":"page","link":"https:\/\/www.icpmuenchen.de\/en\/instruction-and-education\/","title":{"rendered":"Instruction and Education\ufffc"},"content":{"rendered":"\t\t<div data-elementor-type=\"wp-page\" data-elementor-id=\"5906\" class=\"elementor elementor-5906 elementor-800\" data-elementor-post-type=\"page\">\n\t\t\t\t\t\t<section class=\"elementor-section elementor-top-section elementor-element elementor-element-395939d2 elementor-section-height-min-height elementor-section-content-middle elementor-section-boxed elementor-section-height-default elementor-section-items-middle\" data-id=\"395939d2\" data-element_type=\"section\" data-e-type=\"section\" data-settings=\"{&quot;background_background&quot;:&quot;classic&quot;}\">\n\t\t\t\t\t\t\t<div class=\"elementor-background-overlay\"><\/div>\n\t\t\t\t\t\t\t<div class=\"elementor-container elementor-column-gap-default\">\n\t\t\t\t\t<div class=\"elementor-column elementor-col-66 elementor-top-column elementor-element elementor-element-579622df\" data-id=\"579622df\" data-element_type=\"column\" data-e-type=\"column\" data-settings=\"{&quot;background_background&quot;:&quot;classic&quot;}\">\n\t\t\t<div class=\"elementor-widget-wrap\">\n\t\t\t\t\t\t\t<\/div>\n\t\t<\/div>\n\t\t\t\t<div class=\"elementor-column elementor-col-33 elementor-top-column elementor-element elementor-element-22a19889\" data-id=\"22a19889\" data-element_type=\"column\" data-e-type=\"column\">\n\t\t\t<div class=\"elementor-widget-wrap elementor-element-populated\">\n\t\t\t\t\t\t<div class=\"elementor-element elementor-element-13286ff elementor-widget elementor-widget-text-editor\" data-id=\"13286ff\" data-element_type=\"widget\" data-e-type=\"widget\" data-widget_type=\"text-editor.default\">\n\t\t\t\t<div class=\"elementor-widget-container\">\n\t\t\t\t\t\t\t\t\tDAY CENTRES, INCLUSIVE PRIMARY SCHOOL, CURATIVE EDUCATION<br> DAY CENTRE, EDUCATIONAL SCHOOL FOR CHILDREN WITH SPECIAL<br> NEEDS, VOCATIONAL SCHOOL, SCHOOL BOARDING HOUSE\t\t\t\t\t\t\t\t<\/div>\n\t\t\t\t<\/div>\n\t\t\t\t<div class=\"elementor-element elementor-element-27c73ef elementor-widget elementor-widget-heading\" data-id=\"27c73ef\" data-element_type=\"widget\" data-e-type=\"widget\" data-widget_type=\"heading.default\">\n\t\t\t\t<div class=\"elementor-widget-container\">\n\t\t\t\t\t<h2 class=\"elementor-heading-title elementor-size-default\">Instruction and <br> Education<\/h2>\t\t\t\t<\/div>\n\t\t\t\t<\/div>\n\t\t\t\t\t<\/div>\n\t\t<\/div>\n\t\t\t\t\t<\/div>\n\t\t<\/section>\n\t\t\t\t<section class=\"elementor-section elementor-top-section elementor-element elementor-element-6869b901 elementor-section-boxed elementor-section-height-default elementor-section-height-default elementor-invisible\" data-id=\"6869b901\" data-element_type=\"section\" data-e-type=\"section\" data-settings=\"{&quot;animation&quot;:&quot;fadeInUp&quot;}\">\n\t\t\t\t\t\t<div class=\"elementor-container elementor-column-gap-default\">\n\t\t\t\t\t<div class=\"elementor-column elementor-col-100 elementor-top-column elementor-element elementor-element-3f5e81a4\" data-id=\"3f5e81a4\" data-element_type=\"column\" data-e-type=\"column\">\n\t\t\t<div class=\"elementor-widget-wrap elementor-element-populated\">\n\t\t\t\t\t\t<div class=\"elementor-element elementor-element-3d491935 elementor-widget__width-auto elementor-absolute elementor-hidden-tablet elementor-hidden-phone animated-slow elementor-invisible elementor-widget elementor-widget-elementskit-heading\" data-id=\"3d491935\" data-element_type=\"widget\" data-e-type=\"widget\" data-settings=\"{&quot;_position&quot;:&quot;absolute&quot;,&quot;_animation&quot;:&quot;fadeInUp&quot;}\" data-widget_type=\"elementskit-heading.default\">\n\t\t\t\t<div class=\"elementor-widget-container\">\n\t\t\t\t\t<div class=\"ekit-wid-con\" ><div class=\"ekit-heading elementskit-section-title-wraper text_center   ekit_heading_tablet-   ekit_heading_mobile-\"><\/div><\/div>\t\t\t\t<\/div>\n\t\t\t\t<\/div>\n\t\t\t\t<div class=\"elementor-element elementor-element-264515f elementor-widget elementor-widget-menu-anchor\" data-id=\"264515f\" data-element_type=\"widget\" data-e-type=\"widget\" data-widget_type=\"menu-anchor.default\">\n\t\t\t\t<div class=\"elementor-widget-container\">\n\t\t\t\t\t\t\t<div class=\"elementor-menu-anchor\" id=\"kindertageseinrichtungen-ikf\"><\/div>\n\t\t\t\t\t\t<\/div>\n\t\t\t\t<\/div>\n\t\t\t\t<div class=\"elementor-element elementor-element-4ccc8f12 elementor-widget elementor-widget-elementskit-heading\" data-id=\"4ccc8f12\" data-element_type=\"widget\" data-e-type=\"widget\" data-widget_type=\"elementskit-heading.default\">\n\t\t\t\t<div class=\"elementor-widget-container\">\n\t\t\t\t\t<div class=\"ekit-wid-con\" ><div class=\"ekit-heading elementskit-section-title-wraper text_center   ekit_heading_tablet-   ekit_heading_mobile-\"><h3 class=\"elementskit-section-subtitle  \">\n\t\t\t\t\t\tInstruction and Education\n\t\t\t\t\t<\/h3><h2 class=\"ekit-heading--title elementskit-section-title \">Holistic development of children and youths<\/h2><\/div><\/div>\t\t\t\t<\/div>\n\t\t\t\t<\/div>\n\t\t\t\t<div class=\"elementor-element elementor-element-88853ac elementor-widget elementor-widget-text-editor\" data-id=\"88853ac\" data-element_type=\"widget\" data-e-type=\"widget\" data-widget_type=\"text-editor.default\">\n\t\t\t\t<div class=\"elementor-widget-container\">\n\t\t\t\t\t\t\t\t\t<p>The holistic development of children and youths with and without disabilities is both charter and objective of our work. Facilities for curative education, integrative\/inclusive, and regular facilities complement each other and offer parents the opportunity to choose customised care, education, and development that aligns with the needs of their children.<\/p><p>Over the recent years, the collaboration among, and interconnectedness of, our various settings for children and youths (nursery schools, curative education day centres, and our various school types) were continually expanded and stabilised, with a key focus on participation and inclusion, fostering independence and social communication.<\/p><p>We understand inclusion to mean, first and foremost, diversity, i.\u00a0e., the acceptance of multitudinousness, and the provision of options. In our facilities, children with and without impairments have the opportunity to play, learn, and laugh together, collect experiences, find friends, and to experience being different as the common element that both unites and enriches. We all have the same needs, but every individual comes from their own \u201cstarting point\u201d to satisfy them. We see it as our responsibility to recognise and be aware of that in our daily interactions.<\/p><p>Learn more about our various offers on the following pages. If you have any questions or concerns, feel free to reach out to the contacts listed below.<\/p>\t\t\t\t\t\t\t\t<\/div>\n\t\t\t\t<\/div>\n\t\t\t\t\t<\/div>\n\t\t<\/div>\n\t\t\t\t\t<\/div>\n\t\t<\/section>\n\t\t\t\t<section class=\"elementor-section elementor-top-section elementor-element elementor-element-25059c7 elementor-section-boxed elementor-section-height-default elementor-section-height-default elementor-invisible\" data-id=\"25059c7\" data-element_type=\"section\" data-e-type=\"section\" data-settings=\"{&quot;animation&quot;:&quot;fadeInUp&quot;}\">\n\t\t\t\t\t\t<div class=\"elementor-container elementor-column-gap-default\">\n\t\t\t\t\t<div class=\"elementor-column elementor-col-100 elementor-top-column elementor-element elementor-element-5973115\" data-id=\"5973115\" data-element_type=\"column\" data-e-type=\"column\">\n\t\t\t<div class=\"elementor-widget-wrap elementor-element-populated\">\n\t\t\t\t\t\t<div class=\"elementor-element elementor-element-5ebb104 elementor-widget__width-auto elementor-absolute elementor-hidden-tablet elementor-hidden-phone animated-slow elementor-invisible elementor-widget elementor-widget-elementskit-heading\" data-id=\"5ebb104\" data-element_type=\"widget\" data-e-type=\"widget\" data-settings=\"{&quot;_position&quot;:&quot;absolute&quot;,&quot;_animation&quot;:&quot;fadeInUp&quot;}\" data-widget_type=\"elementskit-heading.default\">\n\t\t\t\t<div class=\"elementor-widget-container\">\n\t\t\t\t\t<div class=\"ekit-wid-con\" ><div class=\"ekit-heading elementskit-section-title-wraper text_center   ekit_heading_tablet-   ekit_heading_mobile-\"><\/div><\/div>\t\t\t\t<\/div>\n\t\t\t\t<\/div>\n\t\t\t\t<div class=\"elementor-element elementor-element-96a22d2 elementor-widget elementor-widget-elementskit-heading\" data-id=\"96a22d2\" data-element_type=\"widget\" data-e-type=\"widget\" data-widget_type=\"elementskit-heading.default\">\n\t\t\t\t<div class=\"elementor-widget-container\">\n\t\t\t\t\t<div class=\"ekit-wid-con\" ><div class=\"ekit-heading elementskit-section-title-wraper text_center   ekit_heading_tablet-   ekit_heading_mobile-\"><h3 class=\"elementskit-section-subtitle  \">\n\t\t\t\t\t\tInstruction and Education\n\t\t\t\t\t<\/h3><h2 class=\"ekit-heading--title elementskit-section-title \">Your contact<\/h2><\/div><\/div>\t\t\t\t<\/div>\n\t\t\t\t<\/div>\n\t\t\t\t<div class=\"elementor-element elementor-element-4a53bd2d elementor-widget elementor-widget-elementskit-team\" data-id=\"4a53bd2d\" data-element_type=\"widget\" data-e-type=\"widget\" data-widget_type=\"elementskit-team.default\">\n\t\t\t\t<div class=\"elementor-widget-container\">\n\t\t\t\t\t<div class=\"ekit-wid-con\">\n\t\t\t\t\t\t\t\t\t\t\t\t\t\t\t <div class=\"style-circle ekit-team-img-fit\"> \t\t\t\t\t\t\t\t\t<div class=\"profile-image-card elementor-animation- ekit-team-img ekit-team-style-overlay_circle text-center\">\n\n\t\t\t\t\t\t\t\t\t\t\t\t\t<img fetchpriority=\"high\" decoding=\"async\" width=\"800\" height=\"999\" src=\"https:\/\/www.icpmuenchen.de\/wp-content\/uploads\/2021\/06\/Schuessl_1-820x1024.jpg\" class=\"attachment-large size-large wp-image-4095\" alt=\"\" srcset=\"https:\/\/www.icpmuenchen.de\/wp-content\/uploads\/2021\/06\/Schuessl_1-820x1024.jpg 820w, https:\/\/www.icpmuenchen.de\/wp-content\/uploads\/2021\/06\/Schuessl_1-240x300.jpg 240w, https:\/\/www.icpmuenchen.de\/wp-content\/uploads\/2021\/06\/Schuessl_1-768x959.jpg 768w, https:\/\/www.icpmuenchen.de\/wp-content\/uploads\/2021\/06\/Schuessl_1-1230x1536.jpg 1230w, https:\/\/www.icpmuenchen.de\/wp-content\/uploads\/2021\/06\/Schuessl_1-1641x2048.jpg 1641w, https:\/\/www.icpmuenchen.de\/wp-content\/uploads\/2021\/06\/Schuessl_1-scaled.jpg 1282w\" sizes=\"(max-width: 800px) 100vw, 800px\" \/>\t\t\t\t\t\t\t\t\t\t\t\t<div class=\"hover-area\">\n\t\t\t\t\t\t\t<div class=\"profile-body\">\n\t\t\t\t\t\t\t\t<h2 class=\"profile-title\">\n\t\t\t\t\t\t\t\t\t\t\t\t\t\t\t\t\t\t\t\t\t\t\t\t\t\t\t\t\t\t\t\t\t<\/h2>\n\t\t\t\t\t\t\t\t<p class=\"profile-designation\"><\/p>\n\t\t\t\t\t\t\t\t\t\t\t\t\t\t\t<\/div>\n\t\t\t\t\t\t\t\t\t\t\t\t\t<\/div>\n\t\t\t\t\t<\/div>\n\t\t\t\t\t <\/div> \n\t\t\t\t\n\t\t\t\t<\/div>\t\t\t\t<\/div>\n\t\t\t\t<\/div>\n\t\t\t\t<div class=\"elementor-element elementor-element-77e8dc58 elementor-widget elementor-widget-elementskit-heading\" data-id=\"77e8dc58\" data-element_type=\"widget\" data-e-type=\"widget\" data-widget_type=\"elementskit-heading.default\">\n\t\t\t\t<div class=\"elementor-widget-container\">\n\t\t\t\t\t<div class=\"ekit-wid-con\" ><div class=\"ekit-heading elementskit-section-title-wraper text_center   ekit_heading_tablet-   ekit_heading_mobile-\"><h2 class=\"ekit-heading--title elementskit-section-title \">Doris Sch\u00fcssl<\/h2><h3 class=\"ekit-heading--subtitle elementskit-section-subtitle  \">\n\t\t\t\t\t\tHead of Corporate Development\n\t\t\t\t\t<\/h3>\t\t\t\t<div class='ekit-heading__description'>\n\t\t\t\t\t<p><a href=\"tel:+498971007106\">+49 89 71007-106<\/a><br \/><a href=\"mailto:doris.schuessl@icpmuenchen.de\">doris.schuessl@icp.de<\/a><\/p>\n\t\t\t\t<\/div>\n\t\t\t<\/div><\/div>\t\t\t\t<\/div>\n\t\t\t\t<\/div>\n\t\t\t\t\t<\/div>\n\t\t<\/div>\n\t\t\t\t\t<\/div>\n\t\t<\/section>\n\t\t\t\t<section class=\"elementor-section elementor-top-section elementor-element elementor-element-145201df elementor-section-height-min-height elementor-section-boxed elementor-section-height-default elementor-section-items-middle\" data-id=\"145201df\" data-element_type=\"section\" data-e-type=\"section\" data-settings=\"{&quot;background_background&quot;:&quot;classic&quot;}\">\n\t\t\t\t\t\t\t<div class=\"elementor-background-overlay\"><\/div>\n\t\t\t\t\t\t\t<div class=\"elementor-container elementor-column-gap-default\">\n\t\t\t\t\t<div class=\"elementor-column elementor-col-100 elementor-top-column elementor-element elementor-element-3b24c8bc\" data-id=\"3b24c8bc\" data-element_type=\"column\" data-e-type=\"column\">\n\t\t\t<div class=\"elementor-widget-wrap elementor-element-populated\">\n\t\t\t\t\t\t<div class=\"elementor-element elementor-element-2a8d3171 elementor-align-center elementor-icon-list--layout-traditional elementor-list-item-link-full_width elementor-widget elementor-widget-icon-list\" data-id=\"2a8d3171\" data-element_type=\"widget\" data-e-type=\"widget\" data-widget_type=\"icon-list.default\">\n\t\t\t\t<div class=\"elementor-widget-container\">\n\t\t\t\t\t\t\t<ul class=\"elementor-icon-list-items\">\n\t\t\t\t\t\t\t<li class=\"elementor-icon-list-item\">\n\t\t\t\t\t\t\t\t\t\t\t<a href=\"\/stellenangebote\" target=\"_blank\">\n\n\t\t\t\t\t\t\t\t\t\t\t\t<span class=\"elementor-icon-list-icon\">\n\t\t\t\t\t\t\t<i aria-hidden=\"true\" class=\"fas fa-chevron-circle-right\"><\/i>\t\t\t\t\t\t<\/span>\n\t\t\t\t\t\t\t\t\t\t<span class=\"elementor-icon-list-text\">APPLY NOW<\/span>\n\t\t\t\t\t\t\t\t\t\t\t<\/a>\n\t\t\t\t\t\t\t\t\t<\/li>\n\t\t\t\t\t\t<\/ul>\n\t\t\t\t\t\t<\/div>\n\t\t\t\t<\/div>\n\t\t\t\t\t<\/div>\n\t\t<\/div>\n\t\t\t\t\t<\/div>\n\t\t<\/section>\n\t\t\t\t<\/div>\n\t\t","protected":false},"excerpt":{"rendered":"<p>DAY CENTRES, INCLUSIVE PRIMARY SCHOOL, CURATIVE EDUCATION DAY CENTRE, EDUCATIONAL SCHOOL FOR CHILDREN WITH SPECIAL NEEDS, VOCATIONAL SCHOOL, SCHOOL BOARDING HOUSE Instruction and Education Instruction and Education Holistic development of children and youths The holistic development of children and youths with and without disabilities is both charter and objective of our work. Facilities for curative [&hellip;]<\/p>\n","protected":false},"author":1,"featured_media":0,"parent":0,"menu_order":0,"comment_status":"closed","ping_status":"closed","template":"","meta":{"footnotes":""},"class_list":["post-5906","page","type-page","status-publish","hentry"],"yoast_head":"<!-- This site is optimized with the Yoast SEO plugin v26.8 - https:\/\/yoast.com\/product\/yoast-seo-wordpress\/ -->\n<title>Instruction and Education\ufffc - ICP M\u00fcnchen<\/title>\n<meta name=\"robots\" content=\"index, follow, max-snippet:-1, max-image-preview:large, max-video-preview:-1\" \/>\n<link rel=\"canonical\" href=\"https:\/\/www.icpmuenchen.de\/en\/instruction-and-education\/\" \/>\n<meta property=\"og:locale\" content=\"en_US\" \/>\n<meta property=\"og:type\" content=\"article\" \/>\n<meta property=\"og:title\" content=\"Instruction and Education\ufffc - ICP M\u00fcnchen\" \/>\n<meta property=\"og:description\" content=\"DAY CENTRES, INCLUSIVE PRIMARY SCHOOL, CURATIVE EDUCATION DAY CENTRE, EDUCATIONAL SCHOOL FOR CHILDREN WITH SPECIAL NEEDS, VOCATIONAL SCHOOL, SCHOOL BOARDING HOUSE Instruction and Education Instruction and Education Holistic development of children and youths The holistic development of children and youths with and without disabilities is both charter and objective of our work. Facilities for curative [&hellip;]\" \/>\n<meta property=\"og:url\" content=\"https:\/\/www.icpmuenchen.de\/en\/instruction-and-education\/\" \/>\n<meta property=\"og:site_name\" content=\"ICP M\u00fcnchen\" \/>\n<meta property=\"article:modified_time\" content=\"2023-07-31T11:36:45+00:00\" \/>\n<meta property=\"og:image\" content=\"https:\/\/www.icpmuenchen.de\/wp-content\/uploads\/2021\/06\/Schuessl_1-820x1024.jpg\" \/>\n<meta name=\"twitter:card\" content=\"summary_large_image\" \/>\n<meta name=\"twitter:label1\" content=\"Est. reading time\" \/>\n\t<meta name=\"twitter:data1\" content=\"2 minutes\" \/>\n<script type=\"application\/ld+json\" class=\"yoast-schema-graph\">{\"@context\":\"https:\/\/schema.org\",\"@graph\":[{\"@type\":\"WebPage\",\"@id\":\"https:\/\/www.icpmuenchen.de\/en\/instruction-and-education\/\",\"url\":\"https:\/\/www.icpmuenchen.de\/en\/instruction-and-education\/\",\"name\":\"Instruction and Education\ufffc - ICP M\u00fcnchen\",\"isPartOf\":{\"@id\":\"https:\/\/www.icpmuenchen.de\/en\/#website\"},\"primaryImageOfPage\":{\"@id\":\"https:\/\/www.icpmuenchen.de\/en\/instruction-and-education\/#primaryimage\"},\"image\":{\"@id\":\"https:\/\/www.icpmuenchen.de\/en\/instruction-and-education\/#primaryimage\"},\"thumbnailUrl\":\"https:\/\/www.icpmuenchen.de\/wp-content\/uploads\/2021\/06\/Schuessl_1-820x1024.jpg\",\"datePublished\":\"2021-04-12T13:54:14+00:00\",\"dateModified\":\"2023-07-31T11:36:45+00:00\",\"breadcrumb\":{\"@id\":\"https:\/\/www.icpmuenchen.de\/en\/instruction-and-education\/#breadcrumb\"},\"inLanguage\":\"en-US\",\"potentialAction\":[{\"@type\":\"ReadAction\",\"target\":[\"https:\/\/www.icpmuenchen.de\/en\/instruction-and-education\/\"]}]},{\"@type\":\"ImageObject\",\"inLanguage\":\"en-US\",\"@id\":\"https:\/\/www.icpmuenchen.de\/en\/instruction-and-education\/#primaryimage\",\"url\":\"https:\/\/www.icpmuenchen.de\/wp-content\/uploads\/2021\/06\/Schuessl_1-820x1024.jpg\",\"contentUrl\":\"https:\/\/www.icpmuenchen.de\/wp-content\/uploads\/2021\/06\/Schuessl_1-820x1024.jpg\"},{\"@type\":\"BreadcrumbList\",\"@id\":\"https:\/\/www.icpmuenchen.de\/en\/instruction-and-education\/#breadcrumb\",\"itemListElement\":[{\"@type\":\"ListItem\",\"position\":1,\"name\":\"Startseite\",\"item\":\"https:\/\/www.icpmuenchen.de\/en\/\"},{\"@type\":\"ListItem\",\"position\":2,\"name\":\"Instruction and Education\ufffc\"}]},{\"@type\":\"WebSite\",\"@id\":\"https:\/\/www.icpmuenchen.de\/en\/#website\",\"url\":\"https:\/\/www.icpmuenchen.de\/en\/\",\"name\":\"ICP M\u00fcnchen\",\"description\":\"Integrationszentrum f\u00fcr K\u00f6rperbehinderte\",\"publisher\":{\"@id\":\"https:\/\/www.icpmuenchen.de\/en\/#organization\"},\"potentialAction\":[{\"@type\":\"SearchAction\",\"target\":{\"@type\":\"EntryPoint\",\"urlTemplate\":\"https:\/\/www.icpmuenchen.de\/en\/?s={search_term_string}\"},\"query-input\":{\"@type\":\"PropertyValueSpecification\",\"valueRequired\":true,\"valueName\":\"search_term_string\"}}],\"inLanguage\":\"en-US\"},{\"@type\":\"Organization\",\"@id\":\"https:\/\/www.icpmuenchen.de\/en\/#organization\",\"name\":\"ICP M\u00fcnchen\",\"url\":\"https:\/\/www.icpmuenchen.de\/en\/\",\"logo\":{\"@type\":\"ImageObject\",\"inLanguage\":\"en-US\",\"@id\":\"https:\/\/www.icpmuenchen.de\/en\/#\/schema\/logo\/image\/\",\"url\":\"https:\/\/www.icpmuenchen.de\/wp-content\/uploads\/2020\/08\/Logo_Stiftung-ICP.svg\",\"contentUrl\":\"https:\/\/www.icpmuenchen.de\/wp-content\/uploads\/2020\/08\/Logo_Stiftung-ICP.svg\",\"width\":1,\"height\":1,\"caption\":\"ICP M\u00fcnchen\"},\"image\":{\"@id\":\"https:\/\/www.icpmuenchen.de\/en\/#\/schema\/logo\/image\/\"}}]}<\/script>\n<!-- \/ Yoast SEO plugin. -->","yoast_head_json":{"title":"Instruction and Education\ufffc - ICP M\u00fcnchen","robots":{"index":"index","follow":"follow","max-snippet":"max-snippet:-1","max-image-preview":"max-image-preview:large","max-video-preview":"max-video-preview:-1"},"canonical":"https:\/\/www.icpmuenchen.de\/en\/instruction-and-education\/","og_locale":"en_US","og_type":"article","og_title":"Instruction and Education\ufffc - ICP M\u00fcnchen","og_description":"DAY CENTRES, INCLUSIVE PRIMARY SCHOOL, CURATIVE EDUCATION DAY CENTRE, EDUCATIONAL SCHOOL FOR CHILDREN WITH SPECIAL NEEDS, VOCATIONAL SCHOOL, SCHOOL BOARDING HOUSE Instruction and Education Instruction and Education Holistic development of children and youths The holistic development of children and youths with and without disabilities is both charter and objective of our work. Facilities for curative [&hellip;]","og_url":"https:\/\/www.icpmuenchen.de\/en\/instruction-and-education\/","og_site_name":"ICP M\u00fcnchen","article_modified_time":"2023-07-31T11:36:45+00:00","og_image":[{"url":"https:\/\/www.icpmuenchen.de\/wp-content\/uploads\/2021\/06\/Schuessl_1-820x1024.jpg","type":"","width":"","height":""}],"twitter_card":"summary_large_image","twitter_misc":{"Est. reading time":"2 minutes"},"schema":{"@context":"https:\/\/schema.org","@graph":[{"@type":"WebPage","@id":"https:\/\/www.icpmuenchen.de\/en\/instruction-and-education\/","url":"https:\/\/www.icpmuenchen.de\/en\/instruction-and-education\/","name":"Instruction and Education\ufffc - ICP M\u00fcnchen","isPartOf":{"@id":"https:\/\/www.icpmuenchen.de\/en\/#website"},"primaryImageOfPage":{"@id":"https:\/\/www.icpmuenchen.de\/en\/instruction-and-education\/#primaryimage"},"image":{"@id":"https:\/\/www.icpmuenchen.de\/en\/instruction-and-education\/#primaryimage"},"thumbnailUrl":"https:\/\/www.icpmuenchen.de\/wp-content\/uploads\/2021\/06\/Schuessl_1-820x1024.jpg","datePublished":"2021-04-12T13:54:14+00:00","dateModified":"2023-07-31T11:36:45+00:00","breadcrumb":{"@id":"https:\/\/www.icpmuenchen.de\/en\/instruction-and-education\/#breadcrumb"},"inLanguage":"en-US","potentialAction":[{"@type":"ReadAction","target":["https:\/\/www.icpmuenchen.de\/en\/instruction-and-education\/"]}]},{"@type":"ImageObject","inLanguage":"en-US","@id":"https:\/\/www.icpmuenchen.de\/en\/instruction-and-education\/#primaryimage","url":"https:\/\/www.icpmuenchen.de\/wp-content\/uploads\/2021\/06\/Schuessl_1-820x1024.jpg","contentUrl":"https:\/\/www.icpmuenchen.de\/wp-content\/uploads\/2021\/06\/Schuessl_1-820x1024.jpg"},{"@type":"BreadcrumbList","@id":"https:\/\/www.icpmuenchen.de\/en\/instruction-and-education\/#breadcrumb","itemListElement":[{"@type":"ListItem","position":1,"name":"Startseite","item":"https:\/\/www.icpmuenchen.de\/en\/"},{"@type":"ListItem","position":2,"name":"Instruction and Education\ufffc"}]},{"@type":"WebSite","@id":"https:\/\/www.icpmuenchen.de\/en\/#website","url":"https:\/\/www.icpmuenchen.de\/en\/","name":"ICP M\u00fcnchen","description":"Integrationszentrum f\u00fcr K\u00f6rperbehinderte","publisher":{"@id":"https:\/\/www.icpmuenchen.de\/en\/#organization"},"potentialAction":[{"@type":"SearchAction","target":{"@type":"EntryPoint","urlTemplate":"https:\/\/www.icpmuenchen.de\/en\/?s={search_term_string}"},"query-input":{"@type":"PropertyValueSpecification","valueRequired":true,"valueName":"search_term_string"}}],"inLanguage":"en-US"},{"@type":"Organization","@id":"https:\/\/www.icpmuenchen.de\/en\/#organization","name":"ICP M\u00fcnchen","url":"https:\/\/www.icpmuenchen.de\/en\/","logo":{"@type":"ImageObject","inLanguage":"en-US","@id":"https:\/\/www.icpmuenchen.de\/en\/#\/schema\/logo\/image\/","url":"https:\/\/www.icpmuenchen.de\/wp-content\/uploads\/2020\/08\/Logo_Stiftung-ICP.svg","contentUrl":"https:\/\/www.icpmuenchen.de\/wp-content\/uploads\/2020\/08\/Logo_Stiftung-ICP.svg","width":1,"height":1,"caption":"ICP M\u00fcnchen"},"image":{"@id":"https:\/\/www.icpmuenchen.de\/en\/#\/schema\/logo\/image\/"}}]}},"_links":{"self":[{"href":"https:\/\/www.icpmuenchen.de\/en\/wp-json\/wp\/v2\/pages\/5906","targetHints":{"allow":["GET"]}}],"collection":[{"href":"https:\/\/www.icpmuenchen.de\/en\/wp-json\/wp\/v2\/pages"}],"about":[{"href":"https:\/\/www.icpmuenchen.de\/en\/wp-json\/wp\/v2\/types\/page"}],"author":[{"embeddable":true,"href":"https:\/\/www.icpmuenchen.de\/en\/wp-json\/wp\/v2\/users\/1"}],"replies":[{"embeddable":true,"href":"https:\/\/www.icpmuenchen.de\/en\/wp-json\/wp\/v2\/comments?post=5906"}],"version-history":[{"count":11,"href":"https:\/\/www.icpmuenchen.de\/en\/wp-json\/wp\/v2\/pages\/5906\/revisions"}],"predecessor-version":[{"id":15155,"href":"https:\/\/www.icpmuenchen.de\/en\/wp-json\/wp\/v2\/pages\/5906\/revisions\/15155"}],"wp:attachment":[{"href":"https:\/\/www.icpmuenchen.de\/en\/wp-json\/wp\/v2\/media?parent=5906"}],"curies":[{"name":"wp","href":"https:\/\/api.w.org\/{rel}","templated":true}]}}