{"id":6418,"date":"2021-06-14T11:33:26","date_gmt":"2021-06-14T09:33:26","guid":{"rendered":"https:\/\/www.icpmuenchen.de\/presse\/"},"modified":"2023-02-13T14:13:57","modified_gmt":"2023-02-13T13:13:57","slug":"press","status":"publish","type":"page","link":"https:\/\/www.icpmuenchen.de\/en\/press\/","title":{"rendered":"Press"},"content":{"rendered":"\t\t<div data-elementor-type=\"wp-page\" data-elementor-id=\"6418\" class=\"elementor elementor-6418 elementor-2199\" data-elementor-post-type=\"page\">\n\t\t\t\t\t\t<section class=\"elementor-section elementor-top-section elementor-element elementor-element-395939d2 elementor-section-height-min-height elementor-section-content-middle elementor-section-boxed elementor-section-height-default elementor-section-items-middle\" data-id=\"395939d2\" data-element_type=\"section\" data-e-type=\"section\" data-settings=\"{&quot;background_background&quot;:&quot;classic&quot;}\">\n\t\t\t\t\t\t\t<div class=\"elementor-background-overlay\"><\/div>\n\t\t\t\t\t\t\t<div class=\"elementor-container elementor-column-gap-default\">\n\t\t\t\t\t<div class=\"elementor-column elementor-col-100 elementor-top-column elementor-element elementor-element-22a19889\" data-id=\"22a19889\" data-element_type=\"column\" data-e-type=\"column\">\n\t\t\t<div class=\"elementor-widget-wrap elementor-element-populated\">\n\t\t\t\t\t\t<div class=\"elementor-element elementor-element-2257dd7 elementor-widget elementor-widget-elementskit-heading\" data-id=\"2257dd7\" data-element_type=\"widget\" data-e-type=\"widget\" data-widget_type=\"elementskit-heading.default\">\n\t\t\t\t<div class=\"elementor-widget-container\">\n\t\t\t\t\t<div class=\"ekit-wid-con\" ><div class=\"ekit-heading elementskit-section-title-wraper text_left   ekit_heading_tablet-   ekit_heading_mobile-\"><h3 class=\"elementskit-section-subtitle  \">\n\t\t\t\t\t\tStiftung ICP M\u00fcnchen\n\t\t\t\t\t<\/h3><h2 class=\"ekit-heading--title elementskit-section-title \">Pressemitteilungen<\/h2><\/div><\/div>\t\t\t\t<\/div>\n\t\t\t\t<\/div>\n\t\t\t\t\t<\/div>\n\t\t<\/div>\n\t\t\t\t\t<\/div>\n\t\t<\/section>\n\t\t\t\t<section class=\"elementor-section elementor-top-section elementor-element elementor-element-aff611f elementor-section-boxed elementor-section-height-default elementor-section-height-default\" data-id=\"aff611f\" data-element_type=\"section\" data-e-type=\"section\">\n\t\t\t\t\t\t<div class=\"elementor-container elementor-column-gap-default\">\n\t\t\t\t\t<div class=\"elementor-column elementor-col-100 elementor-top-column elementor-element elementor-element-258b7d4\" data-id=\"258b7d4\" data-element_type=\"column\" data-e-type=\"column\">\n\t\t\t<div class=\"elementor-widget-wrap elementor-element-populated\">\n\t\t\t\t\t\t<div class=\"elementor-element elementor-element-9a8e9c7 elementor-widget elementor-widget-text-editor\" data-id=\"9a8e9c7\" data-element_type=\"widget\" data-e-type=\"widget\" data-widget_type=\"text-editor.default\">\n\t\t\t\t<div class=\"elementor-widget-container\">\n\t\t\t\t\t\t\t\t\t<p>Hier finden Sie unsere Pressemitteilungen und Ver\u00f6ffentlichungen in der Presse. Sollten Sie weitere Informationen ben\u00f6tigen, so wenden Sie sich bitte an unsere <a href=\"#referentin\">Referentin f\u00fcr \u00d6ffentlichkeitsarbeit.<\/a><\/p>\t\t\t\t\t\t\t\t<\/div>\n\t\t\t\t<\/div>\n\t\t\t\t\t<\/div>\n\t\t<\/div>\n\t\t\t\t\t<\/div>\n\t\t<\/section>\n\t\t\t\t<section class=\"elementor-section elementor-inner-section elementor-element elementor-element-57921424 animated-slow elementor-section-content-middle elementor-section-boxed elementor-section-height-default elementor-section-height-default\" data-id=\"57921424\" data-element_type=\"section\" data-e-type=\"section\" data-settings=\"{&quot;animation&quot;:&quot;none&quot;}\">\n\t\t\t\t\t\t<div class=\"elementor-container elementor-column-gap-default\">\n\t\t\t\t\t<div class=\"elementor-column elementor-col-100 elementor-inner-column elementor-element elementor-element-47dbfcb6\" data-id=\"47dbfcb6\" data-element_type=\"column\" data-e-type=\"column\" data-settings=\"{&quot;animation&quot;:&quot;none&quot;}\">\n\t\t\t<div class=\"elementor-widget-wrap elementor-element-populated\">\n\t\t\t\t\t\t<div class=\"elementor-element elementor-element-4954ab3 elementor-widget elementor-widget-text-editor\" data-id=\"4954ab3\" data-element_type=\"widget\" data-e-type=\"widget\" data-settings=\"{&quot;_animation&quot;:&quot;none&quot;}\" data-widget_type=\"text-editor.default\">\n\t\t\t\t<div class=\"elementor-widget-container\">\n\t\t\t\t\t\t\t\t\t<ul><li><a class=\"download-link\" title=\"4-mal heruntergeladen\" href=\"https:\/\/www.icpmuenchen.de\/wp-content\/uploads\/2021\/08\/Samstagsblatt_0408_2018.pdf\" target=\"_blank\" rel=\"nofollow noopener\">Samstagsblatt_0408_2018.pdf<\/a><\/li><li><a href=\"https:\/\/www.icpmuenchen.de\/wp-content\/uploads\/2021\/08\/SZ_MZEB_27_28_01_2018.pdf\" target=\"_blank\" rel=\"nofollow noopener\">SZ_MZEB_27_28_01_2018.pdf<\/a><\/li><li><a href=\"https:\/\/www.icpmuenchen.de\/wp-content\/uploads\/2021\/08\/Sendlinger_Anzeiger-ISAR-Cup-2018.pdf\" target=\"_blank\" rel=\"nofollow noopener\">Sendlinger_Anzeiger-ISAR-Cup-2018.pdf <\/a><\/li><li><a href=\"https:\/\/www.icpmuenchen.de\/wp-content\/uploads\/2021\/08\/Lebenshelfer_ICP_FREIMANN_MNR.pdf\" target=\"_blank\" rel=\"nofollow noopener\">Lebenshelfer_ICP_FREIMANN_MNR.pdf <\/a><\/li><li><a href=\"https:\/\/www.icpmuenchen.de\/wp-content\/uploads\/2021\/08\/Sendlinger-Anzeiger-15.07.2020.pdf\" target=\"_blank\" rel=\"nofollow noopener\">Sendlinger-Anzeiger-15.07.2020.pdf<\/a><\/li><li><a href=\"https:\/\/www.icpmuenchen.de\/wp-content\/uploads\/2021\/08\/Sendlinger-Anzeiger_1107_20182.pdf\" target=\"_blank\" rel=\"nofollow noopener\">Sendlinger-Anzeiger_1107_2018.pdf<\/a><\/li><li><a href=\"https:\/\/www.icpmuenchen.de\/wp-content\/uploads\/2021\/08\/sendlinger_anzeiger_BBW_Aschluss_2019.pdf\" target=\"_blank\" rel=\"nofollow noopener\">sendlinger_anzeiger_BBW_Aschluss_2019.pdf<\/a><\/li><li><a href=\"https:\/\/www.icpmuenchen.de\/wp-content\/uploads\/2021\/08\/Sendlinger_Anzeiger_FotowettbewerbIKF_2019.pdf\" target=\"_blank\" rel=\"nofollow noopener\">Sendlinger_Anzeiger_FotowettbewerbIKF_2019.pdf<\/a><\/li><li><a href=\"https:\/\/www.icpmuenchen.de\/wp-content\/uploads\/2021\/08\/Lebenshelfer_ICP_GIESING_MNR.pdf\" target=\"_blank\" rel=\"nofollow noopener\">Lebenshelfer_ICP_GIESING_MNR.pdf<\/a><\/li><\/ul>\t\t\t\t\t\t\t\t<\/div>\n\t\t\t\t<\/div>\n\t\t\t\t\t<\/div>\n\t\t<\/div>\n\t\t\t\t\t<\/div>\n\t\t<\/section>\n\t\t\t\t<section class=\"elementor-section elementor-top-section elementor-element elementor-element-d4138ef elementor-section-boxed elementor-section-height-default elementor-section-height-default\" data-id=\"d4138ef\" data-element_type=\"section\" data-e-type=\"section\">\n\t\t\t\t\t\t<div class=\"elementor-container elementor-column-gap-default\">\n\t\t\t\t\t<div class=\"elementor-column elementor-col-100 elementor-top-column elementor-element elementor-element-7d2c4b2\" data-id=\"7d2c4b2\" data-element_type=\"column\" data-e-type=\"column\">\n\t\t\t<div class=\"elementor-widget-wrap elementor-element-populated\">\n\t\t\t\t\t\t<section class=\"elementor-section elementor-inner-section elementor-element elementor-element-e508e27 animated-slow elementor-section-boxed elementor-section-height-default elementor-section-height-default elementor-invisible\" data-id=\"e508e27\" data-element_type=\"section\" data-e-type=\"section\" data-settings=\"{&quot;animation&quot;:&quot;fadeInUp&quot;}\">\n\t\t\t\t\t\t<div class=\"elementor-container elementor-column-gap-default\">\n\t\t\t\t\t<div class=\"elementor-column elementor-col-100 elementor-inner-column elementor-element elementor-element-6e2ace5\" data-id=\"6e2ace5\" data-element_type=\"column\" data-e-type=\"column\">\n\t\t\t<div class=\"elementor-widget-wrap elementor-element-populated\">\n\t\t\t\t\t\t<div class=\"elementor-element elementor-element-09ec733 elementor-widget elementor-widget-menu-anchor\" data-id=\"09ec733\" data-element_type=\"widget\" data-e-type=\"widget\" data-widget_type=\"menu-anchor.default\">\n\t\t\t\t<div class=\"elementor-widget-container\">\n\t\t\t\t\t\t\t<div class=\"elementor-menu-anchor\" id=\"referentin\"><\/div>\n\t\t\t\t\t\t<\/div>\n\t\t\t\t<\/div>\n\t\t\t\t<div class=\"elementor-element elementor-element-95e5923 animated-slow elementor-invisible elementor-widget elementor-widget-elementskit-heading\" data-id=\"95e5923\" data-element_type=\"widget\" data-e-type=\"widget\" data-settings=\"{&quot;_animation&quot;:&quot;fadeInUp&quot;}\" data-widget_type=\"elementskit-heading.default\">\n\t\t\t\t<div class=\"elementor-widget-container\">\n\t\t\t\t\t<div class=\"ekit-wid-con\" ><div class=\"ekit-heading elementskit-section-title-wraper text_center   ekit_heading_tablet-   ekit_heading_mobile-\"><h2 class=\"ekit-heading--title elementskit-section-title \">Ihre Ansprechpartnerin<\/h2><\/div><\/div>\t\t\t\t<\/div>\n\t\t\t\t<\/div>\n\t\t\t\t<div class=\"elementor-element elementor-element-a4fb2ab elementor-widget elementor-widget-elementskit-team\" data-id=\"a4fb2ab\" data-element_type=\"widget\" data-e-type=\"widget\" data-widget_type=\"elementskit-team.default\">\n\t\t\t\t<div class=\"elementor-widget-container\">\n\t\t\t\t\t<div class=\"ekit-wid-con\">\n\t\t\t\t\t\t\t\t\t\t\t\t\t\t\t <div class=\"style-circle ekit-team-img-fit\"> \t\t\t\t\t\t\t\t\t<div class=\"profile-image-card elementor-animation- ekit-team-img ekit-team-style-overlay_circle text-center\">\n\n\t\t\t\t\t\t\t\t\t\t\t\t\t<img fetchpriority=\"high\" decoding=\"async\" width=\"400\" height=\"400\" src=\"https:\/\/www.icpmuenchen.de\/wp-content\/uploads\/2021\/05\/icp-schilling.jpg\" class=\"attachment-large size-large wp-image-1523\" alt=\"\" srcset=\"https:\/\/www.icpmuenchen.de\/wp-content\/uploads\/2021\/05\/icp-schilling.jpg 400w, https:\/\/www.icpmuenchen.de\/wp-content\/uploads\/2021\/05\/icp-schilling-300x300.jpg 300w, https:\/\/www.icpmuenchen.de\/wp-content\/uploads\/2021\/05\/icp-schilling-150x150.jpg 150w\" sizes=\"(max-width: 400px) 100vw, 400px\" \/>\t\t\t\t\t\t\t\t\t\t\t\t<div class=\"hover-area\">\n\t\t\t\t\t\t\t<div class=\"profile-body\">\n\t\t\t\t\t\t\t\t<h2 class=\"profile-title\">\n\t\t\t\t\t\t\t\t\t\t\t\t\t\t\t\t\t\t\t\t\t\t\t\t\t\t\t\t\t\t\t\t\t<\/h2>\n\t\t\t\t\t\t\t\t<p class=\"profile-designation\"><\/p>\n\t\t\t\t\t\t\t\t\t\t\t\t\t\t\t<\/div>\n\t\t\t\t\t\t\t\t\t\t\t\t\t<\/div>\n\t\t\t\t\t<\/div>\n\t\t\t\t\t <\/div> \n\t\t\t\t\n\t\t\t\t<\/div>\t\t\t\t<\/div>\n\t\t\t\t<\/div>\n\t\t\t\t<div class=\"elementor-element elementor-element-7c8d3c9 elementor-widget elementor-widget-elementskit-heading\" data-id=\"7c8d3c9\" data-element_type=\"widget\" data-e-type=\"widget\" data-widget_type=\"elementskit-heading.default\">\n\t\t\t\t<div class=\"elementor-widget-container\">\n\t\t\t\t\t<div class=\"ekit-wid-con\" ><div class=\"ekit-heading elementskit-section-title-wraper text_center   ekit_heading_tablet-   ekit_heading_mobile-\"><h2 class=\"ekit-heading--title elementskit-section-title \">Franziska Schilling<\/h2><h3 class=\"ekit-heading--subtitle elementskit-section-subtitle  \">\n\t\t\t\t\t\t\u00d6ffentlichkeitsarbeit\n\t\t\t\t\t<\/h3>\t\t\t\t<div class='ekit-heading__description'>\n\t\t\t\t\t<p><a href=\"tel:+498971007123\">+4989 71007-123<\/a><br \/><a href=\"mailto:franziska.schilling@icp.de\">franziska.schilling@icp.de<\/a><\/p>\n\t\t\t\t<\/div>\n\t\t\t<\/div><\/div>\t\t\t\t<\/div>\n\t\t\t\t<\/div>\n\t\t\t\t\t<\/div>\n\t\t<\/div>\n\t\t\t\t\t<\/div>\n\t\t<\/section>\n\t\t\t\t\t<\/div>\n\t\t<\/div>\n\t\t\t\t\t<\/div>\n\t\t<\/section>\n\t\t\t\t<\/div>\n\t\t","protected":false},"excerpt":{"rendered":"<p>Stiftung ICP M\u00fcnchen Pressemitteilungen Hier finden Sie unsere Pressemitteilungen und Ver\u00f6ffentlichungen in der Presse. Sollten Sie weitere Informationen ben\u00f6tigen, so wenden Sie sich bitte an unsere Referentin f\u00fcr \u00d6ffentlichkeitsarbeit. Samstagsblatt_0408_2018.pdf SZ_MZEB_27_28_01_2018.pdf Sendlinger_Anzeiger-ISAR-Cup-2018.pdf Lebenshelfer_ICP_FREIMANN_MNR.pdf Sendlinger-Anzeiger-15.07.2020.pdf Sendlinger-Anzeiger_1107_2018.pdf sendlinger_anzeiger_BBW_Aschluss_2019.pdf Sendlinger_Anzeiger_FotowettbewerbIKF_2019.pdf Lebenshelfer_ICP_GIESING_MNR.pdf Ihre Ansprechpartnerin Franziska Schilling \u00d6ffentlichkeitsarbeit +4989 71007-123 franziska.schilling@icp.de<\/p>\n","protected":false},"author":1,"featured_media":0,"parent":0,"menu_order":1,"comment_status":"closed","ping_status":"closed","template":"","meta":{"footnotes":""},"class_list":["post-6418","page","type-page","status-publish","hentry"],"yoast_head":"<!-- This site is optimized with the Yoast SEO plugin v26.8 - https:\/\/yoast.com\/product\/yoast-seo-wordpress\/ -->\n<title>Press - ICP M\u00fcnchen<\/title>\n<meta name=\"robots\" content=\"index, follow, max-snippet:-1, max-image-preview:large, max-video-preview:-1\" \/>\n<link rel=\"canonical\" href=\"https:\/\/www.icpmuenchen.de\/en\/press\/\" \/>\n<meta property=\"og:locale\" content=\"en_US\" \/>\n<meta property=\"og:type\" content=\"article\" \/>\n<meta property=\"og:title\" content=\"Press - ICP M\u00fcnchen\" \/>\n<meta property=\"og:description\" content=\"Stiftung ICP M\u00fcnchen Pressemitteilungen Hier finden Sie unsere Pressemitteilungen und Ver\u00f6ffentlichungen in der Presse. Sollten Sie weitere Informationen ben\u00f6tigen, so wenden Sie sich bitte an unsere Referentin f\u00fcr \u00d6ffentlichkeitsarbeit. Samstagsblatt_0408_2018.pdf SZ_MZEB_27_28_01_2018.pdf Sendlinger_Anzeiger-ISAR-Cup-2018.pdf Lebenshelfer_ICP_FREIMANN_MNR.pdf Sendlinger-Anzeiger-15.07.2020.pdf Sendlinger-Anzeiger_1107_2018.pdf sendlinger_anzeiger_BBW_Aschluss_2019.pdf Sendlinger_Anzeiger_FotowettbewerbIKF_2019.pdf Lebenshelfer_ICP_GIESING_MNR.pdf Ihre Ansprechpartnerin Franziska Schilling \u00d6ffentlichkeitsarbeit +4989 71007-123 franziska.schilling@icp.de\" \/>\n<meta property=\"og:url\" content=\"https:\/\/www.icpmuenchen.de\/en\/press\/\" \/>\n<meta property=\"og:site_name\" content=\"ICP M\u00fcnchen\" \/>\n<meta property=\"article:modified_time\" content=\"2023-02-13T13:13:57+00:00\" \/>\n<meta property=\"og:image\" content=\"https:\/\/www.icpmuenchen.de\/wp-content\/uploads\/2021\/05\/icp-schilling.jpg\" \/>\n<meta name=\"twitter:card\" content=\"summary_large_image\" \/>\n<meta name=\"twitter:label1\" content=\"Est. reading time\" \/>\n\t<meta name=\"twitter:data1\" content=\"1 minute\" \/>\n<script type=\"application\/ld+json\" class=\"yoast-schema-graph\">{\"@context\":\"https:\/\/schema.org\",\"@graph\":[{\"@type\":\"WebPage\",\"@id\":\"https:\/\/www.icpmuenchen.de\/en\/press\/\",\"url\":\"https:\/\/www.icpmuenchen.de\/en\/press\/\",\"name\":\"Press - ICP M\u00fcnchen\",\"isPartOf\":{\"@id\":\"https:\/\/www.icpmuenchen.de\/en\/#website\"},\"primaryImageOfPage\":{\"@id\":\"https:\/\/www.icpmuenchen.de\/en\/press\/#primaryimage\"},\"image\":{\"@id\":\"https:\/\/www.icpmuenchen.de\/en\/press\/#primaryimage\"},\"thumbnailUrl\":\"https:\/\/www.icpmuenchen.de\/wp-content\/uploads\/2021\/05\/icp-schilling.jpg\",\"datePublished\":\"2021-06-14T09:33:26+00:00\",\"dateModified\":\"2023-02-13T13:13:57+00:00\",\"breadcrumb\":{\"@id\":\"https:\/\/www.icpmuenchen.de\/en\/press\/#breadcrumb\"},\"inLanguage\":\"en-US\",\"potentialAction\":[{\"@type\":\"ReadAction\",\"target\":[\"https:\/\/www.icpmuenchen.de\/en\/press\/\"]}]},{\"@type\":\"ImageObject\",\"inLanguage\":\"en-US\",\"@id\":\"https:\/\/www.icpmuenchen.de\/en\/press\/#primaryimage\",\"url\":\"https:\/\/www.icpmuenchen.de\/wp-content\/uploads\/2021\/05\/icp-schilling.jpg\",\"contentUrl\":\"https:\/\/www.icpmuenchen.de\/wp-content\/uploads\/2021\/05\/icp-schilling.jpg\"},{\"@type\":\"BreadcrumbList\",\"@id\":\"https:\/\/www.icpmuenchen.de\/en\/press\/#breadcrumb\",\"itemListElement\":[{\"@type\":\"ListItem\",\"position\":1,\"name\":\"Startseite\",\"item\":\"https:\/\/www.icpmuenchen.de\/en\/\"},{\"@type\":\"ListItem\",\"position\":2,\"name\":\"Press\"}]},{\"@type\":\"WebSite\",\"@id\":\"https:\/\/www.icpmuenchen.de\/en\/#website\",\"url\":\"https:\/\/www.icpmuenchen.de\/en\/\",\"name\":\"ICP M\u00fcnchen\",\"description\":\"Integrationszentrum f\u00fcr K\u00f6rperbehinderte\",\"publisher\":{\"@id\":\"https:\/\/www.icpmuenchen.de\/en\/#organization\"},\"potentialAction\":[{\"@type\":\"SearchAction\",\"target\":{\"@type\":\"EntryPoint\",\"urlTemplate\":\"https:\/\/www.icpmuenchen.de\/en\/?s={search_term_string}\"},\"query-input\":{\"@type\":\"PropertyValueSpecification\",\"valueRequired\":true,\"valueName\":\"search_term_string\"}}],\"inLanguage\":\"en-US\"},{\"@type\":\"Organization\",\"@id\":\"https:\/\/www.icpmuenchen.de\/en\/#organization\",\"name\":\"ICP M\u00fcnchen\",\"url\":\"https:\/\/www.icpmuenchen.de\/en\/\",\"logo\":{\"@type\":\"ImageObject\",\"inLanguage\":\"en-US\",\"@id\":\"https:\/\/www.icpmuenchen.de\/en\/#\/schema\/logo\/image\/\",\"url\":\"https:\/\/www.icpmuenchen.de\/wp-content\/uploads\/2020\/08\/Logo_Stiftung-ICP.svg\",\"contentUrl\":\"https:\/\/www.icpmuenchen.de\/wp-content\/uploads\/2020\/08\/Logo_Stiftung-ICP.svg\",\"width\":1,\"height\":1,\"caption\":\"ICP M\u00fcnchen\"},\"image\":{\"@id\":\"https:\/\/www.icpmuenchen.de\/en\/#\/schema\/logo\/image\/\"}}]}<\/script>\n<!-- \/ Yoast SEO plugin. -->","yoast_head_json":{"title":"Press - ICP M\u00fcnchen","robots":{"index":"index","follow":"follow","max-snippet":"max-snippet:-1","max-image-preview":"max-image-preview:large","max-video-preview":"max-video-preview:-1"},"canonical":"https:\/\/www.icpmuenchen.de\/en\/press\/","og_locale":"en_US","og_type":"article","og_title":"Press - ICP M\u00fcnchen","og_description":"Stiftung ICP M\u00fcnchen Pressemitteilungen Hier finden Sie unsere Pressemitteilungen und Ver\u00f6ffentlichungen in der Presse. Sollten Sie weitere Informationen ben\u00f6tigen, so wenden Sie sich bitte an unsere Referentin f\u00fcr \u00d6ffentlichkeitsarbeit. Samstagsblatt_0408_2018.pdf SZ_MZEB_27_28_01_2018.pdf Sendlinger_Anzeiger-ISAR-Cup-2018.pdf Lebenshelfer_ICP_FREIMANN_MNR.pdf Sendlinger-Anzeiger-15.07.2020.pdf Sendlinger-Anzeiger_1107_2018.pdf sendlinger_anzeiger_BBW_Aschluss_2019.pdf Sendlinger_Anzeiger_FotowettbewerbIKF_2019.pdf Lebenshelfer_ICP_GIESING_MNR.pdf Ihre Ansprechpartnerin Franziska Schilling \u00d6ffentlichkeitsarbeit +4989 71007-123 franziska.schilling@icp.de","og_url":"https:\/\/www.icpmuenchen.de\/en\/press\/","og_site_name":"ICP M\u00fcnchen","article_modified_time":"2023-02-13T13:13:57+00:00","og_image":[{"url":"https:\/\/www.icpmuenchen.de\/wp-content\/uploads\/2021\/05\/icp-schilling.jpg","type":"","width":"","height":""}],"twitter_card":"summary_large_image","twitter_misc":{"Est. reading time":"1 minute"},"schema":{"@context":"https:\/\/schema.org","@graph":[{"@type":"WebPage","@id":"https:\/\/www.icpmuenchen.de\/en\/press\/","url":"https:\/\/www.icpmuenchen.de\/en\/press\/","name":"Press - ICP M\u00fcnchen","isPartOf":{"@id":"https:\/\/www.icpmuenchen.de\/en\/#website"},"primaryImageOfPage":{"@id":"https:\/\/www.icpmuenchen.de\/en\/press\/#primaryimage"},"image":{"@id":"https:\/\/www.icpmuenchen.de\/en\/press\/#primaryimage"},"thumbnailUrl":"https:\/\/www.icpmuenchen.de\/wp-content\/uploads\/2021\/05\/icp-schilling.jpg","datePublished":"2021-06-14T09:33:26+00:00","dateModified":"2023-02-13T13:13:57+00:00","breadcrumb":{"@id":"https:\/\/www.icpmuenchen.de\/en\/press\/#breadcrumb"},"inLanguage":"en-US","potentialAction":[{"@type":"ReadAction","target":["https:\/\/www.icpmuenchen.de\/en\/press\/"]}]},{"@type":"ImageObject","inLanguage":"en-US","@id":"https:\/\/www.icpmuenchen.de\/en\/press\/#primaryimage","url":"https:\/\/www.icpmuenchen.de\/wp-content\/uploads\/2021\/05\/icp-schilling.jpg","contentUrl":"https:\/\/www.icpmuenchen.de\/wp-content\/uploads\/2021\/05\/icp-schilling.jpg"},{"@type":"BreadcrumbList","@id":"https:\/\/www.icpmuenchen.de\/en\/press\/#breadcrumb","itemListElement":[{"@type":"ListItem","position":1,"name":"Startseite","item":"https:\/\/www.icpmuenchen.de\/en\/"},{"@type":"ListItem","position":2,"name":"Press"}]},{"@type":"WebSite","@id":"https:\/\/www.icpmuenchen.de\/en\/#website","url":"https:\/\/www.icpmuenchen.de\/en\/","name":"ICP M\u00fcnchen","description":"Integrationszentrum f\u00fcr K\u00f6rperbehinderte","publisher":{"@id":"https:\/\/www.icpmuenchen.de\/en\/#organization"},"potentialAction":[{"@type":"SearchAction","target":{"@type":"EntryPoint","urlTemplate":"https:\/\/www.icpmuenchen.de\/en\/?s={search_term_string}"},"query-input":{"@type":"PropertyValueSpecification","valueRequired":true,"valueName":"search_term_string"}}],"inLanguage":"en-US"},{"@type":"Organization","@id":"https:\/\/www.icpmuenchen.de\/en\/#organization","name":"ICP M\u00fcnchen","url":"https:\/\/www.icpmuenchen.de\/en\/","logo":{"@type":"ImageObject","inLanguage":"en-US","@id":"https:\/\/www.icpmuenchen.de\/en\/#\/schema\/logo\/image\/","url":"https:\/\/www.icpmuenchen.de\/wp-content\/uploads\/2020\/08\/Logo_Stiftung-ICP.svg","contentUrl":"https:\/\/www.icpmuenchen.de\/wp-content\/uploads\/2020\/08\/Logo_Stiftung-ICP.svg","width":1,"height":1,"caption":"ICP M\u00fcnchen"},"image":{"@id":"https:\/\/www.icpmuenchen.de\/en\/#\/schema\/logo\/image\/"}}]}},"_links":{"self":[{"href":"https:\/\/www.icpmuenchen.de\/en\/wp-json\/wp\/v2\/pages\/6418","targetHints":{"allow":["GET"]}}],"collection":[{"href":"https:\/\/www.icpmuenchen.de\/en\/wp-json\/wp\/v2\/pages"}],"about":[{"href":"https:\/\/www.icpmuenchen.de\/en\/wp-json\/wp\/v2\/types\/page"}],"author":[{"embeddable":true,"href":"https:\/\/www.icpmuenchen.de\/en\/wp-json\/wp\/v2\/users\/1"}],"replies":[{"embeddable":true,"href":"https:\/\/www.icpmuenchen.de\/en\/wp-json\/wp\/v2\/comments?post=6418"}],"version-history":[{"count":2,"href":"https:\/\/www.icpmuenchen.de\/en\/wp-json\/wp\/v2\/pages\/6418\/revisions"}],"predecessor-version":[{"id":9915,"href":"https:\/\/www.icpmuenchen.de\/en\/wp-json\/wp\/v2\/pages\/6418\/revisions\/9915"}],"wp:attachment":[{"href":"https:\/\/www.icpmuenchen.de\/en\/wp-json\/wp\/v2\/media?parent=6418"}],"curies":[{"name":"wp","href":"https:\/\/api.w.org\/{rel}","templated":true}]}}