{"version":"1.0","provider_name":"ICP M\u00fcnchen","provider_url":"https:\/\/www.icpmuenchen.de\/es\/","title":"Centro diurno de Educaci\u00f3n Especial - ICP M\u00fcnchen","type":"rich","width":600,"height":338,"html":"<blockquote class=\"wp-embedded-content\" data-secret=\"poY8cJ1wgD\"><a href=\"https:\/\/www.icpmuenchen.de\/es\/educacion\/centro-diurno-de-educacion-especial\/\">Centro diurno de Educaci\u00f3n Especial<\/a><\/blockquote><iframe sandbox=\"allow-scripts\" security=\"restricted\" src=\"https:\/\/www.icpmuenchen.de\/es\/educacion\/centro-diurno-de-educacion-especial\/embed\/#?secret=poY8cJ1wgD\" width=\"600\" height=\"338\" title=\"\u00abCentro diurno de Educaci\u00f3n Especial\u00bb \u2014 ICP M\u00fcnchen\" data-secret=\"poY8cJ1wgD\" frameborder=\"0\" marginwidth=\"0\" marginheight=\"0\" scrolling=\"no\" class=\"wp-embedded-content\"><\/iframe><script>\n\/*! This file is auto-generated *\/\n!function(d,l){\"use strict\";l.querySelector&&d.addEventListener&&\"undefined\"!=typeof URL&&(d.wp=d.wp||{},d.wp.receiveEmbedMessage||(d.wp.receiveEmbedMessage=function(e){var t=e.data;if((t||t.secret||t.message||t.value)&&!\/[^a-zA-Z0-9]\/.test(t.secret)){for(var s,r,n,a=l.querySelectorAll('iframe[data-secret=\"'+t.secret+'\"]'),o=l.querySelectorAll('blockquote[data-secret=\"'+t.secret+'\"]'),c=new RegExp(\"^https?:$\",\"i\"),i=0;i<o.length;i++)o[i].style.display=\"none\";for(i=0;i<a.length;i++)s=a[i],e.source===s.contentWindow&&(s.removeAttribute(\"style\"),\"height\"===t.message?(1e3<(r=parseInt(t.value,10))?r=1e3:~~r<200&&(r=200),s.height=r):\"link\"===t.message&&(r=new URL(s.getAttribute(\"src\")),n=new URL(t.value),c.test(n.protocol))&&n.host===r.host&&l.activeElement===s&&(d.top.location.href=t.value))}},d.addEventListener(\"message\",d.wp.receiveEmbedMessage,!1),l.addEventListener(\"DOMContentLoaded\",function(){for(var e,t,s=l.querySelectorAll(\"iframe.wp-embedded-content\"),r=0;r<s.length;r++)(t=(e=s[r]).getAttribute(\"data-secret\"))||(t=Math.random().toString(36).substring(2,12),e.src+=\"#?secret=\"+t,e.setAttribute(\"data-secret\",t)),e.contentWindow.postMessage({message:\"ready\",secret:t},\"*\")},!1)))}(window,document);\n<\/script>\n","description":"CENTROS DE EDUACI\u00d3N INFANTIL, ESCUELA PRIMARIA INCLUSIVA, CENTRO DIURNO DE EDUCACI\u00d3N ESPECIAL, ESCUELA ESPECIAL, ESCUELA DE FORMACI\u00d3N PROFESIONAL, RESIDENCIA ESTUDIANTIL Educaci\u00f3n Educaci\u00f3n CENTRO DIURNO DE EDUCACI\u00d3N ESPECIAL Estructura En nuestro centro de d\u00eda de educaci\u00f3n especial, ofrecemos un total de 168 plazas en tres grupos de preescolar (3-7 a\u00f1os) y 13 grupos de edad escolar [&hellip;]","thumbnail_url":"https:\/\/www.icpmuenchen.de\/wp-content\/uploads\/2021\/04\/hpt-3.jpg","thumbnail_width":1200,"thumbnail_height":600}