{"id":5566,"date":"2021-04-15T15:55:16","date_gmt":"2021-04-15T13:55:16","guid":{"rendered":"https:\/\/www.icpmuenchen.de\/bildung-erziehung\/heilpaedagogische-tagesstaette\/"},"modified":"2025-12-10T12:04:26","modified_gmt":"2025-12-10T11:04:26","slug":"centro-diurno-de-educacion-especial","status":"publish","type":"page","link":"https:\/\/www.icpmuenchen.de\/es\/educacion\/centro-diurno-de-educacion-especial\/","title":{"rendered":"Centro diurno de Educaci\u00f3n Especial"},"content":{"rendered":"\t\t<div data-elementor-type=\"wp-page\" data-elementor-id=\"5566\" class=\"elementor elementor-5566 elementor-1015\" data-elementor-post-type=\"page\">\n\t\t\t\t\t\t<section class=\"elementor-section elementor-top-section elementor-element elementor-element-79cb3bb9 elementor-section-height-min-height elementor-section-content-middle elementor-section-boxed elementor-section-height-default elementor-section-items-middle\" data-id=\"79cb3bb9\" data-element_type=\"section\" data-e-type=\"section\" data-settings=\"{&quot;background_background&quot;:&quot;classic&quot;}\">\n\t\t\t\t\t\t\t<div class=\"elementor-background-overlay\"><\/div>\n\t\t\t\t\t\t\t<div class=\"elementor-container elementor-column-gap-default\">\n\t\t\t\t\t<div class=\"elementor-column elementor-col-100 elementor-top-column elementor-element elementor-element-16b0ae4a\" data-id=\"16b0ae4a\" data-element_type=\"column\" data-e-type=\"column\">\n\t\t\t<div class=\"elementor-widget-wrap elementor-element-populated\">\n\t\t\t\t\t\t<div class=\"elementor-element elementor-element-7c736fc8 elementor-widget elementor-widget-elementskit-heading\" data-id=\"7c736fc8\" data-element_type=\"widget\" data-e-type=\"widget\" data-widget_type=\"elementskit-heading.default\">\n\t\t\t\t<div class=\"elementor-widget-container\">\n\t\t\t\t\t<div class=\"ekit-wid-con\" ><div class=\"ekit-heading elementskit-section-title-wraper text_left   ekit_heading_tablet-   ekit_heading_mobile-\"><h3 class=\"elementskit-section-subtitle  \">\n\t\t\t\t\t\tCENTROS DE EDUACI\u00d3N INFANTIL, ESCUELA PRIMARIA INCLUSIVA, CENTRO DIURNO DE EDUCACI\u00d3N ESPECIAL, ESCUELA ESPECIAL, ESCUELA DE FORMACI\u00d3N PROFESIONAL, RESIDENCIA ESTUDIANTIL\n\t\t\t\t\t<\/h3><h2 class=\"ekit-heading--title elementskit-section-title \">Educaci\u00f3n<\/h2><\/div><\/div>\t\t\t\t<\/div>\n\t\t\t\t<\/div>\n\t\t\t\t\t<\/div>\n\t\t<\/div>\n\t\t\t\t\t<\/div>\n\t\t<\/section>\n\t\t\t\t<section class=\"elementor-section elementor-top-section elementor-element elementor-element-6869b901 elementor-section-boxed elementor-section-height-default elementor-section-height-default\" data-id=\"6869b901\" data-element_type=\"section\" data-e-type=\"section\">\n\t\t\t\t\t\t<div class=\"elementor-container elementor-column-gap-default\">\n\t\t\t\t\t<div class=\"elementor-column elementor-col-100 elementor-top-column elementor-element elementor-element-3f5e81a4\" data-id=\"3f5e81a4\" data-element_type=\"column\" data-e-type=\"column\">\n\t\t\t<div class=\"elementor-widget-wrap elementor-element-populated\">\n\t\t\t\t\t\t<div class=\"elementor-element elementor-element-3d491935 elementor-widget__width-auto elementor-absolute elementor-hidden-tablet elementor-hidden-phone animated-slow elementor-invisible elementor-widget elementor-widget-elementskit-heading\" data-id=\"3d491935\" data-element_type=\"widget\" data-e-type=\"widget\" data-settings=\"{&quot;_position&quot;:&quot;absolute&quot;,&quot;_animation&quot;:&quot;fadeInUp&quot;}\" data-widget_type=\"elementskit-heading.default\">\n\t\t\t\t<div class=\"elementor-widget-container\">\n\t\t\t\t\t<div class=\"ekit-wid-con\" ><div class=\"ekit-heading elementskit-section-title-wraper text_center   ekit_heading_tablet-   ekit_heading_mobile-\"><\/div><\/div>\t\t\t\t<\/div>\n\t\t\t\t<\/div>\n\t\t\t\t<div class=\"elementor-element elementor-element-4ccc8f12 animated-slow elementor-invisible elementor-widget elementor-widget-elementskit-heading\" data-id=\"4ccc8f12\" data-element_type=\"widget\" data-e-type=\"widget\" data-settings=\"{&quot;_animation&quot;:&quot;fadeInUp&quot;}\" data-widget_type=\"elementskit-heading.default\">\n\t\t\t\t<div class=\"elementor-widget-container\">\n\t\t\t\t\t<div class=\"ekit-wid-con\" ><div class=\"ekit-heading elementskit-section-title-wraper text_center   ekit_heading_tablet-   ekit_heading_mobile-\"><h3 class=\"elementskit-section-subtitle  \">\n\t\t\t\t\t\tEducaci\u00f3n\n\t\t\t\t\t<\/h3><h2 class=\"ekit-heading--title elementskit-section-title \">CENTRO DIURNO DE EDUCACI\u00d3N ESPECIAL<\/h2><\/div><\/div>\t\t\t\t<\/div>\n\t\t\t\t<\/div>\n\t\t\t\t<section class=\"elementor-section elementor-inner-section elementor-element elementor-element-b11e1b1 elementor-section-boxed elementor-section-height-default elementor-section-height-default\" data-id=\"b11e1b1\" data-element_type=\"section\" data-e-type=\"section\">\n\t\t\t\t\t\t<div class=\"elementor-container elementor-column-gap-default\">\n\t\t\t\t\t<div class=\"elementor-column elementor-col-50 elementor-inner-column elementor-element elementor-element-293e1dc\" data-id=\"293e1dc\" data-element_type=\"column\" data-e-type=\"column\" data-settings=\"{&quot;background_background&quot;:&quot;classic&quot;}\">\n\t\t\t<div class=\"elementor-widget-wrap elementor-element-populated\">\n\t\t\t\t\t\t<div class=\"elementor-element elementor-element-38db67a elementor-widget elementor-widget-heading\" data-id=\"38db67a\" data-element_type=\"widget\" data-e-type=\"widget\" data-widget_type=\"heading.default\">\n\t\t\t\t<div class=\"elementor-widget-container\">\n\t\t\t\t\t<h3 class=\"elementor-heading-title elementor-size-default\">Estructura<\/h3>\t\t\t\t<\/div>\n\t\t\t\t<\/div>\n\t\t\t\t<div class=\"elementor-element elementor-element-530513d elementor-widget elementor-widget-text-editor\" data-id=\"530513d\" data-element_type=\"widget\" data-e-type=\"widget\" data-widget_type=\"text-editor.default\">\n\t\t\t\t<div class=\"elementor-widget-container\">\n\t\t\t\t\t\t\t\t\t<p>En nuestro centro de d\u00eda de educaci\u00f3n especial, ofrecemos un total de 168 plazas en tres grupos de preescolar (3-7 a\u00f1os) y 13 grupos de edad escolar (6-21 a\u00f1os) para ni\u00f1os, adolescentes y j\u00f3venes.<\/p><p>Islas:<\/p><p>Nos referimos a nuestros grupos como \u00abislas\u00bb y as\u00ed queremos expresar el estrecho v\u00ednculo entre la pedagog\u00eda, la escuela y la terapia como una unidad para este grupo. En nuestras \u00abislas\u00bb, los ni\u00f1os y adolescentes experimentan una cohesi\u00f3n entre ellos y una interacci\u00f3n a nivel de los adultos y de los diferentes grupos profesionales. Esto tambi\u00e9n se refleja en el concepto espacial de las islas. Sin embargo, no los vemos como sistemas separados y aut\u00f3nomos, sino interconectados y que se enriquecen mutuamente:<\/p><p><br \/><em>\u201e<strong>No man is an island<\/strong>, entire of itself; every man is a piece of the continent, a part of the main\u201c. (John Donne 1572-1631)<\/em><\/p>\t\t\t\t\t\t\t\t<\/div>\n\t\t\t\t<\/div>\n\t\t\t\t\t<\/div>\n\t\t<\/div>\n\t\t\t\t<div class=\"elementor-column elementor-col-50 elementor-inner-column elementor-element elementor-element-dc3cb7b\" data-id=\"dc3cb7b\" data-element_type=\"column\" data-e-type=\"column\" data-settings=\"{&quot;background_background&quot;:&quot;classic&quot;}\">\n\t\t\t<div class=\"elementor-widget-wrap elementor-element-populated\">\n\t\t\t\t\t\t<div class=\"elementor-element elementor-element-685886b elementor-widget elementor-widget-heading\" data-id=\"685886b\" data-element_type=\"widget\" data-e-type=\"widget\" data-widget_type=\"heading.default\">\n\t\t\t\t<div class=\"elementor-widget-container\">\n\t\t\t\t\t<h3 class=\"elementor-heading-title elementor-size-default\">Enfoque y objetivos del trabajo de la educaci\u00f3n especial<\/h3>\t\t\t\t<\/div>\n\t\t\t\t<\/div>\n\t\t\t\t<div class=\"elementor-element elementor-element-81e5ae6 elementor-widget elementor-widget-text-editor\" data-id=\"81e5ae6\" data-element_type=\"widget\" data-e-type=\"widget\" data-widget_type=\"text-editor.default\">\n\t\t\t\t<div class=\"elementor-widget-container\">\n\t\t\t\t\t\t\t\t\t<p>El enfoque de nuestro trabajo es la atenci\u00f3n hol\u00edstica, es decir, el acompa\u00f1amiento m\u00e9dico, educativo y terap\u00e9utico, la educaci\u00f3n y el apoyo de los ni\u00f1os y j\u00f3venes que se nos conf\u00edan. Adem\u00e1s, les apoyamos en la ampliaci\u00f3n de sus habilidades pr\u00e1cticas para la vida y en el desarrollo de su competencia social.<\/p><p><br \/>Nuestro concepto de apoyo se dirige espec\u00edficamente a las personas con una discapacidad f\u00edsico-motora y que ha encontrado su camino en la literatura bajo el t\u00e9rmino \u00abConcepto del d\u00eda muniqu\u00e9s\u00bb, puede describirse como un concepto de soporte hol\u00edstico en el que el apoyo escolar y el pedag\u00f3gico-terap\u00e9utico tienen la misma importancia y se refleja espec\u00edficamente en el plan de apoyo individual en la pr\u00e1ctica de diaria.<\/p>\t\t\t\t\t\t\t\t<\/div>\n\t\t\t\t<\/div>\n\t\t\t\t\t<\/div>\n\t\t<\/div>\n\t\t\t\t\t<\/div>\n\t\t<\/section>\n\t\t\t\t<section class=\"elementor-section elementor-inner-section elementor-element elementor-element-3de8a10 elementor-section-boxed elementor-section-height-default elementor-section-height-default\" data-id=\"3de8a10\" data-element_type=\"section\" data-e-type=\"section\">\n\t\t\t\t\t\t<div class=\"elementor-container elementor-column-gap-default\">\n\t\t\t\t\t<div class=\"elementor-column elementor-col-100 elementor-inner-column elementor-element elementor-element-5b48112\" data-id=\"5b48112\" data-element_type=\"column\" data-e-type=\"column\" data-settings=\"{&quot;background_background&quot;:&quot;classic&quot;}\">\n\t\t\t<div class=\"elementor-widget-wrap elementor-element-populated\">\n\t\t\t\t\t\t<div class=\"elementor-element elementor-element-d087210 elementor-widget elementor-widget-image\" data-id=\"d087210\" data-element_type=\"widget\" data-e-type=\"widget\" data-widget_type=\"image.default\">\n\t\t\t\t<div class=\"elementor-widget-container\">\n\t\t\t\t\t\t\t\t\t\t\t\t\t\t\t<img fetchpriority=\"high\" decoding=\"async\" width=\"800\" height=\"400\" src=\"https:\/\/www.icpmuenchen.de\/wp-content\/uploads\/2021\/04\/hpt-3-1024x512.jpg\" class=\"attachment-large size-large wp-image-5041\" alt=\"\" srcset=\"https:\/\/www.icpmuenchen.de\/wp-content\/uploads\/2021\/04\/hpt-3-1024x512.jpg 1024w, https:\/\/www.icpmuenchen.de\/wp-content\/uploads\/2021\/04\/hpt-3-300x150.jpg 300w, https:\/\/www.icpmuenchen.de\/wp-content\/uploads\/2021\/04\/hpt-3-768x384.jpg 768w, https:\/\/www.icpmuenchen.de\/wp-content\/uploads\/2021\/04\/hpt-3.jpg 1200w\" sizes=\"(max-width: 800px) 100vw, 800px\" \/>\t\t\t\t\t\t\t\t\t\t\t\t\t\t\t<\/div>\n\t\t\t\t<\/div>\n\t\t\t\t\t<\/div>\n\t\t<\/div>\n\t\t\t\t\t<\/div>\n\t\t<\/section>\n\t\t\t\t<section class=\"elementor-section elementor-inner-section elementor-element elementor-element-a04eb64 elementor-section-boxed elementor-section-height-default elementor-section-height-default\" data-id=\"a04eb64\" data-element_type=\"section\" data-e-type=\"section\">\n\t\t\t\t\t\t<div class=\"elementor-container elementor-column-gap-default\">\n\t\t\t\t\t<div class=\"elementor-column elementor-col-50 elementor-inner-column elementor-element elementor-element-7ecd01b\" data-id=\"7ecd01b\" data-element_type=\"column\" data-e-type=\"column\" data-settings=\"{&quot;background_background&quot;:&quot;classic&quot;}\">\n\t\t\t<div class=\"elementor-widget-wrap elementor-element-populated\">\n\t\t\t\t\t\t<div class=\"elementor-element elementor-element-20e765d elementor-widget elementor-widget-heading\" data-id=\"20e765d\" data-element_type=\"widget\" data-e-type=\"widget\" data-widget_type=\"heading.default\">\n\t\t\t\t<div class=\"elementor-widget-container\">\n\t\t\t\t\t<h3 class=\"elementor-heading-title elementor-size-default\">\u00c1rea preescolar<\/h3>\t\t\t\t<\/div>\n\t\t\t\t<\/div>\n\t\t\t\t<div class=\"elementor-element elementor-element-cf411cd elementor-widget elementor-widget-text-editor\" data-id=\"cf411cd\" data-element_type=\"widget\" data-e-type=\"widget\" data-widget_type=\"text-editor.default\">\n\t\t\t\t<div class=\"elementor-widget-container\">\n\t\t\t\t\t\t\t\t\t<p>Actualmente ofrecemos 20 plazas en tres grupos para nuestros ni\u00f1os m\u00e1s peque\u00f1os. En el grupo de preescolar sin SVE, cuidamos y apoyamos a seis ni\u00f1os de 3 a 6 a\u00f1os con m\u00faltiples discapacidades. El enfoque del trabajo all\u00ed es, entre otras cosas, la estimulaci\u00f3n b\u00e1sica, la adquisici\u00f3n de habilidades pr\u00e1cticas para la vida y el fortalecimiento de la personalidad. En los dos grupos de SVE de siete ni\u00f1os cada uno, los ni\u00f1os de 4 a 7 a\u00f1os se preparan l\u00fadicamente para la escuela por la ma\u00f1ana y pasan la tarde en el HPT.<\/p><p>Aqu\u00ed se presta especial atenci\u00f3n a la cooperaci\u00f3n entre la escuela y el HPT para apoyar de forma \u00f3ptima a los ni\u00f1os.<\/p>\t\t\t\t\t\t\t\t<\/div>\n\t\t\t\t<\/div>\n\t\t\t\t\t<\/div>\n\t\t<\/div>\n\t\t\t\t<div class=\"elementor-column elementor-col-50 elementor-inner-column elementor-element elementor-element-c0bb1b2\" data-id=\"c0bb1b2\" data-element_type=\"column\" data-e-type=\"column\" data-settings=\"{&quot;background_background&quot;:&quot;classic&quot;}\">\n\t\t\t<div class=\"elementor-widget-wrap elementor-element-populated\">\n\t\t\t\t\t\t<div class=\"elementor-element elementor-element-113ac4e elementor-widget elementor-widget-heading\" data-id=\"113ac4e\" data-element_type=\"widget\" data-e-type=\"widget\" data-widget_type=\"heading.default\">\n\t\t\t\t<div class=\"elementor-widget-container\">\n\t\t\t\t\t<h3 class=\"elementor-heading-title elementor-size-default\">Para ni\u00f1os en edad escolar<\/h3>\t\t\t\t<\/div>\n\t\t\t\t<\/div>\n\t\t\t\t<div class=\"elementor-element elementor-element-86bd2ca elementor-widget elementor-widget-text-editor\" data-id=\"86bd2ca\" data-element_type=\"widget\" data-e-type=\"widget\" data-widget_type=\"text-editor.default\">\n\t\t\t\t<div class=\"elementor-widget-container\">\n\t\t\t\t\t\t\t\t\tLos ni\u00f1os y adolescentes que asisten a nuestra escuela de necesidades especiales son atendidos y apoyados en el centro especial de d\u00eda para ni\u00f1os en edad escolar. Esto se hace seg\u00fan el \u00abConcepto del d\u00eda muniqu\u00e9s\u00bb, en el que el apoyo escolar y el educativo-terap\u00e9utico tienen la misma importancia.\nEl plan de apoyo, adaptado de forma individual y \u00f3ptima para cada ni\u00f1o, se aplica en la vida cotidiana en todos los \u00e1mbitos, con lo que los objetivos se alcanzan de forma m\u00e1s eficaz y sostenible. De este modo, el objetivo de apoyo, que se determina junto con el ni\u00f1o, de una disciplina es seguido por todas las dem\u00e1s disciplinas que trabajan con el ni\u00f1o. As\u00ed el ni\u00f1o experimenta medidas que son peque\u00f1os pasos individuales hacia el objetivo.\t\t\t\t\t\t\t\t<\/div>\n\t\t\t\t<\/div>\n\t\t\t\t\t<\/div>\n\t\t<\/div>\n\t\t\t\t\t<\/div>\n\t\t<\/section>\n\t\t\t\t<section class=\"elementor-section elementor-inner-section elementor-element elementor-element-8b726cb elementor-section-boxed elementor-section-height-default elementor-section-height-default\" data-id=\"8b726cb\" data-element_type=\"section\" data-e-type=\"section\">\n\t\t\t\t\t\t<div class=\"elementor-container elementor-column-gap-default\">\n\t\t\t\t\t<div class=\"elementor-column elementor-col-100 elementor-inner-column elementor-element elementor-element-b59fdf3\" data-id=\"b59fdf3\" data-element_type=\"column\" data-e-type=\"column\" data-settings=\"{&quot;background_background&quot;:&quot;classic&quot;}\">\n\t\t\t<div class=\"elementor-widget-wrap elementor-element-populated\">\n\t\t\t\t\t\t<div class=\"elementor-element elementor-element-2c7e982 elementor-widget elementor-widget-image\" data-id=\"2c7e982\" data-element_type=\"widget\" data-e-type=\"widget\" data-widget_type=\"image.default\">\n\t\t\t\t<div class=\"elementor-widget-container\">\n\t\t\t\t\t\t\t\t\t\t\t\t\t\t\t<img decoding=\"async\" width=\"800\" height=\"400\" src=\"https:\/\/www.icpmuenchen.de\/wp-content\/uploads\/2021\/05\/icp-schuelerwohnheim-1-1024x512.jpg\" class=\"attachment-large size-large wp-image-5570\" alt=\"\" srcset=\"https:\/\/www.icpmuenchen.de\/wp-content\/uploads\/2021\/05\/icp-schuelerwohnheim-1-1024x512.jpg 1024w, https:\/\/www.icpmuenchen.de\/wp-content\/uploads\/2021\/05\/icp-schuelerwohnheim-1-300x150.jpg 300w, https:\/\/www.icpmuenchen.de\/wp-content\/uploads\/2021\/05\/icp-schuelerwohnheim-1-768x384.jpg 768w, https:\/\/www.icpmuenchen.de\/wp-content\/uploads\/2021\/05\/icp-schuelerwohnheim-1.jpg 1200w\" sizes=\"(max-width: 800px) 100vw, 800px\" \/>\t\t\t\t\t\t\t\t\t\t\t\t\t\t\t<\/div>\n\t\t\t\t<\/div>\n\t\t\t\t\t<\/div>\n\t\t<\/div>\n\t\t\t\t\t<\/div>\n\t\t<\/section>\n\t\t\t\t<section class=\"elementor-section elementor-inner-section elementor-element elementor-element-3ef9e5a elementor-section-boxed elementor-section-height-default elementor-section-height-default\" data-id=\"3ef9e5a\" data-element_type=\"section\" data-e-type=\"section\">\n\t\t\t\t\t\t<div class=\"elementor-container elementor-column-gap-default\">\n\t\t\t\t\t<div class=\"elementor-column elementor-col-100 elementor-inner-column elementor-element elementor-element-45c2ec7\" data-id=\"45c2ec7\" data-element_type=\"column\" data-e-type=\"column\" data-settings=\"{&quot;background_background&quot;:&quot;classic&quot;}\">\n\t\t\t<div class=\"elementor-widget-wrap elementor-element-populated\">\n\t\t\t\t\t\t<div class=\"elementor-element elementor-element-c537b7d elementor-widget elementor-widget-heading\" data-id=\"c537b7d\" data-element_type=\"widget\" data-e-type=\"widget\" data-widget_type=\"heading.default\">\n\t\t\t\t<div class=\"elementor-widget-container\">\n\t\t\t\t\t<h3 class=\"elementor-heading-title elementor-size-default\">Grupos de trabajo, actividades, ofertas educativas<\/h3>\t\t\t\t<\/div>\n\t\t\t\t<\/div>\n\t\t\t\t<div class=\"elementor-element elementor-element-68d0e5a elementor-widget elementor-widget-text-editor\" data-id=\"68d0e5a\" data-element_type=\"widget\" data-e-type=\"widget\" data-widget_type=\"text-editor.default\">\n\t\t\t\t<div class=\"elementor-widget-container\">\n\t\t\t\t\t\t\t\t\tEn el horario del centro diurno, hay una variedad de actividades adaptadas a los deseos y necesidades de los ni\u00f1os y j\u00f3venes en t\u00e9rminos de participaci\u00f3n. Estas actividades van desde las individuales y en peque\u00f1os grupos hasta las grupales e intergrupales. En el centro de d\u00eda, los ni\u00f1os y j\u00f3venes tambi\u00e9n tienen tiempo para practicar y desarrollar las habilidades que han aprendido a trav\u00e9s del juego.\n<h5>Nuestros AG incluyen:<\/h5>\n<ul>\n \t<li>F\u00fatbol; Entrenamiento para el torneo, Isar Cup<\/li>\n \t<li>Belleza<\/li>\n<li>Hacer m\u00fasica<\/li>\n \t<li>Uso de medios digitales<\/li>\n \t<li>Experimentar con la naturaleza<\/li>\n \t<li>Naturerfahren<\/li>\n \t<li>Fitness<\/li>\n<\/ul>\t\t\t\t\t\t\t\t<\/div>\n\t\t\t\t<\/div>\n\t\t\t\t<div class=\"elementor-element elementor-element-520e165 elementor-widget elementor-widget-heading\" data-id=\"520e165\" data-element_type=\"widget\" data-e-type=\"widget\" data-widget_type=\"heading.default\">\n\t\t\t\t<div class=\"elementor-widget-container\">\n\t\t\t\t\t<h3 class=\"elementor-heading-title elementor-size-default\">Ofertas de vacaciones abiertas<\/h3>\t\t\t\t<\/div>\n\t\t\t\t<\/div>\n\t\t\t\t<div class=\"elementor-element elementor-element-db563d9 elementor-widget elementor-widget-text-editor\" data-id=\"db563d9\" data-element_type=\"widget\" data-e-type=\"widget\" data-widget_type=\"text-editor.default\">\n\t\t\t\t<div class=\"elementor-widget-container\">\n\t\t\t\t\t\t\t\t\t<p><em>\u00abCuando un hombre viaja, puede contar una historia. Por lo tanto, tomar\u00eda mi bast\u00f3n y mi sombrero y elegir\u00eda viajar\u00bb.<\/em> <br \/>Matthias Claudius (1740 &#8211; 1815)<\/p><p>Viajar es importante para el equilibrio interior, la satisfacci\u00f3n y el bienestar. Por este motivo, en 2016 pusimos en marcha las Actividades de Ocio Abierto en la Fundaci\u00f3n ICP M\u00fanich (OFA). La OFA ofrece al menos un campamento de vacaciones para todos los ni\u00f1os y adolescentes del centro diurno de educaci\u00f3n especial y de la residencia de estudiantes durante determinadas vacaciones, (carnaval, Semana Santa, dos veces en verano y en oto\u00f1o).<\/p><p>Adem\u00e1s de las ofertas educativas en el centro diurno de educaci\u00f3n especial, nuestros ni\u00f1os y adolescentes tambi\u00e9n asisten a diversas terapias junto con las clases de la escuela especial. La interacci\u00f3n y el equilibrio entre la terapia y el tiempo libre son importantes para un resultado \u00f3ptimo de la terapia y el desarrollo de los ni\u00f1os en nuestro centro diurno de educaci\u00f3n especial.<\/p><p>Una de las formas de lograr este equilibrio es a trav\u00e9s de los campamentos de vacaciones que ofrecemos. Los destinos de las vacaciones van desde el lago Chiemsee hasta el lago de Constanza, pasando por Hungr\u00eda o Berl\u00edn.<\/p><p>Nuestro objetivo es hacer posible que todos los ni\u00f1os o j\u00f3venes, independientemente de su grado de discapacidad, participen en unas vacaciones de la OFA. Puede descargar un ejemplo de nuestro <a href=\"https:\/\/www.icpmuenchen.de\/wp-content\/uploads\/2021\/04\/OFA__2020_final.pdf\">programa de vacaciones aqu\u00ed.<\/a><\/p>\t\t\t\t\t\t\t\t<\/div>\n\t\t\t\t<\/div>\n\t\t\t\t\t<\/div>\n\t\t<\/div>\n\t\t\t\t\t<\/div>\n\t\t<\/section>\n\t\t\t\t<div class=\"elementor-element elementor-element-cdc5cce elementor-widget elementor-widget-heading\" data-id=\"cdc5cce\" data-element_type=\"widget\" data-e-type=\"widget\" data-widget_type=\"heading.default\">\n\t\t\t\t<div class=\"elementor-widget-container\">\n\t\t\t\t\t<h3 class=\"elementor-heading-title elementor-size-default\">El apoyo es bienvenido<\/h3>\t\t\t\t<\/div>\n\t\t\t\t<\/div>\n\t\t\t\t<div class=\"elementor-element elementor-element-3e6a842 elementor-widget elementor-widget-text-editor\" data-id=\"3e6a842\" data-element_type=\"widget\" data-e-type=\"widget\" data-widget_type=\"text-editor.default\">\n\t\t\t\t<div class=\"elementor-widget-container\">\n\t\t\t\t\t\t\t\t\t<p>Si desea apoyar financieramente a la OFA y sus actividades de ocio, o si conoce instalaciones, hoteles o granjas sin barreras, estaremos encantados de recibir un correo electr\u00f3nico a la siguiente direcci\u00f3n: <a href=\"mailto:OFA@icpmuenchen.de\">OFA@icpmuenchen.de<\/a>.\u00a0<\/p>\t\t\t\t\t\t\t\t<\/div>\n\t\t\t\t<\/div>\n\t\t\t\t<section class=\"elementor-section elementor-inner-section elementor-element elementor-element-b7c32c1 elementor-section-boxed elementor-section-height-default elementor-section-height-default\" data-id=\"b7c32c1\" data-element_type=\"section\" data-e-type=\"section\">\n\t\t\t\t\t\t<div class=\"elementor-container elementor-column-gap-default\">\n\t\t\t\t\t<div class=\"elementor-column elementor-col-100 elementor-inner-column elementor-element elementor-element-ce414e4\" data-id=\"ce414e4\" data-element_type=\"column\" data-e-type=\"column\" data-settings=\"{&quot;background_background&quot;:&quot;classic&quot;}\">\n\t\t\t<div class=\"elementor-widget-wrap elementor-element-populated\">\n\t\t\t\t\t\t<div class=\"elementor-element elementor-element-5c5b69a4 elementor-widget elementor-widget-heading\" data-id=\"5c5b69a4\" data-element_type=\"widget\" data-e-type=\"widget\" data-widget_type=\"heading.default\">\n\t\t\t\t<div class=\"elementor-widget-container\">\n\t\t\t\t\t<h3 class=\"elementor-heading-title elementor-size-default\">Material informativo para descargar<\/h3>\t\t\t\t<\/div>\n\t\t\t\t<\/div>\n\t\t\t\t<div class=\"elementor-element elementor-element-73f01398 elementor-align-center elementor-widget elementor-widget-button\" data-id=\"73f01398\" data-element_type=\"widget\" data-e-type=\"widget\" data-widget_type=\"button.default\">\n\t\t\t\t<div class=\"elementor-widget-container\">\n\t\t\t\t\t\t\t\t\t<div class=\"elementor-button-wrapper\">\n\t\t\t\t\t<a class=\"elementor-button elementor-button-link elementor-size-sm\" href=\"https:\/\/www.icpmuenchen.de\/es\/descargas\/\">\n\t\t\t\t\t\t<span class=\"elementor-button-content-wrapper\">\n\t\t\t\t\t\t\t\t\t<span class=\"elementor-button-text\">Al \u00e1rea de descarga<\/span>\n\t\t\t\t\t<\/span>\n\t\t\t\t\t<\/a>\n\t\t\t\t<\/div>\n\t\t\t\t\t\t\t\t<\/div>\n\t\t\t\t<\/div>\n\t\t\t\t\t<\/div>\n\t\t<\/div>\n\t\t\t\t\t<\/div>\n\t\t<\/section>\n\t\t\t\t\t<\/div>\n\t\t<\/div>\n\t\t\t\t\t<\/div>\n\t\t<\/section>\n\t\t\t\t<section class=\"elementor-section elementor-inner-section elementor-element elementor-element-4f311f51 elementor-section-boxed elementor-section-height-default elementor-section-height-default\" data-id=\"4f311f51\" data-element_type=\"section\" data-e-type=\"section\">\n\t\t\t\t\t\t<div class=\"elementor-container elementor-column-gap-default\">\n\t\t\t\t\t<div class=\"elementor-column elementor-col-100 elementor-inner-column elementor-element elementor-element-2e15897c\" data-id=\"2e15897c\" data-element_type=\"column\" data-e-type=\"column\" data-settings=\"{&quot;background_background&quot;:&quot;classic&quot;}\">\n\t\t\t<div class=\"elementor-widget-wrap elementor-element-populated\">\n\t\t\t\t\t\t<div class=\"elementor-element elementor-element-e2871d0 elementor-widget elementor-widget-elementskit-heading\" data-id=\"e2871d0\" data-element_type=\"widget\" data-e-type=\"widget\" data-widget_type=\"elementskit-heading.default\">\n\t\t\t\t<div class=\"elementor-widget-container\">\n\t\t\t\t\t<div class=\"ekit-wid-con\" ><div class=\"ekit-heading elementskit-section-title-wraper text_center   ekit_heading_tablet-   ekit_heading_mobile-\"><h3 class=\"ekit-heading--title elementskit-section-title \">Recorrido por una de nuestras islas<\/h3><\/div><\/div>\t\t\t\t<\/div>\n\t\t\t\t<\/div>\n\t\t\t\t<div class=\"elementor-element elementor-element-5cc7a089 elementor-widget elementor-widget-shortcode\" data-id=\"5cc7a089\" data-element_type=\"widget\" data-e-type=\"widget\" data-widget_type=\"shortcode.default\">\n\t\t\t\t<div class=\"elementor-widget-container\">\n\t\t\t\t\t\t\t<div class=\"elementor-shortcode\"><style>#pano629 div.pnlm-orientation-button {\n                    display: none;\n                }\n            .wpvr-floor-map .floor-plan-pointer.add-pulse:before {\n                border: 17px solid #cca92c;\n            }\n            @-webkit-keyframes pulse {\n                0% {\n                    -webkit-box-shadow: 0 0 0 0 rgba(204, 169, 44, 0.7);\n                }\n                70% {\n                    -webkit-box-shadow: 0 0 0 10px rgba(204, 169, 44, 0);\n                }\n                100% {\n                    -webkit-box-shadow: 0 0 0 0 rgba(204, 169, 44, 0);\n                }\n            }\n            @keyframes pulse {\n            0% {\n                -moz-box-shadow: 0 0 0 0 rgba(204, 169, 44, 0.7);\n                box-shadow: 0 0 0 0 rgba(204, 169, 44, 0.7);\n            }\n            70% {\n                -moz-box-shadow: 0 0 0 10px rgba(204, 169, 44, 0);\n                box-shadow: 0 0 0 10px rgba(204, 169, 44, 0);\n            }\n            100% {\n                -moz-box-shadow: 0 0 0 0 rgba(204, 169, 44, 0);\n                box-shadow: 0 0 0 0 rgba(204, 169, 44, 0);\n            }\n        }<\/style><div id=\"master-container\" class=\"wpvr-cardboard \" style=\"max-width:600px; width: 100%; height: 400px; border-radius:; direction:ltr; \"><div id=\"pano2629\" class=\"pano-wrap pano-left\" style=\"width: 49%; border-radius:\"><div id=\"center-pointer2629\" class=\"vr-pointer-container\"><span class=\"center-pointer\"><\/span><\/div><\/div><div id=\"pano629\" class=\"pano-wrap pano-right\" style=\"width: 100%;\"><div class=\"explainer\" id=\"explainer629\" style=\"display: none\"><span class=\"close-explainer-video\"><i class=\"fa fa-times\"><\/i><\/span><\/div><div class=\"wpvr-floor-map\" id=\"wpvr-floor-map629\" style=\"display: none\"><span class=\"close-floor-map-plan\"><i class=\"fa fa-times\"><\/i><\/span><img decoding=\"async\" loading=\"lazy\" src=\"\"><\/div><div class=\"wpvr-hotspot-tweak-contents-wrapper\" style=\"display: none\"><i class=\"fa fa-times cross\" data-id=\"629\"><\/i><div class=\"wpvr-hotspot-tweak-contents-flex\"><div class=\"wpvr-hotspot-tweak-contents\"><\/div><\/div><\/div><div class=\"custom-ifram-wrapper\" style=\"display: none;\"><i class=\"fa fa-times cross\" data-id=\"629\"><\/i><div class=\"custom-ifram-flex\"><div class=\"custom-ifram\"><\/div><\/div><\/div><\/div><\/div><script>(function ($) {jQuery(document).ready(function() {var response = [{\"panoid\":\"pano629\"},{\"autoLoad\":true,\"showControls\":false,\"orientationSupport\":\"false\",\"compass\":false,\"orientationOnByDefault\":false,\"mouseZoom\":false,\"draggable\":false,\"disableKeyboardCtrl\":false,\"keyboardZoom\":true,\"preview\":\"\",\"autoRotate\":\"-5\",\"default\":{\"firstScene\":\"Insel\",\"sceneFadeDuration\":\"\"},\"scenes\":{\"Insel\":{\"type\":\"equirectangular\",\"panorama\":\"https:\\\/\\\/www.icpmuenchen.de\\\/wp-content\\\/uploads\\\/2020\\\/11\\\/Insel_Zentral-scaled.jpg\",\"pitch\":null,\"yaw\":null,\"hfov\":100,\"maxHfov\":120,\"minHfov\":50,\"vaov\":180,\"haov\":360,\"hotSpots\":[{\"text\":\"raum1\",\"pitch\":\" -2.943179644699341\",\"yaw\":\" 84.56404787237659\",\"type\":\"scene\",\"URL\":\"\",\"wpvr_url_open\":\"off\",\"clickHandlerArgs\":[],\"createTooltipArgs\":\"\",\"sceneId\":\"Raum1\",\"targetPitch\":0,\"targetYaw\":0,\"hotspot_type\":\"scene\",\"hotspot_target\":\"notBlank\",\"hotspot_shape\":\"round\"},{\"text\":\"raum2\",\"pitch\":\" -1.910294397339185\",\"yaw\":\" 151.08867443501805\",\"type\":\"scene\",\"URL\":\"\",\"wpvr_url_open\":\"off\",\"clickHandlerArgs\":[],\"createTooltipArgs\":\"\",\"sceneId\":\"Raum2\",\"targetPitch\":0,\"targetYaw\":0,\"hotspot_type\":\"scene\",\"hotspot_target\":\"notBlank\",\"hotspot_shape\":\"round\"},{\"text\":\"raum3\",\"pitch\":\" -2.253278462140062\",\"yaw\":\" -179.37037346391512\",\"type\":\"scene\",\"URL\":\"\",\"wpvr_url_open\":\"off\",\"clickHandlerArgs\":[],\"createTooltipArgs\":\"\",\"sceneId\":\"Raum3\",\"targetPitch\":0,\"targetYaw\":0,\"hotspot_type\":\"scene\",\"hotspot_target\":\"notBlank\",\"hotspot_shape\":\"round\"}]},\"Raum1\":{\"type\":\"equirectangular\",\"panorama\":\"https:\\\/\\\/www.icpmuenchen.de\\\/wp-content\\\/uploads\\\/2020\\\/11\\\/Insel_Raum1-scaled.jpg\",\"pitch\":null,\"yaw\":null,\"hfov\":100,\"maxHfov\":120,\"minHfov\":50,\"vaov\":180,\"haov\":360,\"hotSpots\":[{\"text\":\"insel\",\"pitch\":\" -2.2618177961564183\",\"yaw\":\" -2.003880440589092\",\"type\":\"scene\",\"URL\":\"\",\"wpvr_url_open\":\"off\",\"clickHandlerArgs\":[],\"createTooltipArgs\":\"\",\"sceneId\":\"Insel\",\"targetPitch\":0,\"targetYaw\":0,\"hotspot_type\":\"scene\",\"hotspot_target\":\"notBlank\",\"hotspot_shape\":\"round\"}]},\"Raum2\":{\"type\":\"equirectangular\",\"panorama\":\"https:\\\/\\\/www.icpmuenchen.de\\\/wp-content\\\/uploads\\\/2020\\\/11\\\/Insel_Raum2-scaled.jpg\",\"pitch\":null,\"yaw\":null,\"hfov\":100,\"maxHfov\":120,\"minHfov\":50,\"vaov\":180,\"haov\":360,\"hotSpots\":[{\"text\":\"insel\",\"pitch\":\" -0.44146114399621555\",\"yaw\":\" -127.20924115420746\",\"type\":\"scene\",\"URL\":\"\",\"wpvr_url_open\":\"off\",\"clickHandlerArgs\":[],\"createTooltipArgs\":\"\",\"sceneId\":\"Insel\",\"targetPitch\":0,\"targetYaw\":0,\"hotspot_type\":\"scene\",\"hotspot_target\":\"notBlank\",\"hotspot_shape\":\"round\"}]},\"Raum3\":{\"type\":\"equirectangular\",\"panorama\":\"https:\\\/\\\/www.icpmuenchen.de\\\/wp-content\\\/uploads\\\/2020\\\/11\\\/Insel_Raum3-scaled.jpg\",\"pitch\":null,\"yaw\":null,\"hfov\":100,\"maxHfov\":120,\"minHfov\":50,\"vaov\":180,\"haov\":360,\"hotSpots\":[{\"text\":\"insel\",\"pitch\":\" -2.1706058111269453\",\"yaw\":\" -148.94047715228547\",\"type\":\"scene\",\"URL\":\"\",\"wpvr_url_open\":\"off\",\"clickHandlerArgs\":[],\"createTooltipArgs\":\"\",\"sceneId\":\"Insel\",\"targetPitch\":0,\"targetYaw\":0,\"hotspot_type\":\"scene\",\"hotspot_target\":\"notBlank\",\"hotspot_shape\":\"round\"}]}}}];var scenes = response[1];if(scenes) {var scenedata = scenes.scenes;for(var i in scenedata) {var scenehotspot = scenedata[i].hotSpots;for(var i = 0; i < scenehotspot.length; i++) {if(scenehotspot[i].type === \"info\") {    scenehotspot[i][\"clickHandlerFunc\"] = wpvrhotspot;} else if(scenehotspot[i].type === \"scene\") {    scenehotspot[i][\"clickHandlerArgs\"] = scenehotspot[i][\"text\"];}if(scenehotspot[i][\"createTooltipArgs\"] != \"\") {scenehotspot[i][\"createTooltipFunc\"] = wpvrtooltip;}}}}var panoshow629 = pannellum.viewer(response[0][\"panoid\"], scenes);\n  \n        if(!wpvr_public.is_pro_active || !wpvr_public.is_license_active) {\n            panoshow629.on(\"load\", function() {\n                jQuery(\".pnlm-panorama-info\").hide();\n                jQuery(\".pnlm-compass\").hide();\n            });\n            \n            panoshow629.on(\"scenechange\", function() {\n                jQuery(\".pnlm-panorama-info\").hide();\n                jQuery(\".pnlm-compass\").hide();\n            });\n        }var response_duplicate = [{\"panoid\":\"pano629\"},{\"autoLoad\":true,\"showControls\":false,\"orientationSupport\":\"false\",\"compass\":false,\"orientationOnByDefault\":false,\"mouseZoom\":false,\"draggable\":false,\"disableKeyboardCtrl\":false,\"keyboardZoom\":true,\"preview\":\"\",\"autoRotate\":false,\"default\":{\"firstScene\":\"Insel\",\"sceneFadeDuration\":\"\"},\"scenes\":{\"Insel\":{\"type\":\"equirectangular\",\"panorama\":\"https:\\\/\\\/www.icpmuenchen.de\\\/wp-content\\\/uploads\\\/2020\\\/11\\\/Insel_Zentral-scaled.jpg\",\"pitch\":null,\"yaw\":null,\"hfov\":100,\"maxHfov\":120,\"minHfov\":50,\"vaov\":180,\"haov\":360,\"hotSpots\":[{\"text\":\"raum1\",\"pitch\":\" -2.943179644699341\",\"yaw\":\" 84.56404787237659\",\"type\":\"scene\",\"URL\":\"\",\"wpvr_url_open\":\"off\",\"clickHandlerArgs\":[],\"createTooltipArgs\":\"\",\"sceneId\":\"Raum1\",\"targetPitch\":0,\"targetYaw\":0,\"hotspot_type\":\"scene\",\"hotspot_target\":\"notBlank\",\"hotspot_shape\":\"round\"},{\"text\":\"raum2\",\"pitch\":\" -1.910294397339185\",\"yaw\":\" 151.08867443501805\",\"type\":\"scene\",\"URL\":\"\",\"wpvr_url_open\":\"off\",\"clickHandlerArgs\":[],\"createTooltipArgs\":\"\",\"sceneId\":\"Raum2\",\"targetPitch\":0,\"targetYaw\":0,\"hotspot_type\":\"scene\",\"hotspot_target\":\"notBlank\",\"hotspot_shape\":\"round\"},{\"text\":\"raum3\",\"pitch\":\" -2.253278462140062\",\"yaw\":\" -179.37037346391512\",\"type\":\"scene\",\"URL\":\"\",\"wpvr_url_open\":\"off\",\"clickHandlerArgs\":[],\"createTooltipArgs\":\"\",\"sceneId\":\"Raum3\",\"targetPitch\":0,\"targetYaw\":0,\"hotspot_type\":\"scene\",\"hotspot_target\":\"notBlank\",\"hotspot_shape\":\"round\"}]},\"Raum1\":{\"type\":\"equirectangular\",\"panorama\":\"https:\\\/\\\/www.icpmuenchen.de\\\/wp-content\\\/uploads\\\/2020\\\/11\\\/Insel_Raum1-scaled.jpg\",\"pitch\":null,\"yaw\":null,\"hfov\":100,\"maxHfov\":120,\"minHfov\":50,\"vaov\":180,\"haov\":360,\"hotSpots\":[{\"text\":\"insel\",\"pitch\":\" -2.2618177961564183\",\"yaw\":\" -2.003880440589092\",\"type\":\"scene\",\"URL\":\"\",\"wpvr_url_open\":\"off\",\"clickHandlerArgs\":[],\"createTooltipArgs\":\"\",\"sceneId\":\"Insel\",\"targetPitch\":0,\"targetYaw\":0,\"hotspot_type\":\"scene\",\"hotspot_target\":\"notBlank\",\"hotspot_shape\":\"round\"}]},\"Raum2\":{\"type\":\"equirectangular\",\"panorama\":\"https:\\\/\\\/www.icpmuenchen.de\\\/wp-content\\\/uploads\\\/2020\\\/11\\\/Insel_Raum2-scaled.jpg\",\"pitch\":null,\"yaw\":null,\"hfov\":100,\"maxHfov\":120,\"minHfov\":50,\"vaov\":180,\"haov\":360,\"hotSpots\":[{\"text\":\"insel\",\"pitch\":\" -0.44146114399621555\",\"yaw\":\" -127.20924115420746\",\"type\":\"scene\",\"URL\":\"\",\"wpvr_url_open\":\"off\",\"clickHandlerArgs\":[],\"createTooltipArgs\":\"\",\"sceneId\":\"Insel\",\"targetPitch\":0,\"targetYaw\":0,\"hotspot_type\":\"scene\",\"hotspot_target\":\"notBlank\",\"hotspot_shape\":\"round\"}]},\"Raum3\":{\"type\":\"equirectangular\",\"panorama\":\"https:\\\/\\\/www.icpmuenchen.de\\\/wp-content\\\/uploads\\\/2020\\\/11\\\/Insel_Raum3-scaled.jpg\",\"pitch\":null,\"yaw\":null,\"hfov\":100,\"maxHfov\":120,\"minHfov\":50,\"vaov\":180,\"haov\":360,\"hotSpots\":[{\"text\":\"insel\",\"pitch\":\" -2.1706058111269453\",\"yaw\":\" -148.94047715228547\",\"type\":\"scene\",\"URL\":\"\",\"wpvr_url_open\":\"off\",\"clickHandlerArgs\":[],\"createTooltipArgs\":\"\",\"sceneId\":\"Insel\",\"targetPitch\":0,\"targetYaw\":0,\"hotspot_type\":\"scene\",\"hotspot_target\":\"notBlank\",\"hotspot_shape\":\"round\"}]}}}];var scenes_duplicate = response_duplicate[1];if(scenes_duplicate) {var scenedata = scenes_duplicate.scenes;for(var i in scenedata) {var scenehotspot = scenedata[i].hotSpots;for(var i = 0; i < scenehotspot.length; i++) {if(scenehotspot[i][\"clickHandlerArgs\"] != \"\") {scenehotspot[i][\"clickHandlerFunc\"] = wpvrhotspot;}if(scenehotspot[i][\"createTooltipArgs\"] != \"\") {scenehotspot[i][\"createTooltipFunc\"] = wpvrtooltip;}}}}var vr_mode = \"off\";jQuery(\"#pano629 .wpvr-floor-map .floor-plan-pointer\").on(\"click\",function(){\n           var scene_id = jQuery(this).attr(\"scene_id\");\n           panoshow629.loadScene(scene_id)\n           jQuery(\".floor-plan-pointer\").removeClass(\"add-pulse\")\n           jQuery(this).addClass(\"add-pulse\")\n        });panoshow629.on(\"mousemove\", function (data){\n            jQuery(\".add-pulse\").css({\"transform\":\"rotate(\"+data.yaw+\"deg)\"});\n        });\n    const node = document.querySelector(\".add-pulse\");\n        panoshow629.on(\"compasschange\", function (data){\n            \/\/ const node = document.querySelector(\".add-pulse\");\n            \/\/ node.style.transform = data;\n            \/\/ jQuery(\".add-pulse\").css({\"transform\":data});\n            });panoshow629.on(\"load\", function (){\n            \/\/ if(localStorage.getItem(\"vr_mode\") == \"off\") {\n            if(vr_mode == \"off\") {\n                  jQuery(\".vr-mode-title\").hide();\n                } else {\n                jQuery(\"#pano2629 .pnlm-compass.pnlm-controls.pnlm-control\").css(\"display\",\"none\");\n                jQuery(\"#pano629 .pnlm-compass.pnlm-controls.pnlm-control\").css(\"display\",\"none\");\n                jQuery(\"#pano2629 .pnlm-panorama-info\").hide();\n                jQuery(\"#pano629 .pnlm-panorama-info\").hide();\n                jQuery(\".vr-mode-title\").show();\n             }\n            setTimeout(() => {\n                window.dispatchEvent(new Event(\"resize\"));\n            }, 200);\n\t\t\t\t\t\tif (jQuery(\"#pano629\").children().children(\".pnlm-panorama-info:visible\").length > 0) {\n\t               jQuery(\"#controls629\").css(\"bottom\", \"80px\");\n\t           }\n\t           else {\n\t             jQuery(\"#controls629\").css(\"bottom\", \"5px\");\n\t           }\n\t\t\t\t\t});panoshow629.on(\"render\", function (){\n              window.dispatchEvent(new Event(\"resize\"));\n            });if (scenes.autoRotate) {\n\t\t\t\t\t\tpanoshow629.on(\"load\", function (){\n\t\t\t\t\t\t setTimeout(function(){ panoshow629.startAutoRotate(scenes.autoRotate, 0); }, 3000);\n\t\t\t\t\t\t});\n\t\t\t\t\t\tpanoshow629.on(\"scenechange\", function (){\n\t\t\t\t\t\t setTimeout(function(){ panoshow629.startAutoRotate(scenes.autoRotate, 0); }, 3000);\n\t\t\t\t\t\t});\n\t\t\t\t\t}var touchtime = 0;jQuery(document).on(\"click\",\"#explainer_button_629\",function() {\n                    jQuery(\"#explainer629\").slideToggle(function(){\n                    var $explainerVideoId = jQuery(\"#explainer629\");\n                    var $explainerVideoIframe = $explainerVideoId.find(\"iframe\");\n                    var explainerVideoIframSrc = $explainerVideoIframe.attr(\"src\");\n                    $explainerVideoIframe.attr(\"src\", \"\");\n                    $explainerVideoIframe.attr(\"src\", explainerVideoIframSrc);\n        });\n            });\n            jQuery(document).on(\"click\", \".close-explainer-video\", function() {\n              var $explainer = jQuery(this).parent(\".explainer\");\n              var $iframe = $explainer.find(\"iframe\");\n              var el_src = $iframe.attr(\"src\");\n              $iframe.attr(\"src\", \"\");\n              $explainer.hide();\n              $iframe.attr(\"src\", el_src);\n            });\n      jQuery(document).on(\"click\",\"#pano629\",function(event) {\n        var isActiveModal = event.target.closest(\".custom-ifram-wrapper\");\n        var isForm = event.target.closest(\".wpvr-hotspot-tweak-contents\");\n        var isHotspot = event.target.closest(\".pnlm-hotspot-base\");\n        if( isActiveModal == null && isForm == null && isHotspot == null){\n             jQuery(\".custom-ifram-wrapper .custom-ifram\").empty();\n             jQuery(\".custom-ifram-wrapper\").hide();\n             jQuery(this).removeClass(\"show-modal\");\n             jQuery(\".wpvr-hotspot-tweak-contents-wrapper\").hide(\"show-modal\");\n        }else if(isForm != null){\n            jQuery(this).addClass(\"show-modal\");\n        }\n      });jQuery(document).on(\"click\",\"#floor_map_button_629\",function() {\n                jQuery(\"#wpvr-floor-map629\").toggle().removeClass(\"fullwindow\");\n              });\n              jQuery(document).on(\"dblclick\",\"#wpvr-floor-map629\",function(){\n                jQuery(this).addClass(\"fullwindow\");\n                jQuery(this).parents(\".pano-wrap\").addClass(\"show-modal\");\n              });\n              jQuery(document).on(\"click\",\".close-floor-map-plan\",function() {\n                jQuery(this).parent(\".wpvr-floor-map\").hide();\n                jQuery(this).parent(\".wpvr-floor-map\").removeClass(\"fullwindow\");\n                jQuery(this).parents(\".pano-wrap\").removeClass(\"show-modal\");\n              });jQuery(document).ready(function($){\n\t\t              jQuery(\"#sccontrols629\").hide();\n                      jQuery(\"#pano629 .wpvr_slider_nav\").hide();\n\t\t              jQuery(\".vrgctrl629\").html('<i class=\"fa fa-angle-up\"><\/i>');\n\t\t          });var slide629 = \"down\";\n\t\t          jQuery(document).on(\"click\",\"#vrgcontrols629\",function() {\n\t\t            if (slide629 == \"up\") {\n\t\t              jQuery(\".vrgctrl629\").empty();\n\t\t              jQuery(\".vrgctrl629\").html('<i class=\"fa fa-angle-up\"><\/i>');\n\t\t              slide629 = \"down\";\n\t\t            }\n\t\t            else {\n\t\t              jQuery(\".vrgctrl629\").empty();\n\t\t              jQuery(\".vrgctrl629\").html('<i class=\"fa fa-angle-down\"><\/i>');\n\t\t              slide629 = \"up\";\n\t\t            }\n                    jQuery(\"#pano629 .wpvr_slider_nav\").slideToggle(); \n                    jQuery(\"#sccontrols629\").slideToggle(function(){\n                        if (jQuery(\".elementor-edit-mode .elementor-widget-container\").length) {\n                            if (jQuery(this).is(\":visible\")) {\n                                jQuery(\".elementor-edit-mode  .elementor-widget-container .wpvr-cardboard .pnlm-container #sccontrols629\").css({\n                                    \"display\": \"flex\",\n                                    \"justify-content\": \"center\",\n                                    \"align-items\": \"center\",\n                                    \"gap\": \"15px\"\n                                });\n                            }\n                        }\n                        if (jQuery(\".bricks-is-frontend\").length) {\n                            if (jQuery(this).is(\":visible\")) {\n                            jQuery(\".bricks-is-frontend .wpvr-cardboard .pnlm-container #sccontrols629\").css({\n                                    \"display\": \"flex\",\n                                    \"justify-content\": \"center\",\n                                    \"align-items\": \"center\"\n                                });\n                            }\n                        }              \n                    });\n          });jQuery(\".elementor-tab-title\").click(function(){\n                      var element_id;\n                      var pano_id;\n                      var element_id = this.id;\n                      element_id = element_id.split(\"-\");\n                      element_id = element_id[3];\n                      jQuery(\"#elementor-tab-content-\"+element_id).find(\"#master-container\").children(\"div\").eq(1).addClass(\"awwww\");\n                      var pano_id = jQuery(\".awwww\").attr(\"id\");\n                      jQuery(\"#elementor-tab-content-\"+element_id).find(\"#master-container\").children(\"div\").eq(1).removeClass(\"awwww\");;\n                      if (pano_id != undefined) {\n                        pano_id = pano_id.split(\"o\");\n                        pano_id = pano_id[1];\n                        if (pano_id == \"629\") {\n                          jQuery(\"#pano629\").children(\".pnlm-render-container\").remove();\n                          jQuery(\"#pano629\").children(\".pnlm-ui\").remove();\n                          panoshow629 = pannellum.viewer(response[0][\"panoid\"], scenes);\n                          jQuery(\"#pano629\").children(\".pnlm-ui\").find(\".pnlm-load-button p\").text(\"Click to Load Panorama\")\n                          setTimeout(function() {\n                                \/\/   panoshow629.loadScene(\"Insel\");\n                                  window.dispatchEvent(new Event(\"resize\"));\n                                  if (jQuery(\"#pano629\").children().children(\".pnlm-panorama-info:visible\").length > 0) {\n                                       jQuery(\"#controls629\").css(\"bottom\", \"55px\");\n                                   } else {\n                                     jQuery(\"#controls629\").css(\"bottom\", \"5px\");\n                                   }\n                          }, 200);\n                        }\n                      }\n            });jQuery(\".geodir-tab-head dd, #vr-tour-tab\").click(function(){\n              jQuery(\"#pano629\").children(\".pnlm-render-container\").remove();\n              jQuery(\"#pano629\").children(\".pnlm-ui\").remove();\n              panoshow629 = pannellum.viewer(response[0][\"panoid\"], scenes);\n              setTimeout(function() {\n                      panoshow629.loadScene(\"Insel\");\n                      window.dispatchEvent(new Event(\"resize\"));\n                      if (jQuery(\"#pano629\").children().children(\".pnlm-panorama-info:visible\").length > 0) {\n                           jQuery(\"#controls629\").css(\"bottom\", \"55px\");\n                       }\n                       else {\n                         jQuery(\"#controls629\").css(\"bottom\", \"5px\");\n                       }\n              }, 200);\n            });\n            jQuery(\"#pano629\").children(\".pnlm-ui\").find(\".pnlm-load-button p\").text(\"Click to Load Panorama\")\n            jQuery(\"#pano629 .pnlm-title-box\").on(\"mouseenter\", function(){\n                jQuery(this).attr(\"title\", jQuery(this).text());\n            });\n            jQuery(\"#pano629 .pnlm-title-box\").on(\"mouseleave\", function(){\n                jQuery(this).removeAttr(\"title\");\n            });});})(jQuery);<\/script><\/div>\n\t\t\t\t\t\t<\/div>\n\t\t\t\t<\/div>\n\t\t\t\t\t<\/div>\n\t\t<\/div>\n\t\t\t\t\t<\/div>\n\t\t<\/section>\n\t\t\t\t<section class=\"elementor-section elementor-top-section elementor-element elementor-element-1df555e7 elementor-section-boxed elementor-section-height-default elementor-section-height-default elementor-invisible\" data-id=\"1df555e7\" data-element_type=\"section\" data-e-type=\"section\" data-settings=\"{&quot;background_background&quot;:&quot;classic&quot;,&quot;animation&quot;:&quot;fadeInUp&quot;}\">\n\t\t\t\t\t\t<div class=\"elementor-container elementor-column-gap-no\">\n\t\t\t\t\t<div class=\"elementor-column elementor-col-100 elementor-top-column elementor-element elementor-element-15592f42\" data-id=\"15592f42\" data-element_type=\"column\" data-e-type=\"column\">\n\t\t\t<div class=\"elementor-widget-wrap elementor-element-populated\">\n\t\t\t\t\t\t<div class=\"elementor-element elementor-element-7d93ba5b animated-slow elementor-widget elementor-widget-elementskit-heading\" data-id=\"7d93ba5b\" data-element_type=\"widget\" data-e-type=\"widget\" data-settings=\"{&quot;_animation&quot;:&quot;none&quot;}\" data-widget_type=\"elementskit-heading.default\">\n\t\t\t\t<div class=\"elementor-widget-container\">\n\t\t\t\t\t<div class=\"ekit-wid-con\" ><div class=\"ekit-heading elementskit-section-title-wraper text_center   ekit_heading_tablet-   ekit_heading_mobile-\"><h3 class=\"elementskit-section-subtitle  \">\n\t\t\t\t\t\tPARA PRESGUNTAS SOBRE EL CENTRO DIURNO DE EDUCACI\u00d3N ESPECIAL\n\t\t\t\t\t<\/h3><h2 class=\"ekit-heading--title elementskit-section-title \">Su persona de contacto<\/h2><\/div><\/div>\t\t\t\t<\/div>\n\t\t\t\t<\/div>\n\t\t\t\t<section class=\"elementor-section elementor-inner-section elementor-element elementor-element-56b7dc73 animated-slow elementor-section-boxed elementor-section-height-default elementor-section-height-default elementor-invisible\" data-id=\"56b7dc73\" data-element_type=\"section\" data-e-type=\"section\" data-settings=\"{&quot;animation&quot;:&quot;fadeInUp&quot;}\">\n\t\t\t\t\t\t<div class=\"elementor-container elementor-column-gap-default\">\n\t\t\t\t\t<div class=\"elementor-column elementor-col-100 elementor-inner-column elementor-element elementor-element-10a5c219\" data-id=\"10a5c219\" data-element_type=\"column\" data-e-type=\"column\">\n\t\t\t<div class=\"elementor-widget-wrap\">\n\t\t\t\t\t\t\t<\/div>\n\t\t<\/div>\n\t\t\t\t\t<\/div>\n\t\t<\/section>\n\t\t\t\t<section class=\"elementor-section elementor-inner-section elementor-element elementor-element-6503952a elementor-section-boxed elementor-section-height-default elementor-section-height-default\" data-id=\"6503952a\" data-element_type=\"section\" data-e-type=\"section\">\n\t\t\t\t\t\t<div class=\"elementor-container elementor-column-gap-default\">\n\t\t\t\t\t<div class=\"elementor-column elementor-col-50 elementor-inner-column elementor-element elementor-element-59684e57\" data-id=\"59684e57\" data-element_type=\"column\" data-e-type=\"column\">\n\t\t\t<div class=\"elementor-widget-wrap elementor-element-populated\">\n\t\t\t\t\t\t<div class=\"elementor-element elementor-element-10f5c1e1 elementor-widget elementor-widget-elementskit-team\" data-id=\"10f5c1e1\" data-element_type=\"widget\" data-e-type=\"widget\" data-widget_type=\"elementskit-team.default\">\n\t\t\t\t<div class=\"elementor-widget-container\">\n\t\t\t\t\t<div class=\"ekit-wid-con\">\n\t\t\t\t\t\t\t\t\t\t\t\t\t\t\t <div class=\"style-circle ekit-team-img-fit\"> \t\t\t\t\t\t\t\t\t<div class=\"profile-image-card elementor-animation- ekit-team-img ekit-team-style-overlay_circle text-center\">\n\n\t\t\t\t\t\t\t\t\t\t\t\t\t<img decoding=\"async\" width=\"800\" height=\"868\" src=\"https:\/\/www.icpmuenchen.de\/wp-content\/uploads\/2025\/12\/luisa-hoeink-Kopie-1-944x1024.jpeg\" class=\"attachment-large size-large wp-image-18558\" alt=\"\" srcset=\"https:\/\/www.icpmuenchen.de\/wp-content\/uploads\/2025\/12\/luisa-hoeink-Kopie-1-944x1024.jpeg 944w, https:\/\/www.icpmuenchen.de\/wp-content\/uploads\/2025\/12\/luisa-hoeink-Kopie-1-277x300.jpeg 277w, https:\/\/www.icpmuenchen.de\/wp-content\/uploads\/2025\/12\/luisa-hoeink-Kopie-1-768x833.jpeg 768w, https:\/\/www.icpmuenchen.de\/wp-content\/uploads\/2025\/12\/luisa-hoeink-Kopie-1.jpeg 960w\" sizes=\"(max-width: 800px) 100vw, 800px\" \/>\t\t\t\t\t\t\t\t\t\t\t\t<div class=\"hover-area\">\n\t\t\t\t\t\t\t<div class=\"profile-body\">\n\t\t\t\t\t\t\t\t<h2 class=\"profile-title\">\n\t\t\t\t\t\t\t\t\t\t\t\t\t\t\t\t\t\t\t\t\t\t\t\t\t\t\t\t\t\t\t\t\t<\/h2>\n\t\t\t\t\t\t\t\t<p class=\"profile-designation\"><\/p>\n\t\t\t\t\t\t\t\t\t\t\t\t\t\t\t<\/div>\n\t\t\t\t\t\t\t\t\t\t\t\t\t<\/div>\n\t\t\t\t\t<\/div>\n\t\t\t\t\t <\/div> \n\t\t\t\t\n\t\t\t\t<\/div>\t\t\t\t<\/div>\n\t\t\t\t<\/div>\n\t\t\t\t<div class=\"elementor-element elementor-element-9aedf58 elementor-widget elementor-widget-elementskit-heading\" data-id=\"9aedf58\" data-element_type=\"widget\" data-e-type=\"widget\" data-widget_type=\"elementskit-heading.default\">\n\t\t\t\t<div class=\"elementor-widget-container\">\n\t\t\t\t\t<div class=\"ekit-wid-con\" ><div class=\"ekit-heading elementskit-section-title-wraper text_center   ekit_heading_tablet-   ekit_heading_mobile-\"><h2 class=\"ekit-heading--title elementskit-section-title \">Luisa H\u00f6ink<\/h2><h3 class=\"ekit-heading--subtitle elementskit-section-subtitle  \">\n\t\t\t\t\t\tDirectora del centro diurno de Educaci\u00f3n Especial\n\t\t\t\t\t<\/h3>\t\t\t\t<div class='ekit-heading__description'>\n\t\t\t\t\t<p><a href=\"tel:+498971007250\">+49 89 71007-250<\/a><br \/><a href=\"mailto:luisa.hoeink@icp.de\">luisa.hoeink@icp.de<\/a><\/p>\n\t\t\t\t<\/div>\n\t\t\t<\/div><\/div>\t\t\t\t<\/div>\n\t\t\t\t<\/div>\n\t\t\t\t\t<\/div>\n\t\t<\/div>\n\t\t\t\t<div class=\"elementor-column elementor-col-50 elementor-inner-column elementor-element elementor-element-4aab825\" data-id=\"4aab825\" data-element_type=\"column\" data-e-type=\"column\">\n\t\t\t<div class=\"elementor-widget-wrap elementor-element-populated\">\n\t\t\t\t\t\t<div class=\"elementor-element elementor-element-162eec0 elementor-widget elementor-widget-elementskit-team\" data-id=\"162eec0\" data-element_type=\"widget\" data-e-type=\"widget\" data-widget_type=\"elementskit-team.default\">\n\t\t\t\t<div class=\"elementor-widget-container\">\n\t\t\t\t\t<div class=\"ekit-wid-con\">\n\t\t\t\t\t\t\t\t\t\t\t\t\t\t\t <div class=\"style-circle ekit-team-img-fit\"> \t\t\t\t\t\t\t\t\t<div class=\"profile-image-card elementor-animation- ekit-team-img ekit-team-style-overlay_circle text-center\">\n\n\t\t\t\t\t\t\t\t\t\t\t\t\t<img loading=\"lazy\" decoding=\"async\" width=\"400\" height=\"400\" src=\"https:\/\/www.icpmuenchen.de\/wp-content\/uploads\/2021\/08\/struever.jpg\" class=\"attachment-large size-large wp-image-3153\" alt=\"\" srcset=\"https:\/\/www.icpmuenchen.de\/wp-content\/uploads\/2021\/08\/struever.jpg 400w, https:\/\/www.icpmuenchen.de\/wp-content\/uploads\/2021\/08\/struever-300x300.jpg 300w, https:\/\/www.icpmuenchen.de\/wp-content\/uploads\/2021\/08\/struever-150x150.jpg 150w\" sizes=\"(max-width: 400px) 100vw, 400px\" \/>\t\t\t\t\t\t\t\t\t\t\t\t<div class=\"hover-area\">\n\t\t\t\t\t\t\t<div class=\"profile-body\">\n\t\t\t\t\t\t\t\t<h2 class=\"profile-title\">\n\t\t\t\t\t\t\t\t\t\t\t\t\t\t\t\t\t\t\t\t\t\t\t\t\t\t\t\t\t\t\t\t\t<\/h2>\n\t\t\t\t\t\t\t\t<p class=\"profile-designation\"><\/p>\n\t\t\t\t\t\t\t\t\t\t\t\t\t\t\t<\/div>\n\t\t\t\t\t\t\t\t\t\t\t\t\t<\/div>\n\t\t\t\t\t<\/div>\n\t\t\t\t\t <\/div> \n\t\t\t\t\n\t\t\t\t<\/div>\t\t\t\t<\/div>\n\t\t\t\t<\/div>\n\t\t\t\t<div class=\"elementor-element elementor-element-693ad30 elementor-widget elementor-widget-elementskit-heading\" data-id=\"693ad30\" data-element_type=\"widget\" data-e-type=\"widget\" data-widget_type=\"elementskit-heading.default\">\n\t\t\t\t<div class=\"elementor-widget-container\">\n\t\t\t\t\t<div class=\"ekit-wid-con\" ><div class=\"ekit-heading elementskit-section-title-wraper text_center   ekit_heading_tablet-   ekit_heading_mobile-\"><h2 class=\"ekit-heading--title elementskit-section-title \">Mario Str\u00fcver<\/h2><h3 class=\"ekit-heading--subtitle elementskit-section-subtitle  \">\n\t\t\t\t\t\tDirector de la residencial estudiantil\n\t\t\t\t\t<\/h3>\t\t\t\t<div class='ekit-heading__description'>\n\t\t\t\t\t<p><a href=\"tel:+498971007251\">+49 89 71007-251<\/a><br \/><a href=\"mailto:mario.struever@icp.de\">mario.struever@icp.de<\/a><\/p>\n\t\t\t\t<\/div>\n\t\t\t<\/div><\/div>\t\t\t\t<\/div>\n\t\t\t\t<\/div>\n\t\t\t\t\t<\/div>\n\t\t<\/div>\n\t\t\t\t\t<\/div>\n\t\t<\/section>\n\t\t\t\t\t<\/div>\n\t\t<\/div>\n\t\t\t\t\t<\/div>\n\t\t<\/section>\n\t\t\t\t<section class=\"elementor-section elementor-top-section elementor-element elementor-element-65611aa3 elementor-section-height-min-height elementor-section-content-middle elementor-section-boxed elementor-section-height-default elementor-section-items-middle\" data-id=\"65611aa3\" data-element_type=\"section\" data-e-type=\"section\" data-settings=\"{&quot;background_background&quot;:&quot;classic&quot;}\">\n\t\t\t\t\t\t\t<div class=\"elementor-background-overlay\"><\/div>\n\t\t\t\t\t\t\t<div class=\"elementor-container elementor-column-gap-default\">\n\t\t\t\t\t<div class=\"elementor-column elementor-col-66 elementor-top-column elementor-element elementor-element-248c0a11 elementor-hidden-phone\" data-id=\"248c0a11\" data-element_type=\"column\" data-e-type=\"column\" data-settings=\"{&quot;background_background&quot;:&quot;classic&quot;}\">\n\t\t\t<div class=\"elementor-widget-wrap elementor-element-populated\">\n\t\t\t\t\t\t<div class=\"elementor-element elementor-element-78e90b38 elementor-widget elementor-widget-text-editor\" data-id=\"78e90b38\" data-element_type=\"widget\" data-e-type=\"widget\" data-widget_type=\"text-editor.default\">\n\t\t\t\t<div class=\"elementor-widget-container\">\n\t\t\t\t\t\t\t\t\t<p>Trabajo profesional y nuevas ideas<br \/>en beneficio de los ni\u00f1os<\/p><p>\u00abEl personal puede desarrollarse aqu\u00ed e iniciar cosas nuevas. Esto siempre se apoya. Por ejemplo, hace unos a\u00f1os empezamos a organizar campamentos de vacaciones para nuestros hijos. De este modo, eliminamos barreras para ellos y les permitimos participar m\u00e1s socialmente\u00bb.<\/p>\t\t\t\t\t\t\t\t<\/div>\n\t\t\t\t<\/div>\n\t\t\t\t<div class=\"elementor-element elementor-element-2969c144 elementor-widget elementor-widget-text-editor\" data-id=\"2969c144\" data-element_type=\"widget\" data-e-type=\"widget\" data-widget_type=\"text-editor.default\">\n\t\t\t\t<div class=\"elementor-widget-container\">\n\t\t\t\t\t\t\t\t\t<strong>Magdalena Brunner,\u00a0<\/strong><br>Tutora de la Isla 10\t\t\t\t\t\t\t\t<\/div>\n\t\t\t\t<\/div>\n\t\t\t\t\t<\/div>\n\t\t<\/div>\n\t\t\t\t<div class=\"elementor-column elementor-col-33 elementor-top-column elementor-element elementor-element-7f97c635 elementor-hidden-tablet elementor-hidden-phone\" data-id=\"7f97c635\" data-element_type=\"column\" data-e-type=\"column\">\n\t\t\t<div class=\"elementor-widget-wrap\">\n\t\t\t\t\t\t\t<\/div>\n\t\t<\/div>\n\t\t\t\t\t<\/div>\n\t\t<\/section>\n\t\t\t\t<section class=\"elementor-section elementor-top-section elementor-element elementor-element-430861c2 elementor-section-height-min-height elementor-section-content-middle elementor-hidden-desktop elementor-hidden-tablet elementor-section-boxed elementor-section-height-default elementor-section-items-middle\" data-id=\"430861c2\" data-element_type=\"section\" data-e-type=\"section\" data-settings=\"{&quot;background_background&quot;:&quot;classic&quot;}\">\n\t\t\t\t\t\t\t<div class=\"elementor-background-overlay\"><\/div>\n\t\t\t\t\t\t\t<div class=\"elementor-container elementor-column-gap-default\">\n\t\t\t\t\t<div class=\"elementor-column elementor-col-33 elementor-top-column elementor-element elementor-element-2a20fb96\" data-id=\"2a20fb96\" data-element_type=\"column\" data-e-type=\"column\" data-settings=\"{&quot;background_background&quot;:&quot;classic&quot;}\">\n\t\t\t<div class=\"elementor-widget-wrap elementor-element-populated\">\n\t\t\t\t\t\t<div class=\"elementor-element elementor-element-238556d4 elementor-widget elementor-widget-text-editor\" data-id=\"238556d4\" data-element_type=\"widget\" data-e-type=\"widget\" data-widget_type=\"text-editor.default\">\n\t\t\t\t<div class=\"elementor-widget-container\">\n\t\t\t\t\t\t\t\t\t<p>Trabajo profesional y nuevas ideas<br \/>en beneficio de los ni\u00f1os<\/p><p>\u00abEl personal puede desarrollarse aqu\u00ed e iniciar cosas nuevas. Esto siempre se apoya. Por ejemplo, hace unos a\u00f1os empezamos a organizar campamentos de vacaciones para nuestros hijos. De este modo, eliminamos barreras para ellos y les permitimos participar m\u00e1s socialmente\u00bb.<\/p>\t\t\t\t\t\t\t\t<\/div>\n\t\t\t\t<\/div>\n\t\t\t\t<div class=\"elementor-element elementor-element-22475695 elementor-widget elementor-widget-text-editor\" data-id=\"22475695\" data-element_type=\"widget\" data-e-type=\"widget\" data-widget_type=\"text-editor.default\">\n\t\t\t\t<div class=\"elementor-widget-container\">\n\t\t\t\t\t\t\t\t\t<strong>Magdalena Brunner, <\/strong><br>Tutora de la Isla 10\t\t\t\t\t\t\t\t<\/div>\n\t\t\t\t<\/div>\n\t\t\t\t\t<\/div>\n\t\t<\/div>\n\t\t\t\t<div class=\"elementor-column elementor-col-33 elementor-top-column elementor-element elementor-element-1b20f8e5\" data-id=\"1b20f8e5\" data-element_type=\"column\" data-e-type=\"column\" data-settings=\"{&quot;background_background&quot;:&quot;classic&quot;}\">\n\t\t\t<div class=\"elementor-widget-wrap\">\n\t\t\t\t\t\t\t<\/div>\n\t\t<\/div>\n\t\t\t\t<div class=\"elementor-column elementor-col-33 elementor-top-column elementor-element elementor-element-5f58f25 elementor-hidden-tablet elementor-hidden-phone\" data-id=\"5f58f25\" data-element_type=\"column\" data-e-type=\"column\">\n\t\t\t<div class=\"elementor-widget-wrap\">\n\t\t\t\t\t\t\t<\/div>\n\t\t<\/div>\n\t\t\t\t\t<\/div>\n\t\t<\/section>\n\t\t\t\t<\/div>\n\t\t","protected":false},"excerpt":{"rendered":"<p>CENTROS DE EDUACI\u00d3N INFANTIL, ESCUELA PRIMARIA INCLUSIVA, CENTRO DIURNO DE EDUCACI\u00d3N ESPECIAL, ESCUELA ESPECIAL, ESCUELA DE FORMACI\u00d3N PROFESIONAL, RESIDENCIA ESTUDIANTIL Educaci\u00f3n Educaci\u00f3n CENTRO DIURNO DE EDUCACI\u00d3N ESPECIAL Estructura En nuestro centro de d\u00eda de educaci\u00f3n especial, ofrecemos un total de 168 plazas en tres grupos de preescolar (3-7 a\u00f1os) y 13 grupos de edad escolar [&hellip;]<\/p>\n","protected":false},"author":1,"featured_media":0,"parent":5557,"menu_order":0,"comment_status":"closed","ping_status":"closed","template":"","meta":{"footnotes":""},"class_list":["post-5566","page","type-page","status-publish","hentry"],"yoast_head":"<!-- This site is optimized with the Yoast SEO plugin v26.8 - https:\/\/yoast.com\/product\/yoast-seo-wordpress\/ -->\n<title>Centro diurno de Educaci\u00f3n Especial - ICP M\u00fcnchen<\/title>\n<meta name=\"robots\" content=\"index, follow, max-snippet:-1, max-image-preview:large, max-video-preview:-1\" \/>\n<link rel=\"canonical\" href=\"https:\/\/www.icpmuenchen.de\/es\/educacion\/centro-diurno-de-educacion-especial\/\" \/>\n<meta property=\"og:locale\" content=\"es_ES\" \/>\n<meta property=\"og:type\" content=\"article\" \/>\n<meta property=\"og:title\" content=\"Centro diurno de Educaci\u00f3n Especial - ICP M\u00fcnchen\" \/>\n<meta property=\"og:description\" content=\"CENTROS DE EDUACI\u00d3N INFANTIL, ESCUELA PRIMARIA INCLUSIVA, CENTRO DIURNO DE EDUCACI\u00d3N ESPECIAL, ESCUELA ESPECIAL, ESCUELA DE FORMACI\u00d3N PROFESIONAL, RESIDENCIA ESTUDIANTIL Educaci\u00f3n Educaci\u00f3n CENTRO DIURNO DE EDUCACI\u00d3N ESPECIAL Estructura En nuestro centro de d\u00eda de educaci\u00f3n especial, ofrecemos un total de 168 plazas en tres grupos de preescolar (3-7 a\u00f1os) y 13 grupos de edad escolar [&hellip;]\" \/>\n<meta property=\"og:url\" content=\"https:\/\/www.icpmuenchen.de\/es\/educacion\/centro-diurno-de-educacion-especial\/\" \/>\n<meta property=\"og:site_name\" content=\"ICP M\u00fcnchen\" \/>\n<meta property=\"article:modified_time\" content=\"2025-12-10T11:04:26+00:00\" \/>\n<meta property=\"og:image\" content=\"https:\/\/www.icpmuenchen.de\/wp-content\/uploads\/2021\/04\/hpt-3.jpg\" \/>\n\t<meta property=\"og:image:width\" content=\"1200\" \/>\n\t<meta property=\"og:image:height\" content=\"600\" \/>\n\t<meta property=\"og:image:type\" content=\"image\/jpeg\" \/>\n<meta name=\"twitter:card\" content=\"summary_large_image\" \/>\n<meta name=\"twitter:label1\" content=\"Tiempo de lectura\" \/>\n\t<meta name=\"twitter:data1\" content=\"8 minutos\" \/>\n<script type=\"application\/ld+json\" class=\"yoast-schema-graph\">{\"@context\":\"https:\/\/schema.org\",\"@graph\":[{\"@type\":\"WebPage\",\"@id\":\"https:\/\/www.icpmuenchen.de\/es\/educacion\/centro-diurno-de-educacion-especial\/\",\"url\":\"https:\/\/www.icpmuenchen.de\/es\/educacion\/centro-diurno-de-educacion-especial\/\",\"name\":\"Centro diurno de Educaci\u00f3n Especial - ICP M\u00fcnchen\",\"isPartOf\":{\"@id\":\"https:\/\/www.icpmuenchen.de\/es\/#website\"},\"primaryImageOfPage\":{\"@id\":\"https:\/\/www.icpmuenchen.de\/es\/educacion\/centro-diurno-de-educacion-especial\/#primaryimage\"},\"image\":{\"@id\":\"https:\/\/www.icpmuenchen.de\/es\/educacion\/centro-diurno-de-educacion-especial\/#primaryimage\"},\"thumbnailUrl\":\"https:\/\/www.icpmuenchen.de\/wp-content\/uploads\/2021\/04\/hpt-3-1024x512.jpg\",\"datePublished\":\"2021-04-15T13:55:16+00:00\",\"dateModified\":\"2025-12-10T11:04:26+00:00\",\"breadcrumb\":{\"@id\":\"https:\/\/www.icpmuenchen.de\/es\/educacion\/centro-diurno-de-educacion-especial\/#breadcrumb\"},\"inLanguage\":\"es\",\"potentialAction\":[{\"@type\":\"ReadAction\",\"target\":[\"https:\/\/www.icpmuenchen.de\/es\/educacion\/centro-diurno-de-educacion-especial\/\"]}]},{\"@type\":\"ImageObject\",\"inLanguage\":\"es\",\"@id\":\"https:\/\/www.icpmuenchen.de\/es\/educacion\/centro-diurno-de-educacion-especial\/#primaryimage\",\"url\":\"https:\/\/www.icpmuenchen.de\/wp-content\/uploads\/2021\/04\/hpt-3-1024x512.jpg\",\"contentUrl\":\"https:\/\/www.icpmuenchen.de\/wp-content\/uploads\/2021\/04\/hpt-3-1024x512.jpg\"},{\"@type\":\"BreadcrumbList\",\"@id\":\"https:\/\/www.icpmuenchen.de\/es\/educacion\/centro-diurno-de-educacion-especial\/#breadcrumb\",\"itemListElement\":[{\"@type\":\"ListItem\",\"position\":1,\"name\":\"Startseite\",\"item\":\"https:\/\/www.icpmuenchen.de\/es\/\"},{\"@type\":\"ListItem\",\"position\":2,\"name\":\"Educaci\u00f3n\",\"item\":\"https:\/\/www.icpmuenchen.de\/es\/educacion\/\"},{\"@type\":\"ListItem\",\"position\":3,\"name\":\"Centro diurno de Educaci\u00f3n Especial\"}]},{\"@type\":\"WebSite\",\"@id\":\"https:\/\/www.icpmuenchen.de\/es\/#website\",\"url\":\"https:\/\/www.icpmuenchen.de\/es\/\",\"name\":\"ICP M\u00fcnchen\",\"description\":\"Integrationszentrum f\u00fcr K\u00f6rperbehinderte\",\"publisher\":{\"@id\":\"https:\/\/www.icpmuenchen.de\/es\/#organization\"},\"potentialAction\":[{\"@type\":\"SearchAction\",\"target\":{\"@type\":\"EntryPoint\",\"urlTemplate\":\"https:\/\/www.icpmuenchen.de\/es\/?s={search_term_string}\"},\"query-input\":{\"@type\":\"PropertyValueSpecification\",\"valueRequired\":true,\"valueName\":\"search_term_string\"}}],\"inLanguage\":\"es\"},{\"@type\":\"Organization\",\"@id\":\"https:\/\/www.icpmuenchen.de\/es\/#organization\",\"name\":\"ICP M\u00fcnchen\",\"url\":\"https:\/\/www.icpmuenchen.de\/es\/\",\"logo\":{\"@type\":\"ImageObject\",\"inLanguage\":\"es\",\"@id\":\"https:\/\/www.icpmuenchen.de\/es\/#\/schema\/logo\/image\/\",\"url\":\"https:\/\/www.icpmuenchen.de\/wp-content\/uploads\/2020\/08\/Logo_Stiftung-ICP.svg\",\"contentUrl\":\"https:\/\/www.icpmuenchen.de\/wp-content\/uploads\/2020\/08\/Logo_Stiftung-ICP.svg\",\"width\":1,\"height\":1,\"caption\":\"ICP M\u00fcnchen\"},\"image\":{\"@id\":\"https:\/\/www.icpmuenchen.de\/es\/#\/schema\/logo\/image\/\"}}]}<\/script>\n<!-- \/ Yoast SEO plugin. -->","yoast_head_json":{"title":"Centro diurno de Educaci\u00f3n Especial - ICP M\u00fcnchen","robots":{"index":"index","follow":"follow","max-snippet":"max-snippet:-1","max-image-preview":"max-image-preview:large","max-video-preview":"max-video-preview:-1"},"canonical":"https:\/\/www.icpmuenchen.de\/es\/educacion\/centro-diurno-de-educacion-especial\/","og_locale":"es_ES","og_type":"article","og_title":"Centro diurno de Educaci\u00f3n Especial - ICP M\u00fcnchen","og_description":"CENTROS DE EDUACI\u00d3N INFANTIL, ESCUELA PRIMARIA INCLUSIVA, CENTRO DIURNO DE EDUCACI\u00d3N ESPECIAL, ESCUELA ESPECIAL, ESCUELA DE FORMACI\u00d3N PROFESIONAL, RESIDENCIA ESTUDIANTIL Educaci\u00f3n Educaci\u00f3n CENTRO DIURNO DE EDUCACI\u00d3N ESPECIAL Estructura En nuestro centro de d\u00eda de educaci\u00f3n especial, ofrecemos un total de 168 plazas en tres grupos de preescolar (3-7 a\u00f1os) y 13 grupos de edad escolar [&hellip;]","og_url":"https:\/\/www.icpmuenchen.de\/es\/educacion\/centro-diurno-de-educacion-especial\/","og_site_name":"ICP M\u00fcnchen","article_modified_time":"2025-12-10T11:04:26+00:00","og_image":[{"width":1200,"height":600,"url":"https:\/\/www.icpmuenchen.de\/wp-content\/uploads\/2021\/04\/hpt-3.jpg","type":"image\/jpeg"}],"twitter_card":"summary_large_image","twitter_misc":{"Tiempo de lectura":"8 minutos"},"schema":{"@context":"https:\/\/schema.org","@graph":[{"@type":"WebPage","@id":"https:\/\/www.icpmuenchen.de\/es\/educacion\/centro-diurno-de-educacion-especial\/","url":"https:\/\/www.icpmuenchen.de\/es\/educacion\/centro-diurno-de-educacion-especial\/","name":"Centro diurno de Educaci\u00f3n Especial - ICP M\u00fcnchen","isPartOf":{"@id":"https:\/\/www.icpmuenchen.de\/es\/#website"},"primaryImageOfPage":{"@id":"https:\/\/www.icpmuenchen.de\/es\/educacion\/centro-diurno-de-educacion-especial\/#primaryimage"},"image":{"@id":"https:\/\/www.icpmuenchen.de\/es\/educacion\/centro-diurno-de-educacion-especial\/#primaryimage"},"thumbnailUrl":"https:\/\/www.icpmuenchen.de\/wp-content\/uploads\/2021\/04\/hpt-3-1024x512.jpg","datePublished":"2021-04-15T13:55:16+00:00","dateModified":"2025-12-10T11:04:26+00:00","breadcrumb":{"@id":"https:\/\/www.icpmuenchen.de\/es\/educacion\/centro-diurno-de-educacion-especial\/#breadcrumb"},"inLanguage":"es","potentialAction":[{"@type":"ReadAction","target":["https:\/\/www.icpmuenchen.de\/es\/educacion\/centro-diurno-de-educacion-especial\/"]}]},{"@type":"ImageObject","inLanguage":"es","@id":"https:\/\/www.icpmuenchen.de\/es\/educacion\/centro-diurno-de-educacion-especial\/#primaryimage","url":"https:\/\/www.icpmuenchen.de\/wp-content\/uploads\/2021\/04\/hpt-3-1024x512.jpg","contentUrl":"https:\/\/www.icpmuenchen.de\/wp-content\/uploads\/2021\/04\/hpt-3-1024x512.jpg"},{"@type":"BreadcrumbList","@id":"https:\/\/www.icpmuenchen.de\/es\/educacion\/centro-diurno-de-educacion-especial\/#breadcrumb","itemListElement":[{"@type":"ListItem","position":1,"name":"Startseite","item":"https:\/\/www.icpmuenchen.de\/es\/"},{"@type":"ListItem","position":2,"name":"Educaci\u00f3n","item":"https:\/\/www.icpmuenchen.de\/es\/educacion\/"},{"@type":"ListItem","position":3,"name":"Centro diurno de Educaci\u00f3n Especial"}]},{"@type":"WebSite","@id":"https:\/\/www.icpmuenchen.de\/es\/#website","url":"https:\/\/www.icpmuenchen.de\/es\/","name":"ICP M\u00fcnchen","description":"Integrationszentrum f\u00fcr K\u00f6rperbehinderte","publisher":{"@id":"https:\/\/www.icpmuenchen.de\/es\/#organization"},"potentialAction":[{"@type":"SearchAction","target":{"@type":"EntryPoint","urlTemplate":"https:\/\/www.icpmuenchen.de\/es\/?s={search_term_string}"},"query-input":{"@type":"PropertyValueSpecification","valueRequired":true,"valueName":"search_term_string"}}],"inLanguage":"es"},{"@type":"Organization","@id":"https:\/\/www.icpmuenchen.de\/es\/#organization","name":"ICP M\u00fcnchen","url":"https:\/\/www.icpmuenchen.de\/es\/","logo":{"@type":"ImageObject","inLanguage":"es","@id":"https:\/\/www.icpmuenchen.de\/es\/#\/schema\/logo\/image\/","url":"https:\/\/www.icpmuenchen.de\/wp-content\/uploads\/2020\/08\/Logo_Stiftung-ICP.svg","contentUrl":"https:\/\/www.icpmuenchen.de\/wp-content\/uploads\/2020\/08\/Logo_Stiftung-ICP.svg","width":1,"height":1,"caption":"ICP M\u00fcnchen"},"image":{"@id":"https:\/\/www.icpmuenchen.de\/es\/#\/schema\/logo\/image\/"}}]}},"_links":{"self":[{"href":"https:\/\/www.icpmuenchen.de\/es\/wp-json\/wp\/v2\/pages\/5566","targetHints":{"allow":["GET"]}}],"collection":[{"href":"https:\/\/www.icpmuenchen.de\/es\/wp-json\/wp\/v2\/pages"}],"about":[{"href":"https:\/\/www.icpmuenchen.de\/es\/wp-json\/wp\/v2\/types\/page"}],"author":[{"embeddable":true,"href":"https:\/\/www.icpmuenchen.de\/es\/wp-json\/wp\/v2\/users\/1"}],"replies":[{"embeddable":true,"href":"https:\/\/www.icpmuenchen.de\/es\/wp-json\/wp\/v2\/comments?post=5566"}],"version-history":[{"count":21,"href":"https:\/\/www.icpmuenchen.de\/es\/wp-json\/wp\/v2\/pages\/5566\/revisions"}],"predecessor-version":[{"id":18591,"href":"https:\/\/www.icpmuenchen.de\/es\/wp-json\/wp\/v2\/pages\/5566\/revisions\/18591"}],"up":[{"embeddable":true,"href":"https:\/\/www.icpmuenchen.de\/es\/wp-json\/wp\/v2\/pages\/5557"}],"wp:attachment":[{"href":"https:\/\/www.icpmuenchen.de\/es\/wp-json\/wp\/v2\/media?parent=5566"}],"curies":[{"name":"wp","href":"https:\/\/api.w.org\/{rel}","templated":true}]}}