{"id":5647,"date":"2021-04-08T16:25:32","date_gmt":"2021-04-08T14:25:32","guid":{"rendered":"https:\/\/www.icpmuenchen.de\/stiftung-icp-muenchen\/"},"modified":"2023-02-13T14:12:58","modified_gmt":"2023-02-13T13:12:58","slug":"stiftung-icp-muenchen","status":"publish","type":"page","link":"https:\/\/www.icpmuenchen.de\/es\/stiftung-icp-muenchen\/","title":{"rendered":"Stiftung ICP M\u00fcnchen"},"content":{"rendered":"\t\t<div data-elementor-type=\"wp-page\" data-elementor-id=\"5647\" class=\"elementor elementor-5647 elementor-692\" data-elementor-post-type=\"page\">\n\t\t\t\t\t\t<section class=\"elementor-section elementor-top-section elementor-element elementor-element-395939d2 elementor-section-height-min-height elementor-section-content-middle elementor-section-boxed elementor-section-height-default elementor-section-items-middle\" data-id=\"395939d2\" data-element_type=\"section\" data-e-type=\"section\" data-settings=\"{&quot;background_background&quot;:&quot;classic&quot;}\">\n\t\t\t\t\t\t\t<div class=\"elementor-background-overlay\"><\/div>\n\t\t\t\t\t\t\t<div class=\"elementor-container elementor-column-gap-default\">\n\t\t\t\t\t<div class=\"elementor-column elementor-col-66 elementor-top-column elementor-element elementor-element-579622df\" data-id=\"579622df\" data-element_type=\"column\" data-e-type=\"column\" data-settings=\"{&quot;background_background&quot;:&quot;classic&quot;}\">\n\t\t\t<div class=\"elementor-widget-wrap\">\n\t\t\t\t\t\t\t<\/div>\n\t\t<\/div>\n\t\t\t\t<div class=\"elementor-column elementor-col-33 elementor-top-column elementor-element elementor-element-22a19889\" data-id=\"22a19889\" data-element_type=\"column\" data-e-type=\"column\">\n\t\t\t<div class=\"elementor-widget-wrap elementor-element-populated\">\n\t\t\t\t\t\t<div class=\"elementor-element elementor-element-13286ff elementor-widget elementor-widget-text-editor\" data-id=\"13286ff\" data-element_type=\"widget\" data-e-type=\"widget\" data-widget_type=\"text-editor.default\">\n\t\t\t\t<div class=\"elementor-widget-container\">\n\t\t\t\t\t\t\t\t\tNuestra filosof\u00eda\/Qui\u00e9nes somos, <br>Organizaci\u00f3n y gesti\u00f3n,\nHistoria, Informe anual\t\t\t\t\t\t\t\t<\/div>\n\t\t\t\t<\/div>\n\t\t\t\t<div class=\"elementor-element elementor-element-27c73ef elementor-widget elementor-widget-heading\" data-id=\"27c73ef\" data-element_type=\"widget\" data-e-type=\"widget\" data-widget_type=\"heading.default\">\n\t\t\t\t<div class=\"elementor-widget-container\">\n\t\t\t\t\t<h2 class=\"elementor-heading-title elementor-size-default\">Stiftung <br>ICP M\u00fcnchen<\/h2>\t\t\t\t<\/div>\n\t\t\t\t<\/div>\n\t\t\t\t\t<\/div>\n\t\t<\/div>\n\t\t\t\t\t<\/div>\n\t\t<\/section>\n\t\t\t\t<section class=\"elementor-section elementor-top-section elementor-element elementor-element-6869b901 elementor-section-boxed elementor-section-height-default elementor-section-height-default\" data-id=\"6869b901\" data-element_type=\"section\" data-e-type=\"section\">\n\t\t\t\t\t\t<div class=\"elementor-container elementor-column-gap-default\">\n\t\t\t\t\t<div class=\"elementor-column elementor-col-100 elementor-top-column elementor-element elementor-element-3f5e81a4\" data-id=\"3f5e81a4\" data-element_type=\"column\" data-e-type=\"column\">\n\t\t\t<div class=\"elementor-widget-wrap elementor-element-populated\">\n\t\t\t\t\t\t<div class=\"elementor-element elementor-element-3d491935 elementor-widget__width-auto elementor-absolute elementor-hidden-tablet elementor-hidden-phone animated-slow elementor-invisible elementor-widget elementor-widget-elementskit-heading\" data-id=\"3d491935\" data-element_type=\"widget\" data-e-type=\"widget\" data-settings=\"{&quot;_position&quot;:&quot;absolute&quot;,&quot;_animation&quot;:&quot;fadeInUp&quot;}\" data-widget_type=\"elementskit-heading.default\">\n\t\t\t\t<div class=\"elementor-widget-container\">\n\t\t\t\t\t<div class=\"ekit-wid-con\" ><div class=\"ekit-heading elementskit-section-title-wraper text_center   ekit_heading_tablet-   ekit_heading_mobile-\"><\/div><\/div>\t\t\t\t<\/div>\n\t\t\t\t<\/div>\n\t\t\t\t<div class=\"elementor-element elementor-element-9980885 elementor-widget elementor-widget-menu-anchor\" data-id=\"9980885\" data-element_type=\"widget\" data-e-type=\"widget\" data-widget_type=\"menu-anchor.default\">\n\t\t\t\t<div class=\"elementor-widget-container\">\n\t\t\t\t\t\t\t<div class=\"elementor-menu-anchor\" id=\"ueberuns\"><\/div>\n\t\t\t\t\t\t<\/div>\n\t\t\t\t<\/div>\n\t\t\t\t<div class=\"elementor-element elementor-element-4ccc8f12 animated-slow elementor-invisible elementor-widget elementor-widget-elementskit-heading\" data-id=\"4ccc8f12\" data-element_type=\"widget\" data-e-type=\"widget\" data-settings=\"{&quot;_animation&quot;:&quot;fadeInUp&quot;}\" data-widget_type=\"elementskit-heading.default\">\n\t\t\t\t<div class=\"elementor-widget-container\">\n\t\t\t\t\t<div class=\"ekit-wid-con\" ><div class=\"ekit-heading elementskit-section-title-wraper text_center   ekit_heading_tablet-   ekit_heading_mobile-\"><h3 class=\"elementskit-section-subtitle  \">\n\t\t\t\t\t\tNuestra filosof\u00eda\n\t\t\t\t\t<\/h3><h2 class=\"ekit-heading--title elementskit-section-title \">Qui\u00e9nes somos<\/h2><\/div><\/div>\t\t\t\t<\/div>\n\t\t\t\t<\/div>\n\t\t\t\t<section class=\"elementor-section elementor-inner-section elementor-element elementor-element-1266145 animated-slow elementor-section-boxed elementor-section-height-default elementor-section-height-default\" data-id=\"1266145\" data-element_type=\"section\" data-e-type=\"section\" data-settings=\"{&quot;animation&quot;:&quot;none&quot;}\">\n\t\t\t\t\t\t<div class=\"elementor-container elementor-column-gap-default\">\n\t\t\t\t\t<div class=\"elementor-column elementor-col-100 elementor-inner-column elementor-element elementor-element-d8b92fd\" data-id=\"d8b92fd\" data-element_type=\"column\" data-e-type=\"column\">\n\t\t\t<div class=\"elementor-widget-wrap elementor-element-populated\">\n\t\t\t\t\t\t<div class=\"elementor-element elementor-element-aeca5aa elementor-widget elementor-widget-text-editor\" data-id=\"aeca5aa\" data-element_type=\"widget\" data-e-type=\"widget\" data-widget_type=\"text-editor.default\">\n\t\t\t\t<div class=\"elementor-widget-container\">\n\t\t\t\t\t\t\t\t\tNosotros, la Fundaci\u00f3n ICP M\u00fanich, apoyamos, acompa\u00f1amos y promovemos a ni\u00f1os, j\u00f3venes y adultos con par\u00e1lisis cerebral u otras discapacidades f\u00edsicas y m\u00faltiples en nuestras distintas instalaciones. El objetivo es lograr la mejor integraci\u00f3n escolar, as\u00ed como la profesional, y la participaci\u00f3n social para ellos.\n<br><br>\nNuestra gama de cuidados es diversa y est\u00e1 orientada a todas las fases de la vida. No trabajamos en la distancia con nuestros usuarios, sino junto a ellos, siempre directamente relacionados con su entorno vital. Esto se aplica no s\u00f3lo a los profesores, enfermeros, cuidadores, maestros, m\u00e9dicos o terapeutas, sino tambi\u00e9n al personal de administraci\u00f3n y a nuestro Consejo de administraci\u00f3n, (el grupo directivo).\nEl apoyo y la promoci\u00f3n \u00f3ptimos y hol\u00edsticos de nuestros usuarios son el centro de nuestro trabajo diario. Para lograrlo, trabajamos seg\u00fan el \u00abConcepto del d\u00eda muniqu\u00e9s\u00bb, un enfoque integrador e interdisciplinario que re\u00fane no s\u00f3lo los conocimientos sino tambi\u00e9n a las personas de las disciplinas de educaci\u00f3n especial, educaci\u00f3n curativa, educaci\u00f3n profesional, medicina y terapia en estrecha proximidad.\t\t\t\t\t\t\t\t<\/div>\n\t\t\t\t<\/div>\n\t\t\t\t\t<\/div>\n\t\t<\/div>\n\t\t\t\t\t<\/div>\n\t\t<\/section>\n\t\t\t\t<section class=\"elementor-section elementor-inner-section elementor-element elementor-element-e457f22 animated-slow elementor-section-boxed elementor-section-height-default elementor-section-height-default\" data-id=\"e457f22\" data-element_type=\"section\" data-e-type=\"section\" data-settings=\"{&quot;animation&quot;:&quot;none&quot;}\">\n\t\t\t\t\t\t<div class=\"elementor-container elementor-column-gap-default\">\n\t\t\t\t\t<div class=\"elementor-column elementor-col-100 elementor-inner-column elementor-element elementor-element-af629f7\" data-id=\"af629f7\" data-element_type=\"column\" data-e-type=\"column\">\n\t\t\t<div class=\"elementor-widget-wrap elementor-element-populated\">\n\t\t\t\t\t\t<div class=\"elementor-element elementor-element-e25b847 elementor-widget elementor-widget-image\" data-id=\"e25b847\" data-element_type=\"widget\" data-e-type=\"widget\" data-widget_type=\"image.default\">\n\t\t\t\t<div class=\"elementor-widget-container\">\n\t\t\t\t\t\t\t\t\t\t\t\t\t\t\t<img fetchpriority=\"high\" decoding=\"async\" width=\"1600\" height=\"1067\" src=\"https:\/\/www.icpmuenchen.de\/wp-content\/uploads\/2021\/08\/ISI_0642-scaled.jpg\" class=\"attachment-full size-full wp-image-8081\" alt=\"\" srcset=\"https:\/\/www.icpmuenchen.de\/wp-content\/uploads\/2021\/08\/ISI_0642-scaled.jpg 1600w, https:\/\/www.icpmuenchen.de\/wp-content\/uploads\/2021\/08\/ISI_0642-300x200.jpg 300w, https:\/\/www.icpmuenchen.de\/wp-content\/uploads\/2021\/08\/ISI_0642-1024x683.jpg 1024w, https:\/\/www.icpmuenchen.de\/wp-content\/uploads\/2021\/08\/ISI_0642-768x512.jpg 768w, https:\/\/www.icpmuenchen.de\/wp-content\/uploads\/2021\/08\/ISI_0642-1536x1024.jpg 1536w, https:\/\/www.icpmuenchen.de\/wp-content\/uploads\/2021\/08\/ISI_0642-2048x1365.jpg 2048w\" sizes=\"(max-width: 1600px) 100vw, 1600px\" \/>\t\t\t\t\t\t\t\t\t\t\t\t\t\t\t<\/div>\n\t\t\t\t<\/div>\n\t\t\t\t\t<\/div>\n\t\t<\/div>\n\t\t\t\t\t<\/div>\n\t\t<\/section>\n\t\t\t\t<div class=\"elementor-element elementor-element-103e053 elementor-widget elementor-widget-text-editor\" data-id=\"103e053\" data-element_type=\"widget\" data-e-type=\"widget\" data-settings=\"{&quot;_animation&quot;:&quot;none&quot;}\" data-widget_type=\"text-editor.default\">\n\t\t\t\t<div class=\"elementor-widget-container\">\n\t\t\t\t\t\t\t\t\tTambi\u00e9n vivimos esta cercan\u00eda e integraci\u00f3n en nuestro trato con las religiones y las diferentes culturas. Somos una organizaci\u00f3n no confesional. En nuestras diferentes instalaciones, contamos con personal de los m\u00e1s diversos pa\u00edses y con los m\u00e1s diversos or\u00edgenes culturales y religiosos. Consideramos que esta diversidad es un gran beneficio no s\u00f3lo para el personal sino tambi\u00e9n para los participantes.<br>\n En la Fundaci\u00f3n ICP M\u00fanich reconocemos la diversidad como algo muy enriquecedor y como un reto positivo que nos anima a desarrollarnos continuamente en beneficio de los usuarios a los que atendemos.\t\t\t\t\t\t\t\t<\/div>\n\t\t\t\t<\/div>\n\t\t\t\t\t<\/div>\n\t\t<\/div>\n\t\t\t\t\t<\/div>\n\t\t<\/section>\n\t\t\t\t<section class=\"elementor-section elementor-inner-section elementor-element elementor-element-23be19d elementor-section-boxed elementor-section-height-default elementor-section-height-default\" data-id=\"23be19d\" data-element_type=\"section\" data-e-type=\"section\">\n\t\t\t\t\t\t<div class=\"elementor-container elementor-column-gap-default\">\n\t\t\t\t\t\t<\/div>\n\t\t<\/section>\n\t\t\t\t<section class=\"elementor-section elementor-top-section elementor-element elementor-element-3b4bbf9c elementor-section-height-min-height elementor-section-boxed elementor-section-height-default elementor-section-items-middle\" data-id=\"3b4bbf9c\" data-element_type=\"section\" data-e-type=\"section\" data-settings=\"{&quot;background_background&quot;:&quot;classic&quot;}\">\n\t\t\t\t\t\t\t<div class=\"elementor-background-overlay\"><\/div>\n\t\t\t\t\t\t\t<div class=\"elementor-container elementor-column-gap-default\">\n\t\t\t\t\t<div class=\"elementor-column elementor-col-100 elementor-top-column elementor-element elementor-element-451a0d50\" data-id=\"451a0d50\" data-element_type=\"column\" data-e-type=\"column\">\n\t\t\t<div class=\"elementor-widget-wrap elementor-element-populated\">\n\t\t\t\t\t\t<div class=\"elementor-element elementor-element-d31336e elementor-align-center elementor-icon-list--layout-traditional elementor-list-item-link-full_width elementor-widget elementor-widget-icon-list\" data-id=\"d31336e\" data-element_type=\"widget\" data-e-type=\"widget\" data-widget_type=\"icon-list.default\">\n\t\t\t\t<div class=\"elementor-widget-container\">\n\t\t\t\t\t\t\t<ul class=\"elementor-icon-list-items\">\n\t\t\t\t\t\t\t<li class=\"elementor-icon-list-item\">\n\t\t\t\t\t\t\t\t\t\t\t<a href=\"https:\/\/www.icpmuenchen.de\/es\/formacion-y-carrera-profesional\/ofertas-de-empleo\/\" target=\"_blank\">\n\n\t\t\t\t\t\t\t\t\t\t\t\t<span class=\"elementor-icon-list-icon\">\n\t\t\t\t\t\t\t<i aria-hidden=\"true\" class=\"fas fa-chevron-circle-right\"><\/i>\t\t\t\t\t\t<\/span>\n\t\t\t\t\t\t\t\t\t\t<span class=\"elementor-icon-list-text\">ENV\u00cdE SU SOLICITUD AHORA<\/span>\n\t\t\t\t\t\t\t\t\t\t\t<\/a>\n\t\t\t\t\t\t\t\t\t<\/li>\n\t\t\t\t\t\t<\/ul>\n\t\t\t\t\t\t<\/div>\n\t\t\t\t<\/div>\n\t\t\t\t\t<\/div>\n\t\t<\/div>\n\t\t\t\t\t<\/div>\n\t\t<\/section>\n\t\t\t\t<\/div>\n\t\t","protected":false},"excerpt":{"rendered":"<p>Nuestra filosof\u00eda\/Qui\u00e9nes somos, Organizaci\u00f3n y gesti\u00f3n, Historia, Informe anual Stiftung ICP M\u00fcnchen Nuestra filosof\u00eda Qui\u00e9nes somos Nosotros, la Fundaci\u00f3n ICP M\u00fanich, apoyamos, acompa\u00f1amos y promovemos a ni\u00f1os, j\u00f3venes y adultos con par\u00e1lisis cerebral u otras discapacidades f\u00edsicas y m\u00faltiples en nuestras distintas instalaciones. El objetivo es lograr la mejor integraci\u00f3n escolar, as\u00ed como la profesional, [&hellip;]<\/p>\n","protected":false},"author":1,"featured_media":0,"parent":0,"menu_order":0,"comment_status":"closed","ping_status":"closed","template":"","meta":{"footnotes":""},"class_list":["post-5647","page","type-page","status-publish","hentry"],"yoast_head":"<!-- This site is optimized with the Yoast SEO plugin v26.8 - https:\/\/yoast.com\/product\/yoast-seo-wordpress\/ -->\n<title>Stiftung ICP M\u00fcnchen - ICP M\u00fcnchen<\/title>\n<meta name=\"robots\" content=\"index, follow, max-snippet:-1, max-image-preview:large, max-video-preview:-1\" \/>\n<link rel=\"canonical\" href=\"https:\/\/www.icpmuenchen.de\/es\/stiftung-icp-muenchen\/\" \/>\n<meta property=\"og:locale\" content=\"es_ES\" \/>\n<meta property=\"og:type\" content=\"article\" \/>\n<meta property=\"og:title\" content=\"Stiftung ICP M\u00fcnchen - ICP M\u00fcnchen\" \/>\n<meta property=\"og:description\" content=\"Nuestra filosof\u00eda\/Qui\u00e9nes somos, Organizaci\u00f3n y gesti\u00f3n, Historia, Informe anual Stiftung ICP M\u00fcnchen Nuestra filosof\u00eda Qui\u00e9nes somos Nosotros, la Fundaci\u00f3n ICP M\u00fanich, apoyamos, acompa\u00f1amos y promovemos a ni\u00f1os, j\u00f3venes y adultos con par\u00e1lisis cerebral u otras discapacidades f\u00edsicas y m\u00faltiples en nuestras distintas instalaciones. El objetivo es lograr la mejor integraci\u00f3n escolar, as\u00ed como la profesional, [&hellip;]\" \/>\n<meta property=\"og:url\" content=\"https:\/\/www.icpmuenchen.de\/es\/stiftung-icp-muenchen\/\" \/>\n<meta property=\"og:site_name\" content=\"ICP M\u00fcnchen\" \/>\n<meta property=\"article:modified_time\" content=\"2023-02-13T13:12:58+00:00\" \/>\n<meta property=\"og:image\" content=\"https:\/\/www.icpmuenchen.de\/wp-content\/uploads\/2021\/08\/ISI_0642-scaled.jpg\" \/>\n<meta name=\"twitter:card\" content=\"summary_large_image\" \/>\n<meta name=\"twitter:label1\" content=\"Tiempo de lectura\" \/>\n\t<meta name=\"twitter:data1\" content=\"2 minutos\" \/>\n<script type=\"application\/ld+json\" class=\"yoast-schema-graph\">{\"@context\":\"https:\/\/schema.org\",\"@graph\":[{\"@type\":\"WebPage\",\"@id\":\"https:\/\/www.icpmuenchen.de\/es\/stiftung-icp-muenchen\/\",\"url\":\"https:\/\/www.icpmuenchen.de\/es\/stiftung-icp-muenchen\/\",\"name\":\"Stiftung ICP M\u00fcnchen - ICP M\u00fcnchen\",\"isPartOf\":{\"@id\":\"https:\/\/www.icpmuenchen.de\/es\/#website\"},\"primaryImageOfPage\":{\"@id\":\"https:\/\/www.icpmuenchen.de\/es\/stiftung-icp-muenchen\/#primaryimage\"},\"image\":{\"@id\":\"https:\/\/www.icpmuenchen.de\/es\/stiftung-icp-muenchen\/#primaryimage\"},\"thumbnailUrl\":\"https:\/\/www.icpmuenchen.de\/wp-content\/uploads\/2021\/08\/ISI_0642-scaled.jpg\",\"datePublished\":\"2021-04-08T14:25:32+00:00\",\"dateModified\":\"2023-02-13T13:12:58+00:00\",\"breadcrumb\":{\"@id\":\"https:\/\/www.icpmuenchen.de\/es\/stiftung-icp-muenchen\/#breadcrumb\"},\"inLanguage\":\"es\",\"potentialAction\":[{\"@type\":\"ReadAction\",\"target\":[\"https:\/\/www.icpmuenchen.de\/es\/stiftung-icp-muenchen\/\"]}]},{\"@type\":\"ImageObject\",\"inLanguage\":\"es\",\"@id\":\"https:\/\/www.icpmuenchen.de\/es\/stiftung-icp-muenchen\/#primaryimage\",\"url\":\"https:\/\/www.icpmuenchen.de\/wp-content\/uploads\/2021\/08\/ISI_0642-scaled.jpg\",\"contentUrl\":\"https:\/\/www.icpmuenchen.de\/wp-content\/uploads\/2021\/08\/ISI_0642-scaled.jpg\"},{\"@type\":\"BreadcrumbList\",\"@id\":\"https:\/\/www.icpmuenchen.de\/es\/stiftung-icp-muenchen\/#breadcrumb\",\"itemListElement\":[{\"@type\":\"ListItem\",\"position\":1,\"name\":\"Startseite\",\"item\":\"https:\/\/www.icpmuenchen.de\/es\/\"},{\"@type\":\"ListItem\",\"position\":2,\"name\":\"Stiftung ICP M\u00fcnchen\"}]},{\"@type\":\"WebSite\",\"@id\":\"https:\/\/www.icpmuenchen.de\/es\/#website\",\"url\":\"https:\/\/www.icpmuenchen.de\/es\/\",\"name\":\"ICP M\u00fcnchen\",\"description\":\"Integrationszentrum f\u00fcr K\u00f6rperbehinderte\",\"publisher\":{\"@id\":\"https:\/\/www.icpmuenchen.de\/es\/#organization\"},\"potentialAction\":[{\"@type\":\"SearchAction\",\"target\":{\"@type\":\"EntryPoint\",\"urlTemplate\":\"https:\/\/www.icpmuenchen.de\/es\/?s={search_term_string}\"},\"query-input\":{\"@type\":\"PropertyValueSpecification\",\"valueRequired\":true,\"valueName\":\"search_term_string\"}}],\"inLanguage\":\"es\"},{\"@type\":\"Organization\",\"@id\":\"https:\/\/www.icpmuenchen.de\/es\/#organization\",\"name\":\"ICP M\u00fcnchen\",\"url\":\"https:\/\/www.icpmuenchen.de\/es\/\",\"logo\":{\"@type\":\"ImageObject\",\"inLanguage\":\"es\",\"@id\":\"https:\/\/www.icpmuenchen.de\/es\/#\/schema\/logo\/image\/\",\"url\":\"https:\/\/www.icpmuenchen.de\/wp-content\/uploads\/2020\/08\/Logo_Stiftung-ICP.svg\",\"contentUrl\":\"https:\/\/www.icpmuenchen.de\/wp-content\/uploads\/2020\/08\/Logo_Stiftung-ICP.svg\",\"width\":1,\"height\":1,\"caption\":\"ICP M\u00fcnchen\"},\"image\":{\"@id\":\"https:\/\/www.icpmuenchen.de\/es\/#\/schema\/logo\/image\/\"}}]}<\/script>\n<!-- \/ Yoast SEO plugin. -->","yoast_head_json":{"title":"Stiftung ICP M\u00fcnchen - ICP M\u00fcnchen","robots":{"index":"index","follow":"follow","max-snippet":"max-snippet:-1","max-image-preview":"max-image-preview:large","max-video-preview":"max-video-preview:-1"},"canonical":"https:\/\/www.icpmuenchen.de\/es\/stiftung-icp-muenchen\/","og_locale":"es_ES","og_type":"article","og_title":"Stiftung ICP M\u00fcnchen - ICP M\u00fcnchen","og_description":"Nuestra filosof\u00eda\/Qui\u00e9nes somos, Organizaci\u00f3n y gesti\u00f3n, Historia, Informe anual Stiftung ICP M\u00fcnchen Nuestra filosof\u00eda Qui\u00e9nes somos Nosotros, la Fundaci\u00f3n ICP M\u00fanich, apoyamos, acompa\u00f1amos y promovemos a ni\u00f1os, j\u00f3venes y adultos con par\u00e1lisis cerebral u otras discapacidades f\u00edsicas y m\u00faltiples en nuestras distintas instalaciones. El objetivo es lograr la mejor integraci\u00f3n escolar, as\u00ed como la profesional, [&hellip;]","og_url":"https:\/\/www.icpmuenchen.de\/es\/stiftung-icp-muenchen\/","og_site_name":"ICP M\u00fcnchen","article_modified_time":"2023-02-13T13:12:58+00:00","og_image":[{"url":"https:\/\/www.icpmuenchen.de\/wp-content\/uploads\/2021\/08\/ISI_0642-scaled.jpg","type":"","width":"","height":""}],"twitter_card":"summary_large_image","twitter_misc":{"Tiempo de lectura":"2 minutos"},"schema":{"@context":"https:\/\/schema.org","@graph":[{"@type":"WebPage","@id":"https:\/\/www.icpmuenchen.de\/es\/stiftung-icp-muenchen\/","url":"https:\/\/www.icpmuenchen.de\/es\/stiftung-icp-muenchen\/","name":"Stiftung ICP M\u00fcnchen - ICP M\u00fcnchen","isPartOf":{"@id":"https:\/\/www.icpmuenchen.de\/es\/#website"},"primaryImageOfPage":{"@id":"https:\/\/www.icpmuenchen.de\/es\/stiftung-icp-muenchen\/#primaryimage"},"image":{"@id":"https:\/\/www.icpmuenchen.de\/es\/stiftung-icp-muenchen\/#primaryimage"},"thumbnailUrl":"https:\/\/www.icpmuenchen.de\/wp-content\/uploads\/2021\/08\/ISI_0642-scaled.jpg","datePublished":"2021-04-08T14:25:32+00:00","dateModified":"2023-02-13T13:12:58+00:00","breadcrumb":{"@id":"https:\/\/www.icpmuenchen.de\/es\/stiftung-icp-muenchen\/#breadcrumb"},"inLanguage":"es","potentialAction":[{"@type":"ReadAction","target":["https:\/\/www.icpmuenchen.de\/es\/stiftung-icp-muenchen\/"]}]},{"@type":"ImageObject","inLanguage":"es","@id":"https:\/\/www.icpmuenchen.de\/es\/stiftung-icp-muenchen\/#primaryimage","url":"https:\/\/www.icpmuenchen.de\/wp-content\/uploads\/2021\/08\/ISI_0642-scaled.jpg","contentUrl":"https:\/\/www.icpmuenchen.de\/wp-content\/uploads\/2021\/08\/ISI_0642-scaled.jpg"},{"@type":"BreadcrumbList","@id":"https:\/\/www.icpmuenchen.de\/es\/stiftung-icp-muenchen\/#breadcrumb","itemListElement":[{"@type":"ListItem","position":1,"name":"Startseite","item":"https:\/\/www.icpmuenchen.de\/es\/"},{"@type":"ListItem","position":2,"name":"Stiftung ICP M\u00fcnchen"}]},{"@type":"WebSite","@id":"https:\/\/www.icpmuenchen.de\/es\/#website","url":"https:\/\/www.icpmuenchen.de\/es\/","name":"ICP M\u00fcnchen","description":"Integrationszentrum f\u00fcr K\u00f6rperbehinderte","publisher":{"@id":"https:\/\/www.icpmuenchen.de\/es\/#organization"},"potentialAction":[{"@type":"SearchAction","target":{"@type":"EntryPoint","urlTemplate":"https:\/\/www.icpmuenchen.de\/es\/?s={search_term_string}"},"query-input":{"@type":"PropertyValueSpecification","valueRequired":true,"valueName":"search_term_string"}}],"inLanguage":"es"},{"@type":"Organization","@id":"https:\/\/www.icpmuenchen.de\/es\/#organization","name":"ICP M\u00fcnchen","url":"https:\/\/www.icpmuenchen.de\/es\/","logo":{"@type":"ImageObject","inLanguage":"es","@id":"https:\/\/www.icpmuenchen.de\/es\/#\/schema\/logo\/image\/","url":"https:\/\/www.icpmuenchen.de\/wp-content\/uploads\/2020\/08\/Logo_Stiftung-ICP.svg","contentUrl":"https:\/\/www.icpmuenchen.de\/wp-content\/uploads\/2020\/08\/Logo_Stiftung-ICP.svg","width":1,"height":1,"caption":"ICP M\u00fcnchen"},"image":{"@id":"https:\/\/www.icpmuenchen.de\/es\/#\/schema\/logo\/image\/"}}]}},"_links":{"self":[{"href":"https:\/\/www.icpmuenchen.de\/es\/wp-json\/wp\/v2\/pages\/5647","targetHints":{"allow":["GET"]}}],"collection":[{"href":"https:\/\/www.icpmuenchen.de\/es\/wp-json\/wp\/v2\/pages"}],"about":[{"href":"https:\/\/www.icpmuenchen.de\/es\/wp-json\/wp\/v2\/types\/page"}],"author":[{"embeddable":true,"href":"https:\/\/www.icpmuenchen.de\/es\/wp-json\/wp\/v2\/users\/1"}],"replies":[{"embeddable":true,"href":"https:\/\/www.icpmuenchen.de\/es\/wp-json\/wp\/v2\/comments?post=5647"}],"version-history":[{"count":20,"href":"https:\/\/www.icpmuenchen.de\/es\/wp-json\/wp\/v2\/pages\/5647\/revisions"}],"predecessor-version":[{"id":9126,"href":"https:\/\/www.icpmuenchen.de\/es\/wp-json\/wp\/v2\/pages\/5647\/revisions\/9126"}],"wp:attachment":[{"href":"https:\/\/www.icpmuenchen.de\/es\/wp-json\/wp\/v2\/media?parent=5647"}],"curies":[{"name":"wp","href":"https:\/\/api.w.org\/{rel}","templated":true}]}}