{"id":6101,"date":"2021-05-10T14:51:25","date_gmt":"2021-05-10T12:51:25","guid":{"rendered":"https:\/\/www.icpmuenchen.de\/wohnen-arbeit\/foerderstaette\/"},"modified":"2024-04-09T09:24:48","modified_gmt":"2024-04-09T07:24:48","slug":"centros-de-apoyo-mfz-giesing-y-mfz-freimann","status":"publish","type":"page","link":"https:\/\/www.icpmuenchen.de\/es\/residir-y-trabajo\/centros-de-apoyo-mfz-giesing-y-mfz-freimann\/","title":{"rendered":"Centros de apoyo: MFZ Giesing y MFZ Freimann"},"content":{"rendered":"\t\t<div data-elementor-type=\"wp-page\" data-elementor-id=\"6101\" class=\"elementor elementor-6101 elementor-1426\" data-elementor-post-type=\"page\">\n\t\t\t\t\t\t<section class=\"elementor-section elementor-top-section elementor-element elementor-element-395939d2 elementor-section-height-min-height elementor-section-content-middle elementor-section-boxed elementor-section-height-default elementor-section-items-middle\" data-id=\"395939d2\" data-element_type=\"section\" data-e-type=\"section\" data-settings=\"{&quot;background_background&quot;:&quot;classic&quot;}\">\n\t\t\t\t\t\t\t<div class=\"elementor-background-overlay\"><\/div>\n\t\t\t\t\t\t\t<div class=\"elementor-container elementor-column-gap-default\">\n\t\t\t\t\t<div class=\"elementor-column elementor-col-100 elementor-top-column elementor-element elementor-element-22a19889\" data-id=\"22a19889\" data-element_type=\"column\" data-e-type=\"column\">\n\t\t\t<div class=\"elementor-widget-wrap elementor-element-populated\">\n\t\t\t\t\t\t<div class=\"elementor-element elementor-element-2257dd7 elementor-widget elementor-widget-elementskit-heading\" data-id=\"2257dd7\" data-element_type=\"widget\" data-e-type=\"widget\" data-widget_type=\"elementskit-heading.default\">\n\t\t\t\t<div class=\"elementor-widget-container\">\n\t\t\t\t\t<div class=\"ekit-wid-con\" ><div class=\"ekit-heading elementskit-section-title-wraper text_left   ekit_heading_tablet-   ekit_heading_mobile-\"><h3 class=\"elementskit-section-subtitle  \">\n\t\t\t\t\t\tRESIDIR, CENTRO DE APOYO, TALLERES PARA PERSONAS CON DISCAPACIDAD\n\t\t\t\t\t<\/h3><h2 class=\"ekit-heading--title elementskit-section-title \">Residir y trabajo<\/h2><\/div><\/div>\t\t\t\t<\/div>\n\t\t\t\t<\/div>\n\t\t\t\t\t<\/div>\n\t\t<\/div>\n\t\t\t\t\t<\/div>\n\t\t<\/section>\n\t\t\t\t<section class=\"elementor-section elementor-inner-section elementor-element elementor-element-57921424 animated-slow elementor-section-content-middle elementor-section-boxed elementor-section-height-default elementor-section-height-default elementor-invisible\" data-id=\"57921424\" data-element_type=\"section\" data-e-type=\"section\" data-settings=\"{&quot;animation&quot;:&quot;fadeInUp&quot;}\">\n\t\t\t\t\t\t<div class=\"elementor-container elementor-column-gap-default\">\n\t\t\t\t\t<div class=\"elementor-column elementor-col-100 elementor-inner-column elementor-element elementor-element-47dbfcb6\" data-id=\"47dbfcb6\" data-element_type=\"column\" data-e-type=\"column\">\n\t\t\t<div class=\"elementor-widget-wrap elementor-element-populated\">\n\t\t\t\t\t\t<div class=\"elementor-element elementor-element-1ef12dc8 elementor-widget elementor-widget-elementskit-heading\" data-id=\"1ef12dc8\" data-element_type=\"widget\" data-e-type=\"widget\" data-widget_type=\"elementskit-heading.default\">\n\t\t\t\t<div class=\"elementor-widget-container\">\n\t\t\t\t\t<div class=\"ekit-wid-con\" ><div class=\"ekit-heading elementskit-section-title-wraper text_center   ekit_heading_tablet-   ekit_heading_mobile-\"><h3 class=\"elementskit-section-subtitle  \">\n\t\t\t\t\t\tRESIDIR Y TRABAJO\n\t\t\t\t\t<\/h3><h2 class=\"ekit-heading--title elementskit-section-title \">Centros de apoyo MFZ Giesing y MFZ Freimann<\/h2><\/div><\/div>\t\t\t\t<\/div>\n\t\t\t\t<\/div>\n\t\t\t\t\t<\/div>\n\t\t<\/div>\n\t\t\t\t\t<\/div>\n\t\t<\/section>\n\t\t\t\t<section class=\"elementor-section elementor-top-section elementor-element elementor-element-b5f0043 elementor-section-boxed elementor-section-height-default elementor-section-height-default\" data-id=\"b5f0043\" data-element_type=\"section\" data-e-type=\"section\" data-settings=\"{&quot;background_background&quot;:&quot;classic&quot;}\">\n\t\t\t\t\t\t<div class=\"elementor-container elementor-column-gap-no\">\n\t\t\t\t\t<div class=\"elementor-column elementor-col-100 elementor-top-column elementor-element elementor-element-15625e2\" data-id=\"15625e2\" data-element_type=\"column\" data-e-type=\"column\">\n\t\t\t<div class=\"elementor-widget-wrap elementor-element-populated\">\n\t\t\t\t\t\t<section class=\"elementor-section elementor-inner-section elementor-element elementor-element-2528da0 animated-slow elementor-section-boxed elementor-section-height-default elementor-section-height-default\" data-id=\"2528da0\" data-element_type=\"section\" data-e-type=\"section\" data-settings=\"{&quot;animation&quot;:&quot;none&quot;}\">\n\t\t\t\t\t\t<div class=\"elementor-container elementor-column-gap-default\">\n\t\t\t\t\t<div class=\"elementor-column elementor-col-100 elementor-inner-column elementor-element elementor-element-9ee5d2c\" data-id=\"9ee5d2c\" data-element_type=\"column\" data-e-type=\"column\" data-settings=\"{&quot;background_background&quot;:&quot;classic&quot;}\">\n\t\t\t<div class=\"elementor-widget-wrap elementor-element-populated\">\n\t\t\t\t\t\t<div class=\"elementor-element elementor-element-cf14636 elementor-widget elementor-widget-text-editor\" data-id=\"cf14636\" data-element_type=\"widget\" data-e-type=\"widget\" data-widget_type=\"text-editor.default\">\n\t\t\t\t<div class=\"elementor-widget-container\">\n\t\t\t\t\t\t\t\t\t<p>Todos queremos una vida en la que podamos perseguir objetivos personales y realizar un trabajo significativo. Una cierta estructuraci\u00f3n de la rutina diaria tambi\u00e9n es especialmente importante para todas las personas. Para los participantes que, debido a la gravedad de su discapacidad, no pueden trabajar en el mercado laboral primario ni en un taller para discapacitados (WfbM), ofrecemos por tanto la asistencia a un centro de apoyo. Sin embargo, el empleo en un centro de apoyo tambi\u00e9n puede preparar para un empleo posterior en un taller protegido.<\/p>\t\t\t\t\t\t\t\t<\/div>\n\t\t\t\t<\/div>\n\t\t\t\t\t<\/div>\n\t\t<\/div>\n\t\t\t\t\t<\/div>\n\t\t<\/section>\n\t\t\t\t<section class=\"elementor-section elementor-inner-section elementor-element elementor-element-3186150 animated-slow elementor-section-boxed elementor-section-height-default elementor-section-height-default\" data-id=\"3186150\" data-element_type=\"section\" data-e-type=\"section\" data-settings=\"{&quot;animation&quot;:&quot;none&quot;}\">\n\t\t\t\t\t\t<div class=\"elementor-container elementor-column-gap-default\">\n\t\t\t\t\t<div class=\"elementor-column elementor-col-100 elementor-inner-column elementor-element elementor-element-02e2eec\" data-id=\"02e2eec\" data-element_type=\"column\" data-e-type=\"column\" data-settings=\"{&quot;background_background&quot;:&quot;classic&quot;}\">\n\t\t\t<div class=\"elementor-widget-wrap elementor-element-populated\">\n\t\t\t\t\t\t<div class=\"elementor-element elementor-element-b3639ce elementor-widget elementor-widget-image\" data-id=\"b3639ce\" data-element_type=\"widget\" data-e-type=\"widget\" data-widget_type=\"image.default\">\n\t\t\t\t<div class=\"elementor-widget-container\">\n\t\t\t\t\t\t\t\t\t\t\t\t\t\t\t<img fetchpriority=\"high\" decoding=\"async\" width=\"800\" height=\"400\" src=\"https:\/\/www.icpmuenchen.de\/wp-content\/uploads\/2021\/06\/foerderstaette-giesing-1024x512.jpg\" class=\"attachment-large size-large wp-image-7661\" alt=\"\" srcset=\"https:\/\/www.icpmuenchen.de\/wp-content\/uploads\/2021\/06\/foerderstaette-giesing-1024x512.jpg 1024w, https:\/\/www.icpmuenchen.de\/wp-content\/uploads\/2021\/06\/foerderstaette-giesing-300x150.jpg 300w, https:\/\/www.icpmuenchen.de\/wp-content\/uploads\/2021\/06\/foerderstaette-giesing-768x384.jpg 768w, https:\/\/www.icpmuenchen.de\/wp-content\/uploads\/2021\/06\/foerderstaette-giesing.jpg 1200w\" sizes=\"(max-width: 800px) 100vw, 800px\" \/>\t\t\t\t\t\t\t\t\t\t\t\t\t\t\t<\/div>\n\t\t\t\t<\/div>\n\t\t\t\t\t<\/div>\n\t\t<\/div>\n\t\t\t\t\t<\/div>\n\t\t<\/section>\n\t\t\t\t<section class=\"elementor-section elementor-inner-section elementor-element elementor-element-52f0d0d animated-slow elementor-section-boxed elementor-section-height-default elementor-section-height-default\" data-id=\"52f0d0d\" data-element_type=\"section\" data-e-type=\"section\" data-settings=\"{&quot;animation&quot;:&quot;none&quot;}\">\n\t\t\t\t\t\t<div class=\"elementor-container elementor-column-gap-default\">\n\t\t\t\t\t<div class=\"elementor-column elementor-col-100 elementor-inner-column elementor-element elementor-element-5cf0da0\" data-id=\"5cf0da0\" data-element_type=\"column\" data-e-type=\"column\" data-settings=\"{&quot;background_background&quot;:&quot;classic&quot;}\">\n\t\t\t<div class=\"elementor-widget-wrap elementor-element-populated\">\n\t\t\t\t\t\t<div class=\"elementor-element elementor-element-70a022f elementor-widget elementor-widget-text-editor\" data-id=\"70a022f\" data-element_type=\"widget\" data-e-type=\"widget\" data-widget_type=\"text-editor.default\">\n\t\t\t\t<div class=\"elementor-widget-container\">\n\t\t\t\t\t\t\t\t\t<p>Nuestros participantes aprenden a mejorar sus habilidades y su situaci\u00f3n de salud a trav\u00e9s de los diferentes enfoques de los grupos de apoyo, como un taller de ciclismo, un grupo de apoyo de cocina o un grupo de apoyo centrado en los medios de comunicaci\u00f3n y la fotograf\u00eda. Al hacerlo, pueden utilizar sus inclinaciones y competencias individuales. Nuestras ofertas de apoyo se refieren a las \u00e1reas manual-creativa y cognitiva. Con m\u00e1quinas especialmente adaptadas, nuestros participantes aprenden a trabajar de forma aut\u00f3noma en la artesan\u00eda. Las habilidades como la aritm\u00e9tica, la lectura, la escritura y el desarrollo de conocimientos generales se entrenan utilizando programas inform\u00e1ticos especiales. Por supuesto, el uso de Internet y de los nuevos medios de comunicaci\u00f3n tambi\u00e9n forma parte del apoyo ofrecido. En este \u00e1mbito, trabajamos con teclados adaptados y funciones de control modernas, como controles oculares o interruptores de cabeza. Respondemos a las necesidades de nuestros participantes con discapacidades graves y m\u00faltiples con actividades de apoyo b\u00e1sicas. La selecci\u00f3n de las actividades y del grupo se basa en los intereses y en las habilidades cognitivas y motoras de los participantes. En el \u00e1mbito del apoyo basal, tambi\u00e9n trabajamos con salas especialmente equipadas que apelan a todos los sentidos. En esta forma de apoyo, nuestros participantes tienen la oportunidad de involucrarse en la vida cotidiana a su manera; por ejemplo, la m\u00fasica y los diversos dispositivos para iniciar la comunicaci\u00f3n desempe\u00f1an un papel tan importante como una rutina diaria reconocible.<\/p>\t\t\t\t\t\t\t\t<\/div>\n\t\t\t\t<\/div>\n\t\t\t\t\t<\/div>\n\t\t<\/div>\n\t\t\t\t\t<\/div>\n\t\t<\/section>\n\t\t\t\t<section class=\"elementor-section elementor-inner-section elementor-element elementor-element-93b5ddf animated-slow elementor-section-boxed elementor-section-height-default elementor-section-height-default\" data-id=\"93b5ddf\" data-element_type=\"section\" data-e-type=\"section\" data-settings=\"{&quot;animation&quot;:&quot;none&quot;}\">\n\t\t\t\t\t\t<div class=\"elementor-container elementor-column-gap-default\">\n\t\t\t\t\t<div class=\"elementor-column elementor-col-100 elementor-inner-column elementor-element elementor-element-37d94c1\" data-id=\"37d94c1\" data-element_type=\"column\" data-e-type=\"column\" data-settings=\"{&quot;background_background&quot;:&quot;classic&quot;}\">\n\t\t\t<div class=\"elementor-widget-wrap elementor-element-populated\">\n\t\t\t\t\t\t<div class=\"elementor-element elementor-element-b4c26a2 elementor-widget elementor-widget-image\" data-id=\"b4c26a2\" data-element_type=\"widget\" data-e-type=\"widget\" data-widget_type=\"image.default\">\n\t\t\t\t<div class=\"elementor-widget-container\">\n\t\t\t\t\t\t\t\t\t\t\t\t\t\t\t<img decoding=\"async\" width=\"800\" height=\"400\" src=\"https:\/\/www.icpmuenchen.de\/wp-content\/uploads\/2021\/05\/icp-foerderstaetten-1-1024x512.jpg\" class=\"attachment-large size-large wp-image-5191\" alt=\"\" srcset=\"https:\/\/www.icpmuenchen.de\/wp-content\/uploads\/2021\/05\/icp-foerderstaetten-1-1024x512.jpg 1024w, https:\/\/www.icpmuenchen.de\/wp-content\/uploads\/2021\/05\/icp-foerderstaetten-1-300x150.jpg 300w, https:\/\/www.icpmuenchen.de\/wp-content\/uploads\/2021\/05\/icp-foerderstaetten-1-768x384.jpg 768w, https:\/\/www.icpmuenchen.de\/wp-content\/uploads\/2021\/05\/icp-foerderstaetten-1.jpg 1200w\" sizes=\"(max-width: 800px) 100vw, 800px\" \/>\t\t\t\t\t\t\t\t\t\t\t\t\t\t\t<\/div>\n\t\t\t\t<\/div>\n\t\t\t\t<div class=\"elementor-element elementor-element-e908bad elementor-widget elementor-widget-heading\" data-id=\"e908bad\" data-element_type=\"widget\" data-e-type=\"widget\" data-widget_type=\"heading.default\">\n\t\t\t\t<div class=\"elementor-widget-container\">\n\t\t\t\t\t<h3 class=\"elementor-heading-title elementor-size-default\">Nuestros centros de apoyo forman parte de nuestro concepto hol\u00edstico<\/h3>\t\t\t\t<\/div>\n\t\t\t\t<\/div>\n\t\t\t\t<div class=\"elementor-element elementor-element-f545d75 elementor-widget elementor-widget-text-editor\" data-id=\"f545d75\" data-element_type=\"widget\" data-e-type=\"widget\" data-widget_type=\"text-editor.default\">\n\t\t\t\t<div class=\"elementor-widget-container\">\n\t\t\t\t\t\t\t\t\t<p>Esto significa que las medidas m\u00e9dicas y terap\u00e9uticas, como la movilizaci\u00f3n, el entrenamiento en bipedestaci\u00f3n o el entrenamiento con el ordenador del habla, tambi\u00e9n forman parte del d\u00eda a d\u00eda en el centro de apoyo en estrecha colaboraci\u00f3n con los departamentos terap\u00e9uticos y m\u00e9dicos. Los participantes de nuestros centros de apoyo tambi\u00e9n pueden aprovechar al m\u00e1ximo nuestras pr\u00e1cticas terap\u00e9uticas internas, ya que pueden realizar sus terapias (fisioterapia y terapia ocupacional, logopedia, terapia en la piscina de ejercicios) con distancias muy cortas directamente en el centro.<\/p><p>Se elabora un programa diario y semanal espec\u00edfico con cada participante para garantizar el mejor apoyo posible, teniendo en cuenta sus intereses y capacidades. Nuestro personal del centro de apoyo, de la residencia y del servicio sociopedag\u00f3gico trabajan juntamente con el participante para determinar los objetivos individuales y las medidas correspondientes cada a\u00f1o.<\/p>\t\t\t\t\t\t\t\t<\/div>\n\t\t\t\t<\/div>\n\t\t\t\t\t<\/div>\n\t\t<\/div>\n\t\t\t\t\t<\/div>\n\t\t<\/section>\n\t\t\t\t<section class=\"elementor-section elementor-inner-section elementor-element elementor-element-fa69e47 animated-slow elementor-section-boxed elementor-section-height-default elementor-section-height-default\" data-id=\"fa69e47\" data-element_type=\"section\" data-e-type=\"section\" data-settings=\"{&quot;animation&quot;:&quot;none&quot;}\">\n\t\t\t\t\t\t<div class=\"elementor-container elementor-column-gap-default\">\n\t\t\t\t\t<div class=\"elementor-column elementor-col-100 elementor-inner-column elementor-element elementor-element-0a9b4e4\" data-id=\"0a9b4e4\" data-element_type=\"column\" data-e-type=\"column\" data-settings=\"{&quot;background_background&quot;:&quot;classic&quot;}\">\n\t\t\t<div class=\"elementor-widget-wrap elementor-element-populated\">\n\t\t\t\t\t\t<div class=\"elementor-element elementor-element-7ac8209 elementor-widget elementor-widget-heading\" data-id=\"7ac8209\" data-element_type=\"widget\" data-e-type=\"widget\" data-widget_type=\"heading.default\">\n\t\t\t\t<div class=\"elementor-widget-container\">\n\t\t\t\t\t<h3 class=\"elementor-heading-title elementor-size-default\">Material informativo para descargar<\/h3>\t\t\t\t<\/div>\n\t\t\t\t<\/div>\n\t\t\t\t<div class=\"elementor-element elementor-element-e047be3 elementor-align-center elementor-widget elementor-widget-button\" data-id=\"e047be3\" data-element_type=\"widget\" data-e-type=\"widget\" data-widget_type=\"button.default\">\n\t\t\t\t<div class=\"elementor-widget-container\">\n\t\t\t\t\t\t\t\t\t<div class=\"elementor-button-wrapper\">\n\t\t\t\t\t<a class=\"elementor-button elementor-button-link elementor-size-sm\" href=\"https:\/\/www.icpmuenchen.de\/es\/descargas\/\">\n\t\t\t\t\t\t<span class=\"elementor-button-content-wrapper\">\n\t\t\t\t\t\t\t\t\t<span class=\"elementor-button-text\">Al \u00e1rea de descarga<\/span>\n\t\t\t\t\t<\/span>\n\t\t\t\t\t<\/a>\n\t\t\t\t<\/div>\n\t\t\t\t\t\t\t\t<\/div>\n\t\t\t\t<\/div>\n\t\t\t\t\t<\/div>\n\t\t<\/div>\n\t\t\t\t\t<\/div>\n\t\t<\/section>\n\t\t\t\t\t<\/div>\n\t\t<\/div>\n\t\t\t\t\t<\/div>\n\t\t<\/section>\n\t\t\t\t<section class=\"elementor-section elementor-top-section elementor-element elementor-element-1df555e7 elementor-section-boxed elementor-section-height-default elementor-section-height-default elementor-invisible\" data-id=\"1df555e7\" data-element_type=\"section\" data-e-type=\"section\" data-settings=\"{&quot;background_background&quot;:&quot;classic&quot;,&quot;animation&quot;:&quot;fadeInUp&quot;}\">\n\t\t\t\t\t\t<div class=\"elementor-container elementor-column-gap-no\">\n\t\t\t\t\t<div class=\"elementor-column elementor-col-100 elementor-top-column elementor-element elementor-element-15592f42\" data-id=\"15592f42\" data-element_type=\"column\" data-e-type=\"column\">\n\t\t\t<div class=\"elementor-widget-wrap elementor-element-populated\">\n\t\t\t\t\t\t<section class=\"elementor-section elementor-inner-section elementor-element elementor-element-56b7dc73 animated-slow elementor-section-boxed elementor-section-height-default elementor-section-height-default\" data-id=\"56b7dc73\" data-element_type=\"section\" data-e-type=\"section\" data-settings=\"{&quot;animation&quot;:&quot;none&quot;}\">\n\t\t\t\t\t\t<div class=\"elementor-container elementor-column-gap-default\">\n\t\t\t\t\t<div class=\"elementor-column elementor-col-100 elementor-inner-column elementor-element elementor-element-10a5c219\" data-id=\"10a5c219\" data-element_type=\"column\" data-e-type=\"column\">\n\t\t\t<div class=\"elementor-widget-wrap elementor-element-populated\">\n\t\t\t\t\t\t<div class=\"elementor-element elementor-element-7d93ba5b animated-slow elementor-invisible elementor-widget elementor-widget-elementskit-heading\" data-id=\"7d93ba5b\" data-element_type=\"widget\" data-e-type=\"widget\" data-settings=\"{&quot;_animation&quot;:&quot;fadeInUp&quot;}\" data-widget_type=\"elementskit-heading.default\">\n\t\t\t\t<div class=\"elementor-widget-container\">\n\t\t\t\t\t<div class=\"ekit-wid-con\" ><div class=\"ekit-heading elementskit-section-title-wraper text_center   ekit_heading_tablet-   ekit_heading_mobile-\"><h3 class=\"elementskit-section-subtitle  \">\n\t\t\t\t\t\tPARA PREGUNTAS SOBRE NUESTROS CENTROS DE APOYO\n\t\t\t\t\t<\/h3><h2 class=\"ekit-heading--title elementskit-section-title \">Su persona de contacto<\/h2><\/div><\/div>\t\t\t\t<\/div>\n\t\t\t\t<\/div>\n\t\t\t\t\t<\/div>\n\t\t<\/div>\n\t\t\t\t\t<\/div>\n\t\t<\/section>\n\t\t\t\t<section class=\"elementor-section elementor-inner-section elementor-element elementor-element-6503952a elementor-section-boxed elementor-section-height-default elementor-section-height-default elementor-invisible\" data-id=\"6503952a\" data-element_type=\"section\" data-e-type=\"section\" data-settings=\"{&quot;animation&quot;:&quot;fadeInUp&quot;}\">\n\t\t\t\t\t\t<div class=\"elementor-container elementor-column-gap-default\">\n\t\t\t\t\t<div class=\"elementor-column elementor-col-50 elementor-inner-column elementor-element elementor-element-59684e57\" data-id=\"59684e57\" data-element_type=\"column\" data-e-type=\"column\">\n\t\t\t<div class=\"elementor-widget-wrap elementor-element-populated\">\n\t\t\t\t\t\t<div class=\"elementor-element elementor-element-10f5c1e1 elementor-widget elementor-widget-elementskit-team\" data-id=\"10f5c1e1\" data-element_type=\"widget\" data-e-type=\"widget\" data-widget_type=\"elementskit-team.default\">\n\t\t\t\t<div class=\"elementor-widget-container\">\n\t\t\t\t\t<div class=\"ekit-wid-con\">\n\t\t\t\t\t\t\t\t\t\t\t\t\t\t\t <div class=\"style-circle ekit-team-img-fit\"> \t\t\t\t\t\t\t\t\t<div class=\"profile-image-card elementor-animation- ekit-team-img ekit-team-style-overlay_circle text-center\">\n\n\t\t\t\t\t\t\t\t\t\t\t\t\t<img decoding=\"async\" width=\"400\" height=\"400\" src=\"https:\/\/www.icpmuenchen.de\/wp-content\/uploads\/2021\/06\/zehenter.jpg\" class=\"attachment-large size-large wp-image-2469\" alt=\"\" srcset=\"https:\/\/www.icpmuenchen.de\/wp-content\/uploads\/2021\/06\/zehenter.jpg 400w, https:\/\/www.icpmuenchen.de\/wp-content\/uploads\/2021\/06\/zehenter-300x300.jpg 300w, https:\/\/www.icpmuenchen.de\/wp-content\/uploads\/2021\/06\/zehenter-150x150.jpg 150w\" sizes=\"(max-width: 400px) 100vw, 400px\" \/>\t\t\t\t\t\t\t\t\t\t\t\t<div class=\"hover-area\">\n\t\t\t\t\t\t\t<div class=\"profile-body\">\n\t\t\t\t\t\t\t\t<h2 class=\"profile-title\">\n\t\t\t\t\t\t\t\t\t\t\t\t\t\t\t\t\t\t\t\t\t\t\t\t\t\t\t\t\t\t\t\t\t<\/h2>\n\t\t\t\t\t\t\t\t<p class=\"profile-designation\"><\/p>\n\t\t\t\t\t\t\t\t\t\t\t\t\t\t\t<\/div>\n\t\t\t\t\t\t\t\t\t\t\t\t\t<\/div>\n\t\t\t\t\t<\/div>\n\t\t\t\t\t <\/div> \n\t\t\t\t\n\t\t\t\t<\/div>\t\t\t\t<\/div>\n\t\t\t\t<\/div>\n\t\t\t\t<div class=\"elementor-element elementor-element-9aedf58 elementor-widget elementor-widget-elementskit-heading\" data-id=\"9aedf58\" data-element_type=\"widget\" data-e-type=\"widget\" data-widget_type=\"elementskit-heading.default\">\n\t\t\t\t<div class=\"elementor-widget-container\">\n\t\t\t\t\t<div class=\"ekit-wid-con\" ><div class=\"ekit-heading elementskit-section-title-wraper text_center   ekit_heading_tablet-   ekit_heading_mobile-\"><h2 class=\"ekit-heading--title elementskit-section-title \">Karoline Zehentner<\/h2><h3 class=\"ekit-heading--subtitle elementskit-section-subtitle  \">\n\t\t\t\t\t\tDirectora del centro de apoyo de MFZ Giesing\n\t\t\t\t\t<\/h3>\t\t\t\t<div class='ekit-heading__description'>\n\t\t\t\t\t<p><a href=\"tel:+4908989693825200\">+49 89 693825-200<\/a><br \/><a href=\"mailto:karoline.zehentner@icp.de\">karoline.zehentner@icp.de<\/a><\/p>\n\t\t\t\t<\/div>\n\t\t\t<\/div><\/div>\t\t\t\t<\/div>\n\t\t\t\t<\/div>\n\t\t\t\t\t<\/div>\n\t\t<\/div>\n\t\t\t\t<div class=\"elementor-column elementor-col-50 elementor-inner-column elementor-element elementor-element-4aab825\" data-id=\"4aab825\" data-element_type=\"column\" data-e-type=\"column\">\n\t\t\t<div class=\"elementor-widget-wrap elementor-element-populated\">\n\t\t\t\t\t\t<div class=\"elementor-element elementor-element-162eec0 elementor-widget elementor-widget-elementskit-team\" data-id=\"162eec0\" data-element_type=\"widget\" data-e-type=\"widget\" data-widget_type=\"elementskit-team.default\">\n\t\t\t\t<div class=\"elementor-widget-container\">\n\t\t\t\t\t<div class=\"ekit-wid-con\">\n\t\t\t\t\t\t\t\t\t\t\t\t\t\t\t <div class=\"style-circle ekit-team-img-fit\"> \t\t\t\t\t\t\t\t\t<div class=\"profile-image-card elementor-animation- ekit-team-img ekit-team-style-overlay_circle text-center\">\n\n\t\t\t\t\t\t\t\t\t\t\t\t\t<img loading=\"lazy\" decoding=\"async\" width=\"800\" height=\"449\" src=\"https:\/\/www.icpmuenchen.de\/wp-content\/uploads\/2024\/04\/Koller-Sophie-Teambuch-Bild-1024x575.jpg\" class=\"attachment-large size-large wp-image-16762\" alt=\"\" srcset=\"https:\/\/www.icpmuenchen.de\/wp-content\/uploads\/2024\/04\/Koller-Sophie-Teambuch-Bild-1024x575.jpg 1024w, https:\/\/www.icpmuenchen.de\/wp-content\/uploads\/2024\/04\/Koller-Sophie-Teambuch-Bild-300x168.jpg 300w, https:\/\/www.icpmuenchen.de\/wp-content\/uploads\/2024\/04\/Koller-Sophie-Teambuch-Bild-768x431.jpg 768w, https:\/\/www.icpmuenchen.de\/wp-content\/uploads\/2024\/04\/Koller-Sophie-Teambuch-Bild-1536x862.jpg 1536w, https:\/\/www.icpmuenchen.de\/wp-content\/uploads\/2024\/04\/Koller-Sophie-Teambuch-Bild-2048x1150.jpg 2048w\" sizes=\"(max-width: 800px) 100vw, 800px\" \/>\t\t\t\t\t\t\t\t\t\t\t\t<div class=\"hover-area\">\n\t\t\t\t\t\t\t<div class=\"profile-body\">\n\t\t\t\t\t\t\t\t<h2 class=\"profile-title\">\n\t\t\t\t\t\t\t\t\t\t\t\t\t\t\t\t\t\t\t\t\t\t\t\t\t\t\t\t\t\t\t\t\t<\/h2>\n\t\t\t\t\t\t\t\t<p class=\"profile-designation\"><\/p>\n\t\t\t\t\t\t\t\t\t\t\t\t\t\t\t<\/div>\n\t\t\t\t\t\t\t\t\t\t\t\t\t<\/div>\n\t\t\t\t\t<\/div>\n\t\t\t\t\t <\/div> \n\t\t\t\t\n\t\t\t\t<\/div>\t\t\t\t<\/div>\n\t\t\t\t<\/div>\n\t\t\t\t<div class=\"elementor-element elementor-element-693ad30 elementor-widget elementor-widget-elementskit-heading\" data-id=\"693ad30\" data-element_type=\"widget\" data-e-type=\"widget\" data-widget_type=\"elementskit-heading.default\">\n\t\t\t\t<div class=\"elementor-widget-container\">\n\t\t\t\t\t<div class=\"ekit-wid-con\" ><div class=\"ekit-heading elementskit-section-title-wraper text_center   ekit_heading_tablet-   ekit_heading_mobile-\"><h2 class=\"ekit-heading--title elementskit-section-title \">Sophie Koller<\/h2><h3 class=\"ekit-heading--subtitle elementskit-section-subtitle  \">\n\t\t\t\t\t\tDirector del centro de apoyo MFZ Freimann\n\t\t\t\t\t<\/h3>\t\t\t\t<div class='ekit-heading__description'>\n\t\t\t\t\t<p><a href=\"tel:+498972013215\">+49 89 72013-215<\/a><br \/><a href=\"mailto:sophie.koller@icp.de\">sophie.koller@icp.de<\/a><\/p>\n\t\t\t\t<\/div>\n\t\t\t<\/div><\/div>\t\t\t\t<\/div>\n\t\t\t\t<\/div>\n\t\t\t\t\t<\/div>\n\t\t<\/div>\n\t\t\t\t\t<\/div>\n\t\t<\/section>\n\t\t\t\t\t<\/div>\n\t\t<\/div>\n\t\t\t\t\t<\/div>\n\t\t<\/section>\n\t\t\t\t<section class=\"elementor-section elementor-top-section elementor-element elementor-element-944d76d elementor-section-boxed elementor-section-height-default elementor-section-height-default\" data-id=\"944d76d\" data-element_type=\"section\" data-e-type=\"section\">\n\t\t\t\t\t\t<div class=\"elementor-container elementor-column-gap-default\">\n\t\t\t\t\t<div class=\"elementor-column elementor-col-100 elementor-top-column elementor-element elementor-element-509a7ce\" data-id=\"509a7ce\" data-element_type=\"column\" data-e-type=\"column\">\n\t\t\t<div class=\"elementor-widget-wrap elementor-element-populated\">\n\t\t\t\t\t\t\t<\/div>\n\t\t<\/div>\n\t\t\t\t\t<\/div>\n\t\t<\/section>\n\t\t\t\t<section class=\"elementor-section elementor-top-section elementor-element elementor-element-5f2baa75 elementor-section-height-min-height elementor-section-content-middle elementor-section-boxed elementor-section-height-default elementor-section-items-middle\" data-id=\"5f2baa75\" data-element_type=\"section\" data-e-type=\"section\" data-settings=\"{&quot;background_background&quot;:&quot;classic&quot;}\">\n\t\t\t\t\t\t\t<div class=\"elementor-background-overlay\"><\/div>\n\t\t\t\t\t\t\t<div class=\"elementor-container elementor-column-gap-default\">\n\t\t\t\t\t<div class=\"elementor-column elementor-col-66 elementor-top-column elementor-element elementor-element-581756a6 elementor-hidden-phone\" data-id=\"581756a6\" data-element_type=\"column\" data-e-type=\"column\" data-settings=\"{&quot;background_background&quot;:&quot;classic&quot;}\">\n\t\t\t<div class=\"elementor-widget-wrap elementor-element-populated\">\n\t\t\t\t\t\t<div class=\"elementor-element elementor-element-6f54791c elementor-widget elementor-widget-text-editor\" data-id=\"6f54791c\" data-element_type=\"widget\" data-e-type=\"widget\" data-widget_type=\"text-editor.default\">\n\t\t\t\t<div class=\"elementor-widget-container\">\n\t\t\t\t\t\t\t\t\t<p>El trabajo aumenta la confianza en s\u00ed mismo<\/p><p>\u00abUna ocupaci\u00f3n significativa que persigue un objetivo comprensible con un resultado que puedes mirar y tener en tus manos alimenta la confianza en ti mismo y aumenta la motivaci\u00f3n\u00bb.<\/p>\t\t\t\t\t\t\t\t<\/div>\n\t\t\t\t<\/div>\n\t\t\t\t<div class=\"elementor-element elementor-element-6cf8c880 elementor-widget elementor-widget-text-editor\" data-id=\"6cf8c880\" data-element_type=\"widget\" data-e-type=\"widget\" data-widget_type=\"text-editor.default\">\n\t\t\t\t<div class=\"elementor-widget-container\">\n\t\t\t\t\t\t\t\t\t<p><strong>Andreas Baldauf<br \/><\/strong>Anterior director del centro de apoyo de MFZ Freimann<\/p>\t\t\t\t\t\t\t\t<\/div>\n\t\t\t\t<\/div>\n\t\t\t\t\t<\/div>\n\t\t<\/div>\n\t\t\t\t<div class=\"elementor-column elementor-col-33 elementor-top-column elementor-element elementor-element-273510fb elementor-hidden-tablet elementor-hidden-phone\" data-id=\"273510fb\" data-element_type=\"column\" data-e-type=\"column\">\n\t\t\t<div class=\"elementor-widget-wrap\">\n\t\t\t\t\t\t\t<\/div>\n\t\t<\/div>\n\t\t\t\t\t<\/div>\n\t\t<\/section>\n\t\t\t\t<section class=\"elementor-section elementor-top-section elementor-element elementor-element-1653f6fd elementor-section-height-min-height elementor-section-content-middle elementor-hidden-desktop elementor-hidden-tablet elementor-section-boxed elementor-section-height-default elementor-section-items-middle\" data-id=\"1653f6fd\" data-element_type=\"section\" data-e-type=\"section\" data-settings=\"{&quot;background_background&quot;:&quot;classic&quot;}\">\n\t\t\t\t\t\t\t<div class=\"elementor-background-overlay\"><\/div>\n\t\t\t\t\t\t\t<div class=\"elementor-container elementor-column-gap-default\">\n\t\t\t\t\t<div class=\"elementor-column elementor-col-33 elementor-top-column elementor-element elementor-element-750e35ee\" data-id=\"750e35ee\" data-element_type=\"column\" data-e-type=\"column\" data-settings=\"{&quot;background_background&quot;:&quot;classic&quot;}\">\n\t\t\t<div class=\"elementor-widget-wrap elementor-element-populated\">\n\t\t\t\t\t\t<div class=\"elementor-element elementor-element-2a6579fb elementor-widget elementor-widget-text-editor\" data-id=\"2a6579fb\" data-element_type=\"widget\" data-e-type=\"widget\" data-widget_type=\"text-editor.default\">\n\t\t\t\t<div class=\"elementor-widget-container\">\n\t\t\t\t\t\t\t\t\t<p>El trabajo aumenta la confianza en s\u00ed mismo<\/p><p>\u00abUna ocupaci\u00f3n significativa que persigue un objetivo comprensible con un resultado que puedes mirar y tener en tus manos alimenta la confianza en ti mismo y aumenta la motivaci\u00f3n\u00bb.<\/p>\t\t\t\t\t\t\t\t<\/div>\n\t\t\t\t<\/div>\n\t\t\t\t<div class=\"elementor-element elementor-element-4ee0349e elementor-widget elementor-widget-text-editor\" data-id=\"4ee0349e\" data-element_type=\"widget\" data-e-type=\"widget\" data-widget_type=\"text-editor.default\">\n\t\t\t\t<div class=\"elementor-widget-container\">\n\t\t\t\t\t\t\t\t\t<p><strong>Andreas Baldauf<br \/><\/strong>Director del centro de apoyo de MFZ Freimann<\/p>\t\t\t\t\t\t\t\t<\/div>\n\t\t\t\t<\/div>\n\t\t\t\t\t<\/div>\n\t\t<\/div>\n\t\t\t\t<div class=\"elementor-column elementor-col-33 elementor-top-column elementor-element elementor-element-71a55155\" data-id=\"71a55155\" data-element_type=\"column\" data-e-type=\"column\" data-settings=\"{&quot;background_background&quot;:&quot;classic&quot;}\">\n\t\t\t<div class=\"elementor-widget-wrap\">\n\t\t\t\t\t\t\t<\/div>\n\t\t<\/div>\n\t\t\t\t<div class=\"elementor-column elementor-col-33 elementor-top-column elementor-element elementor-element-445f464a elementor-hidden-tablet elementor-hidden-phone\" data-id=\"445f464a\" data-element_type=\"column\" data-e-type=\"column\">\n\t\t\t<div class=\"elementor-widget-wrap\">\n\t\t\t\t\t\t\t<\/div>\n\t\t<\/div>\n\t\t\t\t\t<\/div>\n\t\t<\/section>\n\t\t\t\t<\/div>\n\t\t","protected":false},"excerpt":{"rendered":"<p>RESIDIR, CENTRO DE APOYO, TALLERES PARA PERSONAS CON DISCAPACIDAD Residir y trabajo RESIDIR Y TRABAJO Centros de apoyo MFZ Giesing y MFZ Freimann Todos queremos una vida en la que podamos perseguir objetivos personales y realizar un trabajo significativo. Una cierta estructuraci\u00f3n de la rutina diaria tambi\u00e9n es especialmente importante para todas las personas. Para [&hellip;]<\/p>\n","protected":false},"author":1,"featured_media":0,"parent":6091,"menu_order":1,"comment_status":"closed","ping_status":"closed","template":"","meta":{"footnotes":""},"class_list":["post-6101","page","type-page","status-publish","hentry"],"yoast_head":"<!-- This site is optimized with the Yoast SEO plugin v26.8 - https:\/\/yoast.com\/product\/yoast-seo-wordpress\/ -->\n<title>Centros de apoyo: MFZ Giesing y MFZ Freimann - ICP M\u00fcnchen<\/title>\n<meta name=\"robots\" content=\"index, follow, max-snippet:-1, max-image-preview:large, max-video-preview:-1\" \/>\n<link rel=\"canonical\" href=\"https:\/\/www.icpmuenchen.de\/es\/residir-y-trabajo\/centros-de-apoyo-mfz-giesing-y-mfz-freimann\/\" \/>\n<meta property=\"og:locale\" content=\"es_ES\" \/>\n<meta property=\"og:type\" content=\"article\" \/>\n<meta property=\"og:title\" content=\"Centros de apoyo: MFZ Giesing y MFZ Freimann - ICP M\u00fcnchen\" \/>\n<meta property=\"og:description\" content=\"RESIDIR, CENTRO DE APOYO, TALLERES PARA PERSONAS CON DISCAPACIDAD Residir y trabajo RESIDIR Y TRABAJO Centros de apoyo MFZ Giesing y MFZ Freimann Todos queremos una vida en la que podamos perseguir objetivos personales y realizar un trabajo significativo. Una cierta estructuraci\u00f3n de la rutina diaria tambi\u00e9n es especialmente importante para todas las personas. Para [&hellip;]\" \/>\n<meta property=\"og:url\" content=\"https:\/\/www.icpmuenchen.de\/es\/residir-y-trabajo\/centros-de-apoyo-mfz-giesing-y-mfz-freimann\/\" \/>\n<meta property=\"og:site_name\" content=\"ICP M\u00fcnchen\" \/>\n<meta property=\"article:modified_time\" content=\"2024-04-09T07:24:48+00:00\" \/>\n<meta property=\"og:image\" content=\"https:\/\/www.icpmuenchen.de\/wp-content\/uploads\/2021\/06\/foerderstaette-giesing-1024x512.jpg\" \/>\n<meta name=\"twitter:card\" content=\"summary_large_image\" \/>\n<meta name=\"twitter:label1\" content=\"Tiempo de lectura\" \/>\n\t<meta name=\"twitter:data1\" content=\"5 minutos\" \/>\n<script type=\"application\/ld+json\" class=\"yoast-schema-graph\">{\"@context\":\"https:\/\/schema.org\",\"@graph\":[{\"@type\":\"WebPage\",\"@id\":\"https:\/\/www.icpmuenchen.de\/es\/residir-y-trabajo\/centros-de-apoyo-mfz-giesing-y-mfz-freimann\/\",\"url\":\"https:\/\/www.icpmuenchen.de\/es\/residir-y-trabajo\/centros-de-apoyo-mfz-giesing-y-mfz-freimann\/\",\"name\":\"Centros de apoyo: MFZ Giesing y MFZ Freimann - ICP M\u00fcnchen\",\"isPartOf\":{\"@id\":\"https:\/\/www.icpmuenchen.de\/es\/#website\"},\"primaryImageOfPage\":{\"@id\":\"https:\/\/www.icpmuenchen.de\/es\/residir-y-trabajo\/centros-de-apoyo-mfz-giesing-y-mfz-freimann\/#primaryimage\"},\"image\":{\"@id\":\"https:\/\/www.icpmuenchen.de\/es\/residir-y-trabajo\/centros-de-apoyo-mfz-giesing-y-mfz-freimann\/#primaryimage\"},\"thumbnailUrl\":\"https:\/\/www.icpmuenchen.de\/wp-content\/uploads\/2021\/06\/foerderstaette-giesing-1024x512.jpg\",\"datePublished\":\"2021-05-10T12:51:25+00:00\",\"dateModified\":\"2024-04-09T07:24:48+00:00\",\"breadcrumb\":{\"@id\":\"https:\/\/www.icpmuenchen.de\/es\/residir-y-trabajo\/centros-de-apoyo-mfz-giesing-y-mfz-freimann\/#breadcrumb\"},\"inLanguage\":\"es\",\"potentialAction\":[{\"@type\":\"ReadAction\",\"target\":[\"https:\/\/www.icpmuenchen.de\/es\/residir-y-trabajo\/centros-de-apoyo-mfz-giesing-y-mfz-freimann\/\"]}]},{\"@type\":\"ImageObject\",\"inLanguage\":\"es\",\"@id\":\"https:\/\/www.icpmuenchen.de\/es\/residir-y-trabajo\/centros-de-apoyo-mfz-giesing-y-mfz-freimann\/#primaryimage\",\"url\":\"https:\/\/www.icpmuenchen.de\/wp-content\/uploads\/2021\/06\/foerderstaette-giesing-1024x512.jpg\",\"contentUrl\":\"https:\/\/www.icpmuenchen.de\/wp-content\/uploads\/2021\/06\/foerderstaette-giesing-1024x512.jpg\"},{\"@type\":\"BreadcrumbList\",\"@id\":\"https:\/\/www.icpmuenchen.de\/es\/residir-y-trabajo\/centros-de-apoyo-mfz-giesing-y-mfz-freimann\/#breadcrumb\",\"itemListElement\":[{\"@type\":\"ListItem\",\"position\":1,\"name\":\"Startseite\",\"item\":\"https:\/\/www.icpmuenchen.de\/es\/\"},{\"@type\":\"ListItem\",\"position\":2,\"name\":\"Residir y trabajo\",\"item\":\"https:\/\/www.icpmuenchen.de\/es\/residir-y-trabajo\/\"},{\"@type\":\"ListItem\",\"position\":3,\"name\":\"Centros de apoyo: MFZ Giesing y MFZ Freimann\"}]},{\"@type\":\"WebSite\",\"@id\":\"https:\/\/www.icpmuenchen.de\/es\/#website\",\"url\":\"https:\/\/www.icpmuenchen.de\/es\/\",\"name\":\"ICP M\u00fcnchen\",\"description\":\"Integrationszentrum f\u00fcr K\u00f6rperbehinderte\",\"publisher\":{\"@id\":\"https:\/\/www.icpmuenchen.de\/es\/#organization\"},\"potentialAction\":[{\"@type\":\"SearchAction\",\"target\":{\"@type\":\"EntryPoint\",\"urlTemplate\":\"https:\/\/www.icpmuenchen.de\/es\/?s={search_term_string}\"},\"query-input\":{\"@type\":\"PropertyValueSpecification\",\"valueRequired\":true,\"valueName\":\"search_term_string\"}}],\"inLanguage\":\"es\"},{\"@type\":\"Organization\",\"@id\":\"https:\/\/www.icpmuenchen.de\/es\/#organization\",\"name\":\"ICP M\u00fcnchen\",\"url\":\"https:\/\/www.icpmuenchen.de\/es\/\",\"logo\":{\"@type\":\"ImageObject\",\"inLanguage\":\"es\",\"@id\":\"https:\/\/www.icpmuenchen.de\/es\/#\/schema\/logo\/image\/\",\"url\":\"https:\/\/www.icpmuenchen.de\/wp-content\/uploads\/2020\/08\/Logo_Stiftung-ICP.svg\",\"contentUrl\":\"https:\/\/www.icpmuenchen.de\/wp-content\/uploads\/2020\/08\/Logo_Stiftung-ICP.svg\",\"width\":1,\"height\":1,\"caption\":\"ICP M\u00fcnchen\"},\"image\":{\"@id\":\"https:\/\/www.icpmuenchen.de\/es\/#\/schema\/logo\/image\/\"}}]}<\/script>\n<!-- \/ Yoast SEO plugin. -->","yoast_head_json":{"title":"Centros de apoyo: MFZ Giesing y MFZ Freimann - ICP M\u00fcnchen","robots":{"index":"index","follow":"follow","max-snippet":"max-snippet:-1","max-image-preview":"max-image-preview:large","max-video-preview":"max-video-preview:-1"},"canonical":"https:\/\/www.icpmuenchen.de\/es\/residir-y-trabajo\/centros-de-apoyo-mfz-giesing-y-mfz-freimann\/","og_locale":"es_ES","og_type":"article","og_title":"Centros de apoyo: MFZ Giesing y MFZ Freimann - ICP M\u00fcnchen","og_description":"RESIDIR, CENTRO DE APOYO, TALLERES PARA PERSONAS CON DISCAPACIDAD Residir y trabajo RESIDIR Y TRABAJO Centros de apoyo MFZ Giesing y MFZ Freimann Todos queremos una vida en la que podamos perseguir objetivos personales y realizar un trabajo significativo. Una cierta estructuraci\u00f3n de la rutina diaria tambi\u00e9n es especialmente importante para todas las personas. Para [&hellip;]","og_url":"https:\/\/www.icpmuenchen.de\/es\/residir-y-trabajo\/centros-de-apoyo-mfz-giesing-y-mfz-freimann\/","og_site_name":"ICP M\u00fcnchen","article_modified_time":"2024-04-09T07:24:48+00:00","og_image":[{"url":"https:\/\/www.icpmuenchen.de\/wp-content\/uploads\/2021\/06\/foerderstaette-giesing-1024x512.jpg","type":"","width":"","height":""}],"twitter_card":"summary_large_image","twitter_misc":{"Tiempo de lectura":"5 minutos"},"schema":{"@context":"https:\/\/schema.org","@graph":[{"@type":"WebPage","@id":"https:\/\/www.icpmuenchen.de\/es\/residir-y-trabajo\/centros-de-apoyo-mfz-giesing-y-mfz-freimann\/","url":"https:\/\/www.icpmuenchen.de\/es\/residir-y-trabajo\/centros-de-apoyo-mfz-giesing-y-mfz-freimann\/","name":"Centros de apoyo: MFZ Giesing y MFZ Freimann - ICP M\u00fcnchen","isPartOf":{"@id":"https:\/\/www.icpmuenchen.de\/es\/#website"},"primaryImageOfPage":{"@id":"https:\/\/www.icpmuenchen.de\/es\/residir-y-trabajo\/centros-de-apoyo-mfz-giesing-y-mfz-freimann\/#primaryimage"},"image":{"@id":"https:\/\/www.icpmuenchen.de\/es\/residir-y-trabajo\/centros-de-apoyo-mfz-giesing-y-mfz-freimann\/#primaryimage"},"thumbnailUrl":"https:\/\/www.icpmuenchen.de\/wp-content\/uploads\/2021\/06\/foerderstaette-giesing-1024x512.jpg","datePublished":"2021-05-10T12:51:25+00:00","dateModified":"2024-04-09T07:24:48+00:00","breadcrumb":{"@id":"https:\/\/www.icpmuenchen.de\/es\/residir-y-trabajo\/centros-de-apoyo-mfz-giesing-y-mfz-freimann\/#breadcrumb"},"inLanguage":"es","potentialAction":[{"@type":"ReadAction","target":["https:\/\/www.icpmuenchen.de\/es\/residir-y-trabajo\/centros-de-apoyo-mfz-giesing-y-mfz-freimann\/"]}]},{"@type":"ImageObject","inLanguage":"es","@id":"https:\/\/www.icpmuenchen.de\/es\/residir-y-trabajo\/centros-de-apoyo-mfz-giesing-y-mfz-freimann\/#primaryimage","url":"https:\/\/www.icpmuenchen.de\/wp-content\/uploads\/2021\/06\/foerderstaette-giesing-1024x512.jpg","contentUrl":"https:\/\/www.icpmuenchen.de\/wp-content\/uploads\/2021\/06\/foerderstaette-giesing-1024x512.jpg"},{"@type":"BreadcrumbList","@id":"https:\/\/www.icpmuenchen.de\/es\/residir-y-trabajo\/centros-de-apoyo-mfz-giesing-y-mfz-freimann\/#breadcrumb","itemListElement":[{"@type":"ListItem","position":1,"name":"Startseite","item":"https:\/\/www.icpmuenchen.de\/es\/"},{"@type":"ListItem","position":2,"name":"Residir y trabajo","item":"https:\/\/www.icpmuenchen.de\/es\/residir-y-trabajo\/"},{"@type":"ListItem","position":3,"name":"Centros de apoyo: MFZ Giesing y MFZ Freimann"}]},{"@type":"WebSite","@id":"https:\/\/www.icpmuenchen.de\/es\/#website","url":"https:\/\/www.icpmuenchen.de\/es\/","name":"ICP M\u00fcnchen","description":"Integrationszentrum f\u00fcr K\u00f6rperbehinderte","publisher":{"@id":"https:\/\/www.icpmuenchen.de\/es\/#organization"},"potentialAction":[{"@type":"SearchAction","target":{"@type":"EntryPoint","urlTemplate":"https:\/\/www.icpmuenchen.de\/es\/?s={search_term_string}"},"query-input":{"@type":"PropertyValueSpecification","valueRequired":true,"valueName":"search_term_string"}}],"inLanguage":"es"},{"@type":"Organization","@id":"https:\/\/www.icpmuenchen.de\/es\/#organization","name":"ICP M\u00fcnchen","url":"https:\/\/www.icpmuenchen.de\/es\/","logo":{"@type":"ImageObject","inLanguage":"es","@id":"https:\/\/www.icpmuenchen.de\/es\/#\/schema\/logo\/image\/","url":"https:\/\/www.icpmuenchen.de\/wp-content\/uploads\/2020\/08\/Logo_Stiftung-ICP.svg","contentUrl":"https:\/\/www.icpmuenchen.de\/wp-content\/uploads\/2020\/08\/Logo_Stiftung-ICP.svg","width":1,"height":1,"caption":"ICP M\u00fcnchen"},"image":{"@id":"https:\/\/www.icpmuenchen.de\/es\/#\/schema\/logo\/image\/"}}]}},"_links":{"self":[{"href":"https:\/\/www.icpmuenchen.de\/es\/wp-json\/wp\/v2\/pages\/6101","targetHints":{"allow":["GET"]}}],"collection":[{"href":"https:\/\/www.icpmuenchen.de\/es\/wp-json\/wp\/v2\/pages"}],"about":[{"href":"https:\/\/www.icpmuenchen.de\/es\/wp-json\/wp\/v2\/types\/page"}],"author":[{"embeddable":true,"href":"https:\/\/www.icpmuenchen.de\/es\/wp-json\/wp\/v2\/users\/1"}],"replies":[{"embeddable":true,"href":"https:\/\/www.icpmuenchen.de\/es\/wp-json\/wp\/v2\/comments?post=6101"}],"version-history":[{"count":21,"href":"https:\/\/www.icpmuenchen.de\/es\/wp-json\/wp\/v2\/pages\/6101\/revisions"}],"predecessor-version":[{"id":16780,"href":"https:\/\/www.icpmuenchen.de\/es\/wp-json\/wp\/v2\/pages\/6101\/revisions\/16780"}],"up":[{"embeddable":true,"href":"https:\/\/www.icpmuenchen.de\/es\/wp-json\/wp\/v2\/pages\/6091"}],"wp:attachment":[{"href":"https:\/\/www.icpmuenchen.de\/es\/wp-json\/wp\/v2\/media?parent=6101"}],"curies":[{"name":"wp","href":"https:\/\/api.w.org\/{rel}","templated":true}]}}