{"id":6198,"date":"2021-06-16T12:11:20","date_gmt":"2021-06-16T10:11:20","guid":{"rendered":"https:\/\/www.icpmuenchen.de\/ausbildung-karriere\/fsj-praktikumsmoeglichkeit\/"},"modified":"2024-04-15T10:22:17","modified_gmt":"2024-04-15T08:22:17","slug":"fsj-y-practicas","status":"publish","type":"page","link":"https:\/\/www.icpmuenchen.de\/es\/formacion-y-carrera-profesional\/fsj-y-practicas\/","title":{"rendered":"FSJ y Pr\u00e1cticas"},"content":{"rendered":"\t\t<div data-elementor-type=\"wp-page\" data-elementor-id=\"6198\" class=\"elementor elementor-6198 elementor-2416\" data-elementor-post-type=\"page\">\n\t\t\t\t\t\t<section class=\"elementor-section elementor-top-section elementor-element elementor-element-79cb3bb9 elementor-section-height-min-height elementor-section-content-middle elementor-section-boxed elementor-section-height-default elementor-section-items-middle\" data-id=\"79cb3bb9\" data-element_type=\"section\" data-e-type=\"section\" data-settings=\"{&quot;background_background&quot;:&quot;classic&quot;}\">\n\t\t\t\t\t\t\t<div class=\"elementor-background-overlay\"><\/div>\n\t\t\t\t\t\t\t<div class=\"elementor-container elementor-column-gap-default\">\n\t\t\t\t\t<div class=\"elementor-column elementor-col-100 elementor-top-column elementor-element elementor-element-16b0ae4a\" data-id=\"16b0ae4a\" data-element_type=\"column\" data-e-type=\"column\">\n\t\t\t<div class=\"elementor-widget-wrap elementor-element-populated\">\n\t\t\t\t\t\t<div class=\"elementor-element elementor-element-7c736fc8 elementor-widget elementor-widget-elementskit-heading\" data-id=\"7c736fc8\" data-element_type=\"widget\" data-e-type=\"widget\" data-widget_type=\"elementskit-heading.default\">\n\t\t\t\t<div class=\"elementor-widget-container\">\n\t\t\t\t\t<div class=\"ekit-wid-con\" ><div class=\"ekit-heading elementskit-section-title-wraper text_left   ekit_heading_tablet-   ekit_heading_mobile-\"><h3 class=\"elementskit-section-subtitle  \">\n\t\t\t\t\t\tFORMACI\u00d3N COMO EDUCADOR ESPECIAL (EDUCADOR CURATIVO), CONSEJOS DE EXPERTOS PARA LA SOLICITUD DE EMPLEO, OFERTAS DE EMPLEO, FSJ Y PR\u00c1CTICAS\n\t\t\t\t\t<\/h3><h2 class=\"ekit-heading--title elementskit-section-title \">Formaci\u00f3n y carrera profesional<\/h2><\/div><\/div>\t\t\t\t<\/div>\n\t\t\t\t<\/div>\n\t\t\t\t\t<\/div>\n\t\t<\/div>\n\t\t\t\t\t<\/div>\n\t\t<\/section>\n\t\t\t\t<section class=\"elementor-section elementor-top-section elementor-element elementor-element-53beed16 elementor-section-boxed elementor-section-height-default elementor-section-height-default\" data-id=\"53beed16\" data-element_type=\"section\" data-e-type=\"section\">\n\t\t\t\t\t\t<div class=\"elementor-container elementor-column-gap-default\">\n\t\t\t\t\t<div class=\"elementor-column elementor-col-100 elementor-top-column elementor-element elementor-element-5774271c\" data-id=\"5774271c\" data-element_type=\"column\" data-e-type=\"column\">\n\t\t\t<div class=\"elementor-widget-wrap elementor-element-populated\">\n\t\t\t\t\t\t<div class=\"elementor-element elementor-element-22c497d8 elementor-widget__width-auto elementor-absolute elementor-hidden-tablet elementor-hidden-phone animated-slow elementor-invisible elementor-widget elementor-widget-elementskit-heading\" data-id=\"22c497d8\" data-element_type=\"widget\" data-e-type=\"widget\" data-settings=\"{&quot;_position&quot;:&quot;absolute&quot;,&quot;_animation&quot;:&quot;fadeInUp&quot;}\" data-widget_type=\"elementskit-heading.default\">\n\t\t\t\t<div class=\"elementor-widget-container\">\n\t\t\t\t\t<div class=\"ekit-wid-con\" ><div class=\"ekit-heading elementskit-section-title-wraper text_center   ekit_heading_tablet-   ekit_heading_mobile-\"><\/div><\/div>\t\t\t\t<\/div>\n\t\t\t\t<\/div>\n\t\t\t\t<div class=\"elementor-element elementor-element-1c11b16e animated-slow elementor-invisible elementor-widget elementor-widget-elementskit-heading\" data-id=\"1c11b16e\" data-element_type=\"widget\" data-e-type=\"widget\" data-settings=\"{&quot;_animation&quot;:&quot;fadeInUp&quot;}\" data-widget_type=\"elementskit-heading.default\">\n\t\t\t\t<div class=\"elementor-widget-container\">\n\t\t\t\t\t<div class=\"ekit-wid-con\" ><div class=\"ekit-heading elementskit-section-title-wraper text_center   ekit_heading_tablet-   ekit_heading_mobile-\"><h2 class=\"ekit-heading--title elementskit-section-title \">A\u00f1o de voluntario social (FSJ)<\/h2>\t\t\t\t<div class='ekit-heading__description'>\n\t\t\t\t\t<p>\u201cNo hay nada bueno al menos que se haga\u201d.<\/p>\n<p>(Erich K\u00e4stner)<\/p>\n\t\t\t\t<\/div>\n\t\t\t<\/div><\/div>\t\t\t\t<\/div>\n\t\t\t\t<\/div>\n\t\t\t\t<section class=\"elementor-section elementor-inner-section elementor-element elementor-element-25ca9ce5 elementor-section-boxed elementor-section-height-default elementor-section-height-default\" data-id=\"25ca9ce5\" data-element_type=\"section\" data-e-type=\"section\">\n\t\t\t\t\t\t<div class=\"elementor-container elementor-column-gap-default\">\n\t\t\t\t\t<div class=\"elementor-column elementor-col-100 elementor-inner-column elementor-element elementor-element-4752afe6\" data-id=\"4752afe6\" data-element_type=\"column\" data-e-type=\"column\" data-settings=\"{&quot;background_background&quot;:&quot;classic&quot;}\">\n\t\t\t<div class=\"elementor-widget-wrap elementor-element-populated\">\n\t\t\t\t\t\t<div class=\"elementor-element elementor-element-22abf052 elementor-widget elementor-widget-heading\" data-id=\"22abf052\" data-element_type=\"widget\" data-e-type=\"widget\" data-widget_type=\"heading.default\">\n\t\t\t\t<div class=\"elementor-widget-container\">\n\t\t\t\t\t<h3 class=\"elementor-heading-title elementor-size-default\">Preguntas sobre tu futuro<\/h3>\t\t\t\t<\/div>\n\t\t\t\t<\/div>\n\t\t\t\t<div class=\"elementor-element elementor-element-73bfe7ed elementor-widget elementor-widget-text-editor\" data-id=\"73bfe7ed\" data-element_type=\"widget\" data-e-type=\"widget\" data-widget_type=\"text-editor.default\">\n\t\t\t\t<div class=\"elementor-widget-container\">\n\t\t\t\t\t\t\t\t\t<ul><li>\u00bfHas terminado los estudios y quieres saber si trabajar con personas es lo tuyo?<\/li><li>\u00bfBuscas una ocupaci\u00f3n significativa despu\u00e9s de tu Au-Pair y te gustar\u00eda quedarte en Alemania?<\/li><li>\u00bfTe gusta trabajar con personas?<\/li><li>\u00bfTe gusta ayudar a otras personas y apoyarlas en todas las situaciones?<\/li><li>\u00bfTe entusiasma la idea de cuidar, apoyar y acompa\u00f1ar en la vida cotidiana a personas dependientes?<\/li><\/ul><p>\u00a0<\/p><p>Si has respondido S\u00cd a algunas de las preguntas, ven a hacer tu a\u00f1o de voluntario social con nosotros.<\/p>\t\t\t\t\t\t\t\t<\/div>\n\t\t\t\t<\/div>\n\t\t\t\t\t<\/div>\n\t\t<\/div>\n\t\t\t\t\t<\/div>\n\t\t<\/section>\n\t\t\t\t<div class=\"elementor-element elementor-element-5e9ee78 elementor-widget elementor-widget-spacer\" data-id=\"5e9ee78\" data-element_type=\"widget\" data-e-type=\"widget\" data-widget_type=\"spacer.default\">\n\t\t\t\t<div class=\"elementor-widget-container\">\n\t\t\t\t\t\t\t<div class=\"elementor-spacer\">\n\t\t\t<div class=\"elementor-spacer-inner\"><\/div>\n\t\t<\/div>\n\t\t\t\t\t\t<\/div>\n\t\t\t\t<\/div>\n\t\t\t\t<div class=\"elementor-element elementor-element-90bb557 elementor-widget elementor-widget-heading\" data-id=\"90bb557\" data-element_type=\"widget\" data-e-type=\"widget\" data-widget_type=\"heading.default\">\n\t\t\t\t<div class=\"elementor-widget-container\">\n\t\t\t\t\t<h2 class=\"elementor-heading-title elementor-size-default\">\u00bfQu\u00e9 es un FSJ?<\/h2>\t\t\t\t<\/div>\n\t\t\t\t<\/div>\n\t\t\t\t<div class=\"elementor-element elementor-element-1f55cb2 elementor-widget elementor-widget-text-editor\" data-id=\"1f55cb2\" data-element_type=\"widget\" data-e-type=\"widget\" data-widget_type=\"text-editor.default\">\n\t\t\t\t<div class=\"elementor-widget-container\">\n\t\t\t\t\t\t\t\t\t<p>El FSJ es un a\u00f1o de voluntariado d\u00f3nde los j\u00f3venes pasan por diversas instituciones sociales.<\/p><p>Se adquiere una visi\u00f3n de las distintas \u00e1reas del trabajo social, se conoce a personas en distintas situaciones vitales y se hace una valiosa contribuci\u00f3n para una comunidad mejor.<\/p><p>Notar\u00e1s r\u00e1pidamente c\u00f3mo te desarrollas personalmente.<\/p><p>Cada d\u00eda recibir\u00e1s de manera sincera y honesta un agradecimiento, as\u00ed como comentarios sobre tu labor de las personas a las que acompa\u00f1as en su vida cotidiana. Tendr\u00e1s orientaci\u00f3n profesional durante todo el a\u00f1o.<\/p><p>La aportaci\u00f3n de ideas propias y tu implicaci\u00f3n son siempre bienvenidos y se integrar\u00e1n con gratitud en nuestra rutina diaria.<\/p>\t\t\t\t\t\t\t\t<\/div>\n\t\t\t\t<\/div>\n\t\t\t\t<div class=\"elementor-element elementor-element-4427cbde elementor-widget elementor-widget-image\" data-id=\"4427cbde\" data-element_type=\"widget\" data-e-type=\"widget\" data-widget_type=\"image.default\">\n\t\t\t\t<div class=\"elementor-widget-container\">\n\t\t\t\t\t\t\t\t\t\t\t\t\t\t\t<img fetchpriority=\"high\" decoding=\"async\" width=\"800\" height=\"600\" src=\"https:\/\/www.icpmuenchen.de\/wp-content\/uploads\/2022\/11\/FSJ-Homepage-1024x768.jpg\" class=\"attachment-large size-large wp-image-12471\" alt=\"\" srcset=\"https:\/\/www.icpmuenchen.de\/wp-content\/uploads\/2022\/11\/FSJ-Homepage-1024x768.jpg 1024w, https:\/\/www.icpmuenchen.de\/wp-content\/uploads\/2022\/11\/FSJ-Homepage-300x225.jpg 300w, https:\/\/www.icpmuenchen.de\/wp-content\/uploads\/2022\/11\/FSJ-Homepage-768x576.jpg 768w, https:\/\/www.icpmuenchen.de\/wp-content\/uploads\/2022\/11\/FSJ-Homepage-1536x1152.jpg 1536w, https:\/\/www.icpmuenchen.de\/wp-content\/uploads\/2022\/11\/FSJ-Homepage-2048x1536.jpg 2048w\" sizes=\"(max-width: 800px) 100vw, 800px\" \/>\t\t\t\t\t\t\t\t\t\t\t\t\t\t\t<\/div>\n\t\t\t\t<\/div>\n\t\t\t\t\t<\/div>\n\t\t<\/div>\n\t\t\t\t\t<\/div>\n\t\t<\/section>\n\t\t\t\t<section class=\"elementor-section elementor-top-section elementor-element elementor-element-9791b98 elementor-section-boxed elementor-section-height-default elementor-section-height-default\" data-id=\"9791b98\" data-element_type=\"section\" data-e-type=\"section\">\n\t\t\t\t\t\t<div class=\"elementor-container elementor-column-gap-default\">\n\t\t\t\t\t<div class=\"elementor-column elementor-col-50 elementor-top-column elementor-element elementor-element-c934be8\" data-id=\"c934be8\" data-element_type=\"column\" data-e-type=\"column\">\n\t\t\t<div class=\"elementor-widget-wrap elementor-element-populated\">\n\t\t\t\t\t\t<div class=\"elementor-element elementor-element-bcac154 elementor-widget elementor-widget-heading\" data-id=\"bcac154\" data-element_type=\"widget\" data-e-type=\"widget\" data-widget_type=\"heading.default\">\n\t\t\t\t<div class=\"elementor-widget-container\">\n\t\t\t\t\t<h2 class=\"elementor-heading-title elementor-size-default\">Requisitos \t<\/h2>\t\t\t\t<\/div>\n\t\t\t\t<\/div>\n\t\t\t\t<div class=\"elementor-element elementor-element-27593c8 elementor-widget elementor-widget-text-editor\" data-id=\"27593c8\" data-element_type=\"widget\" data-e-type=\"widget\" data-widget_type=\"text-editor.default\">\n\t\t\t\t<div class=\"elementor-widget-container\">\n\t\t\t\t\t\t\t\t\t<ul><li>Se han completado 9 a\u00f1os de educaci\u00f3n obligatoria<\/li><li>Edad: entre 16 y 27 a\u00f1os<\/li><li>Vacunaci\u00f3n completa contra el sarampi\u00f3n o contar con serolog\u00eda IgG positiva para el<\/li><li>Una vez finalizado el contrato de Au-Pair: puede ser necesario un nuevo visado<\/li><li>Disfrutar trabajando con personas<\/li><li>Estar abierto a nuevas experiencias y aprendizajes<\/li><\/ul>\t\t\t\t\t\t\t\t<\/div>\n\t\t\t\t<\/div>\n\t\t\t\t\t<\/div>\n\t\t<\/div>\n\t\t\t\t<div class=\"elementor-column elementor-col-50 elementor-top-column elementor-element elementor-element-47a6a38\" data-id=\"47a6a38\" data-element_type=\"column\" data-e-type=\"column\">\n\t\t\t<div class=\"elementor-widget-wrap elementor-element-populated\">\n\t\t\t\t\t\t<div class=\"elementor-element elementor-element-4d6cb73 elementor-widget elementor-widget-heading\" data-id=\"4d6cb73\" data-element_type=\"widget\" data-e-type=\"widget\" data-widget_type=\"heading.default\">\n\t\t\t\t<div class=\"elementor-widget-container\">\n\t\t\t\t\t<h2 class=\"elementor-heading-title elementor-size-default\">\u00bfQu\u00e9 te ofrecemos?<\/h2>\t\t\t\t<\/div>\n\t\t\t\t<\/div>\n\t\t\t\t<div class=\"elementor-element elementor-element-02043c7 elementor-widget elementor-widget-text-editor\" data-id=\"02043c7\" data-element_type=\"widget\" data-e-type=\"widget\" data-widget_type=\"text-editor.default\">\n\t\t\t\t<div class=\"elementor-widget-container\">\n\t\t\t\t\t\t\t\t\t<p>Recibir\u00e1s una paga mensual de 250 euros, as\u00ed como una asignaci\u00f3n para comida (200 euros) y alojamiento (50 euros).<\/p><p>Los gastos de desplazamiento a los seminarios corren de nuestra cuenta.<\/p>\t\t\t\t\t\t\t\t<\/div>\n\t\t\t\t<\/div>\n\t\t\t\t\t<\/div>\n\t\t<\/div>\n\t\t\t\t\t<\/div>\n\t\t<\/section>\n\t\t\t\t<section class=\"elementor-section elementor-top-section elementor-element elementor-element-48904e3 elementor-section-boxed elementor-section-height-default elementor-section-height-default\" data-id=\"48904e3\" data-element_type=\"section\" data-e-type=\"section\">\n\t\t\t\t\t\t<div class=\"elementor-container elementor-column-gap-default\">\n\t\t\t\t\t<div class=\"elementor-column elementor-col-100 elementor-top-column elementor-element elementor-element-4f5d3c4\" data-id=\"4f5d3c4\" data-element_type=\"column\" data-e-type=\"column\">\n\t\t\t<div class=\"elementor-widget-wrap elementor-element-populated\">\n\t\t\t\t\t\t<div class=\"elementor-element elementor-element-04ec1cd elementor-widget elementor-widget-spacer\" data-id=\"04ec1cd\" data-element_type=\"widget\" data-e-type=\"widget\" data-widget_type=\"spacer.default\">\n\t\t\t\t<div class=\"elementor-widget-container\">\n\t\t\t\t\t\t\t<div class=\"elementor-spacer\">\n\t\t\t<div class=\"elementor-spacer-inner\"><\/div>\n\t\t<\/div>\n\t\t\t\t\t\t<\/div>\n\t\t\t\t<\/div>\n\t\t\t\t<div class=\"elementor-element elementor-element-2d73886 elementor-widget elementor-widget-heading\" data-id=\"2d73886\" data-element_type=\"widget\" data-e-type=\"widget\" data-widget_type=\"heading.default\">\n\t\t\t\t<div class=\"elementor-widget-container\">\n\t\t\t\t\t<h2 class=\"elementor-heading-title elementor-size-default\">\u00bfQu\u00e9 hace especial a tu FSJ en la Fundaci\u00f3n ICP M\u00fanich?<\/h2>\t\t\t\t<\/div>\n\t\t\t\t<\/div>\n\t\t\t\t<div class=\"elementor-element elementor-element-6f91584 elementor-widget elementor-widget-text-editor\" data-id=\"6f91584\" data-element_type=\"widget\" data-e-type=\"widget\" data-widget_type=\"text-editor.default\">\n\t\t\t\t<div class=\"elementor-widget-container\">\n\t\t\t\t\t\t\t\t\t<ul><li>Grandes equipos con diferentes grupos profesionales<\/li><li>Conocer\u00e1s diferentes \u00e1mbitos y m\u00e9todos de trabajo:<ul><li>Las educadoras y los educadores especiales te dar\u00e1n una idea de nuestra valiosa labor pedag\u00f3gica.<\/li><li>Las enfermeras sanitarias y (pedi\u00e1tricas) le dar\u00e1n una visi\u00f3n de la atenci\u00f3n m\u00e9dica integral y hol\u00edstica.<\/li><li>Nuestros terapeutas de fisioterapia, terapia ocupacional, logopedia y psicoterapia te mostrar\u00e1n c\u00f3mo utilizamos trucos y medidas terap\u00e9uticas para lograr un apoyo integral.<\/li><\/ul><\/li><\/ul><ul><li>Los profesores te permiten participar en las lecciones diarias en nuestras clases y descubrir\u00e1s que la escuela con nosotros no s\u00f3lo significa alem\u00e1n, matem\u00e1ticas e ingl\u00e9s.<\/li><li>Atendemos a todas las edades, por lo que puedes elegir a las personas que quieres que te acompa\u00f1en. Los m\u00e1s peque\u00f1os son nuestros ni\u00f1os de guarder\u00eda, de 0 a 3 a\u00f1os, en el programa de integraci\u00f3n infantil. Acompa\u00f1amos a las personas hasta la vejez y les ofrecemos un hogar digno y hermoso en nuestras residencias especiales para personas con discapacidad.<\/li><\/ul><ul><li>Hacemos un trabajo significativo cada d\u00eda<\/li><li>Disponemos de un n\u00famero limitado de apartamentos de servicio<\/li><li>Con nuestra propia escuela t\u00e9cnica de educaci\u00f3n especial (curativa), te damos la oportunidad perfecta para comenzar un estudio despu\u00e9s de tu FSJ. Si cumples los requisitos de formaci\u00f3n, tienes la oportunidad de dar el siguiente paso en tu vida.<\/li><li>\u00bfCrees que nadar con delfines es algo especial? Observa a las personas que cuidamos en nuestras propias piscinas y te dar\u00e1s cuenta r\u00e1pidamente de lo especial que es esta forma de terapia.<\/li><\/ul>\t\t\t\t\t\t\t\t<\/div>\n\t\t\t\t<\/div>\n\t\t\t\t<div class=\"elementor-element elementor-element-0edb5b5 elementor-widget elementor-widget-spacer\" data-id=\"0edb5b5\" data-element_type=\"widget\" data-e-type=\"widget\" data-widget_type=\"spacer.default\">\n\t\t\t\t<div class=\"elementor-widget-container\">\n\t\t\t\t\t\t\t<div class=\"elementor-spacer\">\n\t\t\t<div class=\"elementor-spacer-inner\"><\/div>\n\t\t<\/div>\n\t\t\t\t\t\t<\/div>\n\t\t\t\t<\/div>\n\t\t\t\t\t<\/div>\n\t\t<\/div>\n\t\t\t\t\t<\/div>\n\t\t<\/section>\n\t\t\t\t<section class=\"elementor-section elementor-top-section elementor-element elementor-element-af5cf6c elementor-section-boxed elementor-section-height-default elementor-section-height-default\" data-id=\"af5cf6c\" data-element_type=\"section\" data-e-type=\"section\">\n\t\t\t\t\t\t<div class=\"elementor-container elementor-column-gap-default\">\n\t\t\t\t\t<div class=\"elementor-column elementor-col-100 elementor-top-column elementor-element elementor-element-1354516\" data-id=\"1354516\" data-element_type=\"column\" data-e-type=\"column\">\n\t\t\t<div class=\"elementor-widget-wrap elementor-element-populated\">\n\t\t\t\t\t\t<div class=\"elementor-element elementor-element-49b5576 elementor-widget elementor-widget-heading\" data-id=\"49b5576\" data-element_type=\"widget\" data-e-type=\"widget\" data-widget_type=\"heading.default\">\n\t\t\t\t<div class=\"elementor-widget-container\">\n\t\t\t\t\t<h2 class=\"elementor-heading-title elementor-size-default\">\u00bfD\u00f3nde puedes hacer tu FSJ en la Fundaci\u00f3n ICP M\u00fanich?<\/h2>\t\t\t\t<\/div>\n\t\t\t\t<\/div>\n\t\t\t\t<div class=\"elementor-element elementor-element-31583cd elementor-widget elementor-widget-text-editor\" data-id=\"31583cd\" data-element_type=\"widget\" data-e-type=\"widget\" data-widget_type=\"text-editor.default\">\n\t\t\t\t<div class=\"elementor-widget-container\">\n\t\t\t\t\t\t\t\t\t<p>Disponemos de varias instalaciones donde puedes realizar tu FSJ:<\/p><p>Puedes acompa\u00f1ar a ni\u00f1os, adolescentes y adultos j\u00f3venes en su vida cotidiana en las instalaciones de la Fundaci\u00f3n ICP M\u00fanich en Garmischer Stra\u00dfe, as\u00ed como en los centros de Educaci\u00f3n de la IKF y en el centro de Educaci\u00f3n Inclusiva Luise-Kiesselbach. Los m\u00e1s peque\u00f1os van a nuestra guarder\u00eda.<\/p><p>Al lado de la escuela primaria inclusiva, donde se atiende a ni\u00f1os con y sin discapacidad, ofrecemos a los ni\u00f1os y adolescentes con mayores necesidades de apoyo un entorno adecuado para desarrollar su personalidad y sus habilidades en nuestro centro de d\u00eda.<\/p><p>Tambi\u00e9n tenemos una residencia para 27 ni\u00f1os y j\u00f3venes discapacitados en la calle Garmischer Str. Aqu\u00ed tambi\u00e9n es posible un FSJ con una gran visi\u00f3n de la vida en grupo residencial.<\/p><p>\u00bfTe gusta trabajar en jardiner\u00eda? Entonces un FSJ en nuestro proyecto de huertos urbanos es justo lo que necesitas. Apoyar\u00e1s a nuestro paisajista en los trabajos necesarios y acompa\u00f1ar\u00e1s a j\u00f3venes adultos con discapacidad en su formaci\u00f3n.<\/p><p>Nuestros centros de apoyo (MFZ) est\u00e1n situados en Freimann y en Giesing. Aqu\u00ed puedes acompa\u00f1ar y apoyar a adultos con discapacidad, as\u00ed como a personas mayores con y sin discapacidad, y contribuir activamente a dar forma a su vida cotidiana. Aqu\u00ed tambi\u00e9n hay diferentes \u00e1reas de trabajo. Las personas a las que atendemos reciben cuidados y apoyo en el centro de apoyo, en el taller para personas con discapacidad (WfbM) o en las residencias.<\/p><p>Para poder completar tu FSJ con nosotros, necesitas estar vinculado a una empresa de FSJ. Nuestros socios colaboradores son la bpa Bayern y la Confederaci\u00f3n Internacional (IB). En estos casos te apoyaremos si es necesario.<\/p>\t\t\t\t\t\t\t\t<\/div>\n\t\t\t\t<\/div>\n\t\t\t\t<div class=\"elementor-element elementor-element-3a1cd1a elementor-widget elementor-widget-spacer\" data-id=\"3a1cd1a\" data-element_type=\"widget\" data-e-type=\"widget\" data-widget_type=\"spacer.default\">\n\t\t\t\t<div class=\"elementor-widget-container\">\n\t\t\t\t\t\t\t<div class=\"elementor-spacer\">\n\t\t\t<div class=\"elementor-spacer-inner\"><\/div>\n\t\t<\/div>\n\t\t\t\t\t\t<\/div>\n\t\t\t\t<\/div>\n\t\t\t\t\t<\/div>\n\t\t<\/div>\n\t\t\t\t\t<\/div>\n\t\t<\/section>\n\t\t\t\t<section class=\"elementor-section elementor-top-section elementor-element elementor-element-3109e13 elementor-section-boxed elementor-section-height-default elementor-section-height-default\" data-id=\"3109e13\" data-element_type=\"section\" data-e-type=\"section\">\n\t\t\t\t\t\t<div class=\"elementor-container elementor-column-gap-default\">\n\t\t\t\t\t<div class=\"elementor-column elementor-col-100 elementor-top-column elementor-element elementor-element-8622236\" data-id=\"8622236\" data-element_type=\"column\" data-e-type=\"column\">\n\t\t\t<div class=\"elementor-widget-wrap elementor-element-populated\">\n\t\t\t\t\t\t<div class=\"elementor-element elementor-element-f8a65e7 elementor-widget elementor-widget-spacer\" data-id=\"f8a65e7\" data-element_type=\"widget\" data-e-type=\"widget\" data-widget_type=\"spacer.default\">\n\t\t\t\t<div class=\"elementor-widget-container\">\n\t\t\t\t\t\t\t<div class=\"elementor-spacer\">\n\t\t\t<div class=\"elementor-spacer-inner\"><\/div>\n\t\t<\/div>\n\t\t\t\t\t\t<\/div>\n\t\t\t\t<\/div>\n\t\t\t\t<div class=\"elementor-element elementor-element-1f1e1b1 elementor-widget elementor-widget-heading\" data-id=\"1f1e1b1\" data-element_type=\"widget\" data-e-type=\"widget\" data-widget_type=\"heading.default\">\n\t\t\t\t<div class=\"elementor-widget-container\">\n\t\t\t\t\t<h2 class=\"elementor-heading-title elementor-size-default\">\u00bfHemos despertado tu inter\u00e9s por hacer un FSJ en alguna de nuestras instalaciones?<\/h2>\t\t\t\t<\/div>\n\t\t\t\t<\/div>\n\t\t\t\t<div class=\"elementor-element elementor-element-6a5e556 elementor-widget elementor-widget-text-editor\" data-id=\"6a5e556\" data-element_type=\"widget\" data-e-type=\"widget\" data-widget_type=\"text-editor.default\">\n\t\t\t\t<div class=\"elementor-widget-container\">\n\t\t\t\t\t\t\t\t\t<p>\u00bfTienes preguntas sobre un posible trabajo con nosotros o problemas con la solicitud o el visado para tu estancia en Alemania?<\/p><p>Ponte en contacto con nosotros y estaremos encantados de ayudarte.<\/p>\t\t\t\t\t\t\t\t<\/div>\n\t\t\t\t<\/div>\n\t\t\t\t\t<\/div>\n\t\t<\/div>\n\t\t\t\t\t<\/div>\n\t\t<\/section>\n\t\t\t\t<section class=\"elementor-section elementor-top-section elementor-element elementor-element-6937e863 elementor-section-boxed elementor-section-height-default elementor-section-height-default\" data-id=\"6937e863\" data-element_type=\"section\" data-e-type=\"section\" data-settings=\"{&quot;background_background&quot;:&quot;classic&quot;}\">\n\t\t\t\t\t\t<div class=\"elementor-container elementor-column-gap-no\">\n\t\t\t\t\t<div class=\"elementor-column elementor-col-100 elementor-top-column elementor-element elementor-element-4661e497\" data-id=\"4661e497\" data-element_type=\"column\" data-e-type=\"column\">\n\t\t\t<div class=\"elementor-widget-wrap elementor-element-populated\">\n\t\t\t\t\t\t<section class=\"elementor-section elementor-inner-section elementor-element elementor-element-7c007faf animated-slow elementor-section-boxed elementor-section-height-default elementor-section-height-default elementor-invisible\" data-id=\"7c007faf\" data-element_type=\"section\" data-e-type=\"section\" data-settings=\"{&quot;animation&quot;:&quot;fadeInUp&quot;}\">\n\t\t\t\t\t\t<div class=\"elementor-container elementor-column-gap-default\">\n\t\t\t\t\t<div class=\"elementor-column elementor-col-100 elementor-inner-column elementor-element elementor-element-4ae926c2\" data-id=\"4ae926c2\" data-element_type=\"column\" data-e-type=\"column\">\n\t\t\t<div class=\"elementor-widget-wrap elementor-element-populated\">\n\t\t\t\t\t\t<div class=\"elementor-element elementor-element-708b489e animated-slow elementor-invisible elementor-widget elementor-widget-elementskit-heading\" data-id=\"708b489e\" data-element_type=\"widget\" data-e-type=\"widget\" data-settings=\"{&quot;_animation&quot;:&quot;fadeInUp&quot;}\" data-widget_type=\"elementskit-heading.default\">\n\t\t\t\t<div class=\"elementor-widget-container\">\n\t\t\t\t\t<div class=\"ekit-wid-con\" ><div class=\"ekit-heading elementskit-section-title-wraper text_center   ekit_heading_tablet-   ekit_heading_mobile-\"><h3 class=\"elementskit-section-subtitle  \">\n\t\t\t\t\t\tM\u00e1s informaci\u00f3n\n\t\t\t\t\t<\/h3><h2 class=\"ekit-heading--title elementskit-section-title \">Tus personas de contacto<\/h2>\t\t\t\t<div class='ekit-heading__description'>\n\t\t\t\t\t<p>Estaremos encantados de tener noticias tuyas y de una implicaci\u00f3n con nosotros.<\/p>\n\t\t\t\t<\/div>\n\t\t\t<\/div><\/div>\t\t\t\t<\/div>\n\t\t\t\t<\/div>\n\t\t\t\t\t<\/div>\n\t\t<\/div>\n\t\t\t\t\t<\/div>\n\t\t<\/section>\n\t\t\t\t<section class=\"elementor-section elementor-inner-section elementor-element elementor-element-1d112406 animated-slow elementor-section-boxed elementor-section-height-default elementor-section-height-default elementor-invisible\" data-id=\"1d112406\" data-element_type=\"section\" data-e-type=\"section\" data-settings=\"{&quot;animation&quot;:&quot;fadeInUp&quot;}\">\n\t\t\t\t\t\t<div class=\"elementor-container elementor-column-gap-default\">\n\t\t\t\t\t<div class=\"elementor-column elementor-col-100 elementor-inner-column elementor-element elementor-element-27676340\" data-id=\"27676340\" data-element_type=\"column\" data-e-type=\"column\">\n\t\t\t<div class=\"elementor-widget-wrap\">\n\t\t\t\t\t\t\t<\/div>\n\t\t<\/div>\n\t\t\t\t\t<\/div>\n\t\t<\/section>\n\t\t\t\t<section class=\"elementor-section elementor-inner-section elementor-element elementor-element-3385d7eb elementor-section-boxed elementor-section-height-default elementor-section-height-default\" data-id=\"3385d7eb\" data-element_type=\"section\" data-e-type=\"section\">\n\t\t\t\t\t\t<div class=\"elementor-container elementor-column-gap-default\">\n\t\t\t\t\t<div class=\"elementor-column elementor-col-50 elementor-inner-column elementor-element elementor-element-5b14ec97\" data-id=\"5b14ec97\" data-element_type=\"column\" data-e-type=\"column\">\n\t\t\t<div class=\"elementor-widget-wrap elementor-element-populated\">\n\t\t\t\t\t\t<div class=\"elementor-element elementor-element-1463c1e2 elementor-widget elementor-widget-elementskit-team\" data-id=\"1463c1e2\" data-element_type=\"widget\" data-e-type=\"widget\" data-widget_type=\"elementskit-team.default\">\n\t\t\t\t<div class=\"elementor-widget-container\">\n\t\t\t\t\t<div class=\"ekit-wid-con\">\n\t\t\t\t\t\t\t\t\t\t\t\t\t\t\t <div class=\"style-circle ekit-team-img-fit\"> \t\t\t\t\t\t\t\t\t<div class=\"profile-image-card elementor-animation- ekit-team-img ekit-team-style-overlay_circle text-center\">\n\n\t\t\t\t\t\t\t\t\t\t\t\t\t<img decoding=\"async\" width=\"683\" height=\"1024\" src=\"https:\/\/www.icpmuenchen.de\/wp-content\/uploads\/2023\/03\/Foto-Sebastian-683x1024.jpg\" class=\"attachment-large size-large wp-image-14189\" alt=\"\" srcset=\"https:\/\/www.icpmuenchen.de\/wp-content\/uploads\/2023\/03\/Foto-Sebastian-683x1024.jpg 683w, https:\/\/www.icpmuenchen.de\/wp-content\/uploads\/2023\/03\/Foto-Sebastian-200x300.jpg 200w, https:\/\/www.icpmuenchen.de\/wp-content\/uploads\/2023\/03\/Foto-Sebastian-768x1152.jpg 768w, https:\/\/www.icpmuenchen.de\/wp-content\/uploads\/2023\/03\/Foto-Sebastian-1024x1536.jpg 1024w, https:\/\/www.icpmuenchen.de\/wp-content\/uploads\/2023\/03\/Foto-Sebastian-1365x2048.jpg 1365w\" sizes=\"(max-width: 683px) 100vw, 683px\" \/>\t\t\t\t\t\t\t\t\t\t\t\t<div class=\"hover-area\">\n\t\t\t\t\t\t\t<div class=\"profile-body\">\n\t\t\t\t\t\t\t\t<h2 class=\"profile-title\">\n\t\t\t\t\t\t\t\t\t\t\t\t\t\t\t\t\t\t\t\t\t\t\t\t\t\t\t\t\t\t\t\t\t<\/h2>\n\t\t\t\t\t\t\t\t<p class=\"profile-designation\"><\/p>\n\t\t\t\t\t\t\t\t\t\t\t\t\t\t\t<\/div>\n\t\t\t\t\t\t\t\t\t\t\t\t\t<\/div>\n\t\t\t\t\t<\/div>\n\t\t\t\t\t <\/div> \n\t\t\t\t\n\t\t\t\t<\/div>\t\t\t\t<\/div>\n\t\t\t\t<\/div>\n\t\t\t\t<div class=\"elementor-element elementor-element-6f8bdfd2 elementor-widget elementor-widget-elementskit-heading\" data-id=\"6f8bdfd2\" data-element_type=\"widget\" data-e-type=\"widget\" data-widget_type=\"elementskit-heading.default\">\n\t\t\t\t<div class=\"elementor-widget-container\">\n\t\t\t\t\t<div class=\"ekit-wid-con\" ><div class=\"ekit-heading elementskit-section-title-wraper text_center   ekit_heading_tablet-   ekit_heading_mobile-\"><h2 class=\"ekit-heading--title elementskit-section-title \">Sebastian G\u00e4belein<\/h2><h3 class=\"ekit-heading--subtitle elementskit-section-subtitle  \">\n\t\t\t\t\t\tReclutamiento y selecci\u00f3n de personal\n\t\t\t\t\t<\/h3>\t\t\t\t<div class='ekit-heading__description'>\n\t\t\t\t\t<p><a href=\"tel:+498971007108\">+49 89 71007-143<\/a><br \/><a href=\"mailto:sebastian.gaebelein@icp.de\">sebastian.gaebelein@icp.de<\/a><\/p>\n\t\t\t\t<\/div>\n\t\t\t<\/div><\/div>\t\t\t\t<\/div>\n\t\t\t\t<\/div>\n\t\t\t\t\t<\/div>\n\t\t<\/div>\n\t\t\t\t<div class=\"elementor-column elementor-col-50 elementor-inner-column elementor-element elementor-element-8c1e402\" data-id=\"8c1e402\" data-element_type=\"column\" data-e-type=\"column\">\n\t\t\t<div class=\"elementor-widget-wrap elementor-element-populated\">\n\t\t\t\t\t\t<div class=\"elementor-element elementor-element-34daaa51 elementor-widget elementor-widget-elementskit-team\" data-id=\"34daaa51\" data-element_type=\"widget\" data-e-type=\"widget\" data-widget_type=\"elementskit-team.default\">\n\t\t\t\t<div class=\"elementor-widget-container\">\n\t\t\t\t\t<div class=\"ekit-wid-con\">\n\t\t\t\t\t\t\t\t\t\t\t\t\t\t\t <div class=\"style-circle ekit-team-img-fit\"> \t\t\t\t\t\t\t\t\t<div class=\"profile-image-card elementor-animation- ekit-team-img ekit-team-style-overlay_circle text-center\">\n\n\t\t\t\t\t\t\t\t\t\t\t\t\t<img decoding=\"async\" width=\"707\" height=\"1024\" src=\"https:\/\/www.icpmuenchen.de\/wp-content\/uploads\/2024\/04\/F_Schilling_2022-707x1024.jpg\" class=\"attachment-large size-large wp-image-16836\" alt=\"\" srcset=\"https:\/\/www.icpmuenchen.de\/wp-content\/uploads\/2024\/04\/F_Schilling_2022-707x1024.jpg 707w, https:\/\/www.icpmuenchen.de\/wp-content\/uploads\/2024\/04\/F_Schilling_2022-207x300.jpg 207w, https:\/\/www.icpmuenchen.de\/wp-content\/uploads\/2024\/04\/F_Schilling_2022-768x1112.jpg 768w, https:\/\/www.icpmuenchen.de\/wp-content\/uploads\/2024\/04\/F_Schilling_2022-1061x1536.jpg 1061w, https:\/\/www.icpmuenchen.de\/wp-content\/uploads\/2024\/04\/F_Schilling_2022-1415x2048.jpg 1415w, https:\/\/www.icpmuenchen.de\/wp-content\/uploads\/2024\/04\/F_Schilling_2022.jpg 1524w\" sizes=\"(max-width: 707px) 100vw, 707px\" \/>\t\t\t\t\t\t\t\t\t\t\t\t<div class=\"hover-area\">\n\t\t\t\t\t\t\t<div class=\"profile-body\">\n\t\t\t\t\t\t\t\t<h2 class=\"profile-title\">\n\t\t\t\t\t\t\t\t\t\t\t\t\t\t\t\t\t\t\t\t\t\t\t\t\t\t\t\t\t\t\t\t\t<\/h2>\n\t\t\t\t\t\t\t\t<p class=\"profile-designation\"><\/p>\n\t\t\t\t\t\t\t\t\t\t\t\t\t\t\t<\/div>\n\t\t\t\t\t\t\t\t\t\t\t\t\t<\/div>\n\t\t\t\t\t<\/div>\n\t\t\t\t\t <\/div> \n\t\t\t\t\n\t\t\t\t<\/div>\t\t\t\t<\/div>\n\t\t\t\t<\/div>\n\t\t\t\t<div class=\"elementor-element elementor-element-2db70485 elementor-widget elementor-widget-elementskit-heading\" data-id=\"2db70485\" data-element_type=\"widget\" data-e-type=\"widget\" data-widget_type=\"elementskit-heading.default\">\n\t\t\t\t<div class=\"elementor-widget-container\">\n\t\t\t\t\t<div class=\"ekit-wid-con\" ><div class=\"ekit-heading elementskit-section-title-wraper text_center   ekit_heading_tablet-   ekit_heading_mobile-\"><h2 class=\"ekit-heading--title elementskit-section-title \">Franziska Schilling<\/h2><h3 class=\"ekit-heading--subtitle elementskit-section-subtitle  \">\n\t\t\t\t\t\tAsistente de reclutamiento y especialista en Relaciones P\u00fablicas\n\t\t\t\t\t<\/h3>\t\t\t\t<div class='ekit-heading__description'>\n\t\t\t\t\t<p><a href=\"tel:+498971007156\">+49 89 71007-123<\/a><br \/><a href=\"mailto:franziska.schilling@icp.de\">franziska.schilling@icp.de<\/a><\/p>\n\t\t\t\t<\/div>\n\t\t\t<\/div><\/div>\t\t\t\t<\/div>\n\t\t\t\t<\/div>\n\t\t\t\t\t<\/div>\n\t\t<\/div>\n\t\t\t\t\t<\/div>\n\t\t<\/section>\n\t\t\t\t\t<\/div>\n\t\t<\/div>\n\t\t\t\t\t<\/div>\n\t\t<\/section>\n\t\t\t\t<\/div>\n\t\t","protected":false},"excerpt":{"rendered":"<p>FORMACI\u00d3N COMO EDUCADOR ESPECIAL (EDUCADOR CURATIVO), CONSEJOS DE EXPERTOS PARA LA SOLICITUD DE EMPLEO, OFERTAS DE EMPLEO, FSJ Y PR\u00c1CTICAS Formaci\u00f3n y carrera profesional A\u00f1o de voluntario social (FSJ) \u201cNo hay nada bueno al menos que se haga\u201d. (Erich K\u00e4stner) Preguntas sobre tu futuro \u00bfHas terminado los estudios y quieres saber si trabajar con personas [&hellip;]<\/p>\n","protected":false},"author":1,"featured_media":0,"parent":6170,"menu_order":2,"comment_status":"closed","ping_status":"closed","template":"","meta":{"footnotes":""},"class_list":["post-6198","page","type-page","status-publish","hentry"],"yoast_head":"<!-- This site is optimized with the Yoast SEO plugin v26.8 - https:\/\/yoast.com\/product\/yoast-seo-wordpress\/ -->\n<title>FSJ y Pr\u00e1cticas - ICP M\u00fcnchen<\/title>\n<meta name=\"robots\" content=\"index, follow, max-snippet:-1, max-image-preview:large, max-video-preview:-1\" \/>\n<link rel=\"canonical\" href=\"https:\/\/www.icpmuenchen.de\/es\/formacion-y-carrera-profesional\/fsj-y-practicas\/\" \/>\n<meta property=\"og:locale\" content=\"es_ES\" \/>\n<meta property=\"og:type\" content=\"article\" \/>\n<meta property=\"og:title\" content=\"FSJ y Pr\u00e1cticas - ICP M\u00fcnchen\" \/>\n<meta property=\"og:description\" content=\"FORMACI\u00d3N COMO EDUCADOR ESPECIAL (EDUCADOR CURATIVO), CONSEJOS DE EXPERTOS PARA LA SOLICITUD DE EMPLEO, OFERTAS DE EMPLEO, FSJ Y PR\u00c1CTICAS Formaci\u00f3n y carrera profesional A\u00f1o de voluntario social (FSJ) \u201cNo hay nada bueno al menos que se haga\u201d. (Erich K\u00e4stner) Preguntas sobre tu futuro \u00bfHas terminado los estudios y quieres saber si trabajar con personas [&hellip;]\" \/>\n<meta property=\"og:url\" content=\"https:\/\/www.icpmuenchen.de\/es\/formacion-y-carrera-profesional\/fsj-y-practicas\/\" \/>\n<meta property=\"og:site_name\" content=\"ICP M\u00fcnchen\" \/>\n<meta property=\"article:modified_time\" content=\"2024-04-15T08:22:17+00:00\" \/>\n<meta property=\"og:image\" content=\"https:\/\/www.icpmuenchen.de\/wp-content\/uploads\/2022\/11\/FSJ-Homepage-1024x768.jpg\" \/>\n<meta name=\"twitter:card\" content=\"summary_large_image\" \/>\n<meta name=\"twitter:label1\" content=\"Tiempo de lectura\" \/>\n\t<meta name=\"twitter:data1\" content=\"2 minutos\" \/>\n<script type=\"application\/ld+json\" class=\"yoast-schema-graph\">{\"@context\":\"https:\/\/schema.org\",\"@graph\":[{\"@type\":\"WebPage\",\"@id\":\"https:\/\/www.icpmuenchen.de\/es\/formacion-y-carrera-profesional\/fsj-y-practicas\/\",\"url\":\"https:\/\/www.icpmuenchen.de\/es\/formacion-y-carrera-profesional\/fsj-y-practicas\/\",\"name\":\"FSJ y Pr\u00e1cticas - ICP M\u00fcnchen\",\"isPartOf\":{\"@id\":\"https:\/\/www.icpmuenchen.de\/es\/#website\"},\"primaryImageOfPage\":{\"@id\":\"https:\/\/www.icpmuenchen.de\/es\/formacion-y-carrera-profesional\/fsj-y-practicas\/#primaryimage\"},\"image\":{\"@id\":\"https:\/\/www.icpmuenchen.de\/es\/formacion-y-carrera-profesional\/fsj-y-practicas\/#primaryimage\"},\"thumbnailUrl\":\"https:\/\/www.icpmuenchen.de\/wp-content\/uploads\/2022\/11\/FSJ-Homepage-1024x768.jpg\",\"datePublished\":\"2021-06-16T10:11:20+00:00\",\"dateModified\":\"2024-04-15T08:22:17+00:00\",\"breadcrumb\":{\"@id\":\"https:\/\/www.icpmuenchen.de\/es\/formacion-y-carrera-profesional\/fsj-y-practicas\/#breadcrumb\"},\"inLanguage\":\"es\",\"potentialAction\":[{\"@type\":\"ReadAction\",\"target\":[\"https:\/\/www.icpmuenchen.de\/es\/formacion-y-carrera-profesional\/fsj-y-practicas\/\"]}]},{\"@type\":\"ImageObject\",\"inLanguage\":\"es\",\"@id\":\"https:\/\/www.icpmuenchen.de\/es\/formacion-y-carrera-profesional\/fsj-y-practicas\/#primaryimage\",\"url\":\"https:\/\/www.icpmuenchen.de\/wp-content\/uploads\/2022\/11\/FSJ-Homepage-1024x768.jpg\",\"contentUrl\":\"https:\/\/www.icpmuenchen.de\/wp-content\/uploads\/2022\/11\/FSJ-Homepage-1024x768.jpg\"},{\"@type\":\"BreadcrumbList\",\"@id\":\"https:\/\/www.icpmuenchen.de\/es\/formacion-y-carrera-profesional\/fsj-y-practicas\/#breadcrumb\",\"itemListElement\":[{\"@type\":\"ListItem\",\"position\":1,\"name\":\"Startseite\",\"item\":\"https:\/\/www.icpmuenchen.de\/es\/\"},{\"@type\":\"ListItem\",\"position\":2,\"name\":\"Formaci\u00f3n y carrera profesional\",\"item\":\"https:\/\/www.icpmuenchen.de\/es\/formacion-y-carrera-profesional\/\"},{\"@type\":\"ListItem\",\"position\":3,\"name\":\"FSJ y Pr\u00e1cticas\"}]},{\"@type\":\"WebSite\",\"@id\":\"https:\/\/www.icpmuenchen.de\/es\/#website\",\"url\":\"https:\/\/www.icpmuenchen.de\/es\/\",\"name\":\"ICP M\u00fcnchen\",\"description\":\"Integrationszentrum f\u00fcr K\u00f6rperbehinderte\",\"publisher\":{\"@id\":\"https:\/\/www.icpmuenchen.de\/es\/#organization\"},\"potentialAction\":[{\"@type\":\"SearchAction\",\"target\":{\"@type\":\"EntryPoint\",\"urlTemplate\":\"https:\/\/www.icpmuenchen.de\/es\/?s={search_term_string}\"},\"query-input\":{\"@type\":\"PropertyValueSpecification\",\"valueRequired\":true,\"valueName\":\"search_term_string\"}}],\"inLanguage\":\"es\"},{\"@type\":\"Organization\",\"@id\":\"https:\/\/www.icpmuenchen.de\/es\/#organization\",\"name\":\"ICP M\u00fcnchen\",\"url\":\"https:\/\/www.icpmuenchen.de\/es\/\",\"logo\":{\"@type\":\"ImageObject\",\"inLanguage\":\"es\",\"@id\":\"https:\/\/www.icpmuenchen.de\/es\/#\/schema\/logo\/image\/\",\"url\":\"https:\/\/www.icpmuenchen.de\/wp-content\/uploads\/2020\/08\/Logo_Stiftung-ICP.svg\",\"contentUrl\":\"https:\/\/www.icpmuenchen.de\/wp-content\/uploads\/2020\/08\/Logo_Stiftung-ICP.svg\",\"width\":1,\"height\":1,\"caption\":\"ICP M\u00fcnchen\"},\"image\":{\"@id\":\"https:\/\/www.icpmuenchen.de\/es\/#\/schema\/logo\/image\/\"}}]}<\/script>\n<!-- \/ Yoast SEO plugin. -->","yoast_head_json":{"title":"FSJ y Pr\u00e1cticas - ICP M\u00fcnchen","robots":{"index":"index","follow":"follow","max-snippet":"max-snippet:-1","max-image-preview":"max-image-preview:large","max-video-preview":"max-video-preview:-1"},"canonical":"https:\/\/www.icpmuenchen.de\/es\/formacion-y-carrera-profesional\/fsj-y-practicas\/","og_locale":"es_ES","og_type":"article","og_title":"FSJ y Pr\u00e1cticas - ICP M\u00fcnchen","og_description":"FORMACI\u00d3N COMO EDUCADOR ESPECIAL (EDUCADOR CURATIVO), CONSEJOS DE EXPERTOS PARA LA SOLICITUD DE EMPLEO, OFERTAS DE EMPLEO, FSJ Y PR\u00c1CTICAS Formaci\u00f3n y carrera profesional A\u00f1o de voluntario social (FSJ) \u201cNo hay nada bueno al menos que se haga\u201d. (Erich K\u00e4stner) Preguntas sobre tu futuro \u00bfHas terminado los estudios y quieres saber si trabajar con personas [&hellip;]","og_url":"https:\/\/www.icpmuenchen.de\/es\/formacion-y-carrera-profesional\/fsj-y-practicas\/","og_site_name":"ICP M\u00fcnchen","article_modified_time":"2024-04-15T08:22:17+00:00","og_image":[{"url":"https:\/\/www.icpmuenchen.de\/wp-content\/uploads\/2022\/11\/FSJ-Homepage-1024x768.jpg","type":"","width":"","height":""}],"twitter_card":"summary_large_image","twitter_misc":{"Tiempo de lectura":"2 minutos"},"schema":{"@context":"https:\/\/schema.org","@graph":[{"@type":"WebPage","@id":"https:\/\/www.icpmuenchen.de\/es\/formacion-y-carrera-profesional\/fsj-y-practicas\/","url":"https:\/\/www.icpmuenchen.de\/es\/formacion-y-carrera-profesional\/fsj-y-practicas\/","name":"FSJ y Pr\u00e1cticas - ICP M\u00fcnchen","isPartOf":{"@id":"https:\/\/www.icpmuenchen.de\/es\/#website"},"primaryImageOfPage":{"@id":"https:\/\/www.icpmuenchen.de\/es\/formacion-y-carrera-profesional\/fsj-y-practicas\/#primaryimage"},"image":{"@id":"https:\/\/www.icpmuenchen.de\/es\/formacion-y-carrera-profesional\/fsj-y-practicas\/#primaryimage"},"thumbnailUrl":"https:\/\/www.icpmuenchen.de\/wp-content\/uploads\/2022\/11\/FSJ-Homepage-1024x768.jpg","datePublished":"2021-06-16T10:11:20+00:00","dateModified":"2024-04-15T08:22:17+00:00","breadcrumb":{"@id":"https:\/\/www.icpmuenchen.de\/es\/formacion-y-carrera-profesional\/fsj-y-practicas\/#breadcrumb"},"inLanguage":"es","potentialAction":[{"@type":"ReadAction","target":["https:\/\/www.icpmuenchen.de\/es\/formacion-y-carrera-profesional\/fsj-y-practicas\/"]}]},{"@type":"ImageObject","inLanguage":"es","@id":"https:\/\/www.icpmuenchen.de\/es\/formacion-y-carrera-profesional\/fsj-y-practicas\/#primaryimage","url":"https:\/\/www.icpmuenchen.de\/wp-content\/uploads\/2022\/11\/FSJ-Homepage-1024x768.jpg","contentUrl":"https:\/\/www.icpmuenchen.de\/wp-content\/uploads\/2022\/11\/FSJ-Homepage-1024x768.jpg"},{"@type":"BreadcrumbList","@id":"https:\/\/www.icpmuenchen.de\/es\/formacion-y-carrera-profesional\/fsj-y-practicas\/#breadcrumb","itemListElement":[{"@type":"ListItem","position":1,"name":"Startseite","item":"https:\/\/www.icpmuenchen.de\/es\/"},{"@type":"ListItem","position":2,"name":"Formaci\u00f3n y carrera profesional","item":"https:\/\/www.icpmuenchen.de\/es\/formacion-y-carrera-profesional\/"},{"@type":"ListItem","position":3,"name":"FSJ y Pr\u00e1cticas"}]},{"@type":"WebSite","@id":"https:\/\/www.icpmuenchen.de\/es\/#website","url":"https:\/\/www.icpmuenchen.de\/es\/","name":"ICP M\u00fcnchen","description":"Integrationszentrum f\u00fcr K\u00f6rperbehinderte","publisher":{"@id":"https:\/\/www.icpmuenchen.de\/es\/#organization"},"potentialAction":[{"@type":"SearchAction","target":{"@type":"EntryPoint","urlTemplate":"https:\/\/www.icpmuenchen.de\/es\/?s={search_term_string}"},"query-input":{"@type":"PropertyValueSpecification","valueRequired":true,"valueName":"search_term_string"}}],"inLanguage":"es"},{"@type":"Organization","@id":"https:\/\/www.icpmuenchen.de\/es\/#organization","name":"ICP M\u00fcnchen","url":"https:\/\/www.icpmuenchen.de\/es\/","logo":{"@type":"ImageObject","inLanguage":"es","@id":"https:\/\/www.icpmuenchen.de\/es\/#\/schema\/logo\/image\/","url":"https:\/\/www.icpmuenchen.de\/wp-content\/uploads\/2020\/08\/Logo_Stiftung-ICP.svg","contentUrl":"https:\/\/www.icpmuenchen.de\/wp-content\/uploads\/2020\/08\/Logo_Stiftung-ICP.svg","width":1,"height":1,"caption":"ICP M\u00fcnchen"},"image":{"@id":"https:\/\/www.icpmuenchen.de\/es\/#\/schema\/logo\/image\/"}}]}},"_links":{"self":[{"href":"https:\/\/www.icpmuenchen.de\/es\/wp-json\/wp\/v2\/pages\/6198","targetHints":{"allow":["GET"]}}],"collection":[{"href":"https:\/\/www.icpmuenchen.de\/es\/wp-json\/wp\/v2\/pages"}],"about":[{"href":"https:\/\/www.icpmuenchen.de\/es\/wp-json\/wp\/v2\/types\/page"}],"author":[{"embeddable":true,"href":"https:\/\/www.icpmuenchen.de\/es\/wp-json\/wp\/v2\/users\/1"}],"replies":[{"embeddable":true,"href":"https:\/\/www.icpmuenchen.de\/es\/wp-json\/wp\/v2\/comments?post=6198"}],"version-history":[{"count":24,"href":"https:\/\/www.icpmuenchen.de\/es\/wp-json\/wp\/v2\/pages\/6198\/revisions"}],"predecessor-version":[{"id":16953,"href":"https:\/\/www.icpmuenchen.de\/es\/wp-json\/wp\/v2\/pages\/6198\/revisions\/16953"}],"up":[{"embeddable":true,"href":"https:\/\/www.icpmuenchen.de\/es\/wp-json\/wp\/v2\/pages\/6170"}],"wp:attachment":[{"href":"https:\/\/www.icpmuenchen.de\/es\/wp-json\/wp\/v2\/media?parent=6198"}],"curies":[{"name":"wp","href":"https:\/\/api.w.org\/{rel}","templated":true}]}}