{"id":5766,"date":"2021-05-10T12:11:08","date_gmt":"2021-05-10T10:11:08","guid":{"rendered":"https:\/\/www.icpmuenchen.de\/geschichte\/"},"modified":"2023-02-13T14:13:03","modified_gmt":"2023-02-13T13:13:03","slug":"histoire","status":"publish","type":"page","link":"https:\/\/www.icpmuenchen.de\/fr\/stiftung-icp-muenchen\/histoire\/","title":{"rendered":"Histoire"},"content":{"rendered":"\t\t<div data-elementor-type=\"wp-page\" data-elementor-id=\"5766\" class=\"elementor elementor-5766 elementor-1392\" data-elementor-post-type=\"page\">\n\t\t\t\t\t\t<section class=\"elementor-section elementor-top-section elementor-element elementor-element-395939d2 elementor-section-height-min-height elementor-section-content-middle elementor-section-boxed elementor-section-height-default elementor-section-items-middle\" data-id=\"395939d2\" data-element_type=\"section\" data-e-type=\"section\" data-settings=\"{&quot;background_background&quot;:&quot;classic&quot;}\">\n\t\t\t\t\t\t\t<div class=\"elementor-background-overlay\"><\/div>\n\t\t\t\t\t\t\t<div class=\"elementor-container elementor-column-gap-default\">\n\t\t\t\t\t<div class=\"elementor-column elementor-col-100 elementor-top-column elementor-element elementor-element-22a19889\" data-id=\"22a19889\" data-element_type=\"column\" data-e-type=\"column\">\n\t\t\t<div class=\"elementor-widget-wrap elementor-element-populated\">\n\t\t\t\t\t\t<div class=\"elementor-element elementor-element-2257dd7 elementor-widget elementor-widget-elementskit-heading\" data-id=\"2257dd7\" data-element_type=\"widget\" data-e-type=\"widget\" data-widget_type=\"elementskit-heading.default\">\n\t\t\t\t<div class=\"elementor-widget-container\">\n\t\t\t\t\t<div class=\"ekit-wid-con\" ><div class=\"ekit-heading elementskit-section-title-wraper text_left   ekit_heading_tablet-   ekit_heading_mobile-\"><h3 class=\"elementskit-section-subtitle  \">\n\t\t\t\t\t\tPhilosophie, Organisation &amp; Management, Histoire, Revue annuelle\n\t\t\t\t\t<\/h3><h2 class=\"ekit-heading--title elementskit-section-title \">FONDATION ICP M\u00dcNCHEN<\/h2><\/div><\/div>\t\t\t\t<\/div>\n\t\t\t\t<\/div>\n\t\t\t\t\t<\/div>\n\t\t<\/div>\n\t\t\t\t\t<\/div>\n\t\t<\/section>\n\t\t\t\t<section class=\"elementor-section elementor-inner-section elementor-element elementor-element-7448881d animated-slow elementor-section-content-middle elementor-section-boxed elementor-section-height-default elementor-section-height-default elementor-invisible\" data-id=\"7448881d\" data-element_type=\"section\" data-e-type=\"section\" data-settings=\"{&quot;animation&quot;:&quot;fadeInUp&quot;}\">\n\t\t\t\t\t\t<div class=\"elementor-container elementor-column-gap-default\">\n\t\t\t\t\t<div class=\"elementor-column elementor-col-100 elementor-inner-column elementor-element elementor-element-13b0a10f\" data-id=\"13b0a10f\" data-element_type=\"column\" data-e-type=\"column\">\n\t\t\t<div class=\"elementor-widget-wrap elementor-element-populated\">\n\t\t\t\t\t\t<div class=\"elementor-element elementor-element-420c958b elementor-widget elementor-widget-elementskit-heading\" data-id=\"420c958b\" data-element_type=\"widget\" data-e-type=\"widget\" data-widget_type=\"elementskit-heading.default\">\n\t\t\t\t<div class=\"elementor-widget-container\">\n\t\t\t\t\t<div class=\"ekit-wid-con\" ><div class=\"ekit-heading elementskit-section-title-wraper text_center   ekit_heading_tablet-   ekit_heading_mobile-\"><h3 class=\"elementskit-section-subtitle  \">\n\t\t\t\t\t\tFONDATION ICP M\u00dcNCHEN\n\t\t\t\t\t<\/h3><h2 class=\"ekit-heading--title elementskit-section-title \">Histoire<\/h2><\/div><\/div>\t\t\t\t<\/div>\n\t\t\t\t<\/div>\n\t\t\t\t\t<\/div>\n\t\t<\/div>\n\t\t\t\t\t<\/div>\n\t\t<\/section>\n\t\t\t\t<section class=\"elementor-section elementor-top-section elementor-element elementor-element-1fea8759 elementor-section-boxed elementor-section-height-default elementor-section-height-default\" data-id=\"1fea8759\" data-element_type=\"section\" data-e-type=\"section\">\n\t\t\t\t\t\t<div class=\"elementor-container elementor-column-gap-default\">\n\t\t\t\t\t<div class=\"elementor-column elementor-col-100 elementor-top-column elementor-element elementor-element-3963429e\" data-id=\"3963429e\" data-element_type=\"column\" data-e-type=\"column\">\n\t\t\t<div class=\"elementor-widget-wrap elementor-element-populated\">\n\t\t\t\t\t\t<div class=\"elementor-element elementor-element-661d3a22 elementor-widget__width-auto elementor-absolute elementor-hidden-tablet elementor-hidden-phone animated-slow elementor-invisible elementor-widget elementor-widget-elementskit-heading\" data-id=\"661d3a22\" data-element_type=\"widget\" data-e-type=\"widget\" data-settings=\"{&quot;_position&quot;:&quot;absolute&quot;,&quot;_animation&quot;:&quot;fadeInUp&quot;}\" data-widget_type=\"elementskit-heading.default\">\n\t\t\t\t<div class=\"elementor-widget-container\">\n\t\t\t\t\t<div class=\"ekit-wid-con\" ><div class=\"ekit-heading elementskit-section-title-wraper text_center   ekit_heading_tablet-   ekit_heading_mobile-\"><\/div><\/div>\t\t\t\t<\/div>\n\t\t\t\t<\/div>\n\t\t\t\t<div class=\"elementor-element elementor-element-c1aa2dc elementor-widget elementor-widget-be-timeline\" data-id=\"c1aa2dc\" data-element_type=\"widget\" data-e-type=\"widget\" data-widget_type=\"be-timeline.default\">\n\t\t\t\t<div class=\"elementor-widget-container\">\n\t\t\t\t\t<ul class=\"be-pack timeline \"><li class=\"timeline-right\"> \n\t\t\t<div class=\"tl-circ\"><\/div>\n\t\t <div class=\"timeline-panel\">\n\t\t   <div class=\"tl-heading\">\n\t\t\t <div class=\"tl-content\">\n\n\t\t\t    \n\t\t\t\t\t\t<div class=\"timeline_pic pull-left\"><img decoding=\"async\" width=\"200\" height=\"140\" src=\"https:\/\/www.icpmuenchen.de\/wp-content\/uploads\/2021\/04\/ca83b6aefe.jpg\" class=\"attachment-medium size-medium wp-image-704\" \/><\/div>\n\t\t\t\t\t\t<div class=\"be-desc\">\n\t\t\t\t\t\t\t<h2 class=\"be-title\">1956<\/h2>\t\t\t\t\t\t\t<div class=\"be-content\"><p>gr\u00fcndete Professor Dr. Albert G\u00f6b den \u201eVerein zur F\u00f6rderung spastisch gel\u00e4hmter Kinder\u201c. Dr. G\u00f6b war damals Leitender Oberarzt der Orthop\u00e4dischen Uni-Poliklinik in der Pettenkoferstra\u00dfe in M\u00fcnchen sowie stellvertretender Landesarzt f\u00fcr K\u00f6rperbehinderte und wollte eine Einrichtung schaffen, in der die Behandlung spastisch gel\u00e4hmter Kinder erfolgen konnte. Dies war eine wahre Pionierleistung, denn zu diesem Zeitpunkt gab es eine solche F\u00f6rderst\u00e4tte f\u00fcr spastisch gel\u00e4hmte Kinder nicht. Das M\u00fcnchener Spastiker-Zentrum war die erste Spezialeinrichtung dieser Art in der Bundesrepublik, Prof. Dr. Albert G\u00f6b war bis 1990 \u00c4rztlicher Leiter und Vorsitzender des Vereins. Von 1990 bis 1998 \u00fcbernahm Prof. Dr. Siegfried Stotz die \u00e4rztliche Leitung des Spastiker-Zentrums, der bis 1996 zeitgleich auch als Vorstandvorsitzender des Tr\u00e4gervereins t\u00e4tig war.<\/p><\/div>\t\t\t\t\t\t<\/div>\n\n\t\t\t\t\t\n\t\t\t\t<\/div>\n\n\t\t\t<\/div>\n\t\t<\/div>\n\t\t\t<\/li>\n\t\t\t<li class=\"timeline-inverted\"> \n\t\t\t<div class=\"tl-circ\"><\/div>\n\t\t <div class=\"timeline-panel\">\n\t\t   <div class=\"tl-heading\">\n\t\t\t <div class=\"tl-content\">\n\n\t\t\t    \n\t\t\t\t\t\t\n\t\t\t\t\t\t<div class=\"be-desc\">\n\t\t\t\t\t\t\t<h2 class=\"be-title\">1960<\/h2>\t\t\t\t\t\t\t<div class=\"be-content\"><p>wurde das Waschhaus auf dem Gel\u00e4nde des Altenheims St. Josef umgebaut. Dort konnte das Spastiker-Zentrum 25 Kinder aufnehmen.<\/p><\/div>\t\t\t\t\t\t<\/div>\n\n\t\t\t\t\t\n\t\t\t\t<\/div>\n\n\t\t\t<\/div>\n\t\t<\/div>\n\t\t\t<\/li>\n\t\t\t<li class=\"timeline-right\"> \n\t\t\t<div class=\"tl-circ\"><\/div>\n\t\t <div class=\"timeline-panel\">\n\t\t   <div class=\"tl-heading\">\n\t\t\t <div class=\"tl-content\">\n\n\t\t\t    \n\t\t\t\t\t\t\n\t\t\t\t\t\t<div class=\"be-desc\">\n\t\t\t\t\t\t\t<h2 class=\"be-title\">1974\/78<\/h2>\t\t\t\t\t\t\t<div class=\"be-content\"><p>wurde das Berufsbildungswerk (BBW) im ICP er\u00f6ffnet und ein Teil des Westbaus umgebaut.<\/p><\/div>\t\t\t\t\t\t<\/div>\n\n\t\t\t\t\t\n\t\t\t\t<\/div>\n\n\t\t\t<\/div>\n\t\t<\/div>\n\t\t\t<\/li>\n\t\t\t<li class=\"timeline-inverted\"> \n\t\t\t<div class=\"tl-circ\"><\/div>\n\t\t <div class=\"timeline-panel\">\n\t\t   <div class=\"tl-heading\">\n\t\t\t <div class=\"tl-content\">\n\n\t\t\t    \n\t\t\t\t\t\t\n\t\t\t\t\t\t<div class=\"be-desc\">\n\t\t\t\t\t\t\t<h2 class=\"be-title\">1997<\/h2>\t\t\t\t\t\t\t<div class=\"be-content\"><p>wurde das MFZ M\u00fcnchner F\u00f6rderzentrum in Giesing er\u00f6ffnet.<\/p><\/div>\t\t\t\t\t\t<\/div>\n\n\t\t\t\t\t\n\t\t\t\t<\/div>\n\n\t\t\t<\/div>\n\t\t<\/div>\n\t\t\t<\/li>\n\t\t\t<li class=\"timeline-right\"> \n\t\t\t<div class=\"tl-circ\"><\/div>\n\t\t <div class=\"timeline-panel\">\n\t\t   <div class=\"tl-heading\">\n\t\t\t <div class=\"tl-content\">\n\n\t\t\t    \n\t\t\t\t\t\t\n\t\t\t\t\t\t<div class=\"be-desc\">\n\t\t\t\t\t\t\t<h2 class=\"be-title\">2001<\/h2>\t\t\t\t\t\t\t<div class=\"be-content\"><p>stie\u00df das in Spastiker-Zentrum zunehmend an funktionelle und r\u00e4umliche Grenzen. Der bauliche Zustand wies erhebliche M\u00e4ngel auf, die sanit\u00e4ren Einrichtungen und die gesamte Haustechnik waren veraltet. Au\u00dferdem reichte das Raumangebot f\u00fcr die gro\u00dfe Nachfrage nicht mehr aus.<\/p><\/div>\t\t\t\t\t\t<\/div>\n\n\t\t\t\t\t\n\t\t\t\t<\/div>\n\n\t\t\t<\/div>\n\t\t<\/div>\n\t\t\t<\/li>\n\t\t\t<li class=\"timeline-inverted\"> \n\t\t\t<div class=\"tl-circ\"><\/div>\n\t\t <div class=\"timeline-panel\">\n\t\t   <div class=\"tl-heading\">\n\t\t\t <div class=\"tl-content\">\n\n\t\t\t    \n\t\t\t\t\t\t\n\t\t\t\t\t\t<div class=\"be-desc\">\n\t\t\t\t\t\t\t<h2 class=\"be-title\">2002<\/h2>\t\t\t\t\t\t\t<div class=\"be-content\"><p>wurde das alte Spastiker-Zentrum abgerissen und der Grundstein f\u00fcr den Neubau gelegt.\u00a0<br \/>Auch der Spatenstich f\u00fcr die Integrative Kinderkrippe \u201eKleeblatt\u201c erfolgte.<\/p><\/div>\t\t\t\t\t\t<\/div>\n\n\t\t\t\t\t\n\t\t\t\t<\/div>\n\n\t\t\t<\/div>\n\t\t<\/div>\n\t\t\t<\/li>\n\t\t\t<li class=\"timeline-right\"> \n\t\t\t<div class=\"tl-circ\"><\/div>\n\t\t <div class=\"timeline-panel\">\n\t\t   <div class=\"tl-heading\">\n\t\t\t <div class=\"tl-content\">\n\n\t\t\t    \n\t\t\t\t\t\t\n\t\t\t\t\t\t<div class=\"be-desc\">\n\t\t\t\t\t\t\t<h2 class=\"be-title\">2004<\/h2>\t\t\t\t\t\t\t<div class=\"be-content\"><p>wurde das neue Geb\u00e4ude an der Garmischer Stra\u00dfe bezogen, gleichzeitig wurde das Spastiker Zentrum umbenannt in ICP - Integrationszentrum f\u00fcr Cerebralparesen.<\/p><\/div>\t\t\t\t\t\t<\/div>\n\n\t\t\t\t\t\n\t\t\t\t<\/div>\n\n\t\t\t<\/div>\n\t\t<\/div>\n\t\t\t<\/li>\n\t\t\t<li class=\"timeline-inverted\"> \n\t\t\t<div class=\"tl-circ\"><\/div>\n\t\t <div class=\"timeline-panel\">\n\t\t   <div class=\"tl-heading\">\n\t\t\t <div class=\"tl-content\">\n\n\t\t\t    \n\t\t\t\t\t\t\n\t\t\t\t\t\t<div class=\"be-desc\">\n\t\t\t\t\t\t\t<h2 class=\"be-title\">2008<\/h2>\t\t\t\t\t\t\t<div class=\"be-content\"><p>Er\u00f6ffnung des MFZ in Freimann.<\/p><p>\u00a0<\/p><p>Die integrative Kinderkrippe Kleeblatt wurde mit Kindergartenpl\u00e4tzen erweitert und wurde somit zum integrativen Kinderhaus Kleeblatt mit insgesamt 108 Pl\u00e4tzen<\/p><\/div>\t\t\t\t\t\t<\/div>\n\n\t\t\t\t\t\n\t\t\t\t<\/div>\n\n\t\t\t<\/div>\n\t\t<\/div>\n\t\t\t<\/li>\n\t\t\t<li class=\"timeline-right\"> \n\t\t\t<div class=\"tl-circ\"><\/div>\n\t\t <div class=\"timeline-panel\">\n\t\t   <div class=\"tl-heading\">\n\t\t\t <div class=\"tl-content\">\n\n\t\t\t    \n\t\t\t\t\t\t\n\t\t\t\t\t\t<div class=\"be-desc\">\n\t\t\t\t\t\t\t<h2 class=\"be-title\">2010<\/h2>\t\t\t\t\t\t\t<div class=\"be-content\"><p>Gr\u00fcndung der inklusiven Grundschule mit integrativem Hort in der Konrad-Celtis-Stra\u00dfe.<\/p><p>Umzug der Einrichtung im Jahr 2017 in das neu gebaute inklusive Luise-Kiesselbach-Haus f\u00fcr Kinder am Standort Garmischer Stra\u00dfe mit Kindergarten, Hort und Grundschule<\/p><\/div>\t\t\t\t\t\t<\/div>\n\n\t\t\t\t\t\n\t\t\t\t<\/div>\n\n\t\t\t<\/div>\n\t\t<\/div>\n\t\t\t<\/li>\n\t\t\t<li class=\"timeline-inverted\"> \n\t\t\t<div class=\"tl-circ\"><\/div>\n\t\t <div class=\"timeline-panel\">\n\t\t   <div class=\"tl-heading\">\n\t\t\t <div class=\"tl-content\">\n\n\t\t\t    \n\t\t\t\t\t\t\n\t\t\t\t\t\t<div class=\"be-desc\">\n\t\t\t\t\t\t\t<h2 class=\"be-title\">2014<\/h2>\t\t\t\t\t\t\t<div class=\"be-content\"><p>wurde der Tr\u00e4gerverein \u201eSpastiker-Zentrum e. V.\u201c in eine Stiftung \u00fcberf\u00fchrt - die Stiftung ICP M\u00fcnchen.<\/p><\/div>\t\t\t\t\t\t<\/div>\n\n\t\t\t\t\t\n\t\t\t\t<\/div>\n\n\t\t\t<\/div>\n\t\t<\/div>\n\t\t\t<\/li>\n\t\t\t<li class=\"timeline-right\"> \n\t\t\t<div class=\"tl-circ\"><\/div>\n\t\t <div class=\"timeline-panel\">\n\t\t   <div class=\"tl-heading\">\n\t\t\t <div class=\"tl-content\">\n\n\t\t\t    \n\t\t\t\t\t\t\n\t\t\t\t\t\t<div class=\"be-desc\">\n\t\t\t\t\t\t\t<h2 class=\"be-title\">2014<\/h2>\t\t\t\t\t\t\t<div class=\"be-content\"><p>\u00dcbernahme der Betriebstr\u00e4gerschaft f\u00fcr die Kindertageseinrichtung Kinderhaus Am Westpark f\u00fcr insgesamt 173 Kinder im Alter von 0-11 Jahren (Kinderkrippe, Kindergarten &amp; Hort)<\/p><p>Im gleichen Jahr wurde die integrative Kinderkrippe Kleeblatt mit insgesamt 42 Pl\u00e4tzen in der Situlistra\u00dfe in M\u00fcnchen-Freimann er\u00f6ffnet.<\/p><\/div>\t\t\t\t\t\t<\/div>\n\n\t\t\t\t\t\n\t\t\t\t<\/div>\n\n\t\t\t<\/div>\n\t\t<\/div>\n\t\t\t<\/li>\n\t\t\t<li class=\"timeline-inverted\"> \n\t\t\t<div class=\"tl-circ\"><\/div>\n\t\t <div class=\"timeline-panel\">\n\t\t   <div class=\"tl-heading\">\n\t\t\t <div class=\"tl-content\">\n\n\t\t\t    \n\t\t\t\t\t\t\n\t\t\t\t\t\t<div class=\"be-desc\">\n\t\t\t\t\t\t\t<h2 class=\"be-title\">2018<\/h2>\t\t\t\t\t\t\t<div class=\"be-content\"><p>Er\u00f6ffnung des MZEB, Medizinisches Zentrum f\u00fcr Erwachsene mit Behinderung, als Spezialambulanz sowohl f\u00fcr externe Patienten als auch f\u00fcr Teilnehmende der Stiftung ICP M\u00fcnchen am Standort MFZ M\u00fcnchner F\u00f6rderzentrum in Giesing.<\/p><p>Im Herbst 2018 nahm die 1. Klasse der neu gegr\u00fcndeten Luise-Kiesselbach-Fachschule f\u00fcr Heilerziehungspflege den Unterricht auf. An der Schule werden zuk\u00fcnftige Heilerziehungspflegerinnen und Heilerziehungspfleger ausgebildet, die zugleich in den Einrichtungen der Stiftung ICP M\u00fcnchen ihren Praxiseinsatz haben.<\/p><\/div>\t\t\t\t\t\t<\/div>\n\n\t\t\t\t\t\n\t\t\t\t<\/div>\n\n\t\t\t<\/div>\n\t\t<\/div>\n\t\t\t<\/li>\n\t\t\t \n      <\/ul>\n\n\t\t\t\t\t<\/div>\n\t\t\t\t<\/div>\n\t\t\t\t\t<\/div>\n\t\t<\/div>\n\t\t\t\t\t<\/div>\n\t\t<\/section>\n\t\t\t\t<section class=\"elementor-section elementor-top-section elementor-element elementor-element-b5f0043 elementor-section-boxed elementor-section-height-default elementor-section-height-default\" data-id=\"b5f0043\" data-element_type=\"section\" data-e-type=\"section\" data-settings=\"{&quot;background_background&quot;:&quot;classic&quot;}\">\n\t\t\t\t\t\t<div class=\"elementor-container elementor-column-gap-no\">\n\t\t\t\t\t<div class=\"elementor-column elementor-col-100 elementor-top-column elementor-element elementor-element-15625e2\" data-id=\"15625e2\" data-element_type=\"column\" data-e-type=\"column\">\n\t\t\t<div class=\"elementor-widget-wrap\">\n\t\t\t\t\t\t\t<\/div>\n\t\t<\/div>\n\t\t\t\t\t<\/div>\n\t\t<\/section>\n\t\t\t\t<\/div>\n\t\t","protected":false},"excerpt":{"rendered":"<p>Philosophie, Organisation &amp; Management, Histoire, Revue annuelle FONDATION ICP M\u00dcNCHEN FONDATION ICP M\u00dcNCHEN Histoire 1956 gr\u00fcndete Professor Dr. Albert G\u00f6b den \u201eVerein zur F\u00f6rderung spastisch gel\u00e4hmter Kinder\u201c. Dr. G\u00f6b war damals Leitender Oberarzt der Orthop\u00e4dischen Uni-Poliklinik in der Pettenkoferstra\u00dfe in M\u00fcnchen sowie stellvertretender Landesarzt f\u00fcr K\u00f6rperbehinderte und wollte eine Einrichtung schaffen, in der die Behandlung [&hellip;]<\/p>\n","protected":false},"author":1,"featured_media":0,"parent":5774,"menu_order":3,"comment_status":"closed","ping_status":"closed","template":"","meta":{"footnotes":""},"class_list":["post-5766","page","type-page","status-publish","hentry"],"yoast_head":"<!-- This site is optimized with the Yoast SEO plugin v26.8 - https:\/\/yoast.com\/product\/yoast-seo-wordpress\/ -->\n<title>Histoire - ICP M\u00fcnchen<\/title>\n<meta name=\"robots\" content=\"index, follow, max-snippet:-1, max-image-preview:large, max-video-preview:-1\" \/>\n<link rel=\"canonical\" href=\"https:\/\/www.icpmuenchen.de\/fr\/stiftung-icp-muenchen\/histoire\/\" \/>\n<meta property=\"og:locale\" content=\"fr_FR\" \/>\n<meta property=\"og:type\" content=\"article\" \/>\n<meta property=\"og:title\" content=\"Histoire - ICP M\u00fcnchen\" \/>\n<meta property=\"og:description\" content=\"Philosophie, Organisation &amp; Management, Histoire, Revue annuelle FONDATION ICP M\u00dcNCHEN FONDATION ICP M\u00dcNCHEN Histoire 1956 gr\u00fcndete Professor Dr. Albert G\u00f6b den \u201eVerein zur F\u00f6rderung spastisch gel\u00e4hmter Kinder\u201c. Dr. G\u00f6b war damals Leitender Oberarzt der Orthop\u00e4dischen Uni-Poliklinik in der Pettenkoferstra\u00dfe in M\u00fcnchen sowie stellvertretender Landesarzt f\u00fcr K\u00f6rperbehinderte und wollte eine Einrichtung schaffen, in der die Behandlung [&hellip;]\" \/>\n<meta property=\"og:url\" content=\"https:\/\/www.icpmuenchen.de\/fr\/stiftung-icp-muenchen\/histoire\/\" \/>\n<meta property=\"og:site_name\" content=\"ICP M\u00fcnchen\" \/>\n<meta property=\"article:modified_time\" content=\"2023-02-13T13:13:03+00:00\" \/>\n<meta property=\"og:image\" content=\"https:\/\/www.icpmuenchen.de\/wp-content\/uploads\/2021\/04\/ca83b6aefe.jpg\" \/>\n<meta name=\"twitter:card\" content=\"summary_large_image\" \/>\n<meta name=\"twitter:label1\" content=\"Dur\u00e9e de lecture estim\u00e9e\" \/>\n\t<meta name=\"twitter:data1\" content=\"3 minutes\" \/>\n<script type=\"application\/ld+json\" class=\"yoast-schema-graph\">{\"@context\":\"https:\/\/schema.org\",\"@graph\":[{\"@type\":\"WebPage\",\"@id\":\"https:\/\/www.icpmuenchen.de\/fr\/stiftung-icp-muenchen\/histoire\/\",\"url\":\"https:\/\/www.icpmuenchen.de\/fr\/stiftung-icp-muenchen\/histoire\/\",\"name\":\"Histoire - ICP M\u00fcnchen\",\"isPartOf\":{\"@id\":\"https:\/\/www.icpmuenchen.de\/fr\/#website\"},\"primaryImageOfPage\":{\"@id\":\"https:\/\/www.icpmuenchen.de\/fr\/stiftung-icp-muenchen\/histoire\/#primaryimage\"},\"image\":{\"@id\":\"https:\/\/www.icpmuenchen.de\/fr\/stiftung-icp-muenchen\/histoire\/#primaryimage\"},\"thumbnailUrl\":\"https:\/\/www.icpmuenchen.de\/wp-content\/uploads\/2021\/04\/ca83b6aefe.jpg\",\"datePublished\":\"2021-05-10T10:11:08+00:00\",\"dateModified\":\"2023-02-13T13:13:03+00:00\",\"breadcrumb\":{\"@id\":\"https:\/\/www.icpmuenchen.de\/fr\/stiftung-icp-muenchen\/histoire\/#breadcrumb\"},\"inLanguage\":\"fr-FR\",\"potentialAction\":[{\"@type\":\"ReadAction\",\"target\":[\"https:\/\/www.icpmuenchen.de\/fr\/stiftung-icp-muenchen\/histoire\/\"]}]},{\"@type\":\"ImageObject\",\"inLanguage\":\"fr-FR\",\"@id\":\"https:\/\/www.icpmuenchen.de\/fr\/stiftung-icp-muenchen\/histoire\/#primaryimage\",\"url\":\"https:\/\/www.icpmuenchen.de\/wp-content\/uploads\/2021\/04\/ca83b6aefe.jpg\",\"contentUrl\":\"https:\/\/www.icpmuenchen.de\/wp-content\/uploads\/2021\/04\/ca83b6aefe.jpg\"},{\"@type\":\"BreadcrumbList\",\"@id\":\"https:\/\/www.icpmuenchen.de\/fr\/stiftung-icp-muenchen\/histoire\/#breadcrumb\",\"itemListElement\":[{\"@type\":\"ListItem\",\"position\":1,\"name\":\"Startseite\",\"item\":\"https:\/\/www.icpmuenchen.de\/fr\/\"},{\"@type\":\"ListItem\",\"position\":2,\"name\":\"Stiftung ICP M\u00fcnchen\",\"item\":\"https:\/\/www.icpmuenchen.de\/fr\/stiftung-icp-muenchen\/\"},{\"@type\":\"ListItem\",\"position\":3,\"name\":\"Histoire\"}]},{\"@type\":\"WebSite\",\"@id\":\"https:\/\/www.icpmuenchen.de\/fr\/#website\",\"url\":\"https:\/\/www.icpmuenchen.de\/fr\/\",\"name\":\"ICP M\u00fcnchen\",\"description\":\"Integrationszentrum f\u00fcr K\u00f6rperbehinderte\",\"publisher\":{\"@id\":\"https:\/\/www.icpmuenchen.de\/fr\/#organization\"},\"potentialAction\":[{\"@type\":\"SearchAction\",\"target\":{\"@type\":\"EntryPoint\",\"urlTemplate\":\"https:\/\/www.icpmuenchen.de\/fr\/?s={search_term_string}\"},\"query-input\":{\"@type\":\"PropertyValueSpecification\",\"valueRequired\":true,\"valueName\":\"search_term_string\"}}],\"inLanguage\":\"fr-FR\"},{\"@type\":\"Organization\",\"@id\":\"https:\/\/www.icpmuenchen.de\/fr\/#organization\",\"name\":\"ICP M\u00fcnchen\",\"url\":\"https:\/\/www.icpmuenchen.de\/fr\/\",\"logo\":{\"@type\":\"ImageObject\",\"inLanguage\":\"fr-FR\",\"@id\":\"https:\/\/www.icpmuenchen.de\/fr\/#\/schema\/logo\/image\/\",\"url\":\"https:\/\/www.icpmuenchen.de\/wp-content\/uploads\/2020\/08\/Logo_Stiftung-ICP.svg\",\"contentUrl\":\"https:\/\/www.icpmuenchen.de\/wp-content\/uploads\/2020\/08\/Logo_Stiftung-ICP.svg\",\"width\":1,\"height\":1,\"caption\":\"ICP M\u00fcnchen\"},\"image\":{\"@id\":\"https:\/\/www.icpmuenchen.de\/fr\/#\/schema\/logo\/image\/\"}}]}<\/script>\n<!-- \/ Yoast SEO plugin. -->","yoast_head_json":{"title":"Histoire - ICP M\u00fcnchen","robots":{"index":"index","follow":"follow","max-snippet":"max-snippet:-1","max-image-preview":"max-image-preview:large","max-video-preview":"max-video-preview:-1"},"canonical":"https:\/\/www.icpmuenchen.de\/fr\/stiftung-icp-muenchen\/histoire\/","og_locale":"fr_FR","og_type":"article","og_title":"Histoire - ICP M\u00fcnchen","og_description":"Philosophie, Organisation &amp; Management, Histoire, Revue annuelle FONDATION ICP M\u00dcNCHEN FONDATION ICP M\u00dcNCHEN Histoire 1956 gr\u00fcndete Professor Dr. Albert G\u00f6b den \u201eVerein zur F\u00f6rderung spastisch gel\u00e4hmter Kinder\u201c. Dr. G\u00f6b war damals Leitender Oberarzt der Orthop\u00e4dischen Uni-Poliklinik in der Pettenkoferstra\u00dfe in M\u00fcnchen sowie stellvertretender Landesarzt f\u00fcr K\u00f6rperbehinderte und wollte eine Einrichtung schaffen, in der die Behandlung [&hellip;]","og_url":"https:\/\/www.icpmuenchen.de\/fr\/stiftung-icp-muenchen\/histoire\/","og_site_name":"ICP M\u00fcnchen","article_modified_time":"2023-02-13T13:13:03+00:00","og_image":[{"url":"https:\/\/www.icpmuenchen.de\/wp-content\/uploads\/2021\/04\/ca83b6aefe.jpg","type":"","width":"","height":""}],"twitter_card":"summary_large_image","twitter_misc":{"Dur\u00e9e de lecture estim\u00e9e":"3 minutes"},"schema":{"@context":"https:\/\/schema.org","@graph":[{"@type":"WebPage","@id":"https:\/\/www.icpmuenchen.de\/fr\/stiftung-icp-muenchen\/histoire\/","url":"https:\/\/www.icpmuenchen.de\/fr\/stiftung-icp-muenchen\/histoire\/","name":"Histoire - ICP M\u00fcnchen","isPartOf":{"@id":"https:\/\/www.icpmuenchen.de\/fr\/#website"},"primaryImageOfPage":{"@id":"https:\/\/www.icpmuenchen.de\/fr\/stiftung-icp-muenchen\/histoire\/#primaryimage"},"image":{"@id":"https:\/\/www.icpmuenchen.de\/fr\/stiftung-icp-muenchen\/histoire\/#primaryimage"},"thumbnailUrl":"https:\/\/www.icpmuenchen.de\/wp-content\/uploads\/2021\/04\/ca83b6aefe.jpg","datePublished":"2021-05-10T10:11:08+00:00","dateModified":"2023-02-13T13:13:03+00:00","breadcrumb":{"@id":"https:\/\/www.icpmuenchen.de\/fr\/stiftung-icp-muenchen\/histoire\/#breadcrumb"},"inLanguage":"fr-FR","potentialAction":[{"@type":"ReadAction","target":["https:\/\/www.icpmuenchen.de\/fr\/stiftung-icp-muenchen\/histoire\/"]}]},{"@type":"ImageObject","inLanguage":"fr-FR","@id":"https:\/\/www.icpmuenchen.de\/fr\/stiftung-icp-muenchen\/histoire\/#primaryimage","url":"https:\/\/www.icpmuenchen.de\/wp-content\/uploads\/2021\/04\/ca83b6aefe.jpg","contentUrl":"https:\/\/www.icpmuenchen.de\/wp-content\/uploads\/2021\/04\/ca83b6aefe.jpg"},{"@type":"BreadcrumbList","@id":"https:\/\/www.icpmuenchen.de\/fr\/stiftung-icp-muenchen\/histoire\/#breadcrumb","itemListElement":[{"@type":"ListItem","position":1,"name":"Startseite","item":"https:\/\/www.icpmuenchen.de\/fr\/"},{"@type":"ListItem","position":2,"name":"Stiftung ICP M\u00fcnchen","item":"https:\/\/www.icpmuenchen.de\/fr\/stiftung-icp-muenchen\/"},{"@type":"ListItem","position":3,"name":"Histoire"}]},{"@type":"WebSite","@id":"https:\/\/www.icpmuenchen.de\/fr\/#website","url":"https:\/\/www.icpmuenchen.de\/fr\/","name":"ICP M\u00fcnchen","description":"Integrationszentrum f\u00fcr K\u00f6rperbehinderte","publisher":{"@id":"https:\/\/www.icpmuenchen.de\/fr\/#organization"},"potentialAction":[{"@type":"SearchAction","target":{"@type":"EntryPoint","urlTemplate":"https:\/\/www.icpmuenchen.de\/fr\/?s={search_term_string}"},"query-input":{"@type":"PropertyValueSpecification","valueRequired":true,"valueName":"search_term_string"}}],"inLanguage":"fr-FR"},{"@type":"Organization","@id":"https:\/\/www.icpmuenchen.de\/fr\/#organization","name":"ICP M\u00fcnchen","url":"https:\/\/www.icpmuenchen.de\/fr\/","logo":{"@type":"ImageObject","inLanguage":"fr-FR","@id":"https:\/\/www.icpmuenchen.de\/fr\/#\/schema\/logo\/image\/","url":"https:\/\/www.icpmuenchen.de\/wp-content\/uploads\/2020\/08\/Logo_Stiftung-ICP.svg","contentUrl":"https:\/\/www.icpmuenchen.de\/wp-content\/uploads\/2020\/08\/Logo_Stiftung-ICP.svg","width":1,"height":1,"caption":"ICP M\u00fcnchen"},"image":{"@id":"https:\/\/www.icpmuenchen.de\/fr\/#\/schema\/logo\/image\/"}}]}},"_links":{"self":[{"href":"https:\/\/www.icpmuenchen.de\/fr\/wp-json\/wp\/v2\/pages\/5766","targetHints":{"allow":["GET"]}}],"collection":[{"href":"https:\/\/www.icpmuenchen.de\/fr\/wp-json\/wp\/v2\/pages"}],"about":[{"href":"https:\/\/www.icpmuenchen.de\/fr\/wp-json\/wp\/v2\/types\/page"}],"author":[{"embeddable":true,"href":"https:\/\/www.icpmuenchen.de\/fr\/wp-json\/wp\/v2\/users\/1"}],"replies":[{"embeddable":true,"href":"https:\/\/www.icpmuenchen.de\/fr\/wp-json\/wp\/v2\/comments?post=5766"}],"version-history":[{"count":6,"href":"https:\/\/www.icpmuenchen.de\/fr\/wp-json\/wp\/v2\/pages\/5766\/revisions"}],"predecessor-version":[{"id":6332,"href":"https:\/\/www.icpmuenchen.de\/fr\/wp-json\/wp\/v2\/pages\/5766\/revisions\/6332"}],"up":[{"embeddable":true,"href":"https:\/\/www.icpmuenchen.de\/fr\/wp-json\/wp\/v2\/pages\/5774"}],"wp:attachment":[{"href":"https:\/\/www.icpmuenchen.de\/fr\/wp-json\/wp\/v2\/media?parent=5766"}],"curies":[{"name":"wp","href":"https:\/\/api.w.org\/{rel}","templated":true}]}}