{"id":5856,"date":"2021-12-20T13:48:59","date_gmt":"2021-12-20T12:48:59","guid":{"rendered":"https:\/\/www.icpmuenchen.de\/medizin-therapie\/fachaerztliche-betreuung-3\/"},"modified":"2023-02-13T14:12:20","modified_gmt":"2023-02-13T13:12:20","slug":"soins-medicaux-specialises","status":"publish","type":"page","link":"https:\/\/www.icpmuenchen.de\/fr\/medecine-et-therapie\/soins-medicaux-specialises\/","title":{"rendered":"Soins m\u00e9dicaux sp\u00e9cialis\u00e9s"},"content":{"rendered":"\t\t<div data-elementor-type=\"wp-page\" data-elementor-id=\"5856\" class=\"elementor elementor-5856 elementor-4406\" data-elementor-post-type=\"page\">\n\t\t\t\t\t\t<section class=\"elementor-section elementor-top-section elementor-element elementor-element-42c4a261 elementor-section-height-min-height elementor-section-content-middle elementor-section-boxed elementor-section-height-default elementor-section-items-middle\" data-id=\"42c4a261\" data-element_type=\"section\" data-e-type=\"section\" data-settings=\"{&quot;background_background&quot;:&quot;classic&quot;}\">\n\t\t\t\t\t\t\t<div class=\"elementor-background-overlay\"><\/div>\n\t\t\t\t\t\t\t<div class=\"elementor-container elementor-column-gap-default\">\n\t\t\t\t\t<div class=\"elementor-column elementor-col-100 elementor-top-column elementor-element elementor-element-4946e212\" data-id=\"4946e212\" data-element_type=\"column\" data-e-type=\"column\">\n\t\t\t<div class=\"elementor-widget-wrap elementor-element-populated\">\n\t\t\t\t\t\t<div class=\"elementor-element elementor-element-beddfc elementor-widget elementor-widget-elementskit-heading\" data-id=\"beddfc\" data-element_type=\"widget\" data-e-type=\"widget\" data-widget_type=\"elementskit-heading.default\">\n\t\t\t\t<div class=\"elementor-widget-container\">\n\t\t\t\t\t<div class=\"ekit-wid-con\" ><div class=\"ekit-heading elementskit-section-title-wraper text_left   ekit_heading_tablet-   ekit_heading_mobile-\"><h3 class=\"elementskit-section-subtitle  \">\n\t\t\t\t\t\tDiagnostic, Conseil, Soutien, Traitement\n\t\t\t\t\t<\/h3><h2 class=\"ekit-heading--title elementskit-section-title \">M\u00e9decine et th\u00e9rapie<\/h2><\/div><\/div>\t\t\t\t<\/div>\n\t\t\t\t<\/div>\n\t\t\t\t\t<\/div>\n\t\t<\/div>\n\t\t\t\t\t<\/div>\n\t\t<\/section>\n\t\t\t\t<section class=\"elementor-section elementor-top-section elementor-element elementor-element-6869b901 elementor-section-boxed elementor-section-height-default elementor-section-height-default elementor-invisible\" data-id=\"6869b901\" data-element_type=\"section\" data-e-type=\"section\" data-settings=\"{&quot;animation&quot;:&quot;fadeInUp&quot;}\">\n\t\t\t\t\t\t<div class=\"elementor-container elementor-column-gap-default\">\n\t\t\t\t\t<div class=\"elementor-column elementor-col-100 elementor-top-column elementor-element elementor-element-3f5e81a4\" data-id=\"3f5e81a4\" data-element_type=\"column\" data-e-type=\"column\">\n\t\t\t<div class=\"elementor-widget-wrap elementor-element-populated\">\n\t\t\t\t\t\t<div class=\"elementor-element elementor-element-3d491935 elementor-widget__width-auto elementor-absolute elementor-hidden-tablet elementor-hidden-phone animated-slow elementor-invisible elementor-widget elementor-widget-elementskit-heading\" data-id=\"3d491935\" data-element_type=\"widget\" data-e-type=\"widget\" data-settings=\"{&quot;_position&quot;:&quot;absolute&quot;,&quot;_animation&quot;:&quot;fadeInUp&quot;}\" data-widget_type=\"elementskit-heading.default\">\n\t\t\t\t<div class=\"elementor-widget-container\">\n\t\t\t\t\t<div class=\"ekit-wid-con\" ><div class=\"ekit-heading elementskit-section-title-wraper text_center   ekit_heading_tablet-   ekit_heading_mobile-\"><\/div><\/div>\t\t\t\t<\/div>\n\t\t\t\t<\/div>\n\t\t\t\t<div class=\"elementor-element elementor-element-4ccc8f12 elementor-widget elementor-widget-elementskit-heading\" data-id=\"4ccc8f12\" data-element_type=\"widget\" data-e-type=\"widget\" data-widget_type=\"elementskit-heading.default\">\n\t\t\t\t<div class=\"elementor-widget-container\">\n\t\t\t\t\t<div class=\"ekit-wid-con\" ><div class=\"ekit-heading elementskit-section-title-wraper text_center   ekit_heading_tablet-   ekit_heading_mobile-\"><h3 class=\"elementskit-section-subtitle  \">\n\t\t\t\t\t\tM\u00e9decine et th\u00e9rapie\n\t\t\t\t\t<\/h3><h2 class=\"ekit-heading--title elementskit-section-title \">Suivi m\u00e9dical sp\u00e9cialis\u00e9<\/h2><\/div><\/div>\t\t\t\t<\/div>\n\t\t\t\t<\/div>\n\t\t\t\t\t<\/div>\n\t\t<\/div>\n\t\t\t\t\t<\/div>\n\t\t<\/section>\n\t\t\t\t<section class=\"elementor-section elementor-top-section elementor-element elementor-element-b5f0043 elementor-section-boxed elementor-section-height-default elementor-section-height-default\" data-id=\"b5f0043\" data-element_type=\"section\" data-e-type=\"section\" data-settings=\"{&quot;background_background&quot;:&quot;classic&quot;}\">\n\t\t\t\t\t\t<div class=\"elementor-container elementor-column-gap-no\">\n\t\t\t\t\t<div class=\"elementor-column elementor-col-100 elementor-top-column elementor-element elementor-element-15625e2\" data-id=\"15625e2\" data-element_type=\"column\" data-e-type=\"column\">\n\t\t\t<div class=\"elementor-widget-wrap elementor-element-populated\">\n\t\t\t\t\t\t<section class=\"elementor-section elementor-inner-section elementor-element elementor-element-c67782c animated-slow elementor-section-boxed elementor-section-height-default elementor-section-height-default\" data-id=\"c67782c\" data-element_type=\"section\" data-e-type=\"section\" data-settings=\"{&quot;animation&quot;:&quot;none&quot;}\">\n\t\t\t\t\t\t<div class=\"elementor-container elementor-column-gap-default\">\n\t\t\t\t\t<div class=\"elementor-column elementor-col-100 elementor-inner-column elementor-element elementor-element-3b8edd6\" data-id=\"3b8edd6\" data-element_type=\"column\" data-e-type=\"column\">\n\t\t\t<div class=\"elementor-widget-wrap elementor-element-populated\">\n\t\t\t\t\t\t<div class=\"elementor-element elementor-element-4e130a8 elementor-widget elementor-widget-text-editor\" data-id=\"4e130a8\" data-element_type=\"widget\" data-e-type=\"widget\" data-widget_type=\"text-editor.default\">\n\t\t\t\t<div class=\"elementor-widget-container\">\n\t\t\t\t\t\t\t\t\t<p>Dans tous les \u00e9tablissements de la fondation ICP M\u00fcnchen, vous pouvez compter sur un suivi rapproch\u00e9 et pointu de la part de notre \u00e9quipe de m\u00e9decins sp\u00e9cialistes. Notre \u00e9quipe de m\u00e9decins d\u00e9cide de l&rsquo;admission suite \u00e0 un examen initial et prescrit des th\u00e9rapies individuelles dans les domaines de la Kin\u00e9sith\u00e9rapie, de l&rsquo;ergoth\u00e9rapie, de l&rsquo;orthophonie ainsi que de la psychologie. Nous vous proposons des examens m\u00e9dicaux ainsi que des conseils concernant la sant\u00e9 et l\u2019acquisition d\u2019appareillages. Les visites ont lieu deux fois par semaine.<\/p><p>Veronika Wegener, notre directrice de la m\u00e9decine et de la th\u00e9rapeutique de la fondation ICP M\u00fcnchen, est assist\u00e9e par des sp\u00e9cialistes en p\u00e9diatrie et en orthop\u00e9die.<\/p>\t\t\t\t\t\t\t\t<\/div>\n\t\t\t\t<\/div>\n\t\t\t\t<div class=\"elementor-element elementor-element-10ac42f elementor-widget elementor-widget-image\" data-id=\"10ac42f\" data-element_type=\"widget\" data-e-type=\"widget\" data-widget_type=\"image.default\">\n\t\t\t\t<div class=\"elementor-widget-container\">\n\t\t\t\t\t\t\t\t\t\t\t\t\t\t\t<img fetchpriority=\"high\" decoding=\"async\" width=\"800\" height=\"400\" src=\"https:\/\/www.icpmuenchen.de\/wp-content\/uploads\/2021\/06\/fachaerztliche-betreuung-1024x512.jpg\" class=\"attachment-large size-large wp-image-7403\" alt=\"\" srcset=\"https:\/\/www.icpmuenchen.de\/wp-content\/uploads\/2021\/06\/fachaerztliche-betreuung-1024x512.jpg 1024w, https:\/\/www.icpmuenchen.de\/wp-content\/uploads\/2021\/06\/fachaerztliche-betreuung-300x150.jpg 300w, https:\/\/www.icpmuenchen.de\/wp-content\/uploads\/2021\/06\/fachaerztliche-betreuung-768x384.jpg 768w, https:\/\/www.icpmuenchen.de\/wp-content\/uploads\/2021\/06\/fachaerztliche-betreuung.jpg 1200w\" sizes=\"(max-width: 800px) 100vw, 800px\" \/>\t\t\t\t\t\t\t\t\t\t\t\t\t\t\t<\/div>\n\t\t\t\t<\/div>\n\t\t\t\t\t<\/div>\n\t\t<\/div>\n\t\t\t\t\t<\/div>\n\t\t<\/section>\n\t\t\t\t<section class=\"elementor-section elementor-inner-section elementor-element elementor-element-9aefea2 animated-slow elementor-section-boxed elementor-section-height-default elementor-section-height-default\" data-id=\"9aefea2\" data-element_type=\"section\" data-e-type=\"section\" data-settings=\"{&quot;animation&quot;:&quot;none&quot;}\">\n\t\t\t\t\t\t<div class=\"elementor-container elementor-column-gap-default\">\n\t\t\t\t\t<div class=\"elementor-column elementor-col-100 elementor-inner-column elementor-element elementor-element-e139932\" data-id=\"e139932\" data-element_type=\"column\" data-e-type=\"column\" data-settings=\"{&quot;background_background&quot;:&quot;classic&quot;}\">\n\t\t\t<div class=\"elementor-widget-wrap elementor-element-populated\">\n\t\t\t\t\t\t<div class=\"elementor-element elementor-element-67ba102 elementor-widget elementor-widget-heading\" data-id=\"67ba102\" data-element_type=\"widget\" data-e-type=\"widget\" data-widget_type=\"heading.default\">\n\t\t\t\t<div class=\"elementor-widget-container\">\n\t\t\t\t\t<h3 class=\"elementor-heading-title elementor-size-default\">Les soins m\u00e9dicaux comprennent : <\/h3>\t\t\t\t<\/div>\n\t\t\t\t<\/div>\n\t\t\t\t<div class=\"elementor-element elementor-element-7504cfe elementor-widget elementor-widget-text-editor\" data-id=\"7504cfe\" data-element_type=\"widget\" data-e-type=\"widget\" data-widget_type=\"text-editor.default\">\n\t\t\t\t<div class=\"elementor-widget-container\">\n\t\t\t\t\t\t\t\t\t<ul><li>Examens d&rsquo;admission<\/li><li>Entretiens concernant le projet d\u2019accompagnement individualis\u00e9<\/li><li>Visites r\u00e9guli\u00e8res<\/li><li>Analyse individuelle de la marche<\/li><li>Recommandation et gestion des op\u00e9rations<\/li><li>Orientation vers des sp\u00e9cialistes d&rsquo;autres disciplines<\/li><li>Prescription de kin\u00e9sith\u00e9rapie, d&rsquo;ergoth\u00e9rapie et d&rsquo;orthophonie<\/li><li>Prescription d\u2019appareillage. Les appareillages orthop\u00e9diques peuvent \u00eatre produits dans notre propre atelier<\/li><li>Cr\u00e9ation d&rsquo;un plan de m\u00e9dication uniforme au niveau f\u00e9d\u00e9ral<\/li><li>Traitement postop\u00e9ratoire<\/li><\/ul><div>\u00a0<\/div><p>Gr\u00e2ce \u00e0 ce suivi m\u00e9dical intensif, nous souhaitons vous offrir, \u00e0 vous, parents, enfants, adolescents et adultes handicap\u00e9s, la s\u00e9curit\u00e9 que vous m\u00e9ritez.<\/p>\t\t\t\t\t\t\t\t<\/div>\n\t\t\t\t<\/div>\n\t\t\t\t\t<\/div>\n\t\t<\/div>\n\t\t\t\t\t<\/div>\n\t\t<\/section>\n\t\t\t\t\t<\/div>\n\t\t<\/div>\n\t\t\t\t\t<\/div>\n\t\t<\/section>\n\t\t\t\t<section class=\"elementor-section elementor-inner-section elementor-element elementor-element-2d53673c elementor-section-boxed elementor-section-height-default elementor-section-height-default\" data-id=\"2d53673c\" data-element_type=\"section\" data-e-type=\"section\">\n\t\t\t\t\t\t<div class=\"elementor-container elementor-column-gap-default\">\n\t\t\t\t\t<div class=\"elementor-column elementor-col-100 elementor-inner-column elementor-element elementor-element-15bff152\" data-id=\"15bff152\" data-element_type=\"column\" data-e-type=\"column\" data-settings=\"{&quot;background_background&quot;:&quot;classic&quot;}\">\n\t\t\t<div class=\"elementor-widget-wrap elementor-element-populated\">\n\t\t\t\t\t\t<div class=\"elementor-element elementor-element-ca1f8eb elementor-widget elementor-widget-heading\" data-id=\"ca1f8eb\" data-element_type=\"widget\" data-e-type=\"widget\" data-widget_type=\"heading.default\">\n\t\t\t\t<div class=\"elementor-widget-container\">\n\t\t\t\t\t<h3 class=\"elementor-heading-title elementor-size-default\">Documentation \u00e0 t\u00e9l\u00e9charger<\/h3>\t\t\t\t<\/div>\n\t\t\t\t<\/div>\n\t\t\t\t<div class=\"elementor-element elementor-element-3e055767 elementor-align-center elementor-widget elementor-widget-button\" data-id=\"3e055767\" data-element_type=\"widget\" data-e-type=\"widget\" data-widget_type=\"button.default\">\n\t\t\t\t<div class=\"elementor-widget-container\">\n\t\t\t\t\t\t\t\t\t<div class=\"elementor-button-wrapper\">\n\t\t\t\t\t<a class=\"elementor-button elementor-button-link elementor-size-sm\" href=\"\/downloads\/#medizin-therapie\">\n\t\t\t\t\t\t<span class=\"elementor-button-content-wrapper\">\n\t\t\t\t\t\t\t\t\t<span class=\"elementor-button-text\">Vers la zone de t\u00e9l\u00e9chargement<\/span>\n\t\t\t\t\t<\/span>\n\t\t\t\t\t<\/a>\n\t\t\t\t<\/div>\n\t\t\t\t\t\t\t\t<\/div>\n\t\t\t\t<\/div>\n\t\t\t\t\t<\/div>\n\t\t<\/div>\n\t\t\t\t\t<\/div>\n\t\t<\/section>\n\t\t\t\t<section class=\"elementor-section elementor-top-section elementor-element elementor-element-1df555e7 elementor-section-boxed elementor-section-height-default elementor-section-height-default elementor-invisible\" data-id=\"1df555e7\" data-element_type=\"section\" data-e-type=\"section\" data-settings=\"{&quot;background_background&quot;:&quot;classic&quot;,&quot;animation&quot;:&quot;fadeInUp&quot;}\">\n\t\t\t\t\t\t<div class=\"elementor-container elementor-column-gap-no\">\n\t\t\t\t\t<div class=\"elementor-column elementor-col-100 elementor-top-column elementor-element elementor-element-15592f42\" data-id=\"15592f42\" data-element_type=\"column\" data-e-type=\"column\">\n\t\t\t<div class=\"elementor-widget-wrap elementor-element-populated\">\n\t\t\t\t\t\t<section class=\"elementor-section elementor-inner-section elementor-element elementor-element-56b7dc73 animated-slow elementor-section-boxed elementor-section-height-default elementor-section-height-default elementor-invisible\" data-id=\"56b7dc73\" data-element_type=\"section\" data-e-type=\"section\" data-settings=\"{&quot;animation&quot;:&quot;fadeInUp&quot;}\">\n\t\t\t\t\t\t<div class=\"elementor-container elementor-column-gap-default\">\n\t\t\t\t\t<div class=\"elementor-column elementor-col-100 elementor-inner-column elementor-element elementor-element-10a5c219\" data-id=\"10a5c219\" data-element_type=\"column\" data-e-type=\"column\">\n\t\t\t<div class=\"elementor-widget-wrap elementor-element-populated\">\n\t\t\t\t\t\t<div class=\"elementor-element elementor-element-7d93ba5b animated-slow elementor-invisible elementor-widget elementor-widget-elementskit-heading\" data-id=\"7d93ba5b\" data-element_type=\"widget\" data-e-type=\"widget\" data-settings=\"{&quot;_animation&quot;:&quot;fadeInUp&quot;}\" data-widget_type=\"elementskit-heading.default\">\n\t\t\t\t<div class=\"elementor-widget-container\">\n\t\t\t\t\t<div class=\"ekit-wid-con\" ><div class=\"ekit-heading elementskit-section-title-wraper text_center   ekit_heading_tablet-   ekit_heading_mobile-\"><h3 class=\"elementskit-section-subtitle  \">\n\t\t\t\t\t\tPOUR TOUTE QUESTION CONCERNANT LE SUIVI M\u00c9DICAL SP\u00c9CIALIS\u00c9\n\t\t\t\t\t<\/h3><h2 class=\"ekit-heading--title elementskit-section-title \">VOS INTERLOCUTRICES<\/h2><\/div><\/div>\t\t\t\t<\/div>\n\t\t\t\t<\/div>\n\t\t\t\t\t<\/div>\n\t\t<\/div>\n\t\t\t\t\t<\/div>\n\t\t<\/section>\n\t\t\t\t<section class=\"elementor-section elementor-inner-section elementor-element elementor-element-6503952a elementor-section-boxed elementor-section-height-default elementor-section-height-default\" data-id=\"6503952a\" data-element_type=\"section\" data-e-type=\"section\">\n\t\t\t\t\t\t<div class=\"elementor-container elementor-column-gap-default\">\n\t\t\t\t\t<div class=\"elementor-column elementor-col-50 elementor-inner-column elementor-element elementor-element-59684e57\" data-id=\"59684e57\" data-element_type=\"column\" data-e-type=\"column\">\n\t\t\t<div class=\"elementor-widget-wrap elementor-element-populated\">\n\t\t\t\t\t\t<div class=\"elementor-element elementor-element-fb00a40 elementor-widget elementor-widget-elementskit-team\" data-id=\"fb00a40\" data-element_type=\"widget\" data-e-type=\"widget\" data-widget_type=\"elementskit-team.default\">\n\t\t\t\t<div class=\"elementor-widget-container\">\n\t\t\t\t\t<div class=\"ekit-wid-con\">\n\t\t\t\t\t\t\t\t\t\t\t\t\t\t\t <div class=\"style-circle ekit-team-img-fit\"> \t\t\t\t\t\t\t\t\t<div class=\"profile-image-card elementor-animation- ekit-team-img ekit-team-style-overlay_circle text-center\">\n\n\t\t\t\t\t\t\t\t\t\t\t\t\t<img decoding=\"async\" width=\"800\" height=\"796\" src=\"https:\/\/www.icpmuenchen.de\/wp-content\/uploads\/2021\/05\/icp-wegnener-2-1024x1019.jpg\" class=\"attachment-large size-large wp-image-1350\" alt=\"\" srcset=\"https:\/\/www.icpmuenchen.de\/wp-content\/uploads\/2021\/05\/icp-wegnener-2-1024x1019.jpg 1024w, https:\/\/www.icpmuenchen.de\/wp-content\/uploads\/2021\/05\/icp-wegnener-2-300x300.jpg 300w, https:\/\/www.icpmuenchen.de\/wp-content\/uploads\/2021\/05\/icp-wegnener-2-150x150.jpg 150w, https:\/\/www.icpmuenchen.de\/wp-content\/uploads\/2021\/05\/icp-wegnener-2-768x765.jpg 768w, https:\/\/www.icpmuenchen.de\/wp-content\/uploads\/2021\/05\/icp-wegnener-2-1536x1529.jpg 1536w, https:\/\/www.icpmuenchen.de\/wp-content\/uploads\/2021\/05\/icp-wegnener-2-2048x2039.jpg 2048w\" sizes=\"(max-width: 800px) 100vw, 800px\" \/>\t\t\t\t\t\t\t\t\t\t\t\t<div class=\"hover-area\">\n\t\t\t\t\t\t\t<div class=\"profile-body\">\n\t\t\t\t\t\t\t\t<h2 class=\"profile-title\">\n\t\t\t\t\t\t\t\t\t\t\t\t\t\t\t\t\t\t\t\t\t\t\t\t\t\t\t\t\t\t\t\t\t<\/h2>\n\t\t\t\t\t\t\t\t<p class=\"profile-designation\"><\/p>\n\t\t\t\t\t\t\t\t\t\t\t\t\t\t\t<\/div>\n\t\t\t\t\t\t\t\t\t\t\t\t\t<\/div>\n\t\t\t\t\t<\/div>\n\t\t\t\t\t <\/div> \n\t\t\t\t\n\t\t\t\t<\/div>\t\t\t\t<\/div>\n\t\t\t\t<\/div>\n\t\t\t\t<div class=\"elementor-element elementor-element-9aedf58 elementor-widget elementor-widget-elementskit-heading\" data-id=\"9aedf58\" data-element_type=\"widget\" data-e-type=\"widget\" data-widget_type=\"elementskit-heading.default\">\n\t\t\t\t<div class=\"elementor-widget-container\">\n\t\t\t\t\t<div class=\"ekit-wid-con\" ><div class=\"ekit-heading elementskit-section-title-wraper text_center   ekit_heading_tablet-   ekit_heading_mobile-\"><h2 class=\"ekit-heading--title elementskit-section-title \">Dr. med. Veronika Wegener<\/h2><h3 class=\"ekit-heading--subtitle elementskit-section-subtitle  \">\n\t\t\t\t\t\tDirectrice M\u00e9decine &amp; Th\u00e9rapie\n\t\t\t\t\t<\/h3>\t\t\t\t<div class='ekit-heading__description'>\n\t\t\t\t\t<p><a href=\"tel:+498971007200\">+49 89 71007-200<\/a><br \/><a href=\"mailto:veronika.wegener@icp.de\">veronika.wegener@icp.de<\/a><\/p>\n\t\t\t\t<\/div>\n\t\t\t<\/div><\/div>\t\t\t\t<\/div>\n\t\t\t\t<\/div>\n\t\t\t\t\t<\/div>\n\t\t<\/div>\n\t\t\t\t<div class=\"elementor-column elementor-col-50 elementor-inner-column elementor-element elementor-element-b155265\" data-id=\"b155265\" data-element_type=\"column\" data-e-type=\"column\">\n\t\t\t<div class=\"elementor-widget-wrap elementor-element-populated\">\n\t\t\t\t\t\t<div class=\"elementor-element elementor-element-a8fe458 elementor-widget elementor-widget-elementskit-team\" data-id=\"a8fe458\" data-element_type=\"widget\" data-e-type=\"widget\" data-widget_type=\"elementskit-team.default\">\n\t\t\t\t<div class=\"elementor-widget-container\">\n\t\t\t\t\t<div class=\"ekit-wid-con\">\n\t\t\t\t\t\t\t\t\t\t\t\t\t\t\t <div class=\"style-circle ekit-team-img-fit\"> \t\t\t\t\t\t\t\t\t<div class=\"profile-image-card elementor-animation- ekit-team-img ekit-team-style-overlay_circle text-center\">\n\n\t\t\t\t\t\t\t\t\t\t\t\t\t<img decoding=\"async\" width=\"800\" height=\"754\" src=\"https:\/\/www.icpmuenchen.de\/wp-content\/uploads\/2021\/09\/Fr.-Kremer_2a-1024x965.jpg\" class=\"attachment-large size-large wp-image-4185\" alt=\"\" srcset=\"https:\/\/www.icpmuenchen.de\/wp-content\/uploads\/2021\/09\/Fr.-Kremer_2a-1024x965.jpg 1024w, https:\/\/www.icpmuenchen.de\/wp-content\/uploads\/2021\/09\/Fr.-Kremer_2a-300x283.jpg 300w, https:\/\/www.icpmuenchen.de\/wp-content\/uploads\/2021\/09\/Fr.-Kremer_2a-768x724.jpg 768w, https:\/\/www.icpmuenchen.de\/wp-content\/uploads\/2021\/09\/Fr.-Kremer_2a.jpg 1061w\" sizes=\"(max-width: 800px) 100vw, 800px\" \/>\t\t\t\t\t\t\t\t\t\t\t\t<div class=\"hover-area\">\n\t\t\t\t\t\t\t<div class=\"profile-body\">\n\t\t\t\t\t\t\t\t<h2 class=\"profile-title\">\n\t\t\t\t\t\t\t\t\t\t\t\t\t\t\t\t\t\t\t\t\t\t\t\t\t\t\t\t\t\t\t\t\t<\/h2>\n\t\t\t\t\t\t\t\t<p class=\"profile-designation\"><\/p>\n\t\t\t\t\t\t\t\t\t\t\t\t\t\t\t<\/div>\n\t\t\t\t\t\t\t\t\t\t\t\t\t<\/div>\n\t\t\t\t\t<\/div>\n\t\t\t\t\t <\/div> \n\t\t\t\t\n\t\t\t\t<\/div>\t\t\t\t<\/div>\n\t\t\t\t<\/div>\n\t\t\t\t<div class=\"elementor-element elementor-element-9211ac8 elementor-widget elementor-widget-elementskit-heading\" data-id=\"9211ac8\" data-element_type=\"widget\" data-e-type=\"widget\" data-widget_type=\"elementskit-heading.default\">\n\t\t\t\t<div class=\"elementor-widget-container\">\n\t\t\t\t\t<div class=\"ekit-wid-con\" ><div class=\"ekit-heading elementskit-section-title-wraper text_center   ekit_heading_tablet-   ekit_heading_mobile-\"><h2 class=\"ekit-heading--title elementskit-section-title \">Helene Kremer<\/h2><h3 class=\"ekit-heading--subtitle elementskit-section-subtitle  \">\n\t\t\t\t\t\tSecr\u00e9tariat m\u00e9dical de la Fondation ICP\n\t\t\t\t\t<\/h3>\t\t\t\t<div class='ekit-heading__description'>\n\t\t\t\t\t<p><a href=\"tel:+498971007200\">+49 89 71007-200<\/a><br \/>\n<a href=\"mailto:helene.kremer@icp.de\">helene.kremer@icp.de<\/a><\/p>\n\t\t\t\t<\/div>\n\t\t\t<\/div><\/div>\t\t\t\t<\/div>\n\t\t\t\t<\/div>\n\t\t\t\t\t<\/div>\n\t\t<\/div>\n\t\t\t\t\t<\/div>\n\t\t<\/section>\n\t\t\t\t<div class=\"elementor-element elementor-element-57f0c80 elementor-widget elementor-widget-menu-anchor\" data-id=\"57f0c80\" data-element_type=\"widget\" data-e-type=\"widget\" data-widget_type=\"menu-anchor.default\">\n\t\t\t\t<div class=\"elementor-widget-container\">\n\t\t\t\t\t\t\t<div class=\"elementor-menu-anchor\" id=\"service-de-soins-infirmiers\"><\/div>\n\t\t\t\t\t\t<\/div>\n\t\t\t\t<\/div>\n\t\t\t\t\t<\/div>\n\t\t<\/div>\n\t\t\t\t\t<\/div>\n\t\t<\/section>\n\t\t\t\t<section class=\"elementor-section elementor-top-section elementor-element elementor-element-756b2b9 elementor-section-boxed elementor-section-height-default elementor-section-height-default\" data-id=\"756b2b9\" data-element_type=\"section\" data-e-type=\"section\" data-settings=\"{&quot;background_background&quot;:&quot;classic&quot;}\">\n\t\t\t\t\t\t<div class=\"elementor-container elementor-column-gap-no\">\n\t\t\t\t\t<div class=\"elementor-column elementor-col-100 elementor-top-column elementor-element elementor-element-d84690e\" data-id=\"d84690e\" data-element_type=\"column\" data-e-type=\"column\">\n\t\t\t<div class=\"elementor-widget-wrap elementor-element-populated\">\n\t\t\t\t\t\t<section class=\"elementor-section elementor-inner-section elementor-element elementor-element-92c26a7 animated-slow elementor-section-boxed elementor-section-height-default elementor-section-height-default\" data-id=\"92c26a7\" data-element_type=\"section\" data-e-type=\"section\" data-settings=\"{&quot;animation&quot;:&quot;none&quot;}\">\n\t\t\t\t\t\t<div class=\"elementor-container elementor-column-gap-default\">\n\t\t\t\t\t<div class=\"elementor-column elementor-col-100 elementor-inner-column elementor-element elementor-element-c51df31\" data-id=\"c51df31\" data-element_type=\"column\" data-e-type=\"column\">\n\t\t\t<div class=\"elementor-widget-wrap elementor-element-populated\">\n\t\t\t\t\t\t<div class=\"elementor-element elementor-element-833f222 elementor-widget elementor-widget-heading\" data-id=\"833f222\" data-element_type=\"widget\" data-e-type=\"widget\" data-widget_type=\"heading.default\">\n\t\t\t\t<div class=\"elementor-widget-container\">\n\t\t\t\t\t<h3 class=\"elementor-heading-title elementor-size-default\">Service de soins infirmiers<\/h3>\t\t\t\t<\/div>\n\t\t\t\t<\/div>\n\t\t\t\t<div class=\"elementor-element elementor-element-2aea97f elementor-widget elementor-widget-text-editor\" data-id=\"2aea97f\" data-element_type=\"widget\" data-e-type=\"widget\" data-widget_type=\"text-editor.default\">\n\t\t\t\t<div class=\"elementor-widget-container\">\n\t\t\t\t\t\t\t\t\t<p>Notre service de soins infirmiers sur le site de l&rsquo;ICP M\u00fcnchen est organis\u00e9 de mani\u00e8re pluriprofessionnelle. Le personnel m\u00e9dical sp\u00e9cialis\u00e9 de notre service de soins se compose d&rsquo;infirmiers, d&rsquo;infirmiers p\u00e9diatriques ainsi que d&rsquo;un sp\u00e9cialiste en plaies, d&rsquo;une infirmi\u00e8re hygi\u00e9niste et d&rsquo;un infirmier sp\u00e9cialis\u00e9 en soins intensifs p\u00e9diatriques. Gr\u00e2ce \u00e0 la proximit\u00e9 de notre \u00e9quipe m\u00e9dicale et des services \u00e9ducatifs, il est possible d&rsquo;apporter aux enfants, aux adolescents et aux adultes un soutien m\u00e9dical et th\u00e9rapeutique rapide et personnalis\u00e9.<\/p>\t\t\t\t\t\t\t\t<\/div>\n\t\t\t\t<\/div>\n\t\t\t\t<div class=\"elementor-element elementor-element-5eccfbe elementor-widget elementor-widget-image\" data-id=\"5eccfbe\" data-element_type=\"widget\" data-e-type=\"widget\" data-widget_type=\"image.default\">\n\t\t\t\t<div class=\"elementor-widget-container\">\n\t\t\t\t\t\t\t\t\t\t\t\t\t\t\t<img loading=\"lazy\" decoding=\"async\" width=\"800\" height=\"400\" src=\"https:\/\/www.icpmuenchen.de\/wp-content\/uploads\/2021\/06\/pflegedienst-1024x512.jpg\" class=\"attachment-large size-large wp-image-7409\" alt=\"\" srcset=\"https:\/\/www.icpmuenchen.de\/wp-content\/uploads\/2021\/06\/pflegedienst-1024x512.jpg 1024w, https:\/\/www.icpmuenchen.de\/wp-content\/uploads\/2021\/06\/pflegedienst-300x150.jpg 300w, https:\/\/www.icpmuenchen.de\/wp-content\/uploads\/2021\/06\/pflegedienst-768x384.jpg 768w, https:\/\/www.icpmuenchen.de\/wp-content\/uploads\/2021\/06\/pflegedienst.jpg 1200w\" sizes=\"(max-width: 800px) 100vw, 800px\" \/>\t\t\t\t\t\t\t\t\t\t\t\t\t\t\t<\/div>\n\t\t\t\t<\/div>\n\t\t\t\t\t<\/div>\n\t\t<\/div>\n\t\t\t\t\t<\/div>\n\t\t<\/section>\n\t\t\t\t<section class=\"elementor-section elementor-inner-section elementor-element elementor-element-b924019 animated-slow elementor-section-boxed elementor-section-height-default elementor-section-height-default\" data-id=\"b924019\" data-element_type=\"section\" data-e-type=\"section\" data-settings=\"{&quot;animation&quot;:&quot;none&quot;}\">\n\t\t\t\t\t\t<div class=\"elementor-container elementor-column-gap-default\">\n\t\t\t\t\t<div class=\"elementor-column elementor-col-100 elementor-inner-column elementor-element elementor-element-4085ef4\" data-id=\"4085ef4\" data-element_type=\"column\" data-e-type=\"column\" data-settings=\"{&quot;background_background&quot;:&quot;classic&quot;}\">\n\t\t\t<div class=\"elementor-widget-wrap elementor-element-populated\">\n\t\t\t\t\t\t<div class=\"elementor-element elementor-element-3797db9 elementor-widget elementor-widget-heading\" data-id=\"3797db9\" data-element_type=\"widget\" data-e-type=\"widget\" data-widget_type=\"heading.default\">\n\t\t\t\t<div class=\"elementor-widget-container\">\n\t\t\t\t\t<h3 class=\"elementor-heading-title elementor-size-default\">Nos soins et traitement infirmiers comprennent entre autres :<\/h3>\t\t\t\t<\/div>\n\t\t\t\t<\/div>\n\t\t\t\t<div class=\"elementor-element elementor-element-1b230ed elementor-widget elementor-widget-text-editor\" data-id=\"1b230ed\" data-element_type=\"widget\" data-e-type=\"widget\" data-widget_type=\"text-editor.default\">\n\t\t\t\t<div class=\"elementor-widget-container\">\n\t\t\t\t\t\t\t\t\t<ul><li>la surveillance des param\u00e8tres vitaux<\/li><li>l \u2018approvisionnement de syst\u00e8mes d&rsquo;alimentation et d&rsquo;\u00e9vacuation tels que cath\u00e9ters et PEG<\/li><li>la r\u00e9alisation d&rsquo;inhalations<\/li><li>le soin des plaies<\/li><li>le traitement postop\u00e9ratoire<\/li><\/ul><p>\u00a0<\/p><p>En plus de soins m\u00e9dicaux d&rsquo;urgence, notre service de soins infirmiers propose une consultation hebdomadaire de m\u00e9decine g\u00e9n\u00e9rale. Celui-ci est \u00e9galement \u00e9troitement impliqu\u00e9 dans la r\u00e9\u00e9ducation postop\u00e9ratoire.<\/p><p>Notre service de soins travaille de mani\u00e8re interdisciplinaire avec tous les services de l&rsquo;\u00e9tablissement. Les professionnels sp\u00e9cialis\u00e9s forment leurs coll\u00e8gues sans formation m\u00e9dicale aux questions m\u00e9dicales fondamentales et les guident lors des soins infirmiers. Le personnel sp\u00e9cialis\u00e9 est toujours \u00e0 la disposition de ses coll\u00e8gues pour les conseiller et les aider en cas de particularit\u00e9s ou de probl\u00e8mes m\u00e9dicaux des clients. Il s&rsquo;assure ainsi que les clients soient bien pris en charge quelles que soient les situations et qu&rsquo;ils b\u00e9n\u00e9ficient des soins m\u00e9dicaux les plus r\u00e9cents.<\/p>\t\t\t\t\t\t\t\t<\/div>\n\t\t\t\t<\/div>\n\t\t\t\t\t<\/div>\n\t\t<\/div>\n\t\t\t\t\t<\/div>\n\t\t<\/section>\n\t\t\t\t\t<\/div>\n\t\t<\/div>\n\t\t\t\t\t<\/div>\n\t\t<\/section>\n\t\t\t\t<section class=\"elementor-section elementor-inner-section elementor-element elementor-element-e812dc9 elementor-section-boxed elementor-section-height-default elementor-section-height-default\" data-id=\"e812dc9\" data-element_type=\"section\" data-e-type=\"section\">\n\t\t\t\t\t\t<div class=\"elementor-container elementor-column-gap-default\">\n\t\t\t\t\t<div class=\"elementor-column elementor-col-100 elementor-inner-column elementor-element elementor-element-6b083a1\" data-id=\"6b083a1\" data-element_type=\"column\" data-e-type=\"column\" data-settings=\"{&quot;background_background&quot;:&quot;classic&quot;}\">\n\t\t\t<div class=\"elementor-widget-wrap elementor-element-populated\">\n\t\t\t\t\t\t<div class=\"elementor-element elementor-element-e8d3c0d elementor-widget elementor-widget-heading\" data-id=\"e8d3c0d\" data-element_type=\"widget\" data-e-type=\"widget\" data-widget_type=\"heading.default\">\n\t\t\t\t<div class=\"elementor-widget-container\">\n\t\t\t\t\t<h3 class=\"elementor-heading-title elementor-size-default\">Documentation \u00e0 t\u00e9l\u00e9charger<\/h3>\t\t\t\t<\/div>\n\t\t\t\t<\/div>\n\t\t\t\t<div class=\"elementor-element elementor-element-ec661ad elementor-align-center elementor-widget elementor-widget-button\" data-id=\"ec661ad\" data-element_type=\"widget\" data-e-type=\"widget\" data-widget_type=\"button.default\">\n\t\t\t\t<div class=\"elementor-widget-container\">\n\t\t\t\t\t\t\t\t\t<div class=\"elementor-button-wrapper\">\n\t\t\t\t\t<a class=\"elementor-button elementor-button-link elementor-size-sm\" href=\"\/downloads\/#medizin-therapie\">\n\t\t\t\t\t\t<span class=\"elementor-button-content-wrapper\">\n\t\t\t\t\t\t\t\t\t<span class=\"elementor-button-text\">Vers la zone de t\u00e9l\u00e9chargement<\/span>\n\t\t\t\t\t<\/span>\n\t\t\t\t\t<\/a>\n\t\t\t\t<\/div>\n\t\t\t\t\t\t\t\t<\/div>\n\t\t\t\t<\/div>\n\t\t\t\t\t<\/div>\n\t\t<\/div>\n\t\t\t\t\t<\/div>\n\t\t<\/section>\n\t\t\t\t<section class=\"elementor-section elementor-top-section elementor-element elementor-element-cee1d45 elementor-section-boxed elementor-section-height-default elementor-section-height-default elementor-invisible\" data-id=\"cee1d45\" data-element_type=\"section\" data-e-type=\"section\" data-settings=\"{&quot;background_background&quot;:&quot;classic&quot;,&quot;animation&quot;:&quot;fadeInUp&quot;}\">\n\t\t\t\t\t\t<div class=\"elementor-container elementor-column-gap-no\">\n\t\t\t\t\t<div class=\"elementor-column elementor-col-100 elementor-top-column elementor-element elementor-element-bfb3f6f\" data-id=\"bfb3f6f\" data-element_type=\"column\" data-e-type=\"column\">\n\t\t\t<div class=\"elementor-widget-wrap elementor-element-populated\">\n\t\t\t\t\t\t<section class=\"elementor-section elementor-inner-section elementor-element elementor-element-2d8af8b animated-slow elementor-section-boxed elementor-section-height-default elementor-section-height-default elementor-invisible\" data-id=\"2d8af8b\" data-element_type=\"section\" data-e-type=\"section\" data-settings=\"{&quot;animation&quot;:&quot;fadeInUp&quot;}\">\n\t\t\t\t\t\t<div class=\"elementor-container elementor-column-gap-default\">\n\t\t\t\t\t<div class=\"elementor-column elementor-col-100 elementor-inner-column elementor-element elementor-element-6bf6e5f\" data-id=\"6bf6e5f\" data-element_type=\"column\" data-e-type=\"column\">\n\t\t\t<div class=\"elementor-widget-wrap elementor-element-populated\">\n\t\t\t\t\t\t<div class=\"elementor-element elementor-element-ed0cb95 animated-slow elementor-widget elementor-widget-elementskit-heading\" data-id=\"ed0cb95\" data-element_type=\"widget\" data-e-type=\"widget\" data-settings=\"{&quot;_animation&quot;:&quot;none&quot;}\" data-widget_type=\"elementskit-heading.default\">\n\t\t\t\t<div class=\"elementor-widget-container\">\n\t\t\t\t\t<div class=\"ekit-wid-con\" ><div class=\"ekit-heading elementskit-section-title-wraper text_center   ekit_heading_tablet-   ekit_heading_mobile-\"><h3 class=\"elementskit-section-subtitle  \">\n\t\t\t\t\t\tPOUR TOUTE QUESTION CONCERNANT NOTRE SERVICE DE SOINS\n\t\t\t\t\t<\/h3><h2 class=\"ekit-heading--title elementskit-section-title \">Votre Interlocutrice<\/h2><\/div><\/div>\t\t\t\t<\/div>\n\t\t\t\t<\/div>\n\t\t\t\t<div class=\"elementor-element elementor-element-b42e244 elementor-widget elementor-widget-elementskit-team\" data-id=\"b42e244\" data-element_type=\"widget\" data-e-type=\"widget\" data-widget_type=\"elementskit-team.default\">\n\t\t\t\t<div class=\"elementor-widget-container\">\n\t\t\t\t\t<div class=\"ekit-wid-con\">\n\t\t\t\t\t\t\t\t\t\t\t\t\t\t\t <div class=\"style-circle ekit-team-img-fit\"> \t\t\t\t\t\t\t\t\t<div class=\"profile-image-card elementor-animation- ekit-team-img ekit-team-style-overlay_circle text-center\">\n\n\t\t\t\t\t\t\t\t\t\t\t\t\t<img decoding=\"async\" src=\"https:\/\/www.icpmuenchen.de\/wp-content\/uploads\/2021\/06\/astrid-doboeser.jpg\" title=\"\" alt=\"\" loading=\"lazy\" \/>\t\t\t\t\t\t\t\t\t\t\t\t<div class=\"hover-area\">\n\t\t\t\t\t\t\t<div class=\"profile-body\">\n\t\t\t\t\t\t\t\t<h2 class=\"profile-title\">\n\t\t\t\t\t\t\t\t\t\t\t\t\t\t\t\t\t\t\t\t\t\t\t\t\t\t\t\t\t\t\t\t\t<\/h2>\n\t\t\t\t\t\t\t\t<p class=\"profile-designation\"><\/p>\n\t\t\t\t\t\t\t\t\t\t\t\t\t\t\t<\/div>\n\t\t\t\t\t\t\t\t\t\t\t\t\t<\/div>\n\t\t\t\t\t<\/div>\n\t\t\t\t\t <\/div> \n\t\t\t\t\n\t\t\t\t<\/div>\t\t\t\t<\/div>\n\t\t\t\t<\/div>\n\t\t\t\t<div class=\"elementor-element elementor-element-1fe914e elementor-widget elementor-widget-elementskit-heading\" data-id=\"1fe914e\" data-element_type=\"widget\" data-e-type=\"widget\" data-widget_type=\"elementskit-heading.default\">\n\t\t\t\t<div class=\"elementor-widget-container\">\n\t\t\t\t\t<div class=\"ekit-wid-con\" ><div class=\"ekit-heading elementskit-section-title-wraper text_center   ekit_heading_tablet-   ekit_heading_mobile-\"><h2 class=\"ekit-heading--title elementskit-section-title \">Andra Deboeser<\/h2><h3 class=\"ekit-heading--subtitle elementskit-section-subtitle  \">\n\t\t\t\t\t\tDirection des soins infirmiers\n\t\t\t\t\t<\/h3>\t\t\t\t<div class='ekit-heading__description'>\n\t\t\t\t\t<p><a href=\"tel:+498971007712\">+49 89 71007 712 <\/a><br \/>\n<a href=\"mailto:andra.deboeser@icp.de\">andra.deboeser@icp.de<\/a><\/p>\n\t\t\t\t<\/div>\n\t\t\t<\/div><\/div>\t\t\t\t<\/div>\n\t\t\t\t<\/div>\n\t\t\t\t\t<\/div>\n\t\t<\/div>\n\t\t\t\t\t<\/div>\n\t\t<\/section>\n\t\t\t\t\t<\/div>\n\t\t<\/div>\n\t\t\t\t\t<\/div>\n\t\t<\/section>\n\t\t\t\t<section class=\"elementor-section elementor-top-section elementor-element elementor-element-3b4bbf9c elementor-section-height-min-height elementor-section-boxed elementor-section-height-default elementor-section-items-middle\" data-id=\"3b4bbf9c\" data-element_type=\"section\" data-e-type=\"section\" data-settings=\"{&quot;background_background&quot;:&quot;classic&quot;}\">\n\t\t\t\t\t\t\t<div class=\"elementor-background-overlay\"><\/div>\n\t\t\t\t\t\t\t<div class=\"elementor-container elementor-column-gap-default\">\n\t\t\t\t\t<div class=\"elementor-column elementor-col-100 elementor-top-column elementor-element elementor-element-451a0d50\" data-id=\"451a0d50\" data-element_type=\"column\" data-e-type=\"column\">\n\t\t\t<div class=\"elementor-widget-wrap elementor-element-populated\">\n\t\t\t\t\t\t<div class=\"elementor-element elementor-element-d31336e elementor-align-center elementor-icon-list--layout-traditional elementor-list-item-link-full_width elementor-widget elementor-widget-icon-list\" data-id=\"d31336e\" data-element_type=\"widget\" data-e-type=\"widget\" data-widget_type=\"icon-list.default\">\n\t\t\t\t<div class=\"elementor-widget-container\">\n\t\t\t\t\t\t\t<ul class=\"elementor-icon-list-items\">\n\t\t\t\t\t\t\t<li class=\"elementor-icon-list-item\">\n\t\t\t\t\t\t\t\t\t\t\t<a href=\"\/stellenangebote\" target=\"_blank\">\n\n\t\t\t\t\t\t\t\t\t\t\t\t<span class=\"elementor-icon-list-icon\">\n\t\t\t\t\t\t\t<i aria-hidden=\"true\" class=\"fas fa-chevron-circle-right\"><\/i>\t\t\t\t\t\t<\/span>\n\t\t\t\t\t\t\t\t\t\t<span class=\"elementor-icon-list-text\">Postuler maintenant<\/span>\n\t\t\t\t\t\t\t\t\t\t\t<\/a>\n\t\t\t\t\t\t\t\t\t<\/li>\n\t\t\t\t\t\t<\/ul>\n\t\t\t\t\t\t<\/div>\n\t\t\t\t<\/div>\n\t\t\t\t\t<\/div>\n\t\t<\/div>\n\t\t\t\t\t<\/div>\n\t\t<\/section>\n\t\t\t\t<\/div>\n\t\t","protected":false},"excerpt":{"rendered":"<p>Diagnostic, Conseil, Soutien, Traitement M\u00e9decine et th\u00e9rapie M\u00e9decine et th\u00e9rapie Suivi m\u00e9dical sp\u00e9cialis\u00e9 Dans tous les \u00e9tablissements de la fondation ICP M\u00fcnchen, vous pouvez compter sur un suivi rapproch\u00e9 et pointu de la part de notre \u00e9quipe de m\u00e9decins sp\u00e9cialistes. Notre \u00e9quipe de m\u00e9decins d\u00e9cide de l&rsquo;admission suite \u00e0 un examen initial et prescrit des [&hellip;]<\/p>\n","protected":false},"author":1,"featured_media":0,"parent":5823,"menu_order":1,"comment_status":"closed","ping_status":"closed","template":"","meta":{"footnotes":""},"class_list":["post-5856","page","type-page","status-publish","hentry"],"yoast_head":"<!-- This site is optimized with the Yoast SEO plugin v26.8 - https:\/\/yoast.com\/product\/yoast-seo-wordpress\/ -->\n<title>Soins m\u00e9dicaux sp\u00e9cialis\u00e9s - ICP M\u00fcnchen<\/title>\n<meta name=\"robots\" content=\"index, follow, max-snippet:-1, max-image-preview:large, max-video-preview:-1\" \/>\n<link rel=\"canonical\" href=\"https:\/\/www.icpmuenchen.de\/fr\/medecine-et-therapie\/soins-medicaux-specialises\/\" \/>\n<meta property=\"og:locale\" content=\"fr_FR\" \/>\n<meta property=\"og:type\" content=\"article\" \/>\n<meta property=\"og:title\" content=\"Soins m\u00e9dicaux sp\u00e9cialis\u00e9s - ICP M\u00fcnchen\" \/>\n<meta property=\"og:description\" content=\"Diagnostic, Conseil, Soutien, Traitement M\u00e9decine et th\u00e9rapie M\u00e9decine et th\u00e9rapie Suivi m\u00e9dical sp\u00e9cialis\u00e9 Dans tous les \u00e9tablissements de la fondation ICP M\u00fcnchen, vous pouvez compter sur un suivi rapproch\u00e9 et pointu de la part de notre \u00e9quipe de m\u00e9decins sp\u00e9cialistes. Notre \u00e9quipe de m\u00e9decins d\u00e9cide de l&rsquo;admission suite \u00e0 un examen initial et prescrit des [&hellip;]\" \/>\n<meta property=\"og:url\" content=\"https:\/\/www.icpmuenchen.de\/fr\/medecine-et-therapie\/soins-medicaux-specialises\/\" \/>\n<meta property=\"og:site_name\" content=\"ICP M\u00fcnchen\" \/>\n<meta property=\"article:modified_time\" content=\"2023-02-13T13:12:20+00:00\" \/>\n<meta property=\"og:image\" content=\"https:\/\/www.icpmuenchen.de\/wp-content\/uploads\/2021\/06\/fachaerztliche-betreuung-1024x512.jpg\" \/>\n<meta name=\"twitter:card\" content=\"summary_large_image\" \/>\n<meta name=\"twitter:label1\" content=\"Dur\u00e9e de lecture estim\u00e9e\" \/>\n\t<meta name=\"twitter:data1\" content=\"4 minutes\" \/>\n<script type=\"application\/ld+json\" class=\"yoast-schema-graph\">{\"@context\":\"https:\/\/schema.org\",\"@graph\":[{\"@type\":\"WebPage\",\"@id\":\"https:\/\/www.icpmuenchen.de\/fr\/medecine-et-therapie\/soins-medicaux-specialises\/\",\"url\":\"https:\/\/www.icpmuenchen.de\/fr\/medecine-et-therapie\/soins-medicaux-specialises\/\",\"name\":\"Soins m\u00e9dicaux sp\u00e9cialis\u00e9s - ICP M\u00fcnchen\",\"isPartOf\":{\"@id\":\"https:\/\/www.icpmuenchen.de\/fr\/#website\"},\"primaryImageOfPage\":{\"@id\":\"https:\/\/www.icpmuenchen.de\/fr\/medecine-et-therapie\/soins-medicaux-specialises\/#primaryimage\"},\"image\":{\"@id\":\"https:\/\/www.icpmuenchen.de\/fr\/medecine-et-therapie\/soins-medicaux-specialises\/#primaryimage\"},\"thumbnailUrl\":\"https:\/\/www.icpmuenchen.de\/wp-content\/uploads\/2021\/06\/fachaerztliche-betreuung-1024x512.jpg\",\"datePublished\":\"2021-12-20T12:48:59+00:00\",\"dateModified\":\"2023-02-13T13:12:20+00:00\",\"breadcrumb\":{\"@id\":\"https:\/\/www.icpmuenchen.de\/fr\/medecine-et-therapie\/soins-medicaux-specialises\/#breadcrumb\"},\"inLanguage\":\"fr-FR\",\"potentialAction\":[{\"@type\":\"ReadAction\",\"target\":[\"https:\/\/www.icpmuenchen.de\/fr\/medecine-et-therapie\/soins-medicaux-specialises\/\"]}]},{\"@type\":\"ImageObject\",\"inLanguage\":\"fr-FR\",\"@id\":\"https:\/\/www.icpmuenchen.de\/fr\/medecine-et-therapie\/soins-medicaux-specialises\/#primaryimage\",\"url\":\"https:\/\/www.icpmuenchen.de\/wp-content\/uploads\/2021\/06\/fachaerztliche-betreuung-1024x512.jpg\",\"contentUrl\":\"https:\/\/www.icpmuenchen.de\/wp-content\/uploads\/2021\/06\/fachaerztliche-betreuung-1024x512.jpg\"},{\"@type\":\"BreadcrumbList\",\"@id\":\"https:\/\/www.icpmuenchen.de\/fr\/medecine-et-therapie\/soins-medicaux-specialises\/#breadcrumb\",\"itemListElement\":[{\"@type\":\"ListItem\",\"position\":1,\"name\":\"Startseite\",\"item\":\"https:\/\/www.icpmuenchen.de\/fr\/\"},{\"@type\":\"ListItem\",\"position\":2,\"name\":\"M\u00e9decine et th\u00e9rapie\",\"item\":\"https:\/\/www.icpmuenchen.de\/fr\/medecine-et-therapie\/\"},{\"@type\":\"ListItem\",\"position\":3,\"name\":\"Soins m\u00e9dicaux sp\u00e9cialis\u00e9s\"}]},{\"@type\":\"WebSite\",\"@id\":\"https:\/\/www.icpmuenchen.de\/fr\/#website\",\"url\":\"https:\/\/www.icpmuenchen.de\/fr\/\",\"name\":\"ICP M\u00fcnchen\",\"description\":\"Integrationszentrum f\u00fcr K\u00f6rperbehinderte\",\"publisher\":{\"@id\":\"https:\/\/www.icpmuenchen.de\/fr\/#organization\"},\"potentialAction\":[{\"@type\":\"SearchAction\",\"target\":{\"@type\":\"EntryPoint\",\"urlTemplate\":\"https:\/\/www.icpmuenchen.de\/fr\/?s={search_term_string}\"},\"query-input\":{\"@type\":\"PropertyValueSpecification\",\"valueRequired\":true,\"valueName\":\"search_term_string\"}}],\"inLanguage\":\"fr-FR\"},{\"@type\":\"Organization\",\"@id\":\"https:\/\/www.icpmuenchen.de\/fr\/#organization\",\"name\":\"ICP M\u00fcnchen\",\"url\":\"https:\/\/www.icpmuenchen.de\/fr\/\",\"logo\":{\"@type\":\"ImageObject\",\"inLanguage\":\"fr-FR\",\"@id\":\"https:\/\/www.icpmuenchen.de\/fr\/#\/schema\/logo\/image\/\",\"url\":\"https:\/\/www.icpmuenchen.de\/wp-content\/uploads\/2020\/08\/Logo_Stiftung-ICP.svg\",\"contentUrl\":\"https:\/\/www.icpmuenchen.de\/wp-content\/uploads\/2020\/08\/Logo_Stiftung-ICP.svg\",\"width\":1,\"height\":1,\"caption\":\"ICP M\u00fcnchen\"},\"image\":{\"@id\":\"https:\/\/www.icpmuenchen.de\/fr\/#\/schema\/logo\/image\/\"}}]}<\/script>\n<!-- \/ Yoast SEO plugin. -->","yoast_head_json":{"title":"Soins m\u00e9dicaux sp\u00e9cialis\u00e9s - ICP M\u00fcnchen","robots":{"index":"index","follow":"follow","max-snippet":"max-snippet:-1","max-image-preview":"max-image-preview:large","max-video-preview":"max-video-preview:-1"},"canonical":"https:\/\/www.icpmuenchen.de\/fr\/medecine-et-therapie\/soins-medicaux-specialises\/","og_locale":"fr_FR","og_type":"article","og_title":"Soins m\u00e9dicaux sp\u00e9cialis\u00e9s - ICP M\u00fcnchen","og_description":"Diagnostic, Conseil, Soutien, Traitement M\u00e9decine et th\u00e9rapie M\u00e9decine et th\u00e9rapie Suivi m\u00e9dical sp\u00e9cialis\u00e9 Dans tous les \u00e9tablissements de la fondation ICP M\u00fcnchen, vous pouvez compter sur un suivi rapproch\u00e9 et pointu de la part de notre \u00e9quipe de m\u00e9decins sp\u00e9cialistes. Notre \u00e9quipe de m\u00e9decins d\u00e9cide de l&rsquo;admission suite \u00e0 un examen initial et prescrit des [&hellip;]","og_url":"https:\/\/www.icpmuenchen.de\/fr\/medecine-et-therapie\/soins-medicaux-specialises\/","og_site_name":"ICP M\u00fcnchen","article_modified_time":"2023-02-13T13:12:20+00:00","og_image":[{"url":"https:\/\/www.icpmuenchen.de\/wp-content\/uploads\/2021\/06\/fachaerztliche-betreuung-1024x512.jpg","type":"","width":"","height":""}],"twitter_card":"summary_large_image","twitter_misc":{"Dur\u00e9e de lecture estim\u00e9e":"4 minutes"},"schema":{"@context":"https:\/\/schema.org","@graph":[{"@type":"WebPage","@id":"https:\/\/www.icpmuenchen.de\/fr\/medecine-et-therapie\/soins-medicaux-specialises\/","url":"https:\/\/www.icpmuenchen.de\/fr\/medecine-et-therapie\/soins-medicaux-specialises\/","name":"Soins m\u00e9dicaux sp\u00e9cialis\u00e9s - ICP M\u00fcnchen","isPartOf":{"@id":"https:\/\/www.icpmuenchen.de\/fr\/#website"},"primaryImageOfPage":{"@id":"https:\/\/www.icpmuenchen.de\/fr\/medecine-et-therapie\/soins-medicaux-specialises\/#primaryimage"},"image":{"@id":"https:\/\/www.icpmuenchen.de\/fr\/medecine-et-therapie\/soins-medicaux-specialises\/#primaryimage"},"thumbnailUrl":"https:\/\/www.icpmuenchen.de\/wp-content\/uploads\/2021\/06\/fachaerztliche-betreuung-1024x512.jpg","datePublished":"2021-12-20T12:48:59+00:00","dateModified":"2023-02-13T13:12:20+00:00","breadcrumb":{"@id":"https:\/\/www.icpmuenchen.de\/fr\/medecine-et-therapie\/soins-medicaux-specialises\/#breadcrumb"},"inLanguage":"fr-FR","potentialAction":[{"@type":"ReadAction","target":["https:\/\/www.icpmuenchen.de\/fr\/medecine-et-therapie\/soins-medicaux-specialises\/"]}]},{"@type":"ImageObject","inLanguage":"fr-FR","@id":"https:\/\/www.icpmuenchen.de\/fr\/medecine-et-therapie\/soins-medicaux-specialises\/#primaryimage","url":"https:\/\/www.icpmuenchen.de\/wp-content\/uploads\/2021\/06\/fachaerztliche-betreuung-1024x512.jpg","contentUrl":"https:\/\/www.icpmuenchen.de\/wp-content\/uploads\/2021\/06\/fachaerztliche-betreuung-1024x512.jpg"},{"@type":"BreadcrumbList","@id":"https:\/\/www.icpmuenchen.de\/fr\/medecine-et-therapie\/soins-medicaux-specialises\/#breadcrumb","itemListElement":[{"@type":"ListItem","position":1,"name":"Startseite","item":"https:\/\/www.icpmuenchen.de\/fr\/"},{"@type":"ListItem","position":2,"name":"M\u00e9decine et th\u00e9rapie","item":"https:\/\/www.icpmuenchen.de\/fr\/medecine-et-therapie\/"},{"@type":"ListItem","position":3,"name":"Soins m\u00e9dicaux sp\u00e9cialis\u00e9s"}]},{"@type":"WebSite","@id":"https:\/\/www.icpmuenchen.de\/fr\/#website","url":"https:\/\/www.icpmuenchen.de\/fr\/","name":"ICP M\u00fcnchen","description":"Integrationszentrum f\u00fcr K\u00f6rperbehinderte","publisher":{"@id":"https:\/\/www.icpmuenchen.de\/fr\/#organization"},"potentialAction":[{"@type":"SearchAction","target":{"@type":"EntryPoint","urlTemplate":"https:\/\/www.icpmuenchen.de\/fr\/?s={search_term_string}"},"query-input":{"@type":"PropertyValueSpecification","valueRequired":true,"valueName":"search_term_string"}}],"inLanguage":"fr-FR"},{"@type":"Organization","@id":"https:\/\/www.icpmuenchen.de\/fr\/#organization","name":"ICP M\u00fcnchen","url":"https:\/\/www.icpmuenchen.de\/fr\/","logo":{"@type":"ImageObject","inLanguage":"fr-FR","@id":"https:\/\/www.icpmuenchen.de\/fr\/#\/schema\/logo\/image\/","url":"https:\/\/www.icpmuenchen.de\/wp-content\/uploads\/2020\/08\/Logo_Stiftung-ICP.svg","contentUrl":"https:\/\/www.icpmuenchen.de\/wp-content\/uploads\/2020\/08\/Logo_Stiftung-ICP.svg","width":1,"height":1,"caption":"ICP M\u00fcnchen"},"image":{"@id":"https:\/\/www.icpmuenchen.de\/fr\/#\/schema\/logo\/image\/"}}]}},"_links":{"self":[{"href":"https:\/\/www.icpmuenchen.de\/fr\/wp-json\/wp\/v2\/pages\/5856","targetHints":{"allow":["GET"]}}],"collection":[{"href":"https:\/\/www.icpmuenchen.de\/fr\/wp-json\/wp\/v2\/pages"}],"about":[{"href":"https:\/\/www.icpmuenchen.de\/fr\/wp-json\/wp\/v2\/types\/page"}],"author":[{"embeddable":true,"href":"https:\/\/www.icpmuenchen.de\/fr\/wp-json\/wp\/v2\/users\/1"}],"replies":[{"embeddable":true,"href":"https:\/\/www.icpmuenchen.de\/fr\/wp-json\/wp\/v2\/comments?post=5856"}],"version-history":[{"count":26,"href":"https:\/\/www.icpmuenchen.de\/fr\/wp-json\/wp\/v2\/pages\/5856\/revisions"}],"predecessor-version":[{"id":6508,"href":"https:\/\/www.icpmuenchen.de\/fr\/wp-json\/wp\/v2\/pages\/5856\/revisions\/6508"}],"up":[{"embeddable":true,"href":"https:\/\/www.icpmuenchen.de\/fr\/wp-json\/wp\/v2\/pages\/5823"}],"wp:attachment":[{"href":"https:\/\/www.icpmuenchen.de\/fr\/wp-json\/wp\/v2\/media?parent=5856"}],"curies":[{"name":"wp","href":"https:\/\/api.w.org\/{rel}","templated":true}]}}