{"id":5915,"date":"2021-04-15T16:58:41","date_gmt":"2021-04-15T14:58:41","guid":{"rendered":"https:\/\/www.icpmuenchen.de\/bildung-erziehung\/berufsschule\/"},"modified":"2023-02-13T14:11:59","modified_gmt":"2023-02-13T13:11:59","slug":"centre-de-formation-dapprentis-berufsschule","status":"publish","type":"page","link":"https:\/\/www.icpmuenchen.de\/fr\/formation-education\/centre-de-formation-dapprentis-berufsschule\/","title":{"rendered":"Centre de Formation d\u2019Apprentis (Berufsschule)"},"content":{"rendered":"\t\t<div data-elementor-type=\"wp-page\" data-elementor-id=\"5915\" class=\"elementor elementor-5915 elementor-1036\" data-elementor-post-type=\"page\">\n\t\t\t\t\t\t<section class=\"elementor-section elementor-top-section elementor-element elementor-element-79cb3bb9 elementor-section-height-min-height elementor-section-content-middle elementor-section-boxed elementor-section-height-default elementor-section-items-middle\" data-id=\"79cb3bb9\" data-element_type=\"section\" data-e-type=\"section\" data-settings=\"{&quot;background_background&quot;:&quot;classic&quot;}\">\n\t\t\t\t\t\t\t<div class=\"elementor-background-overlay\"><\/div>\n\t\t\t\t\t\t\t<div class=\"elementor-container elementor-column-gap-default\">\n\t\t\t\t\t<div class=\"elementor-column elementor-col-100 elementor-top-column elementor-element elementor-element-16b0ae4a\" data-id=\"16b0ae4a\" data-element_type=\"column\" data-e-type=\"column\">\n\t\t\t<div class=\"elementor-widget-wrap elementor-element-populated\">\n\t\t\t\t\t\t<div class=\"elementor-element elementor-element-7c736fc8 elementor-widget elementor-widget-elementskit-heading\" data-id=\"7c736fc8\" data-element_type=\"widget\" data-e-type=\"widget\" data-widget_type=\"elementskit-heading.default\">\n\t\t\t\t<div class=\"elementor-widget-container\">\n\t\t\t\t\t<div class=\"ekit-wid-con\" ><div class=\"ekit-heading elementskit-section-title-wraper text_left   ekit_heading_tablet-   ekit_heading_mobile-\"><h3 class=\"elementskit-section-subtitle  \">\n\t\t\t\t\t\tSTRUCTURES D\u2019ACCUEIL POUR ENFANTS, \u00c9COLE PRIMAIRE INCLUSIVE, HEILP\u00c4DAGOGISCHE TAGESST\u00c4TTE, F\u00d6RDERSCHULE, CENTRE DE FORMATION D\u2019APPRENTIS (BERUFSSCHULE), R\u00c9SIDENCE \u00c9TUDIANTE\n\t\t\t\t\t<\/h3><h2 class=\"ekit-heading--title elementskit-section-title \">Formation &amp; \u00c9ducation<\/h2><\/div><\/div>\t\t\t\t<\/div>\n\t\t\t\t<\/div>\n\t\t\t\t\t<\/div>\n\t\t<\/div>\n\t\t\t\t\t<\/div>\n\t\t<\/section>\n\t\t\t\t<section class=\"elementor-section elementor-top-section elementor-element elementor-element-6869b901 elementor-section-boxed elementor-section-height-default elementor-section-height-default\" data-id=\"6869b901\" data-element_type=\"section\" data-e-type=\"section\">\n\t\t\t\t\t\t<div class=\"elementor-container elementor-column-gap-default\">\n\t\t\t\t\t<div class=\"elementor-column elementor-col-100 elementor-top-column elementor-element elementor-element-3f5e81a4\" data-id=\"3f5e81a4\" data-element_type=\"column\" data-e-type=\"column\">\n\t\t\t<div class=\"elementor-widget-wrap elementor-element-populated\">\n\t\t\t\t\t\t<div class=\"elementor-element elementor-element-3d491935 elementor-widget__width-auto elementor-absolute elementor-hidden-tablet elementor-hidden-phone animated-slow elementor-invisible elementor-widget elementor-widget-elementskit-heading\" data-id=\"3d491935\" data-element_type=\"widget\" data-e-type=\"widget\" data-settings=\"{&quot;_position&quot;:&quot;absolute&quot;,&quot;_animation&quot;:&quot;fadeInUp&quot;}\" data-widget_type=\"elementskit-heading.default\">\n\t\t\t\t<div class=\"elementor-widget-container\">\n\t\t\t\t\t<div class=\"ekit-wid-con\" ><div class=\"ekit-heading elementskit-section-title-wraper text_center   ekit_heading_tablet-   ekit_heading_mobile-\"><\/div><\/div>\t\t\t\t<\/div>\n\t\t\t\t<\/div>\n\t\t\t\t<div class=\"elementor-element elementor-element-4ccc8f12 animated-slow elementor-invisible elementor-widget elementor-widget-elementskit-heading\" data-id=\"4ccc8f12\" data-element_type=\"widget\" data-e-type=\"widget\" data-settings=\"{&quot;_animation&quot;:&quot;fadeInUp&quot;}\" data-widget_type=\"elementskit-heading.default\">\n\t\t\t\t<div class=\"elementor-widget-container\">\n\t\t\t\t\t<div class=\"ekit-wid-con\" ><div class=\"ekit-heading elementskit-section-title-wraper text_center   ekit_heading_tablet-   ekit_heading_mobile-\"><h3 class=\"elementskit-section-subtitle  \">\n\t\t\t\t\t\tFormation &amp; \u00c9ducation\n\t\t\t\t\t<\/h3><h2 class=\"ekit-heading--title elementskit-section-title \">Centre de Formation d\u2019Apprentis <br>(Berufsschule) Luise Kiesselbach<\/h2>\t\t\t\t<div class='ekit-heading__description'>\n\t\t\t\t\t<p>Nos enseignants, p\u00e9dagogues et professionnels veillent \u00e0 ce que vous receviez la meilleure formation et le meilleur soutien possible.<\/p>\n\t\t\t\t<\/div>\n\t\t\t<\/div><\/div>\t\t\t\t<\/div>\n\t\t\t\t<\/div>\n\t\t\t\t<section class=\"elementor-section elementor-inner-section elementor-element elementor-element-b11e1b1 elementor-section-boxed elementor-section-height-default elementor-section-height-default\" data-id=\"b11e1b1\" data-element_type=\"section\" data-e-type=\"section\">\n\t\t\t\t\t\t<div class=\"elementor-container elementor-column-gap-default\">\n\t\t\t\t\t<div class=\"elementor-column elementor-col-100 elementor-inner-column elementor-element elementor-element-293e1dc\" data-id=\"293e1dc\" data-element_type=\"column\" data-e-type=\"column\" data-settings=\"{&quot;background_background&quot;:&quot;classic&quot;}\">\n\t\t\t<div class=\"elementor-widget-wrap elementor-element-populated\">\n\t\t\t\t\t\t<div class=\"elementor-element elementor-element-38db67a elementor-widget elementor-widget-heading\" data-id=\"38db67a\" data-element_type=\"widget\" data-e-type=\"widget\" data-widget_type=\"heading.default\">\n\t\t\t\t<div class=\"elementor-widget-container\">\n\t\t\t\t\t<h3 class=\"elementor-heading-title elementor-size-default\">Nous proposons<\/h3>\t\t\t\t<\/div>\n\t\t\t\t<\/div>\n\t\t\t\t<div class=\"elementor-element elementor-element-073e8ab elementor-widget elementor-widget-text-editor\" data-id=\"073e8ab\" data-element_type=\"widget\" data-e-type=\"widget\" data-widget_type=\"text-editor.default\">\n\t\t\t\t<div class=\"elementor-widget-container\">\n\t\t\t\t\t\t\t\t\t<ul>\n \t<li>de petits groupe de classe dans des salles modernes<\/li>\n \t<li>un soutien optimal par des enseignants du Centre de Formation d\u2019Apprentis (Berufsschule) et de la F\u00f6rderschule, des professionnels du centre de formation professionnelle, des ergoth\u00e9rapeutes, des kin\u00e9sith\u00e9rapeutes et des orthophonistes, des m\u00e9decins ainsi que des services sociaux et psychologiques sp\u00e9cialis\u00e9s<\/li>\n \t<li>une collaboration \u00e9troite avec les professionnels de l&rsquo;agence pour l&#8217;emploi pour une formation r\u00e9ussie<\/li>\n \t<li>sur demande, h\u00e9bergement dans une r\u00e9sidence \u00e9tudiante ou un internat\/groupe de vie ext\u00e9rieur<\/li>\n<\/ul>\t\t\t\t\t\t\t\t<\/div>\n\t\t\t\t<\/div>\n\t\t\t\t\t<\/div>\n\t\t<\/div>\n\t\t\t\t\t<\/div>\n\t\t<\/section>\n\t\t\t\t<section class=\"elementor-section elementor-inner-section elementor-element elementor-element-5408a6f elementor-section-boxed elementor-section-height-default elementor-section-height-default\" data-id=\"5408a6f\" data-element_type=\"section\" data-e-type=\"section\">\n\t\t\t\t\t\t<div class=\"elementor-container elementor-column-gap-default\">\n\t\t\t\t\t<div class=\"elementor-column elementor-col-50 elementor-inner-column elementor-element elementor-element-c2fff01\" data-id=\"c2fff01\" data-element_type=\"column\" data-e-type=\"column\" data-settings=\"{&quot;background_background&quot;:&quot;classic&quot;}\">\n\t\t\t<div class=\"elementor-widget-wrap elementor-element-populated\">\n\t\t\t\t\t\t<div class=\"elementor-element elementor-element-fbf2b35 elementor-widget elementor-widget-heading\" data-id=\"fbf2b35\" data-element_type=\"widget\" data-e-type=\"widget\" data-widget_type=\"heading.default\">\n\t\t\t\t<div class=\"elementor-widget-container\">\n\t\t\t\t\t<h3 class=\"elementor-heading-title elementor-size-default\">ANN\u00c9E DE QUALIFICATION PROFESSIONNELLE (ARBEITSQUALIFIZIERUNGSJAHR - AQJ) ANN\u00c9E DE PR\u00c9PARATION PROFESSIONNELLE (BERUFSVORBEREITUNGSJAHR - BVJ)<\/h3>\t\t\t\t<\/div>\n\t\t\t\t<\/div>\n\t\t\t\t<div class=\"elementor-element elementor-element-4cb7889 elementor-widget elementor-widget-text-editor\" data-id=\"4cb7889\" data-element_type=\"widget\" data-e-type=\"widget\" data-widget_type=\"text-editor.default\">\n\t\t\t\t<div class=\"elementor-widget-container\">\n\t\t\t\t\t\t\t\t\t<ul>\n \t<li>un an d&rsquo;enseignement \u00e0 temps plein dans les mati\u00e8res g\u00e9n\u00e9rales, la th\u00e9orie professionnelle et la pratique professionnelle (domaines professionnels de la m\u00e9tallurgie, des services domestiques, de l&rsquo;\u00e9conomie et de l&rsquo;administration)<\/li>\n \t<li>stage obligatoire en entreprise<\/li>\n \t<li>Stimulation cibl\u00e9e des qualifications exig\u00e9es dans le monde du travail et de l&#8217;emploi<\/li>\n<\/ul>\t\t\t\t\t\t\t\t<\/div>\n\t\t\t\t<\/div>\n\t\t\t\t<div class=\"elementor-element elementor-element-530513d elementor-widget elementor-widget-text-editor\" data-id=\"530513d\" data-element_type=\"widget\" data-e-type=\"widget\" data-widget_type=\"text-editor.default\">\n\t\t\t\t<div class=\"elementor-widget-container\">\n\t\t\t\t\t\t\t\t\t<h5>Ann\u00e9e de qualification professionnelle (Arbeitsqualifizierungsjahr &#8211; AQJ)<\/h5>\n<ul>\n \t<li>Pr\u00e9paration \u00e0 une activit\u00e9 professionnelle<\/li>\n<\/ul>\t\t\t\t\t\t\t\t<\/div>\n\t\t\t\t<\/div>\n\t\t\t\t<div class=\"elementor-element elementor-element-8c51c64 elementor-widget elementor-widget-text-editor\" data-id=\"8c51c64\" data-element_type=\"widget\" data-e-type=\"widget\" data-widget_type=\"text-editor.default\">\n\t\t\t\t<div class=\"elementor-widget-container\">\n\t\t\t\t\t\t\t\t\t<h5>Ann\u00e9e de pr\u00e9paration professionnelle (Berufsvorbereitungsjahr -BVJ)<br \/>(pour satisfaire \u00e0 l&rsquo;obligation de formation professionnelle)<\/h5><ul><li>\u00a0Pr\u00e9paration \u00e0 une formation dans un m\u00e9tier reconnu<\/li><li>Possibilit\u00e9 d&rsquo;obtenir un dipl\u00f4me d&rsquo;\u00e9tudes secondaires (Mittelschulabschluss)<\/li><\/ul><div>\u00a0<\/div><div>\u00a0<\/div><p><a href=\"https:\/\/www.arbeitsagentur.de\/vor-ort\/muenchen\/content\/1533746497687?pk_campaign=schulwebsite\" target=\"_blank\" rel=\"noopener\">Orientation professionnelle de l&rsquo;agence pour l&#8217;emploi<\/a><\/p>\t\t\t\t\t\t\t\t<\/div>\n\t\t\t\t<\/div>\n\t\t\t\t\t<\/div>\n\t\t<\/div>\n\t\t\t\t<div class=\"elementor-column elementor-col-50 elementor-inner-column elementor-element elementor-element-96fd804\" data-id=\"96fd804\" data-element_type=\"column\" data-e-type=\"column\">\n\t\t\t<div class=\"elementor-widget-wrap elementor-element-populated\">\n\t\t\t\t\t\t<div class=\"elementor-element elementor-element-cefc4a6 elementor-widget elementor-widget-image\" data-id=\"cefc4a6\" data-element_type=\"widget\" data-e-type=\"widget\" data-widget_type=\"image.default\">\n\t\t\t\t<div class=\"elementor-widget-container\">\n\t\t\t\t\t\t\t\t\t\t\t\t\t\t\t<img fetchpriority=\"high\" decoding=\"async\" width=\"600\" height=\"330\" src=\"https:\/\/www.icpmuenchen.de\/wp-content\/uploads\/2021\/04\/berufsvorbereitung.jpg\" class=\"attachment-large size-large wp-image-4993\" alt=\"\" srcset=\"https:\/\/www.icpmuenchen.de\/wp-content\/uploads\/2021\/04\/berufsvorbereitung.jpg 600w, https:\/\/www.icpmuenchen.de\/wp-content\/uploads\/2021\/04\/berufsvorbereitung-300x165.jpg 300w\" sizes=\"(max-width: 600px) 100vw, 600px\" \/>\t\t\t\t\t\t\t\t\t\t\t\t\t\t\t<\/div>\n\t\t\t\t<\/div>\n\t\t\t\t\t<\/div>\n\t\t<\/div>\n\t\t\t\t\t<\/div>\n\t\t<\/section>\n\t\t\t\t<section class=\"elementor-section elementor-inner-section elementor-element elementor-element-48473c6 elementor-section-boxed elementor-section-height-default elementor-section-height-default\" data-id=\"48473c6\" data-element_type=\"section\" data-e-type=\"section\">\n\t\t\t\t\t\t<div class=\"elementor-container elementor-column-gap-default\">\n\t\t\t\t\t<div class=\"elementor-column elementor-col-100 elementor-inner-column elementor-element elementor-element-63fc0e0\" data-id=\"63fc0e0\" data-element_type=\"column\" data-e-type=\"column\" data-settings=\"{&quot;background_background&quot;:&quot;classic&quot;}\">\n\t\t\t<div class=\"elementor-widget-wrap elementor-element-populated\">\n\t\t\t\t\t\t<div class=\"elementor-element elementor-element-77b0d4b elementor-widget elementor-widget-heading\" data-id=\"77b0d4b\" data-element_type=\"widget\" data-e-type=\"widget\" data-widget_type=\"heading.default\">\n\t\t\t\t<div class=\"elementor-widget-container\">\n\t\t\t\t\t<h3 class=\"elementor-heading-title elementor-size-default\">Mesure de formation pr\u00e9professionnelle <br>(Berufsvorbereitende Bildungsma\u00dfnahme \u2013 BvB)<\/h3>\t\t\t\t<\/div>\n\t\t\t\t<\/div>\n\t\t\t\t<div class=\"elementor-element elementor-element-a716af6 elementor-widget elementor-widget-text-editor\" data-id=\"a716af6\" data-element_type=\"widget\" data-e-type=\"widget\" data-widget_type=\"text-editor.default\">\n\t\t\t\t<div class=\"elementor-widget-container\">\n\t\t\t\t\t\t\t\t\tPr\u00e9paration \u00e0 une activit\u00e9 professionnelle\t\t\t\t\t\t\t\t<\/div>\n\t\t\t\t<\/div>\n\t\t\t\t<div class=\"elementor-element elementor-element-05ac23a elementor-widget elementor-widget-heading\" data-id=\"05ac23a\" data-element_type=\"widget\" data-e-type=\"widget\" data-widget_type=\"heading.default\">\n\t\t\t\t<div class=\"elementor-widget-container\">\n\t\t\t\t\t<h3 class=\"elementor-heading-title elementor-size-default\">Pr\u00e9paration professionnelle<br>(pour satisfaire \u00e0 l'obligation de formation professionnelle)<\/h3>\t\t\t\t<\/div>\n\t\t\t\t<\/div>\n\t\t\t\t<div class=\"elementor-element elementor-element-1ec72bd elementor-widget elementor-widget-text-editor\" data-id=\"1ec72bd\" data-element_type=\"widget\" data-e-type=\"widget\" data-widget_type=\"text-editor.default\">\n\t\t\t\t<div class=\"elementor-widget-container\">\n\t\t\t\t\t\t\t\t\t<ul><li>Enseignement \u00e0 temps partiel<\/li><li>Dur\u00e9e env. 11 &#8211; 18 mois<\/li><li>admission possible en cours d&rsquo;ann\u00e9e scolaire<\/li><li>Essai en entreprise dans les domaines professionnels suivants : bureau, m\u00e9tallurgie, imprimerie, services domestiques et technique orthop\u00e9dique<\/li><li>sert \u00e0 la d\u00e9couverte d&rsquo;un m\u00e9tier et\/ou \u00e0 la pr\u00e9paration \u00e0 l\u2018apprentissage<\/li><li>En cas de r\u00e9ussite, la mesure peut d\u00e9boucher sur un contrat d&rsquo;apprentissage dans une profession reconnue.<\/li><li>Possibilit\u00e9 d&rsquo;obtenir le dipl\u00f4me d&rsquo;\u00e9tudes secondaires (Mittelschulabschluss) en suivant une formation de 15 heures.<\/li><\/ul><div>\u00a0<\/div><p>La d\u00e9cision de mise en pratique de cette mesure est prise par le service d&rsquo;orientation professionnelle de l&rsquo;agence pour l&#8217;emploi comp\u00e9tente.<\/p>\t\t\t\t\t\t\t\t<\/div>\n\t\t\t\t<\/div>\n\t\t\t\t<div class=\"elementor-element elementor-element-12dc928 elementor-widget elementor-widget-image\" data-id=\"12dc928\" data-element_type=\"widget\" data-e-type=\"widget\" data-widget_type=\"image.default\">\n\t\t\t\t<div class=\"elementor-widget-container\">\n\t\t\t\t\t\t\t\t\t\t\t\t\t\t\t<img decoding=\"async\" width=\"800\" height=\"400\" src=\"https:\/\/www.icpmuenchen.de\/wp-content\/uploads\/2021\/04\/berufsvorbereitung-bildungsma\u00dfnahme-1024x512.jpg\" class=\"attachment-large size-large wp-image-4998\" alt=\"\" srcset=\"https:\/\/www.icpmuenchen.de\/wp-content\/uploads\/2021\/04\/berufsvorbereitung-bildungsma\u00dfnahme-1024x512.jpg 1024w, https:\/\/www.icpmuenchen.de\/wp-content\/uploads\/2021\/04\/berufsvorbereitung-bildungsma\u00dfnahme-300x150.jpg 300w, https:\/\/www.icpmuenchen.de\/wp-content\/uploads\/2021\/04\/berufsvorbereitung-bildungsma\u00dfnahme-768x384.jpg 768w, https:\/\/www.icpmuenchen.de\/wp-content\/uploads\/2021\/04\/berufsvorbereitung-bildungsma\u00dfnahme.jpg 1200w\" sizes=\"(max-width: 800px) 100vw, 800px\" \/>\t\t\t\t\t\t\t\t\t\t\t\t\t\t\t<\/div>\n\t\t\t\t<\/div>\n\t\t\t\t\t<\/div>\n\t\t<\/div>\n\t\t\t\t\t<\/div>\n\t\t<\/section>\n\t\t\t\t<section class=\"elementor-section elementor-inner-section elementor-element elementor-element-3de8a10 elementor-section-boxed elementor-section-height-default elementor-section-height-default\" data-id=\"3de8a10\" data-element_type=\"section\" data-e-type=\"section\">\n\t\t\t\t\t\t<div class=\"elementor-container elementor-column-gap-default\">\n\t\t\t\t\t<div class=\"elementor-column elementor-col-50 elementor-inner-column elementor-element elementor-element-dc3cb7b\" data-id=\"dc3cb7b\" data-element_type=\"column\" data-e-type=\"column\" data-settings=\"{&quot;background_background&quot;:&quot;classic&quot;}\">\n\t\t\t<div class=\"elementor-widget-wrap elementor-element-populated\">\n\t\t\t\t\t\t<div class=\"elementor-element elementor-element-685886b elementor-widget elementor-widget-heading\" data-id=\"685886b\" data-element_type=\"widget\" data-e-type=\"widget\" data-widget_type=\"heading.default\">\n\t\t\t\t<div class=\"elementor-widget-container\">\n\t\t\t\t\t<h3 class=\"elementor-heading-title elementor-size-default\">Apprentissage, classes sp\u00e9cialis\u00e9es <br>(pour satisfaire \u00e0 l'obligation de formation professionnelle)<\/h3>\t\t\t\t<\/div>\n\t\t\t\t<\/div>\n\t\t\t\t<div class=\"elementor-element elementor-element-81e5ae6 elementor-widget elementor-widget-text-editor\" data-id=\"81e5ae6\" data-element_type=\"widget\" data-e-type=\"widget\" data-widget_type=\"text-editor.default\">\n\t\t\t\t<div class=\"elementor-widget-container\">\n\t\t\t\t\t\t\t\t\t<ul><li>Enseignement \u00e0 temps partiel sur 3 ans<\/li><li>Examen \u00e0 la Chambre de commerce et d&rsquo;industrie<\/li><\/ul><h5>\u00a0<\/h5><h5>Professions qualifi\u00e9es (Vollberufe &#8211; \u00a7 5 BBiG)<\/h5><ul><li>Commer\u00e7ant en gestion bureautique<\/li><li>M\u00e9canicien d&rsquo;usinage<\/li><\/ul><h5>\u00a0<\/h5><h5>Professions \u00e0 th\u00e9orie r\u00e9duite (Theoriereduzierte Berufe &#8211; \u00a7 66 BBiG)<\/h5><ul><li>Man\u0153uvre en bureautique<\/li><li>Man\u0153uvre en services domestiques<\/li><li>Man\u0153uvre en m\u00e9canique d&rsquo;usinage<\/li><li>Man\u0153uvre en int\u00e9gration de syst\u00e8mes informatiques<\/li><li>Man\u0153uvre en s\u00e9rigraphie<\/li><\/ul><p>La d\u00e9cision de mise en pratique de cette mesure est prise par le service de conseil en r\u00e9adaptation de l&rsquo;agence pour l&#8217;emploi comp\u00e9tente.<\/p><p><a href=\"https:\/\/www.icpmuenchen.de\/wp-content\/uploads\/2021\/07\/ICP-FB-BBW-Berufsschule-Luise-Kiesselbach-090421-Screen.pdf\" target=\"_blank\" rel=\"noopener\">Flyer Centre de Formation d\u2019Apprentis (Berufsschule) \u00e0 t\u00e9l\u00e9charger<\/a><\/p>\t\t\t\t\t\t\t\t<\/div>\n\t\t\t\t<\/div>\n\t\t\t\t\t<\/div>\n\t\t<\/div>\n\t\t\t\t<div class=\"elementor-column elementor-col-50 elementor-inner-column elementor-element elementor-element-5b48112\" data-id=\"5b48112\" data-element_type=\"column\" data-e-type=\"column\" data-settings=\"{&quot;background_background&quot;:&quot;classic&quot;}\">\n\t\t\t<div class=\"elementor-widget-wrap elementor-element-populated\">\n\t\t\t\t\t\t<div class=\"elementor-element elementor-element-d087210 elementor-widget elementor-widget-image\" data-id=\"d087210\" data-element_type=\"widget\" data-e-type=\"widget\" data-widget_type=\"image.default\">\n\t\t\t\t<div class=\"elementor-widget-container\">\n\t\t\t\t\t\t\t\t\t\t\t\t\t\t\t<img decoding=\"async\" width=\"500\" height=\"600\" src=\"https:\/\/www.icpmuenchen.de\/wp-content\/uploads\/2021\/04\/berufsausbildung.jpg\" class=\"attachment-large size-large wp-image-5003\" alt=\"\" srcset=\"https:\/\/www.icpmuenchen.de\/wp-content\/uploads\/2021\/04\/berufsausbildung.jpg 500w, https:\/\/www.icpmuenchen.de\/wp-content\/uploads\/2021\/04\/berufsausbildung-250x300.jpg 250w\" sizes=\"(max-width: 500px) 100vw, 500px\" \/>\t\t\t\t\t\t\t\t\t\t\t\t\t\t\t<\/div>\n\t\t\t\t<\/div>\n\t\t\t\t\t<\/div>\n\t\t<\/div>\n\t\t\t\t\t<\/div>\n\t\t<\/section>\n\t\t\t\t<div class=\"elementor-element elementor-element-1b88093 elementor-widget elementor-widget-heading\" data-id=\"1b88093\" data-element_type=\"widget\" data-e-type=\"widget\" data-widget_type=\"heading.default\">\n\t\t\t\t<div class=\"elementor-widget-container\">\n\t\t\t\t\t<h3 class=\"elementor-heading-title elementor-size-default\">Offre scolaire du Centre de Formation d\u2019Apprentis (Berufsschule) Luise Kiesselbach<\/h3>\t\t\t\t<\/div>\n\t\t\t\t<\/div>\n\t\t\t\t\t<\/div>\n\t\t<\/div>\n\t\t\t\t\t<\/div>\n\t\t<\/section>\n\t\t\t\t<section class=\"elementor-section elementor-top-section elementor-element elementor-element-aadfda6 elementor-section-boxed elementor-section-height-default elementor-section-height-default\" data-id=\"aadfda6\" data-element_type=\"section\" data-e-type=\"section\">\n\t\t\t\t\t\t<div class=\"elementor-container elementor-column-gap-default\">\n\t\t\t\t\t<div class=\"elementor-column elementor-col-100 elementor-top-column elementor-element elementor-element-3a3ea1b\" data-id=\"3a3ea1b\" data-element_type=\"column\" data-e-type=\"column\">\n\t\t\t<div class=\"elementor-widget-wrap elementor-element-populated\">\n\t\t\t\t\t\t<div class=\"elementor-element elementor-element-9409036 elementor-widget elementor-widget-image\" data-id=\"9409036\" data-element_type=\"widget\" data-e-type=\"widget\" data-widget_type=\"image.default\">\n\t\t\t\t<div class=\"elementor-widget-container\">\n\t\t\t\t\t\t\t\t\t\t\t\t\t\t\t\t<a href=\"https:\/\/www.icpmuenchen.de\/wp-content\/uploads\/2021\/07\/ICP-Schaubild-Berufsschule-2.jpg\" data-elementor-open-lightbox=\"yes\" data-elementor-lightbox-title=\"ICP-Schaubild-Berufsschule-2\" data-e-action-hash=\"#elementor-action%3Aaction%3Dlightbox%26settings%3DeyJpZCI6NzgxNCwidXJsIjoiaHR0cHM6XC9cL3d3dy5pY3BtdWVuY2hlbi5kZVwvd3AtY29udGVudFwvdXBsb2Fkc1wvMjAyMVwvMDdcL0lDUC1TY2hhdWJpbGQtQmVydWZzc2NodWxlLTIuanBnIn0%3D\">\n\t\t\t\t\t\t\t<img loading=\"lazy\" decoding=\"async\" width=\"800\" height=\"534\" src=\"https:\/\/www.icpmuenchen.de\/wp-content\/uploads\/2021\/07\/ICP-Schaubild-Berufsschule-2-1024x683.jpg\" class=\"attachment-large size-large wp-image-7814\" alt=\"\" srcset=\"https:\/\/www.icpmuenchen.de\/wp-content\/uploads\/2021\/07\/ICP-Schaubild-Berufsschule-2-1024x683.jpg 1024w, https:\/\/www.icpmuenchen.de\/wp-content\/uploads\/2021\/07\/ICP-Schaubild-Berufsschule-2-300x200.jpg 300w, https:\/\/www.icpmuenchen.de\/wp-content\/uploads\/2021\/07\/ICP-Schaubild-Berufsschule-2-768x512.jpg 768w, https:\/\/www.icpmuenchen.de\/wp-content\/uploads\/2021\/07\/ICP-Schaubild-Berufsschule-2.jpg 1200w\" sizes=\"(max-width: 800px) 100vw, 800px\" \/>\t\t\t\t\t\t\t\t<\/a>\n\t\t\t\t\t\t\t\t\t\t\t\t\t\t\t<\/div>\n\t\t\t\t<\/div>\n\t\t\t\t\t<\/div>\n\t\t<\/div>\n\t\t\t\t\t<\/div>\n\t\t<\/section>\n\t\t\t\t<section class=\"elementor-section elementor-top-section elementor-element elementor-element-1df555e7 elementor-section-boxed elementor-section-height-default elementor-section-height-default\" data-id=\"1df555e7\" data-element_type=\"section\" data-e-type=\"section\" data-settings=\"{&quot;background_background&quot;:&quot;classic&quot;}\">\n\t\t\t\t\t\t<div class=\"elementor-container elementor-column-gap-no\">\n\t\t\t\t\t<div class=\"elementor-column elementor-col-100 elementor-top-column elementor-element elementor-element-15592f42\" data-id=\"15592f42\" data-element_type=\"column\" data-e-type=\"column\">\n\t\t\t<div class=\"elementor-widget-wrap elementor-element-populated\">\n\t\t\t\t\t\t<section class=\"elementor-section elementor-inner-section elementor-element elementor-element-56b7dc73 animated-slow elementor-section-boxed elementor-section-height-default elementor-section-height-default elementor-invisible\" data-id=\"56b7dc73\" data-element_type=\"section\" data-e-type=\"section\" data-settings=\"{&quot;animation&quot;:&quot;fadeInUp&quot;}\">\n\t\t\t\t\t\t<div class=\"elementor-container elementor-column-gap-default\">\n\t\t\t\t\t<div class=\"elementor-column elementor-col-100 elementor-inner-column elementor-element elementor-element-10a5c219\" data-id=\"10a5c219\" data-element_type=\"column\" data-e-type=\"column\">\n\t\t\t<div class=\"elementor-widget-wrap elementor-element-populated\">\n\t\t\t\t\t\t<div class=\"elementor-element elementor-element-7d93ba5b animated-slow elementor-invisible elementor-widget elementor-widget-elementskit-heading\" data-id=\"7d93ba5b\" data-element_type=\"widget\" data-e-type=\"widget\" data-settings=\"{&quot;_animation&quot;:&quot;fadeInUp&quot;}\" data-widget_type=\"elementskit-heading.default\">\n\t\t\t\t<div class=\"elementor-widget-container\">\n\t\t\t\t\t<div class=\"ekit-wid-con\" ><div class=\"ekit-heading elementskit-section-title-wraper text_center   ekit_heading_tablet-   ekit_heading_mobile-\"><h3 class=\"elementskit-section-subtitle  \">\n\t\t\t\t\t\tPOUR TOUTE QUESTION CONCERNANT LE CENTRE DE FORMATION D\u2019APPRENTIS (BERUFSSCHULE)\n\t\t\t\t\t<\/h3><h2 class=\"ekit-heading--title elementskit-section-title \">Votre Interlocuteur<\/h2>\t\t\t\t<div class='ekit-heading__description'>\n\t\t\t\t\t<p>Luise-Kiesselbach-Schulen, Garmischer Stra\u00dfe 241, 81377 M\u00fcnchen<\/p>\n\t\t\t\t<\/div>\n\t\t\t<\/div><\/div>\t\t\t\t<\/div>\n\t\t\t\t<\/div>\n\t\t\t\t<div class=\"elementor-element elementor-element-10f5c1e1 elementor-widget elementor-widget-elementskit-team\" data-id=\"10f5c1e1\" data-element_type=\"widget\" data-e-type=\"widget\" data-widget_type=\"elementskit-team.default\">\n\t\t\t\t<div class=\"elementor-widget-container\">\n\t\t\t\t\t<div class=\"ekit-wid-con\">\n\t\t\t\t\t\t\t\t\t\t\t\t\t\t\t <div class=\"style-circle ekit-team-img-fit\"> \t\t\t\t\t\t\t\t\t<div class=\"profile-image-card elementor-animation- ekit-team-img ekit-team-style-overlay_circle text-center\">\n\n\t\t\t\t\t\t\t\t\t\t\t\t\t<img loading=\"lazy\" decoding=\"async\" width=\"400\" height=\"400\" src=\"https:\/\/www.icpmuenchen.de\/wp-content\/uploads\/2021\/08\/meierhofer.jpg\" class=\"attachment-large size-large wp-image-3149\" alt=\"\" srcset=\"https:\/\/www.icpmuenchen.de\/wp-content\/uploads\/2021\/08\/meierhofer.jpg 400w, https:\/\/www.icpmuenchen.de\/wp-content\/uploads\/2021\/08\/meierhofer-300x300.jpg 300w, https:\/\/www.icpmuenchen.de\/wp-content\/uploads\/2021\/08\/meierhofer-150x150.jpg 150w\" sizes=\"(max-width: 400px) 100vw, 400px\" \/>\t\t\t\t\t\t\t\t\t\t\t\t<div class=\"hover-area\">\n\t\t\t\t\t\t\t<div class=\"profile-body\">\n\t\t\t\t\t\t\t\t<h2 class=\"profile-title\">\n\t\t\t\t\t\t\t\t\t\t\t\t\t\t\t\t\t\t\t\t\t\t\t\t\t\t\t\t\t\t\t\t\t<\/h2>\n\t\t\t\t\t\t\t\t<p class=\"profile-designation\"><\/p>\n\t\t\t\t\t\t\t\t\t\t\t\t\t\t\t<\/div>\n\t\t\t\t\t\t\t\t\t\t\t\t\t<\/div>\n\t\t\t\t\t<\/div>\n\t\t\t\t\t <\/div> \n\t\t\t\t\n\t\t\t\t<\/div>\t\t\t\t<\/div>\n\t\t\t\t<\/div>\n\t\t\t\t<div class=\"elementor-element elementor-element-9aedf58 elementor-widget elementor-widget-elementskit-heading\" data-id=\"9aedf58\" data-element_type=\"widget\" data-e-type=\"widget\" data-widget_type=\"elementskit-heading.default\">\n\t\t\t\t<div class=\"elementor-widget-container\">\n\t\t\t\t\t<div class=\"ekit-wid-con\" ><div class=\"ekit-heading elementskit-section-title-wraper text_center   ekit_heading_tablet-   ekit_heading_mobile-\"><h2 class=\"ekit-heading--title elementskit-section-title \">Wolfgang Meierhofer<\/h2><h3 class=\"ekit-heading--subtitle elementskit-section-subtitle  \">\n\t\t\t\t\t\tDirecteur des \u00e9coles Luise Kiesselbach\n\t\t\t\t\t<\/h3>\t\t\t\t<div class='ekit-heading__description'>\n\t\t\t\t\t<p><a href=\"tel:+498971007400\">+49 89 71007-400<\/a><br \/><a href=\"mailto:LKS@icp.de\" target=\"_blank\" rel=\"noopener\">LKS@icp.de<\/a><\/p>\n\t\t\t\t<\/div>\n\t\t\t<\/div><\/div>\t\t\t\t<\/div>\n\t\t\t\t<\/div>\n\t\t\t\t\t<\/div>\n\t\t<\/div>\n\t\t\t\t\t<\/div>\n\t\t<\/section>\n\t\t\t\t\t<\/div>\n\t\t<\/div>\n\t\t\t\t\t<\/div>\n\t\t<\/section>\n\t\t\t\t<section class=\"elementor-section elementor-top-section elementor-element elementor-element-944d76d elementor-section-boxed elementor-section-height-default elementor-section-height-default\" data-id=\"944d76d\" data-element_type=\"section\" data-e-type=\"section\">\n\t\t\t\t\t\t<div class=\"elementor-container elementor-column-gap-default\">\n\t\t\t\t\t<div class=\"elementor-column elementor-col-100 elementor-top-column elementor-element elementor-element-509a7ce\" data-id=\"509a7ce\" data-element_type=\"column\" data-e-type=\"column\">\n\t\t\t<div class=\"elementor-widget-wrap elementor-element-populated\">\n\t\t\t\t\t\t\t<\/div>\n\t\t<\/div>\n\t\t\t\t\t<\/div>\n\t\t<\/section>\n\t\t\t\t<\/div>\n\t\t","protected":false},"excerpt":{"rendered":"<p>STRUCTURES D\u2019ACCUEIL POUR ENFANTS, \u00c9COLE PRIMAIRE INCLUSIVE, HEILP\u00c4DAGOGISCHE TAGESST\u00c4TTE, F\u00d6RDERSCHULE, CENTRE DE FORMATION D\u2019APPRENTIS (BERUFSSCHULE), R\u00c9SIDENCE \u00c9TUDIANTE Formation &amp; \u00c9ducation Formation &amp; \u00c9ducation Centre de Formation d\u2019Apprentis (Berufsschule) Luise Kiesselbach Nos enseignants, p\u00e9dagogues et professionnels veillent \u00e0 ce que vous receviez la meilleure formation et le meilleur soutien possible. Nous proposons de petits groupe de [&hellip;]<\/p>\n","protected":false},"author":1,"featured_media":0,"parent":5907,"menu_order":0,"comment_status":"closed","ping_status":"closed","template":"","meta":{"footnotes":""},"class_list":["post-5915","page","type-page","status-publish","hentry"],"yoast_head":"<!-- This site is optimized with the Yoast SEO plugin v26.8 - https:\/\/yoast.com\/product\/yoast-seo-wordpress\/ -->\n<title>Centre de Formation d\u2019Apprentis (Berufsschule) - ICP M\u00fcnchen<\/title>\n<meta name=\"robots\" content=\"index, follow, max-snippet:-1, max-image-preview:large, max-video-preview:-1\" \/>\n<link rel=\"canonical\" href=\"https:\/\/www.icpmuenchen.de\/fr\/formation-education\/centre-de-formation-dapprentis-berufsschule\/\" \/>\n<meta property=\"og:locale\" content=\"fr_FR\" \/>\n<meta property=\"og:type\" content=\"article\" \/>\n<meta property=\"og:title\" content=\"Centre de Formation d\u2019Apprentis (Berufsschule) - ICP M\u00fcnchen\" \/>\n<meta property=\"og:description\" content=\"STRUCTURES D\u2019ACCUEIL POUR ENFANTS, \u00c9COLE PRIMAIRE INCLUSIVE, HEILP\u00c4DAGOGISCHE TAGESST\u00c4TTE, F\u00d6RDERSCHULE, CENTRE DE FORMATION D\u2019APPRENTIS (BERUFSSCHULE), R\u00c9SIDENCE \u00c9TUDIANTE Formation &amp; \u00c9ducation Formation &amp; \u00c9ducation Centre de Formation d\u2019Apprentis (Berufsschule) Luise Kiesselbach Nos enseignants, p\u00e9dagogues et professionnels veillent \u00e0 ce que vous receviez la meilleure formation et le meilleur soutien possible. Nous proposons de petits groupe de [&hellip;]\" \/>\n<meta property=\"og:url\" content=\"https:\/\/www.icpmuenchen.de\/fr\/formation-education\/centre-de-formation-dapprentis-berufsschule\/\" \/>\n<meta property=\"og:site_name\" content=\"ICP M\u00fcnchen\" \/>\n<meta property=\"article:modified_time\" content=\"2023-02-13T13:11:59+00:00\" \/>\n<meta property=\"og:image\" content=\"https:\/\/www.icpmuenchen.de\/wp-content\/uploads\/2021\/04\/berufsvorbereitung.jpg\" \/>\n<meta name=\"twitter:card\" content=\"summary_large_image\" \/>\n<meta name=\"twitter:label1\" content=\"Dur\u00e9e de lecture estim\u00e9e\" \/>\n\t<meta name=\"twitter:data1\" content=\"4 minutes\" \/>\n<script type=\"application\/ld+json\" class=\"yoast-schema-graph\">{\"@context\":\"https:\/\/schema.org\",\"@graph\":[{\"@type\":\"WebPage\",\"@id\":\"https:\/\/www.icpmuenchen.de\/fr\/formation-education\/centre-de-formation-dapprentis-berufsschule\/\",\"url\":\"https:\/\/www.icpmuenchen.de\/fr\/formation-education\/centre-de-formation-dapprentis-berufsschule\/\",\"name\":\"Centre de Formation d\u2019Apprentis (Berufsschule) - ICP M\u00fcnchen\",\"isPartOf\":{\"@id\":\"https:\/\/www.icpmuenchen.de\/fr\/#website\"},\"primaryImageOfPage\":{\"@id\":\"https:\/\/www.icpmuenchen.de\/fr\/formation-education\/centre-de-formation-dapprentis-berufsschule\/#primaryimage\"},\"image\":{\"@id\":\"https:\/\/www.icpmuenchen.de\/fr\/formation-education\/centre-de-formation-dapprentis-berufsschule\/#primaryimage\"},\"thumbnailUrl\":\"https:\/\/www.icpmuenchen.de\/wp-content\/uploads\/2021\/04\/berufsvorbereitung.jpg\",\"datePublished\":\"2021-04-15T14:58:41+00:00\",\"dateModified\":\"2023-02-13T13:11:59+00:00\",\"breadcrumb\":{\"@id\":\"https:\/\/www.icpmuenchen.de\/fr\/formation-education\/centre-de-formation-dapprentis-berufsschule\/#breadcrumb\"},\"inLanguage\":\"fr-FR\",\"potentialAction\":[{\"@type\":\"ReadAction\",\"target\":[\"https:\/\/www.icpmuenchen.de\/fr\/formation-education\/centre-de-formation-dapprentis-berufsschule\/\"]}]},{\"@type\":\"ImageObject\",\"inLanguage\":\"fr-FR\",\"@id\":\"https:\/\/www.icpmuenchen.de\/fr\/formation-education\/centre-de-formation-dapprentis-berufsschule\/#primaryimage\",\"url\":\"https:\/\/www.icpmuenchen.de\/wp-content\/uploads\/2021\/04\/berufsvorbereitung.jpg\",\"contentUrl\":\"https:\/\/www.icpmuenchen.de\/wp-content\/uploads\/2021\/04\/berufsvorbereitung.jpg\"},{\"@type\":\"BreadcrumbList\",\"@id\":\"https:\/\/www.icpmuenchen.de\/fr\/formation-education\/centre-de-formation-dapprentis-berufsschule\/#breadcrumb\",\"itemListElement\":[{\"@type\":\"ListItem\",\"position\":1,\"name\":\"Startseite\",\"item\":\"https:\/\/www.icpmuenchen.de\/fr\/\"},{\"@type\":\"ListItem\",\"position\":2,\"name\":\"Formation &#038; \u00c9ducation\",\"item\":\"https:\/\/www.icpmuenchen.de\/fr\/formation-education\/\"},{\"@type\":\"ListItem\",\"position\":3,\"name\":\"Centre de Formation d\u2019Apprentis (Berufsschule)\"}]},{\"@type\":\"WebSite\",\"@id\":\"https:\/\/www.icpmuenchen.de\/fr\/#website\",\"url\":\"https:\/\/www.icpmuenchen.de\/fr\/\",\"name\":\"ICP M\u00fcnchen\",\"description\":\"Integrationszentrum f\u00fcr K\u00f6rperbehinderte\",\"publisher\":{\"@id\":\"https:\/\/www.icpmuenchen.de\/fr\/#organization\"},\"potentialAction\":[{\"@type\":\"SearchAction\",\"target\":{\"@type\":\"EntryPoint\",\"urlTemplate\":\"https:\/\/www.icpmuenchen.de\/fr\/?s={search_term_string}\"},\"query-input\":{\"@type\":\"PropertyValueSpecification\",\"valueRequired\":true,\"valueName\":\"search_term_string\"}}],\"inLanguage\":\"fr-FR\"},{\"@type\":\"Organization\",\"@id\":\"https:\/\/www.icpmuenchen.de\/fr\/#organization\",\"name\":\"ICP M\u00fcnchen\",\"url\":\"https:\/\/www.icpmuenchen.de\/fr\/\",\"logo\":{\"@type\":\"ImageObject\",\"inLanguage\":\"fr-FR\",\"@id\":\"https:\/\/www.icpmuenchen.de\/fr\/#\/schema\/logo\/image\/\",\"url\":\"https:\/\/www.icpmuenchen.de\/wp-content\/uploads\/2020\/08\/Logo_Stiftung-ICP.svg\",\"contentUrl\":\"https:\/\/www.icpmuenchen.de\/wp-content\/uploads\/2020\/08\/Logo_Stiftung-ICP.svg\",\"width\":1,\"height\":1,\"caption\":\"ICP M\u00fcnchen\"},\"image\":{\"@id\":\"https:\/\/www.icpmuenchen.de\/fr\/#\/schema\/logo\/image\/\"}}]}<\/script>\n<!-- \/ Yoast SEO plugin. -->","yoast_head_json":{"title":"Centre de Formation d\u2019Apprentis (Berufsschule) - ICP M\u00fcnchen","robots":{"index":"index","follow":"follow","max-snippet":"max-snippet:-1","max-image-preview":"max-image-preview:large","max-video-preview":"max-video-preview:-1"},"canonical":"https:\/\/www.icpmuenchen.de\/fr\/formation-education\/centre-de-formation-dapprentis-berufsschule\/","og_locale":"fr_FR","og_type":"article","og_title":"Centre de Formation d\u2019Apprentis (Berufsschule) - ICP M\u00fcnchen","og_description":"STRUCTURES D\u2019ACCUEIL POUR ENFANTS, \u00c9COLE PRIMAIRE INCLUSIVE, HEILP\u00c4DAGOGISCHE TAGESST\u00c4TTE, F\u00d6RDERSCHULE, CENTRE DE FORMATION D\u2019APPRENTIS (BERUFSSCHULE), R\u00c9SIDENCE \u00c9TUDIANTE Formation &amp; \u00c9ducation Formation &amp; \u00c9ducation Centre de Formation d\u2019Apprentis (Berufsschule) Luise Kiesselbach Nos enseignants, p\u00e9dagogues et professionnels veillent \u00e0 ce que vous receviez la meilleure formation et le meilleur soutien possible. Nous proposons de petits groupe de [&hellip;]","og_url":"https:\/\/www.icpmuenchen.de\/fr\/formation-education\/centre-de-formation-dapprentis-berufsschule\/","og_site_name":"ICP M\u00fcnchen","article_modified_time":"2023-02-13T13:11:59+00:00","og_image":[{"url":"https:\/\/www.icpmuenchen.de\/wp-content\/uploads\/2021\/04\/berufsvorbereitung.jpg","type":"","width":"","height":""}],"twitter_card":"summary_large_image","twitter_misc":{"Dur\u00e9e de lecture estim\u00e9e":"4 minutes"},"schema":{"@context":"https:\/\/schema.org","@graph":[{"@type":"WebPage","@id":"https:\/\/www.icpmuenchen.de\/fr\/formation-education\/centre-de-formation-dapprentis-berufsschule\/","url":"https:\/\/www.icpmuenchen.de\/fr\/formation-education\/centre-de-formation-dapprentis-berufsschule\/","name":"Centre de Formation d\u2019Apprentis (Berufsschule) - ICP M\u00fcnchen","isPartOf":{"@id":"https:\/\/www.icpmuenchen.de\/fr\/#website"},"primaryImageOfPage":{"@id":"https:\/\/www.icpmuenchen.de\/fr\/formation-education\/centre-de-formation-dapprentis-berufsschule\/#primaryimage"},"image":{"@id":"https:\/\/www.icpmuenchen.de\/fr\/formation-education\/centre-de-formation-dapprentis-berufsschule\/#primaryimage"},"thumbnailUrl":"https:\/\/www.icpmuenchen.de\/wp-content\/uploads\/2021\/04\/berufsvorbereitung.jpg","datePublished":"2021-04-15T14:58:41+00:00","dateModified":"2023-02-13T13:11:59+00:00","breadcrumb":{"@id":"https:\/\/www.icpmuenchen.de\/fr\/formation-education\/centre-de-formation-dapprentis-berufsschule\/#breadcrumb"},"inLanguage":"fr-FR","potentialAction":[{"@type":"ReadAction","target":["https:\/\/www.icpmuenchen.de\/fr\/formation-education\/centre-de-formation-dapprentis-berufsschule\/"]}]},{"@type":"ImageObject","inLanguage":"fr-FR","@id":"https:\/\/www.icpmuenchen.de\/fr\/formation-education\/centre-de-formation-dapprentis-berufsschule\/#primaryimage","url":"https:\/\/www.icpmuenchen.de\/wp-content\/uploads\/2021\/04\/berufsvorbereitung.jpg","contentUrl":"https:\/\/www.icpmuenchen.de\/wp-content\/uploads\/2021\/04\/berufsvorbereitung.jpg"},{"@type":"BreadcrumbList","@id":"https:\/\/www.icpmuenchen.de\/fr\/formation-education\/centre-de-formation-dapprentis-berufsschule\/#breadcrumb","itemListElement":[{"@type":"ListItem","position":1,"name":"Startseite","item":"https:\/\/www.icpmuenchen.de\/fr\/"},{"@type":"ListItem","position":2,"name":"Formation &#038; \u00c9ducation","item":"https:\/\/www.icpmuenchen.de\/fr\/formation-education\/"},{"@type":"ListItem","position":3,"name":"Centre de Formation d\u2019Apprentis (Berufsschule)"}]},{"@type":"WebSite","@id":"https:\/\/www.icpmuenchen.de\/fr\/#website","url":"https:\/\/www.icpmuenchen.de\/fr\/","name":"ICP M\u00fcnchen","description":"Integrationszentrum f\u00fcr K\u00f6rperbehinderte","publisher":{"@id":"https:\/\/www.icpmuenchen.de\/fr\/#organization"},"potentialAction":[{"@type":"SearchAction","target":{"@type":"EntryPoint","urlTemplate":"https:\/\/www.icpmuenchen.de\/fr\/?s={search_term_string}"},"query-input":{"@type":"PropertyValueSpecification","valueRequired":true,"valueName":"search_term_string"}}],"inLanguage":"fr-FR"},{"@type":"Organization","@id":"https:\/\/www.icpmuenchen.de\/fr\/#organization","name":"ICP M\u00fcnchen","url":"https:\/\/www.icpmuenchen.de\/fr\/","logo":{"@type":"ImageObject","inLanguage":"fr-FR","@id":"https:\/\/www.icpmuenchen.de\/fr\/#\/schema\/logo\/image\/","url":"https:\/\/www.icpmuenchen.de\/wp-content\/uploads\/2020\/08\/Logo_Stiftung-ICP.svg","contentUrl":"https:\/\/www.icpmuenchen.de\/wp-content\/uploads\/2020\/08\/Logo_Stiftung-ICP.svg","width":1,"height":1,"caption":"ICP M\u00fcnchen"},"image":{"@id":"https:\/\/www.icpmuenchen.de\/fr\/#\/schema\/logo\/image\/"}}]}},"_links":{"self":[{"href":"https:\/\/www.icpmuenchen.de\/fr\/wp-json\/wp\/v2\/pages\/5915","targetHints":{"allow":["GET"]}}],"collection":[{"href":"https:\/\/www.icpmuenchen.de\/fr\/wp-json\/wp\/v2\/pages"}],"about":[{"href":"https:\/\/www.icpmuenchen.de\/fr\/wp-json\/wp\/v2\/types\/page"}],"author":[{"embeddable":true,"href":"https:\/\/www.icpmuenchen.de\/fr\/wp-json\/wp\/v2\/users\/1"}],"replies":[{"embeddable":true,"href":"https:\/\/www.icpmuenchen.de\/fr\/wp-json\/wp\/v2\/comments?post=5915"}],"version-history":[{"count":27,"href":"https:\/\/www.icpmuenchen.de\/fr\/wp-json\/wp\/v2\/pages\/5915\/revisions"}],"predecessor-version":[{"id":6536,"href":"https:\/\/www.icpmuenchen.de\/fr\/wp-json\/wp\/v2\/pages\/5915\/revisions\/6536"}],"up":[{"embeddable":true,"href":"https:\/\/www.icpmuenchen.de\/fr\/wp-json\/wp\/v2\/pages\/5907"}],"wp:attachment":[{"href":"https:\/\/www.icpmuenchen.de\/fr\/wp-json\/wp\/v2\/media?parent=5915"}],"curies":[{"name":"wp","href":"https:\/\/api.w.org\/{rel}","templated":true}]}}