{"id":5924,"date":"2021-04-15T16:25:07","date_gmt":"2021-04-15T14:25:07","guid":{"rendered":"https:\/\/www.icpmuenchen.de\/bildung-erziehung\/foerderschule\/"},"modified":"2023-02-13T14:11:59","modified_gmt":"2023-02-13T13:11:59","slug":"foerderschule","status":"publish","type":"page","link":"https:\/\/www.icpmuenchen.de\/fr\/formation-education\/foerderschule\/","title":{"rendered":"F\u00f6rderschule"},"content":{"rendered":"\t\t<div data-elementor-type=\"wp-page\" data-elementor-id=\"5924\" class=\"elementor elementor-5924 elementor-1026\" data-elementor-post-type=\"page\">\n\t\t\t\t\t\t<section class=\"elementor-section elementor-top-section elementor-element elementor-element-79cb3bb9 elementor-section-height-min-height elementor-section-content-middle elementor-section-boxed elementor-section-height-default elementor-section-items-middle\" data-id=\"79cb3bb9\" data-element_type=\"section\" data-e-type=\"section\" data-settings=\"{&quot;background_background&quot;:&quot;classic&quot;}\">\n\t\t\t\t\t\t\t<div class=\"elementor-background-overlay\"><\/div>\n\t\t\t\t\t\t\t<div class=\"elementor-container elementor-column-gap-default\">\n\t\t\t\t\t<div class=\"elementor-column elementor-col-100 elementor-top-column elementor-element elementor-element-16b0ae4a\" data-id=\"16b0ae4a\" data-element_type=\"column\" data-e-type=\"column\">\n\t\t\t<div class=\"elementor-widget-wrap elementor-element-populated\">\n\t\t\t\t\t\t<div class=\"elementor-element elementor-element-7c736fc8 elementor-widget elementor-widget-elementskit-heading\" data-id=\"7c736fc8\" data-element_type=\"widget\" data-e-type=\"widget\" data-widget_type=\"elementskit-heading.default\">\n\t\t\t\t<div class=\"elementor-widget-container\">\n\t\t\t\t\t<div class=\"ekit-wid-con\" ><div class=\"ekit-heading elementskit-section-title-wraper text_left   ekit_heading_tablet-   ekit_heading_mobile-\"><h3 class=\"elementskit-section-subtitle  \">\n\t\t\t\t\t\tSTRUCTURES D\u2019ACCUEIL POUR ENFANTS, \u00c9COLE PRIMAIRE INCLUSIVE, HEILP\u00c4DAGOGISCHE TAGESST\u00c4TTE, F\u00d6RDERSCHULE, CENTRE DE FORMATION D\u2019APPRENTIS (BERUFSSCHULE), R\u00c9SIDENCE \u00c9TUDIANTE\n\t\t\t\t\t<\/h3><h2 class=\"ekit-heading--title elementskit-section-title \">Formation &amp; \u00c9ducation<\/h2><\/div><\/div>\t\t\t\t<\/div>\n\t\t\t\t<\/div>\n\t\t\t\t\t<\/div>\n\t\t<\/div>\n\t\t\t\t\t<\/div>\n\t\t<\/section>\n\t\t\t\t<section class=\"elementor-section elementor-top-section elementor-element elementor-element-6869b901 elementor-section-boxed elementor-section-height-default elementor-section-height-default\" data-id=\"6869b901\" data-element_type=\"section\" data-e-type=\"section\">\n\t\t\t\t\t\t<div class=\"elementor-container elementor-column-gap-default\">\n\t\t\t\t\t<div class=\"elementor-column elementor-col-100 elementor-top-column elementor-element elementor-element-3f5e81a4\" data-id=\"3f5e81a4\" data-element_type=\"column\" data-e-type=\"column\">\n\t\t\t<div class=\"elementor-widget-wrap elementor-element-populated\">\n\t\t\t\t\t\t<div class=\"elementor-element elementor-element-3d491935 elementor-widget__width-auto elementor-absolute elementor-hidden-tablet elementor-hidden-phone animated-slow elementor-invisible elementor-widget elementor-widget-elementskit-heading\" data-id=\"3d491935\" data-element_type=\"widget\" data-e-type=\"widget\" data-settings=\"{&quot;_position&quot;:&quot;absolute&quot;,&quot;_animation&quot;:&quot;fadeInUp&quot;}\" data-widget_type=\"elementskit-heading.default\">\n\t\t\t\t<div class=\"elementor-widget-container\">\n\t\t\t\t\t<div class=\"ekit-wid-con\" ><div class=\"ekit-heading elementskit-section-title-wraper text_center   ekit_heading_tablet-   ekit_heading_mobile-\"><\/div><\/div>\t\t\t\t<\/div>\n\t\t\t\t<\/div>\n\t\t\t\t<div class=\"elementor-element elementor-element-4ccc8f12 elementor-widget elementor-widget-elementskit-heading\" data-id=\"4ccc8f12\" data-element_type=\"widget\" data-e-type=\"widget\" data-widget_type=\"elementskit-heading.default\">\n\t\t\t\t<div class=\"elementor-widget-container\">\n\t\t\t\t\t<div class=\"ekit-wid-con\" ><div class=\"ekit-heading elementskit-section-title-wraper text_center   ekit_heading_tablet-   ekit_heading_mobile-\"><h3 class=\"elementskit-section-subtitle  \">\n\t\t\t\t\t\tFORMATION &amp; \u00c9DUCATION\n\t\t\t\t\t<\/h3><h2 class=\"ekit-heading--title elementskit-section-title \">Luise-Kiesselbach-F\u00f6rderschule*<\/h2>\t\t\t\t<div class='ekit-heading__description'>\n\t\t\t\t\t<p>Sp\u00e9cialisation dans le d\u00e9veloppement physique et moteur<\/p>\n\t\t\t\t<\/div>\n\t\t\t<\/div><\/div>\t\t\t\t<\/div>\n\t\t\t\t<\/div>\n\t\t\t\t<section class=\"elementor-section elementor-inner-section elementor-element elementor-element-b11e1b1 elementor-section-boxed elementor-section-height-default elementor-section-height-default\" data-id=\"b11e1b1\" data-element_type=\"section\" data-e-type=\"section\">\n\t\t\t\t\t\t<div class=\"elementor-container elementor-column-gap-default\">\n\t\t\t\t\t<div class=\"elementor-column elementor-col-50 elementor-inner-column elementor-element elementor-element-293e1dc\" data-id=\"293e1dc\" data-element_type=\"column\" data-e-type=\"column\" data-settings=\"{&quot;background_background&quot;:&quot;classic&quot;}\">\n\t\t\t<div class=\"elementor-widget-wrap elementor-element-populated\">\n\t\t\t\t\t\t<div class=\"elementor-element elementor-element-38db67a elementor-widget elementor-widget-heading\" data-id=\"38db67a\" data-element_type=\"widget\" data-e-type=\"widget\" data-widget_type=\"heading.default\">\n\t\t\t\t<div class=\"elementor-widget-container\">\n\t\t\t\t\t<h3 class=\"elementor-heading-title elementor-size-default\">Section pr\u00e9scolaire \n\u00e9tablissement pr\u00e9scolaire (de l'\u00e2ge de 4 ans \u00e0 l'entr\u00e9e \u00e0 l'\u00e9cole)\n<\/h3>\t\t\t\t<\/div>\n\t\t\t\t<\/div>\n\t\t\t\t<div class=\"elementor-element elementor-element-530513d elementor-widget elementor-widget-text-editor\" data-id=\"530513d\" data-element_type=\"widget\" data-e-type=\"widget\" data-widget_type=\"text-editor.default\">\n\t\t\t\t<div class=\"elementor-widget-container\">\n\t\t\t\t\t\t\t\t\tPr\u00e9paration cibl\u00e9e \u00e0 une scolarisation r\u00e9ussie par le d\u00e9veloppement de comp\u00e9tences scolaires telles que\n<ul>\n \t<li>Autonomie et apprentissage social<\/li>\n \t<li>concentration et pers\u00e9v\u00e9rance<\/li>\n \t<li>Langage et communication am\u00e9lior\u00e9e et alternative<\/li>\n<\/ul>\t\t\t\t\t\t\t\t<\/div>\n\t\t\t\t<\/div>\n\t\t\t\t\t<\/div>\n\t\t<\/div>\n\t\t\t\t<div class=\"elementor-column elementor-col-50 elementor-inner-column elementor-element elementor-element-bde6a3d\" data-id=\"bde6a3d\" data-element_type=\"column\" data-e-type=\"column\" data-settings=\"{&quot;background_background&quot;:&quot;classic&quot;}\">\n\t\t\t<div class=\"elementor-widget-wrap elementor-element-populated\">\n\t\t\t\t\t\t<div class=\"elementor-element elementor-element-68dab86 elementor-widget elementor-widget-heading\" data-id=\"68dab86\" data-element_type=\"widget\" data-e-type=\"widget\" data-widget_type=\"heading.default\">\n\t\t\t\t<div class=\"elementor-widget-container\">\n\t\t\t\t\t<h3 class=\"elementor-heading-title elementor-size-default\">Niveau primaire (ann\u00e9es 1 \u00e0 4)<\/h3>\t\t\t\t<\/div>\n\t\t\t\t<\/div>\n\t\t\t\t<div class=\"elementor-element elementor-element-60cf28d elementor-widget elementor-widget-text-editor\" data-id=\"60cf28d\" data-element_type=\"widget\" data-e-type=\"widget\" data-widget_type=\"text-editor.default\">\n\t\t\t\t<div class=\"elementor-widget-container\">\n\t\t\t\t\t\t\t\t\t<ul><li>Diagnose-F\u00f6rderklasse** possible (classes 1, 1A et 2)<\/li><li>Allemand, math\u00e9matiques, histoire locale et sciences naturelles<\/li><li>Musique, art, travaux manuels, \u00e9thique, religion et sport<\/li><\/ul>\t\t\t\t\t\t\t\t<\/div>\n\t\t\t\t<\/div>\n\t\t\t\t\t<\/div>\n\t\t<\/div>\n\t\t\t\t\t<\/div>\n\t\t<\/section>\n\t\t\t\t<section class=\"elementor-section elementor-inner-section elementor-element elementor-element-05781a0 elementor-section-boxed elementor-section-height-default elementor-section-height-default\" data-id=\"05781a0\" data-element_type=\"section\" data-e-type=\"section\">\n\t\t\t\t\t\t<div class=\"elementor-container elementor-column-gap-default\">\n\t\t\t\t\t<div class=\"elementor-column elementor-col-50 elementor-inner-column elementor-element elementor-element-416a2e6\" data-id=\"416a2e6\" data-element_type=\"column\" data-e-type=\"column\" data-settings=\"{&quot;background_background&quot;:&quot;classic&quot;}\">\n\t\t\t<div class=\"elementor-widget-wrap elementor-element-populated\">\n\t\t\t\t\t\t<div class=\"elementor-element elementor-element-8e9ed59 elementor-widget elementor-widget-heading\" data-id=\"8e9ed59\" data-element_type=\"widget\" data-e-type=\"widget\" data-widget_type=\"heading.default\">\n\t\t\t\t<div class=\"elementor-widget-container\">\n\t\t\t\t\t<h3 class=\"elementor-heading-title elementor-size-default\">Niveau coll\u00e8ge (ann\u00e9es 5 \u00e0 9)<\/h3>\t\t\t\t<\/div>\n\t\t\t\t<\/div>\n\t\t\t\t<div class=\"elementor-element elementor-element-cfed320 elementor-widget elementor-widget-text-editor\" data-id=\"cfed320\" data-element_type=\"widget\" data-e-type=\"widget\" data-widget_type=\"text-editor.default\">\n\t\t\t\t<div class=\"elementor-widget-container\">\n\t\t\t\t\t\t\t\t\t<ul>\n \t<li>Enseignement de base<\/li>\n \t<li>Alimentation et social<\/li>\n \t<li>stages d&rsquo;orientation<\/li>\n \t<li>pr\u00e9paration cibl\u00e9e \u00e0 la transition \u00ab\u00a0\u00e9cole-travail\u00a0\u00bb.<\/li>\n \t<li>Histoire, politique, g\u00e9ographie<\/li>\n \t<li>Nature et technique<\/li>\n \t<li>anglais<\/li>\n \t<li>Informatique<\/li>\n<\/ul>\t\t\t\t\t\t\t\t<\/div>\n\t\t\t\t<\/div>\n\t\t\t\t\t<\/div>\n\t\t<\/div>\n\t\t\t\t<div class=\"elementor-column elementor-col-50 elementor-inner-column elementor-element elementor-element-e9f5cb5\" data-id=\"e9f5cb5\" data-element_type=\"column\" data-e-type=\"column\" data-settings=\"{&quot;background_background&quot;:&quot;classic&quot;}\">\n\t\t\t<div class=\"elementor-widget-wrap elementor-element-populated\">\n\t\t\t\t\t\t<div class=\"elementor-element elementor-element-75e3a8a elementor-widget elementor-widget-heading\" data-id=\"75e3a8a\" data-element_type=\"widget\" data-e-type=\"widget\" data-widget_type=\"heading.default\">\n\t\t\t\t<div class=\"elementor-widget-container\">\n\t\t\t\t\t<h3 class=\"elementor-heading-title elementor-size-default\">Berusschulstufe*** (ann\u00e9es 10 \u00e0 12)<\/h3>\t\t\t\t<\/div>\n\t\t\t\t<\/div>\n\t\t\t\t<div class=\"elementor-element elementor-element-b3cc2e5 elementor-widget elementor-widget-text-editor\" data-id=\"b3cc2e5\" data-element_type=\"widget\" data-e-type=\"widget\" data-widget_type=\"text-editor.default\">\n\t\t\t\t<div class=\"elementor-widget-container\">\n\t\t\t\t\t\t\t\t\tEnseignement \u00e0 temps plein de 3 ans pour satisfaire l&rsquo;obligation de formation professionnelle dans ces domaines d&rsquo;apprentissage :\n<ul>\n \t<li>profession et travail<\/li>\n \t<li>Loisirs<\/li>\n \t<li>vie en soci\u00e9t\u00e9<\/li>\n \t<li>Mobilit\u00e9<\/li>\n \t<li>Personnalit\u00e9 et relations sociales<\/li>\n \t<li>Logement<\/li>\n \t<li>Sport et activit\u00e9 physique<\/li>\n \t<li>Religion\/\u00c9thique<\/li>\n<\/ul>\t\t\t\t\t\t\t\t<\/div>\n\t\t\t\t<\/div>\n\t\t\t\t\t<\/div>\n\t\t<\/div>\n\t\t\t\t\t<\/div>\n\t\t<\/section>\n\t\t\t\t<div class=\"elementor-element elementor-element-1904e76 elementor-widget elementor-widget-text-editor\" data-id=\"1904e76\" data-element_type=\"widget\" data-e-type=\"widget\" data-widget_type=\"text-editor.default\">\n\t\t\t\t<div class=\"elementor-widget-container\">\n\t\t\t\t\t\t\t\t\t<p><strong>*<\/strong>\u00a0En Allemagne, le terme \u00ab\u00a0F\u00f6rderschule\u00a0\u00bb d\u00e9signe un lieu d&rsquo;apprentissage alternatif \u00e0 l&rsquo;\u00e9cole g\u00e9n\u00e9rale, comp\u00e9tent en mati\u00e8re de p\u00e9dagogie sp\u00e9cialis\u00e9e, dans lesquels sont notamment enseign\u00e9s et soutenus les enfants et les jeunes ayant des besoins \u00e9ducatifs particuliers.<\/p>\t\t\t\t\t\t\t\t<\/div>\n\t\t\t\t<\/div>\n\t\t\t\t<div class=\"elementor-element elementor-element-145ace2 elementor-widget elementor-widget-text-editor\" data-id=\"145ace2\" data-element_type=\"widget\" data-e-type=\"widget\" data-widget_type=\"text-editor.default\">\n\t\t\t\t<div class=\"elementor-widget-container\">\n\t\t\t\t\t\t\t\t\t<p><strong>**<\/strong> Sont une forme d&rsquo;aide p\u00e9dagogique sp\u00e9ciale en Allemagne, notamment en Bavi\u00e8re. Ces classes sont destin\u00e9es aux enfants en \u00e2ge de scolarit\u00e9 obligatoire qui pr\u00e9sentent des difficult\u00e9s d&rsquo;apprentissage, des retards de d\u00e9veloppement ou des troubles partiels et dont on peut s&rsquo;attendre \u00e0 ce qu&rsquo;ils ne puissent pas participer au cursus scolaire d&rsquo;une \u00e9cole ordinaire. Les mati\u00e8res enseign\u00e9es sont celles de la premi\u00e8re ann\u00e9e de primaire, mais r\u00e9parties sur deux ans.<\/p>\t\t\t\t\t\t\t\t<\/div>\n\t\t\t\t<\/div>\n\t\t\t\t<div class=\"elementor-element elementor-element-0b11ce4 elementor-widget elementor-widget-text-editor\" data-id=\"0b11ce4\" data-element_type=\"widget\" data-e-type=\"widget\" data-widget_type=\"text-editor.default\">\n\t\t\t\t<div class=\"elementor-widget-container\">\n\t\t\t\t\t\t\t\t\t<p><strong>***<\/strong>&nbsp;la Berufsschulstufe se con\u00e7oit comme un pont entre l&rsquo;\u00e9cole et la vie adulte, l&rsquo;objectif \u00e9tant de permettre aux \u00e9l\u00e8ves de se pr\u00e9parer pleinement \u00e0 leur vie d&rsquo;adulte dans le sens d&rsquo;une participation maximale \u00e0 la vie professionnelle et \u00e0 la vie en communaut\u00e9. L&rsquo;offre de formation \u00e0 la Berufsschulstufe s&rsquo;adresse \u00e0 tous les \u00e9l\u00e8ves ayant besoin d&rsquo;une aide pour leur d\u00e9veloppement intellectuel, ind\u00e9pendamment de la nature et de la gravit\u00e9 de leur handicap. L&rsquo;un des r\u00f4les principaux est de d\u00e9terminer le besoin d&rsquo;assistance individuel afin de garantir la promotion d&rsquo;une autonomie et d&rsquo;une autod\u00e9termination maximales dans le cadre d&rsquo;une int\u00e9gration sociale.<\/p>\t\t\t\t\t\t\t\t<\/div>\n\t\t\t\t<\/div>\n\t\t\t\t<section class=\"elementor-section elementor-inner-section elementor-element elementor-element-3dc27ed elementor-section-boxed elementor-section-height-default elementor-section-height-default\" data-id=\"3dc27ed\" data-element_type=\"section\" data-e-type=\"section\">\n\t\t\t\t\t\t<div class=\"elementor-container elementor-column-gap-default\">\n\t\t\t\t\t<div class=\"elementor-column elementor-col-100 elementor-inner-column elementor-element elementor-element-0f644ab\" data-id=\"0f644ab\" data-element_type=\"column\" data-e-type=\"column\" data-settings=\"{&quot;background_background&quot;:&quot;classic&quot;}\">\n\t\t\t<div class=\"elementor-widget-wrap elementor-element-populated\">\n\t\t\t\t\t\t<div class=\"elementor-element elementor-element-fc2d832 elementor-widget elementor-widget-image\" data-id=\"fc2d832\" data-element_type=\"widget\" data-e-type=\"widget\" data-widget_type=\"image.default\">\n\t\t\t\t<div class=\"elementor-widget-container\">\n\t\t\t\t\t\t\t\t\t\t\t\t\t\t\t<img fetchpriority=\"high\" decoding=\"async\" width=\"800\" height=\"400\" src=\"https:\/\/www.icpmuenchen.de\/wp-content\/uploads\/2021\/04\/fo\u0308rderschule-1024x512.jpg\" class=\"attachment-large size-large wp-image-4988\" alt=\"\" srcset=\"https:\/\/www.icpmuenchen.de\/wp-content\/uploads\/2021\/04\/fo\u0308rderschule-1024x512.jpg 1024w, https:\/\/www.icpmuenchen.de\/wp-content\/uploads\/2021\/04\/fo\u0308rderschule-300x150.jpg 300w, https:\/\/www.icpmuenchen.de\/wp-content\/uploads\/2021\/04\/fo\u0308rderschule-768x384.jpg 768w, https:\/\/www.icpmuenchen.de\/wp-content\/uploads\/2021\/04\/fo\u0308rderschule.jpg 1200w\" sizes=\"(max-width: 800px) 100vw, 800px\" \/>\t\t\t\t\t\t\t\t\t\t\t\t\t\t\t<\/div>\n\t\t\t\t<\/div>\n\t\t\t\t\t<\/div>\n\t\t<\/div>\n\t\t\t\t\t<\/div>\n\t\t<\/section>\n\t\t\t\t<section class=\"elementor-section elementor-inner-section elementor-element elementor-element-dca0920 elementor-section-boxed elementor-section-height-default elementor-section-height-default\" data-id=\"dca0920\" data-element_type=\"section\" data-e-type=\"section\">\n\t\t\t\t\t\t<div class=\"elementor-container elementor-column-gap-default\">\n\t\t\t\t\t<div class=\"elementor-column elementor-col-100 elementor-inner-column elementor-element elementor-element-7fab0f3\" data-id=\"7fab0f3\" data-element_type=\"column\" data-e-type=\"column\" data-settings=\"{&quot;background_background&quot;:&quot;classic&quot;}\">\n\t\t\t<div class=\"elementor-widget-wrap elementor-element-populated\">\n\t\t\t\t\t\t<div class=\"elementor-element elementor-element-749b59a elementor-widget elementor-widget-heading\" data-id=\"749b59a\" data-element_type=\"widget\" data-e-type=\"widget\" data-widget_type=\"heading.default\">\n\t\t\t\t<div class=\"elementor-widget-container\">\n\t\t\t\t\t<h3 class=\"elementor-heading-title elementor-size-default\">Notre projet scolaire<\/h3>\t\t\t\t<\/div>\n\t\t\t\t<\/div>\n\t\t\t\t<div class=\"elementor-element elementor-element-1d31e02 elementor-widget elementor-widget-text-editor\" data-id=\"1d31e02\" data-element_type=\"widget\" data-e-type=\"widget\" data-widget_type=\"text-editor.default\">\n\t\t\t\t<div class=\"elementor-widget-container\">\n\t\t\t\t\t\t\t\t\t<ul><li>Emploi du temps journalier et hebdomadaire structur\u00e9: les cours, les th\u00e9rapies et le temps pass\u00e9 de l&rsquo;HPT (heilp\u00e4dagogische Tagest\u00e4tte) sont int\u00e9gr\u00e9s dans un emploi du temps hebdomadaire adapt\u00e9 \u00e0 chaque enfant<\/li><li>des \u00ab\u00a0\u00eelots\u00a0\u00bb compos\u00e9s d&rsquo;une salle de classe, d&rsquo;une salle HPT, d&rsquo;une salle de repos et d&rsquo;une salle de th\u00e9rapie<\/li><li>une \u00e9quipe interdisciplinaire compos\u00e9e de professionnels de la F\u00f6rderschule, de la p\u00e9dagogie et de la Heilp\u00e4dagogik, de la th\u00e9rapie ainsi que d&rsquo;autres sp\u00e9cialistes travaille ensemble au sein de l&rsquo;\u00eelot<\/li><li>enseignement int\u00e9gratif dans des classes de niveaux m\u00e9lang\u00e9s et de diff\u00e9rents programmes scolaires<\/li><li>diff\u00e9rents programmes d&rsquo;enseignement de r\u00e9f\u00e9rence : programme pour l&rsquo;enseignement sp\u00e9cialis\u00e9<\/li><li>Apprentissage, programme d&rsquo;enseignement orient\u00e9s sur le d\u00e9veloppement intellectuel<\/li><li>enseignement diff\u00e9renci\u00e9 en petits groupes homog\u00e8nes<\/li><li>Enseignements bas\u00e9s sur les projets d\u2018accompagnements individualis\u00e9s<\/li><li>Accompagnement SMB (Sinne \u2013 Motorik \u2013 Bildung; sens &#8211; motricit\u00e9 &#8211; formation) pour les enfants et les jeunes pr\u00e9sentant des handicaps complexes<\/li><li>Offre de th\u00e9rapie : ergoth\u00e9rapie, orthophonie et kin\u00e9sith\u00e9rapie<\/li><li>Sport et natation en lien avec la kin\u00e9sith\u00e9rapie<\/li><li>sur demande, h\u00e9bergement dans notre r\u00e9sidence \u00e9tudiante<\/li><li>sur demande, prise en charge compl\u00e8te par la Heilp\u00e4dagogische Tagesst\u00e4tte pendant les vacances (seulement 3 semaines de fermeture par an)<\/li><li>Passerelles vers l&rsquo;\u00e9cole primaire inclusive Luise Kiesselbach<\/li><li>Possibilit\u00e9 d&rsquo;obtenir un certificate de fin d\u2019\u00e9tude dans le domaine de l&rsquo;apprentissage<\/li><li>Coop\u00e9ration avec la F\u00f6rderberufsschule Luise Kiesselbach ; parcours de formation prolong\u00e9 jusqu&rsquo;au dipl\u00f4me de fin d&rsquo;\u00e9tudes secondaires<\/li><li>Transport scolaire en taxi<\/li><\/ul><div>\u00a0<\/div><p><a href=\"https:\/\/www.icpmuenchen.de\/wp-content\/uploads\/2021\/06\/ICP-foerderschule-170521.pdf\">Flyer A t\u00e9l\u00e9charger<\/a><\/p>\t\t\t\t\t\t\t\t<\/div>\n\t\t\t\t<\/div>\n\t\t\t\t\t<\/div>\n\t\t<\/div>\n\t\t\t\t\t<\/div>\n\t\t<\/section>\n\t\t\t\t<section class=\"elementor-section elementor-inner-section elementor-element elementor-element-d284b0f elementor-section-boxed elementor-section-height-default elementor-section-height-default\" data-id=\"d284b0f\" data-element_type=\"section\" data-e-type=\"section\">\n\t\t\t\t\t\t<div class=\"elementor-container elementor-column-gap-default\">\n\t\t\t\t\t<div class=\"elementor-column elementor-col-100 elementor-inner-column elementor-element elementor-element-b961489\" data-id=\"b961489\" data-element_type=\"column\" data-e-type=\"column\" data-settings=\"{&quot;background_background&quot;:&quot;classic&quot;}\">\n\t\t\t<div class=\"elementor-widget-wrap elementor-element-populated\">\n\t\t\t\t\t\t<div class=\"elementor-element elementor-element-74447a3 elementor-widget elementor-widget-heading\" data-id=\"74447a3\" data-element_type=\"widget\" data-e-type=\"widget\" data-widget_type=\"heading.default\">\n\t\t\t\t<div class=\"elementor-widget-container\">\n\t\t\t\t\t<h3 class=\"elementor-heading-title elementor-size-default\">Documentation \u00e0 t\u00e9l\u00e9charger<\/h3>\t\t\t\t<\/div>\n\t\t\t\t<\/div>\n\t\t\t\t<div class=\"elementor-element elementor-element-9ec2c70 elementor-align-center elementor-widget elementor-widget-button\" data-id=\"9ec2c70\" data-element_type=\"widget\" data-e-type=\"widget\" data-widget_type=\"button.default\">\n\t\t\t\t<div class=\"elementor-widget-container\">\n\t\t\t\t\t\t\t\t\t<div class=\"elementor-button-wrapper\">\n\t\t\t\t\t<a class=\"elementor-button elementor-button-link elementor-size-sm\" href=\"https:\/\/www.icpmuenchen.de\/fr\/telechargements\/\">\n\t\t\t\t\t\t<span class=\"elementor-button-content-wrapper\">\n\t\t\t\t\t\t\t\t\t<span class=\"elementor-button-text\">A t\u00e9l\u00e9charger<\/span>\n\t\t\t\t\t<\/span>\n\t\t\t\t\t<\/a>\n\t\t\t\t<\/div>\n\t\t\t\t\t\t\t\t<\/div>\n\t\t\t\t<\/div>\n\t\t\t\t\t<\/div>\n\t\t<\/div>\n\t\t\t\t\t<\/div>\n\t\t<\/section>\n\t\t\t\t\t<\/div>\n\t\t<\/div>\n\t\t\t\t\t<\/div>\n\t\t<\/section>\n\t\t\t\t<section class=\"elementor-section elementor-top-section elementor-element elementor-element-1df555e7 elementor-section-boxed elementor-section-height-default elementor-section-height-default\" data-id=\"1df555e7\" data-element_type=\"section\" data-e-type=\"section\" data-settings=\"{&quot;background_background&quot;:&quot;classic&quot;}\">\n\t\t\t\t\t\t<div class=\"elementor-container elementor-column-gap-no\">\n\t\t\t\t\t<div class=\"elementor-column elementor-col-100 elementor-top-column elementor-element elementor-element-15592f42\" data-id=\"15592f42\" data-element_type=\"column\" data-e-type=\"column\">\n\t\t\t<div class=\"elementor-widget-wrap elementor-element-populated\">\n\t\t\t\t\t\t<section class=\"elementor-section elementor-inner-section elementor-element elementor-element-56b7dc73 animated-slow elementor-section-boxed elementor-section-height-default elementor-section-height-default elementor-invisible\" data-id=\"56b7dc73\" data-element_type=\"section\" data-e-type=\"section\" data-settings=\"{&quot;animation&quot;:&quot;fadeInUp&quot;}\">\n\t\t\t\t\t\t<div class=\"elementor-container elementor-column-gap-default\">\n\t\t\t\t\t<div class=\"elementor-column elementor-col-100 elementor-inner-column elementor-element elementor-element-10a5c219\" data-id=\"10a5c219\" data-element_type=\"column\" data-e-type=\"column\">\n\t\t\t<div class=\"elementor-widget-wrap elementor-element-populated\">\n\t\t\t\t\t\t<div class=\"elementor-element elementor-element-7d93ba5b animated-slow elementor-invisible elementor-widget elementor-widget-elementskit-heading\" data-id=\"7d93ba5b\" data-element_type=\"widget\" data-e-type=\"widget\" data-settings=\"{&quot;_animation&quot;:&quot;fadeInUp&quot;}\" data-widget_type=\"elementskit-heading.default\">\n\t\t\t\t<div class=\"elementor-widget-container\">\n\t\t\t\t\t<div class=\"ekit-wid-con\" ><div class=\"ekit-heading elementskit-section-title-wraper text_center   ekit_heading_tablet-   ekit_heading_mobile-\"><h3 class=\"elementskit-section-subtitle  \">\n\t\t\t\t\t\tPOUR TOUTE QUESTION CONCERNANT LES \u00c9COLES LUISE KIESSELBACH\n\t\t\t\t\t<\/h3><h2 class=\"ekit-heading--title elementskit-section-title \">Vos interlocuteurs<\/h2>\t\t\t\t<div class='ekit-heading__description'>\n\t\t\t\t\t<p>F\u00f6rderzentrum d\u00e9veloppement physique et moteur et Centre de Formation d\u2019Apprentis (Berufsschule)<\/p>\n\t\t\t\t<\/div>\n\t\t\t<\/div><\/div>\t\t\t\t<\/div>\n\t\t\t\t<\/div>\n\t\t\t\t\t<\/div>\n\t\t<\/div>\n\t\t\t\t\t<\/div>\n\t\t<\/section>\n\t\t\t\t<section class=\"elementor-section elementor-inner-section elementor-element elementor-element-6503952a elementor-section-boxed elementor-section-height-default elementor-section-height-default\" data-id=\"6503952a\" data-element_type=\"section\" data-e-type=\"section\">\n\t\t\t\t\t\t<div class=\"elementor-container elementor-column-gap-default\">\n\t\t\t\t\t<div class=\"elementor-column elementor-col-33 elementor-inner-column elementor-element elementor-element-59684e57\" data-id=\"59684e57\" data-element_type=\"column\" data-e-type=\"column\">\n\t\t\t<div class=\"elementor-widget-wrap elementor-element-populated\">\n\t\t\t\t\t\t<div class=\"elementor-element elementor-element-10f5c1e1 elementor-widget elementor-widget-elementskit-team\" data-id=\"10f5c1e1\" data-element_type=\"widget\" data-e-type=\"widget\" data-widget_type=\"elementskit-team.default\">\n\t\t\t\t<div class=\"elementor-widget-container\">\n\t\t\t\t\t<div class=\"ekit-wid-con\">\n\t\t\t\t\t\t\t\t\t\t\t\t\t\t\t <div class=\"style-circle ekit-team-img-fit\"> \t\t\t\t\t\t\t\t\t<div class=\"profile-image-card elementor-animation- ekit-team-img ekit-team-style-overlay_circle text-center\">\n\n\t\t\t\t\t\t\t\t\t\t\t\t\t<img decoding=\"async\" width=\"400\" height=\"400\" src=\"https:\/\/www.icpmuenchen.de\/wp-content\/uploads\/2021\/08\/meierhofer.jpg\" class=\"attachment-large size-large wp-image-3149\" alt=\"\" srcset=\"https:\/\/www.icpmuenchen.de\/wp-content\/uploads\/2021\/08\/meierhofer.jpg 400w, https:\/\/www.icpmuenchen.de\/wp-content\/uploads\/2021\/08\/meierhofer-300x300.jpg 300w, https:\/\/www.icpmuenchen.de\/wp-content\/uploads\/2021\/08\/meierhofer-150x150.jpg 150w\" sizes=\"(max-width: 400px) 100vw, 400px\" \/>\t\t\t\t\t\t\t\t\t\t\t\t<div class=\"hover-area\">\n\t\t\t\t\t\t\t<div class=\"profile-body\">\n\t\t\t\t\t\t\t\t<h2 class=\"profile-title\">\n\t\t\t\t\t\t\t\t\t\t\t\t\t\t\t\t\t\t\t\t\t\t\t\t\t\t\t\t\t\t\t\t\t<\/h2>\n\t\t\t\t\t\t\t\t<p class=\"profile-designation\"><\/p>\n\t\t\t\t\t\t\t\t\t\t\t\t\t\t\t<\/div>\n\t\t\t\t\t\t\t\t\t\t\t\t\t<\/div>\n\t\t\t\t\t<\/div>\n\t\t\t\t\t <\/div> \n\t\t\t\t\n\t\t\t\t<\/div>\t\t\t\t<\/div>\n\t\t\t\t<\/div>\n\t\t\t\t<div class=\"elementor-element elementor-element-9aedf58 elementor-widget elementor-widget-elementskit-heading\" data-id=\"9aedf58\" data-element_type=\"widget\" data-e-type=\"widget\" data-widget_type=\"elementskit-heading.default\">\n\t\t\t\t<div class=\"elementor-widget-container\">\n\t\t\t\t\t<div class=\"ekit-wid-con\" ><div class=\"ekit-heading elementskit-section-title-wraper text_center   ekit_heading_tablet-   ekit_heading_mobile-\"><h2 class=\"ekit-heading--title elementskit-section-title \">Wolfgang Meierhofer<\/h2><h3 class=\"ekit-heading--subtitle elementskit-section-subtitle  \">\n\t\t\t\t\t\tDirecteur des \u00e9coles Luise Kiesselbach\n\t\t\t\t\t<\/h3>\t\t\t\t<div class='ekit-heading__description'>\n\t\t\t\t\t<p><a href=\"tel:+498971007400\">+49 89 71007-400<\/a><br \/><a href=\"mailto:wolfgang.meierhofer@icp.de\">wolfgang.meierhofer@icp.de<\/a><\/p>\n\t\t\t\t<\/div>\n\t\t\t<\/div><\/div>\t\t\t\t<\/div>\n\t\t\t\t<\/div>\n\t\t\t\t\t<\/div>\n\t\t<\/div>\n\t\t\t\t<div class=\"elementor-column elementor-col-33 elementor-inner-column elementor-element elementor-element-4aab825\" data-id=\"4aab825\" data-element_type=\"column\" data-e-type=\"column\">\n\t\t\t<div class=\"elementor-widget-wrap elementor-element-populated\">\n\t\t\t\t\t\t<div class=\"elementor-element elementor-element-162eec0 elementor-widget elementor-widget-elementskit-team\" data-id=\"162eec0\" data-element_type=\"widget\" data-e-type=\"widget\" data-widget_type=\"elementskit-team.default\">\n\t\t\t\t<div class=\"elementor-widget-container\">\n\t\t\t\t\t<div class=\"ekit-wid-con\">\n\t\t\t\t\t\t\t\t\t\t\t\t\t\t\t <div class=\"style-circle ekit-team-img-fit\"> \t\t\t\t\t\t\t\t\t<div class=\"profile-image-card elementor-animation- ekit-team-img ekit-team-style-overlay_circle text-center\">\n\n\t\t\t\t\t\t\t\t\t\t\t\t\t<img decoding=\"async\" width=\"400\" height=\"400\" src=\"https:\/\/www.icpmuenchen.de\/wp-content\/uploads\/2021\/06\/hermann.jpg\" class=\"attachment-large size-large wp-image-2463\" alt=\"\" srcset=\"https:\/\/www.icpmuenchen.de\/wp-content\/uploads\/2021\/06\/hermann.jpg 400w, https:\/\/www.icpmuenchen.de\/wp-content\/uploads\/2021\/06\/hermann-300x300.jpg 300w, https:\/\/www.icpmuenchen.de\/wp-content\/uploads\/2021\/06\/hermann-150x150.jpg 150w\" sizes=\"(max-width: 400px) 100vw, 400px\" \/>\t\t\t\t\t\t\t\t\t\t\t\t<div class=\"hover-area\">\n\t\t\t\t\t\t\t<div class=\"profile-body\">\n\t\t\t\t\t\t\t\t<h2 class=\"profile-title\">\n\t\t\t\t\t\t\t\t\t\t\t\t\t\t\t\t\t\t\t\t\t\t\t\t\t\t\t\t\t\t\t\t\t<\/h2>\n\t\t\t\t\t\t\t\t<p class=\"profile-designation\"><\/p>\n\t\t\t\t\t\t\t\t\t\t\t\t\t\t\t<\/div>\n\t\t\t\t\t\t\t\t\t\t\t\t\t<\/div>\n\t\t\t\t\t<\/div>\n\t\t\t\t\t <\/div> \n\t\t\t\t\n\t\t\t\t<\/div>\t\t\t\t<\/div>\n\t\t\t\t<\/div>\n\t\t\t\t<div class=\"elementor-element elementor-element-693ad30 elementor-widget elementor-widget-elementskit-heading\" data-id=\"693ad30\" data-element_type=\"widget\" data-e-type=\"widget\" data-widget_type=\"elementskit-heading.default\">\n\t\t\t\t<div class=\"elementor-widget-container\">\n\t\t\t\t\t<div class=\"ekit-wid-con\" ><div class=\"ekit-heading elementskit-section-title-wraper text_center   ekit_heading_tablet-   ekit_heading_mobile-\"><h2 class=\"ekit-heading--title elementskit-section-title \">Reinhilde Hermann<\/h2><h3 class=\"ekit-heading--subtitle elementskit-section-subtitle  \">\n\t\t\t\t\t\tDirectrice adjointe\/admissions\n\t\t\t\t\t<\/h3>\t\t\t\t<div class='ekit-heading__description'>\n\t\t\t\t\t<p><a href=\"tel:+498971007401\">+49 89 71007-401<\/a><br \/><a href=\"mailto:reinhilde.hermann@icp.de\">reinhilde.hermann@icp.de<\/a><\/p>\n\t\t\t\t<\/div>\n\t\t\t<\/div><\/div>\t\t\t\t<\/div>\n\t\t\t\t<\/div>\n\t\t\t\t\t<\/div>\n\t\t<\/div>\n\t\t\t\t<div class=\"elementor-column elementor-col-33 elementor-inner-column elementor-element elementor-element-c0e672c\" data-id=\"c0e672c\" data-element_type=\"column\" data-e-type=\"column\">\n\t\t\t<div class=\"elementor-widget-wrap elementor-element-populated\">\n\t\t\t\t\t\t<div class=\"elementor-element elementor-element-9a865a9 elementor-widget elementor-widget-elementskit-team\" data-id=\"9a865a9\" data-element_type=\"widget\" data-e-type=\"widget\" data-widget_type=\"elementskit-team.default\">\n\t\t\t\t<div class=\"elementor-widget-container\">\n\t\t\t\t\t<div class=\"ekit-wid-con\">\n\t\t\t\t\t\t\t\t\t\t\t\t\t\t\t <div class=\"style-circle ekit-team-img-fit\"> \t\t\t\t\t\t\t\t\t<div class=\"profile-image-card elementor-animation- ekit-team-img ekit-team-style-overlay_circle text-center\">\n\n\t\t\t\t\t\t\t\t\t\t\t\t\t<img loading=\"lazy\" decoding=\"async\" width=\"400\" height=\"400\" src=\"https:\/\/www.icpmuenchen.de\/wp-content\/uploads\/2021\/08\/margit-hoeglinger.jpg\" class=\"attachment-large size-large wp-image-3214\" alt=\"\" srcset=\"https:\/\/www.icpmuenchen.de\/wp-content\/uploads\/2021\/08\/margit-hoeglinger.jpg 400w, https:\/\/www.icpmuenchen.de\/wp-content\/uploads\/2021\/08\/margit-hoeglinger-300x300.jpg 300w, https:\/\/www.icpmuenchen.de\/wp-content\/uploads\/2021\/08\/margit-hoeglinger-150x150.jpg 150w\" sizes=\"(max-width: 400px) 100vw, 400px\" \/>\t\t\t\t\t\t\t\t\t\t\t\t<div class=\"hover-area\">\n\t\t\t\t\t\t\t<div class=\"profile-body\">\n\t\t\t\t\t\t\t\t<h2 class=\"profile-title\">\n\t\t\t\t\t\t\t\t\t\t\t\t\t\t\t\t\t\t\t\t\t\t\t\t\t\t\t\t\t\t\t\t\t<\/h2>\n\t\t\t\t\t\t\t\t<p class=\"profile-designation\"><\/p>\n\t\t\t\t\t\t\t\t\t\t\t\t\t\t\t<\/div>\n\t\t\t\t\t\t\t\t\t\t\t\t\t<\/div>\n\t\t\t\t\t<\/div>\n\t\t\t\t\t <\/div> \n\t\t\t\t\n\t\t\t\t<\/div>\t\t\t\t<\/div>\n\t\t\t\t<\/div>\n\t\t\t\t<div class=\"elementor-element elementor-element-6715527 elementor-widget elementor-widget-elementskit-heading\" data-id=\"6715527\" data-element_type=\"widget\" data-e-type=\"widget\" data-widget_type=\"elementskit-heading.default\">\n\t\t\t\t<div class=\"elementor-widget-container\">\n\t\t\t\t\t<div class=\"ekit-wid-con\" ><div class=\"ekit-heading elementskit-section-title-wraper text_center   ekit_heading_tablet-   ekit_heading_mobile-\"><h2 class=\"ekit-heading--title elementskit-section-title \">Margit H\u00f6glinger<\/h2><h3 class=\"ekit-heading--subtitle elementskit-section-subtitle  \">\n\t\t\t\t\t\tSecr\u00e9tariat \u00e9coles Luise Kisselbach\n\t\t\t\t\t<\/h3>\t\t\t\t<div class='ekit-heading__description'>\n\t\t\t\t\t<p><a href=\"tel:+498971007401\">+49 89 71007-401<\/a><br \/><a href=\"mailto:margit.hoeglinger@icp.de\">margit.hoeglinger@icp.de<\/a><\/p>\n\t\t\t\t<\/div>\n\t\t\t<\/div><\/div>\t\t\t\t<\/div>\n\t\t\t\t<\/div>\n\t\t\t\t\t<\/div>\n\t\t<\/div>\n\t\t\t\t\t<\/div>\n\t\t<\/section>\n\t\t\t\t\t<\/div>\n\t\t<\/div>\n\t\t\t\t\t<\/div>\n\t\t<\/section>\n\t\t\t\t<section class=\"elementor-section elementor-top-section elementor-element elementor-element-944d76d elementor-section-boxed elementor-section-height-default elementor-section-height-default\" data-id=\"944d76d\" data-element_type=\"section\" data-e-type=\"section\">\n\t\t\t\t\t\t<div class=\"elementor-container elementor-column-gap-default\">\n\t\t\t\t\t<div class=\"elementor-column elementor-col-100 elementor-top-column elementor-element elementor-element-509a7ce\" data-id=\"509a7ce\" data-element_type=\"column\" data-e-type=\"column\">\n\t\t\t<div class=\"elementor-widget-wrap elementor-element-populated\">\n\t\t\t\t\t\t\t<\/div>\n\t\t<\/div>\n\t\t\t\t\t<\/div>\n\t\t<\/section>\n\t\t\t\t<section class=\"elementor-section elementor-top-section elementor-element elementor-element-602a3fee elementor-section-height-min-height elementor-section-content-middle elementor-section-boxed elementor-section-height-default elementor-section-items-middle\" data-id=\"602a3fee\" data-element_type=\"section\" data-e-type=\"section\" data-settings=\"{&quot;background_background&quot;:&quot;classic&quot;}\">\n\t\t\t\t\t\t\t<div class=\"elementor-background-overlay\"><\/div>\n\t\t\t\t\t\t\t<div class=\"elementor-container elementor-column-gap-default\">\n\t\t\t\t\t<div class=\"elementor-column elementor-col-66 elementor-top-column elementor-element elementor-element-512b047e elementor-hidden-phone\" data-id=\"512b047e\" data-element_type=\"column\" data-e-type=\"column\" data-settings=\"{&quot;background_background&quot;:&quot;classic&quot;}\">\n\t\t\t<div class=\"elementor-widget-wrap elementor-element-populated\">\n\t\t\t\t\t\t<div class=\"elementor-element elementor-element-43389ad2 elementor-widget elementor-widget-text-editor\" data-id=\"43389ad2\" data-element_type=\"widget\" data-e-type=\"widget\" data-widget_type=\"text-editor.default\">\n\t\t\t\t<div class=\"elementor-widget-container\">\n\t\t\t\t\t\t\t\t\t<p>Chaque enfant re\u00e7oit l&rsquo;enseignement dont il a besoin.<\/p><p>\u00ab\u00a0Notre enseignement \u00e0 l&rsquo;\u00e9cole Luise Kiesselbach se d\u00e9roule en communaut\u00e9, est bas\u00e9 sur le monde dans lequel vivent les \u00e9l\u00e8ves et vise l&rsquo;acquisition de comp\u00e9tences. Notre ambition particuli\u00e8re est d&rsquo;organiser l&rsquo;enseignement de mani\u00e8re \u00e0 rendre justice \u00e0 chacun de nos \u00e9l\u00e8ves\u00a0\u00bb.<\/p>\t\t\t\t\t\t\t\t<\/div>\n\t\t\t\t<\/div>\n\t\t\t\t<div class=\"elementor-element elementor-element-18cce87c elementor-widget elementor-widget-text-editor\" data-id=\"18cce87c\" data-element_type=\"widget\" data-e-type=\"widget\" data-widget_type=\"text-editor.default\">\n\t\t\t\t<div class=\"elementor-widget-container\">\n\t\t\t\t\t\t\t\t\t<p><strong>Kai Habenreich<br \/><\/strong>Enseignant \u00e0 la F\u00f6rderschule Luise Kiesselbach<\/p>\t\t\t\t\t\t\t\t<\/div>\n\t\t\t\t<\/div>\n\t\t\t\t\t<\/div>\n\t\t<\/div>\n\t\t\t\t<div class=\"elementor-column elementor-col-33 elementor-top-column elementor-element elementor-element-1b3e2fd9 elementor-hidden-tablet elementor-hidden-phone\" data-id=\"1b3e2fd9\" data-element_type=\"column\" data-e-type=\"column\">\n\t\t\t<div class=\"elementor-widget-wrap\">\n\t\t\t\t\t\t\t<\/div>\n\t\t<\/div>\n\t\t\t\t\t<\/div>\n\t\t<\/section>\n\t\t\t\t<section class=\"elementor-section elementor-top-section elementor-element elementor-element-babb836 elementor-section-height-min-height elementor-section-content-middle elementor-hidden-desktop elementor-hidden-tablet elementor-section-boxed elementor-section-height-default elementor-section-items-middle\" data-id=\"babb836\" data-element_type=\"section\" data-e-type=\"section\" data-settings=\"{&quot;background_background&quot;:&quot;classic&quot;}\">\n\t\t\t\t\t\t\t<div class=\"elementor-background-overlay\"><\/div>\n\t\t\t\t\t\t\t<div class=\"elementor-container elementor-column-gap-default\">\n\t\t\t\t\t<div class=\"elementor-column elementor-col-33 elementor-top-column elementor-element elementor-element-1aa74f3\" data-id=\"1aa74f3\" data-element_type=\"column\" data-e-type=\"column\" data-settings=\"{&quot;background_background&quot;:&quot;classic&quot;}\">\n\t\t\t<div class=\"elementor-widget-wrap elementor-element-populated\">\n\t\t\t\t\t\t<div class=\"elementor-element elementor-element-38f609df elementor-widget elementor-widget-text-editor\" data-id=\"38f609df\" data-element_type=\"widget\" data-e-type=\"widget\" data-widget_type=\"text-editor.default\">\n\t\t\t\t<div class=\"elementor-widget-container\">\n\t\t\t\t\t\t\t\t\t<p>Chaque enfant re\u00e7oit l&rsquo;enseignement dont il a besoin.<\/p><p>\u00ab\u00a0Notre enseignement \u00e0 l&rsquo;\u00e9cole Luise Kiesselbach se d\u00e9roule en communaut\u00e9, est bas\u00e9 sur le monde dans lequel vivent les \u00e9l\u00e8ves et vise l&rsquo;acquisition de comp\u00e9tences. Notre ambition particuli\u00e8re est d&rsquo;organiser l&rsquo;enseignement de mani\u00e8re \u00e0 rendre justice \u00e0 chacun de nos \u00e9l\u00e8ves\u00a0\u00bb.<\/p>\t\t\t\t\t\t\t\t<\/div>\n\t\t\t\t<\/div>\n\t\t\t\t<div class=\"elementor-element elementor-element-1b0a6e0c elementor-widget elementor-widget-text-editor\" data-id=\"1b0a6e0c\" data-element_type=\"widget\" data-e-type=\"widget\" data-widget_type=\"text-editor.default\">\n\t\t\t\t<div class=\"elementor-widget-container\">\n\t\t\t\t\t\t\t\t\t<p><strong>Kai Habenreich<br \/><\/strong>Enseignant \u00e0 la F\u00f6rderschule Luise Kiesselbach<\/p>\t\t\t\t\t\t\t\t<\/div>\n\t\t\t\t<\/div>\n\t\t\t\t\t<\/div>\n\t\t<\/div>\n\t\t\t\t<div class=\"elementor-column elementor-col-33 elementor-top-column elementor-element elementor-element-5d5b15f1\" data-id=\"5d5b15f1\" data-element_type=\"column\" data-e-type=\"column\" data-settings=\"{&quot;background_background&quot;:&quot;classic&quot;}\">\n\t\t\t<div class=\"elementor-widget-wrap\">\n\t\t\t\t\t\t\t<\/div>\n\t\t<\/div>\n\t\t\t\t<div class=\"elementor-column elementor-col-33 elementor-top-column elementor-element elementor-element-d3a58f0 elementor-hidden-tablet elementor-hidden-phone\" data-id=\"d3a58f0\" data-element_type=\"column\" data-e-type=\"column\">\n\t\t\t<div class=\"elementor-widget-wrap\">\n\t\t\t\t\t\t\t<\/div>\n\t\t<\/div>\n\t\t\t\t\t<\/div>\n\t\t<\/section>\n\t\t\t\t<\/div>\n\t\t","protected":false},"excerpt":{"rendered":"<p>STRUCTURES D\u2019ACCUEIL POUR ENFANTS, \u00c9COLE PRIMAIRE INCLUSIVE, HEILP\u00c4DAGOGISCHE TAGESST\u00c4TTE, F\u00d6RDERSCHULE, CENTRE DE FORMATION D\u2019APPRENTIS (BERUFSSCHULE), R\u00c9SIDENCE \u00c9TUDIANTE Formation &amp; \u00c9ducation FORMATION &amp; \u00c9DUCATION Luise-Kiesselbach-F\u00f6rderschule* Sp\u00e9cialisation dans le d\u00e9veloppement physique et moteur Section pr\u00e9scolaire \u00e9tablissement pr\u00e9scolaire (de l&rsquo;\u00e2ge de 4 ans \u00e0 l&rsquo;entr\u00e9e \u00e0 l&rsquo;\u00e9cole) Pr\u00e9paration cibl\u00e9e \u00e0 une scolarisation r\u00e9ussie par le d\u00e9veloppement de comp\u00e9tences [&hellip;]<\/p>\n","protected":false},"author":1,"featured_media":0,"parent":5907,"menu_order":0,"comment_status":"closed","ping_status":"closed","template":"","meta":{"footnotes":""},"class_list":["post-5924","page","type-page","status-publish","hentry"],"yoast_head":"<!-- This site is optimized with the Yoast SEO plugin v26.8 - https:\/\/yoast.com\/product\/yoast-seo-wordpress\/ -->\n<title>F\u00f6rderschule - ICP M\u00fcnchen<\/title>\n<meta name=\"robots\" content=\"index, follow, max-snippet:-1, max-image-preview:large, max-video-preview:-1\" \/>\n<link rel=\"canonical\" href=\"https:\/\/www.icpmuenchen.de\/fr\/formation-education\/foerderschule\/\" \/>\n<meta property=\"og:locale\" content=\"fr_FR\" \/>\n<meta property=\"og:type\" content=\"article\" \/>\n<meta property=\"og:title\" content=\"F\u00f6rderschule - ICP M\u00fcnchen\" \/>\n<meta property=\"og:description\" content=\"STRUCTURES D\u2019ACCUEIL POUR ENFANTS, \u00c9COLE PRIMAIRE INCLUSIVE, HEILP\u00c4DAGOGISCHE TAGESST\u00c4TTE, F\u00d6RDERSCHULE, CENTRE DE FORMATION D\u2019APPRENTIS (BERUFSSCHULE), R\u00c9SIDENCE \u00c9TUDIANTE Formation &amp; \u00c9ducation FORMATION &amp; \u00c9DUCATION Luise-Kiesselbach-F\u00f6rderschule* Sp\u00e9cialisation dans le d\u00e9veloppement physique et moteur Section pr\u00e9scolaire \u00e9tablissement pr\u00e9scolaire (de l&rsquo;\u00e2ge de 4 ans \u00e0 l&rsquo;entr\u00e9e \u00e0 l&rsquo;\u00e9cole) Pr\u00e9paration cibl\u00e9e \u00e0 une scolarisation r\u00e9ussie par le d\u00e9veloppement de comp\u00e9tences [&hellip;]\" \/>\n<meta property=\"og:url\" content=\"https:\/\/www.icpmuenchen.de\/fr\/formation-education\/foerderschule\/\" \/>\n<meta property=\"og:site_name\" content=\"ICP M\u00fcnchen\" \/>\n<meta property=\"article:modified_time\" content=\"2023-02-13T13:11:59+00:00\" \/>\n<meta property=\"og:image\" content=\"https:\/\/www.icpmuenchen.de\/wp-content\/uploads\/2021\/08\/meierhofer.jpg\" \/>\n<meta name=\"twitter:card\" content=\"summary_large_image\" \/>\n<meta name=\"twitter:label1\" content=\"Dur\u00e9e de lecture estim\u00e9e\" \/>\n\t<meta name=\"twitter:data1\" content=\"5 minutes\" \/>\n<script type=\"application\/ld+json\" class=\"yoast-schema-graph\">{\"@context\":\"https:\/\/schema.org\",\"@graph\":[{\"@type\":\"WebPage\",\"@id\":\"https:\/\/www.icpmuenchen.de\/fr\/formation-education\/foerderschule\/\",\"url\":\"https:\/\/www.icpmuenchen.de\/fr\/formation-education\/foerderschule\/\",\"name\":\"F\u00f6rderschule - ICP M\u00fcnchen\",\"isPartOf\":{\"@id\":\"https:\/\/www.icpmuenchen.de\/fr\/#website\"},\"primaryImageOfPage\":{\"@id\":\"https:\/\/www.icpmuenchen.de\/fr\/formation-education\/foerderschule\/#primaryimage\"},\"image\":{\"@id\":\"https:\/\/www.icpmuenchen.de\/fr\/formation-education\/foerderschule\/#primaryimage\"},\"thumbnailUrl\":\"https:\/\/www.icpmuenchen.de\/wp-content\/uploads\/2021\/08\/meierhofer.jpg\",\"datePublished\":\"2021-04-15T14:25:07+00:00\",\"dateModified\":\"2023-02-13T13:11:59+00:00\",\"breadcrumb\":{\"@id\":\"https:\/\/www.icpmuenchen.de\/fr\/formation-education\/foerderschule\/#breadcrumb\"},\"inLanguage\":\"fr-FR\",\"potentialAction\":[{\"@type\":\"ReadAction\",\"target\":[\"https:\/\/www.icpmuenchen.de\/fr\/formation-education\/foerderschule\/\"]}]},{\"@type\":\"ImageObject\",\"inLanguage\":\"fr-FR\",\"@id\":\"https:\/\/www.icpmuenchen.de\/fr\/formation-education\/foerderschule\/#primaryimage\",\"url\":\"https:\/\/www.icpmuenchen.de\/wp-content\/uploads\/2021\/08\/meierhofer.jpg\",\"contentUrl\":\"https:\/\/www.icpmuenchen.de\/wp-content\/uploads\/2021\/08\/meierhofer.jpg\"},{\"@type\":\"BreadcrumbList\",\"@id\":\"https:\/\/www.icpmuenchen.de\/fr\/formation-education\/foerderschule\/#breadcrumb\",\"itemListElement\":[{\"@type\":\"ListItem\",\"position\":1,\"name\":\"Startseite\",\"item\":\"https:\/\/www.icpmuenchen.de\/fr\/\"},{\"@type\":\"ListItem\",\"position\":2,\"name\":\"Formation &#038; \u00c9ducation\",\"item\":\"https:\/\/www.icpmuenchen.de\/fr\/formation-education\/\"},{\"@type\":\"ListItem\",\"position\":3,\"name\":\"F\u00f6rderschule\"}]},{\"@type\":\"WebSite\",\"@id\":\"https:\/\/www.icpmuenchen.de\/fr\/#website\",\"url\":\"https:\/\/www.icpmuenchen.de\/fr\/\",\"name\":\"ICP M\u00fcnchen\",\"description\":\"Integrationszentrum f\u00fcr K\u00f6rperbehinderte\",\"publisher\":{\"@id\":\"https:\/\/www.icpmuenchen.de\/fr\/#organization\"},\"potentialAction\":[{\"@type\":\"SearchAction\",\"target\":{\"@type\":\"EntryPoint\",\"urlTemplate\":\"https:\/\/www.icpmuenchen.de\/fr\/?s={search_term_string}\"},\"query-input\":{\"@type\":\"PropertyValueSpecification\",\"valueRequired\":true,\"valueName\":\"search_term_string\"}}],\"inLanguage\":\"fr-FR\"},{\"@type\":\"Organization\",\"@id\":\"https:\/\/www.icpmuenchen.de\/fr\/#organization\",\"name\":\"ICP M\u00fcnchen\",\"url\":\"https:\/\/www.icpmuenchen.de\/fr\/\",\"logo\":{\"@type\":\"ImageObject\",\"inLanguage\":\"fr-FR\",\"@id\":\"https:\/\/www.icpmuenchen.de\/fr\/#\/schema\/logo\/image\/\",\"url\":\"https:\/\/www.icpmuenchen.de\/wp-content\/uploads\/2020\/08\/Logo_Stiftung-ICP.svg\",\"contentUrl\":\"https:\/\/www.icpmuenchen.de\/wp-content\/uploads\/2020\/08\/Logo_Stiftung-ICP.svg\",\"width\":1,\"height\":1,\"caption\":\"ICP M\u00fcnchen\"},\"image\":{\"@id\":\"https:\/\/www.icpmuenchen.de\/fr\/#\/schema\/logo\/image\/\"}}]}<\/script>\n<!-- \/ Yoast SEO plugin. -->","yoast_head_json":{"title":"F\u00f6rderschule - ICP M\u00fcnchen","robots":{"index":"index","follow":"follow","max-snippet":"max-snippet:-1","max-image-preview":"max-image-preview:large","max-video-preview":"max-video-preview:-1"},"canonical":"https:\/\/www.icpmuenchen.de\/fr\/formation-education\/foerderschule\/","og_locale":"fr_FR","og_type":"article","og_title":"F\u00f6rderschule - ICP M\u00fcnchen","og_description":"STRUCTURES D\u2019ACCUEIL POUR ENFANTS, \u00c9COLE PRIMAIRE INCLUSIVE, HEILP\u00c4DAGOGISCHE TAGESST\u00c4TTE, F\u00d6RDERSCHULE, CENTRE DE FORMATION D\u2019APPRENTIS (BERUFSSCHULE), R\u00c9SIDENCE \u00c9TUDIANTE Formation &amp; \u00c9ducation FORMATION &amp; \u00c9DUCATION Luise-Kiesselbach-F\u00f6rderschule* Sp\u00e9cialisation dans le d\u00e9veloppement physique et moteur Section pr\u00e9scolaire \u00e9tablissement pr\u00e9scolaire (de l&rsquo;\u00e2ge de 4 ans \u00e0 l&rsquo;entr\u00e9e \u00e0 l&rsquo;\u00e9cole) Pr\u00e9paration cibl\u00e9e \u00e0 une scolarisation r\u00e9ussie par le d\u00e9veloppement de comp\u00e9tences [&hellip;]","og_url":"https:\/\/www.icpmuenchen.de\/fr\/formation-education\/foerderschule\/","og_site_name":"ICP M\u00fcnchen","article_modified_time":"2023-02-13T13:11:59+00:00","og_image":[{"url":"https:\/\/www.icpmuenchen.de\/wp-content\/uploads\/2021\/08\/meierhofer.jpg","type":"","width":"","height":""}],"twitter_card":"summary_large_image","twitter_misc":{"Dur\u00e9e de lecture estim\u00e9e":"5 minutes"},"schema":{"@context":"https:\/\/schema.org","@graph":[{"@type":"WebPage","@id":"https:\/\/www.icpmuenchen.de\/fr\/formation-education\/foerderschule\/","url":"https:\/\/www.icpmuenchen.de\/fr\/formation-education\/foerderschule\/","name":"F\u00f6rderschule - ICP M\u00fcnchen","isPartOf":{"@id":"https:\/\/www.icpmuenchen.de\/fr\/#website"},"primaryImageOfPage":{"@id":"https:\/\/www.icpmuenchen.de\/fr\/formation-education\/foerderschule\/#primaryimage"},"image":{"@id":"https:\/\/www.icpmuenchen.de\/fr\/formation-education\/foerderschule\/#primaryimage"},"thumbnailUrl":"https:\/\/www.icpmuenchen.de\/wp-content\/uploads\/2021\/08\/meierhofer.jpg","datePublished":"2021-04-15T14:25:07+00:00","dateModified":"2023-02-13T13:11:59+00:00","breadcrumb":{"@id":"https:\/\/www.icpmuenchen.de\/fr\/formation-education\/foerderschule\/#breadcrumb"},"inLanguage":"fr-FR","potentialAction":[{"@type":"ReadAction","target":["https:\/\/www.icpmuenchen.de\/fr\/formation-education\/foerderschule\/"]}]},{"@type":"ImageObject","inLanguage":"fr-FR","@id":"https:\/\/www.icpmuenchen.de\/fr\/formation-education\/foerderschule\/#primaryimage","url":"https:\/\/www.icpmuenchen.de\/wp-content\/uploads\/2021\/08\/meierhofer.jpg","contentUrl":"https:\/\/www.icpmuenchen.de\/wp-content\/uploads\/2021\/08\/meierhofer.jpg"},{"@type":"BreadcrumbList","@id":"https:\/\/www.icpmuenchen.de\/fr\/formation-education\/foerderschule\/#breadcrumb","itemListElement":[{"@type":"ListItem","position":1,"name":"Startseite","item":"https:\/\/www.icpmuenchen.de\/fr\/"},{"@type":"ListItem","position":2,"name":"Formation &#038; \u00c9ducation","item":"https:\/\/www.icpmuenchen.de\/fr\/formation-education\/"},{"@type":"ListItem","position":3,"name":"F\u00f6rderschule"}]},{"@type":"WebSite","@id":"https:\/\/www.icpmuenchen.de\/fr\/#website","url":"https:\/\/www.icpmuenchen.de\/fr\/","name":"ICP M\u00fcnchen","description":"Integrationszentrum f\u00fcr K\u00f6rperbehinderte","publisher":{"@id":"https:\/\/www.icpmuenchen.de\/fr\/#organization"},"potentialAction":[{"@type":"SearchAction","target":{"@type":"EntryPoint","urlTemplate":"https:\/\/www.icpmuenchen.de\/fr\/?s={search_term_string}"},"query-input":{"@type":"PropertyValueSpecification","valueRequired":true,"valueName":"search_term_string"}}],"inLanguage":"fr-FR"},{"@type":"Organization","@id":"https:\/\/www.icpmuenchen.de\/fr\/#organization","name":"ICP M\u00fcnchen","url":"https:\/\/www.icpmuenchen.de\/fr\/","logo":{"@type":"ImageObject","inLanguage":"fr-FR","@id":"https:\/\/www.icpmuenchen.de\/fr\/#\/schema\/logo\/image\/","url":"https:\/\/www.icpmuenchen.de\/wp-content\/uploads\/2020\/08\/Logo_Stiftung-ICP.svg","contentUrl":"https:\/\/www.icpmuenchen.de\/wp-content\/uploads\/2020\/08\/Logo_Stiftung-ICP.svg","width":1,"height":1,"caption":"ICP M\u00fcnchen"},"image":{"@id":"https:\/\/www.icpmuenchen.de\/fr\/#\/schema\/logo\/image\/"}}]}},"_links":{"self":[{"href":"https:\/\/www.icpmuenchen.de\/fr\/wp-json\/wp\/v2\/pages\/5924","targetHints":{"allow":["GET"]}}],"collection":[{"href":"https:\/\/www.icpmuenchen.de\/fr\/wp-json\/wp\/v2\/pages"}],"about":[{"href":"https:\/\/www.icpmuenchen.de\/fr\/wp-json\/wp\/v2\/types\/page"}],"author":[{"embeddable":true,"href":"https:\/\/www.icpmuenchen.de\/fr\/wp-json\/wp\/v2\/users\/1"}],"replies":[{"embeddable":true,"href":"https:\/\/www.icpmuenchen.de\/fr\/wp-json\/wp\/v2\/comments?post=5924"}],"version-history":[{"count":31,"href":"https:\/\/www.icpmuenchen.de\/fr\/wp-json\/wp\/v2\/pages\/5924\/revisions"}],"predecessor-version":[{"id":7009,"href":"https:\/\/www.icpmuenchen.de\/fr\/wp-json\/wp\/v2\/pages\/5924\/revisions\/7009"}],"up":[{"embeddable":true,"href":"https:\/\/www.icpmuenchen.de\/fr\/wp-json\/wp\/v2\/pages\/5907"}],"wp:attachment":[{"href":"https:\/\/www.icpmuenchen.de\/fr\/wp-json\/wp\/v2\/media?parent=5924"}],"curies":[{"name":"wp","href":"https:\/\/api.w.org\/{rel}","templated":true}]}}