{"id":5953,"date":"2021-04-15T16:49:39","date_gmt":"2021-04-15T14:49:39","guid":{"rendered":"https:\/\/www.icpmuenchen.de\/bildung-erziehung\/heilpaedagogischer-psychologischer-fachdienst\/"},"modified":"2025-09-05T08:38:06","modified_gmt":"2025-09-05T06:38:06","slug":"service-specialise-de-heilpadagogik-et-de-psychologie","status":"publish","type":"page","link":"https:\/\/www.icpmuenchen.de\/fr\/formation-education\/service-specialise-de-heilpadagogik-et-de-psychologie\/","title":{"rendered":"Service sp\u00e9cialis\u00e9 de Heilp\u00e4dagogik et de psychologie"},"content":{"rendered":"\t\t<div data-elementor-type=\"wp-page\" data-elementor-id=\"5953\" class=\"elementor elementor-5953 elementor-1031\" data-elementor-post-type=\"page\">\n\t\t\t\t\t\t<section class=\"elementor-section elementor-top-section elementor-element elementor-element-79cb3bb9 elementor-section-height-min-height elementor-section-content-middle elementor-section-boxed elementor-section-height-default elementor-section-items-middle\" data-id=\"79cb3bb9\" data-element_type=\"section\" data-e-type=\"section\" data-settings=\"{&quot;background_background&quot;:&quot;classic&quot;}\">\n\t\t\t\t\t\t\t<div class=\"elementor-background-overlay\"><\/div>\n\t\t\t\t\t\t\t<div class=\"elementor-container elementor-column-gap-default\">\n\t\t\t\t\t<div class=\"elementor-column elementor-col-100 elementor-top-column elementor-element elementor-element-16b0ae4a\" data-id=\"16b0ae4a\" data-element_type=\"column\" data-e-type=\"column\">\n\t\t\t<div class=\"elementor-widget-wrap elementor-element-populated\">\n\t\t\t\t\t\t<div class=\"elementor-element elementor-element-7c736fc8 elementor-widget elementor-widget-elementskit-heading\" data-id=\"7c736fc8\" data-element_type=\"widget\" data-e-type=\"widget\" data-widget_type=\"elementskit-heading.default\">\n\t\t\t\t<div class=\"elementor-widget-container\">\n\t\t\t\t\t<div class=\"ekit-wid-con\" ><div class=\"ekit-heading elementskit-section-title-wraper text_left   ekit_heading_tablet-   ekit_heading_mobile-\"><h3 class=\"elementskit-section-subtitle  \">\n\t\t\t\t\t\tSTRUCTURES D\u2019ACCUEIL POUR ENFANTS, \u00c9COLE PRIMAIRE INCLUSIVE, HEILP\u00c4DAGOGISCHE TAGESST\u00c4TTE, F\u00d6RDERSCHULE, CENTRE DE FORMATION D\u2019APPRENTIS (BERUFSSCHULE), R\u00c9SIDENCE \u00c9TUDIANTE\n\t\t\t\t\t<\/h3><h2 class=\"ekit-heading--title elementskit-section-title \">Formation &amp; \u00e9ducation<\/h2><\/div><\/div>\t\t\t\t<\/div>\n\t\t\t\t<\/div>\n\t\t\t\t\t<\/div>\n\t\t<\/div>\n\t\t\t\t\t<\/div>\n\t\t<\/section>\n\t\t\t\t<section class=\"elementor-section elementor-top-section elementor-element elementor-element-6869b901 elementor-section-boxed elementor-section-height-default elementor-section-height-default\" data-id=\"6869b901\" data-element_type=\"section\" data-e-type=\"section\">\n\t\t\t\t\t\t<div class=\"elementor-container elementor-column-gap-default\">\n\t\t\t\t\t<div class=\"elementor-column elementor-col-100 elementor-top-column elementor-element elementor-element-3f5e81a4\" data-id=\"3f5e81a4\" data-element_type=\"column\" data-e-type=\"column\">\n\t\t\t<div class=\"elementor-widget-wrap elementor-element-populated\">\n\t\t\t\t\t\t<div class=\"elementor-element elementor-element-3d491935 elementor-widget__width-auto elementor-absolute elementor-hidden-tablet elementor-hidden-phone animated-slow elementor-invisible elementor-widget elementor-widget-elementskit-heading\" data-id=\"3d491935\" data-element_type=\"widget\" data-e-type=\"widget\" data-settings=\"{&quot;_position&quot;:&quot;absolute&quot;,&quot;_animation&quot;:&quot;fadeInUp&quot;}\" data-widget_type=\"elementskit-heading.default\">\n\t\t\t\t<div class=\"elementor-widget-container\">\n\t\t\t\t\t<div class=\"ekit-wid-con\" ><div class=\"ekit-heading elementskit-section-title-wraper text_center   ekit_heading_tablet-   ekit_heading_mobile-\"><\/div><\/div>\t\t\t\t<\/div>\n\t\t\t\t<\/div>\n\t\t\t\t<div class=\"elementor-element elementor-element-4ccc8f12 animated-slow elementor-invisible elementor-widget elementor-widget-elementskit-heading\" data-id=\"4ccc8f12\" data-element_type=\"widget\" data-e-type=\"widget\" data-settings=\"{&quot;_animation&quot;:&quot;fadeInUp&quot;}\" data-widget_type=\"elementskit-heading.default\">\n\t\t\t\t<div class=\"elementor-widget-container\">\n\t\t\t\t\t<div class=\"ekit-wid-con\" ><div class=\"ekit-heading elementskit-section-title-wraper text_center   ekit_heading_tablet-   ekit_heading_mobile-\"><h3 class=\"elementskit-section-subtitle  \">\n\t\t\t\t\t\tFormation &amp; \u00e9ducation\n\t\t\t\t\t<\/h3><h2 class=\"ekit-heading--title elementskit-section-title \">Service sp\u00e9cialis\u00e9 de Heilp\u00e4dagogik* &amp;<br> de psychologie<\/h2>\t\t\t\t<div class='ekit-heading__description'>\n\t\t\t\t\t<p>En plus des professionnels p\u00e9dagogiques et soignants de la heilp\u00e4dagogische Tagest\u00e4tte, nos enfants et adolescents, ainsi que leurs parents, peuvent faire appel aux professionnels du service sp\u00e9cialis\u00e9 de Heilp\u00e4dagogik et de psychologie pour les aider, les conseiller et les soutenir individuellement.<\/p>\n\t\t\t\t<\/div>\n\t\t\t<\/div><\/div>\t\t\t\t<\/div>\n\t\t\t\t<\/div>\n\t\t\t\t<div class=\"elementor-element elementor-element-38db67a elementor-widget elementor-widget-heading\" data-id=\"38db67a\" data-element_type=\"widget\" data-e-type=\"widget\" data-widget_type=\"heading.default\">\n\t\t\t\t<div class=\"elementor-widget-container\">\n\t\t\t\t\t<h3 class=\"elementor-heading-title elementor-size-default\">R\u00f4les du service sp\u00e9cialis\u00e9 de Heilp\u00e4dagogik et de p\u00e9dagogie sociale<\/h3>\t\t\t\t<\/div>\n\t\t\t\t<\/div>\n\t\t\t\t<div class=\"elementor-element elementor-element-530513d elementor-widget elementor-widget-text-editor\" data-id=\"530513d\" data-element_type=\"widget\" data-e-type=\"widget\" data-widget_type=\"text-editor.default\">\n\t\t\t\t<div class=\"elementor-widget-container\">\n\t\t\t\t\t\t\t\t\tL&rsquo;objectif fondamental du service sp\u00e9cialis\u00e9 est, d&rsquo;une part, d&rsquo;encourager l&rsquo;enfant\/l&rsquo;adolescent dans ses comp\u00e9tences et, d&rsquo;autre part, de supprimer les barri\u00e8res individuelles afin de permettre la participation sociale.\n<ul>\n \t<li>Soutien et accompagnement personnalis\u00e9s des enfants et des jeunes, \u00e0 l&rsquo;autonomie, au libre arbitre, \u00e0 la capacit\u00e9 d&rsquo;action et au d\u00e9veloppement de la personnalit\u00e9<\/li>\n \t<li>Participation au projet d\u2019accompagnement individualis\u00e9 de l\u2019enfant en \u00e9troite collaboration avec les professionnels du groupe et les th\u00e9rapeutes<\/li>\n \t<li>Travail en partenariat avec les parents, en compl\u00e9ment  du travail collectif des professionnels des groupes, afin de garantir un soutien global de l&rsquo;enfant.<\/li>\n \t<li>Conseils aux parents concernant le handicap de l&rsquo;enfant et ses cons\u00e9quences, ainsi que sur les autres formes d\u2019aide et de soutien (p. ex. th\u00e9rapies suppl\u00e9mentaires, \u00e9tablissements d&rsquo;enseignement sup\u00e9rieur, appareillages).<\/li>\n \t<li>Collaboration au cas par cas avec d&rsquo;autres institutions (\u00e9cole, association, cliniques, aide sociale \u00e0 l\u2019enfance et autres autorit\u00e9s, centre d&rsquo;action m\u00e9dico-sociale pr\u00e9coce, m\u00e9decins, th\u00e9rapeutes, etc.)<\/li>\n \t<li>\u00c9changes avec d&rsquo;autres th\u00e9rapeutes au cas par cas<\/li>\n<\/ul>\t\t\t\t\t\t\t\t<\/div>\n\t\t\t\t<\/div>\n\t\t\t\t<div class=\"elementor-element elementor-element-623a56c elementor-widget elementor-widget-text-editor\" data-id=\"623a56c\" data-element_type=\"widget\" data-e-type=\"widget\" data-widget_type=\"text-editor.default\">\n\t\t\t\t<div class=\"elementor-widget-container\">\n\t\t\t\t\t\t\t\t\t<p>*La Heilp\u00e4dagogik soutient, aide et accompagne des personnes de tout \u00e2ge porteurs de handicaps physiques, mentaux ou psychiques, des enfants pr\u00e9sentant des troubles ou des retards du d\u00e9veloppement ainsi que des adolescents pr\u00e9sentant des troubles du comportement. La Heilp\u00e4dagogik prend en compte l&rsquo;individu dans sa globalit\u00e9. Il s&rsquo;agit d&rsquo;une prise en charge holistique dans les domaines physique, psychique, \u00e9motionnel et intellectuel. Le travail s&rsquo;oriente sur les capacit\u00e9s et les points forts de la personne et non sur les d\u00e9ficits existants.<\/p>\t\t\t\t\t\t\t\t<\/div>\n\t\t\t\t<\/div>\n\t\t\t\t<section class=\"elementor-section elementor-inner-section elementor-element elementor-element-a4a87c5 animated-slow elementor-section-boxed elementor-section-height-default elementor-section-height-default elementor-invisible\" data-id=\"a4a87c5\" data-element_type=\"section\" data-e-type=\"section\" data-settings=\"{&quot;animation&quot;:&quot;fadeInUp&quot;}\">\n\t\t\t\t\t\t<div class=\"elementor-container elementor-column-gap-default\">\n\t\t\t\t\t<div class=\"elementor-column elementor-col-100 elementor-inner-column elementor-element elementor-element-7a7701d\" data-id=\"7a7701d\" data-element_type=\"column\" data-e-type=\"column\">\n\t\t\t<div class=\"elementor-widget-wrap elementor-element-populated\">\n\t\t\t\t\t\t<div class=\"elementor-element elementor-element-1c70658 animated-slow elementor-widget elementor-widget-elementskit-heading\" data-id=\"1c70658\" data-element_type=\"widget\" data-e-type=\"widget\" data-settings=\"{&quot;_animation&quot;:&quot;none&quot;}\" data-widget_type=\"elementskit-heading.default\">\n\t\t\t\t<div class=\"elementor-widget-container\">\n\t\t\t\t\t<div class=\"ekit-wid-con\" ><div class=\"ekit-heading elementskit-section-title-wraper text_center   ekit_heading_tablet-   ekit_heading_mobile-\"><h3 class=\"elementskit-section-subtitle  \">\n\t\t\t\t\t\tPOUR TOUTE QUESTION CONCERNANT LE SERVICE SP\u00c9CIALIS\u00c9 DE HEILP\u00c4DAGOGIK ET DE P\u00c9DAGOGIE SOCIALE\n\t\t\t\t\t<\/h3><h2 class=\"ekit-heading--title elementskit-section-title \">Vos interlocuteurs<\/h2><\/div><\/div>\t\t\t\t<\/div>\n\t\t\t\t<\/div>\n\t\t\t\t\t<\/div>\n\t\t<\/div>\n\t\t\t\t\t<\/div>\n\t\t<\/section>\n\t\t\t\t<section class=\"elementor-section elementor-inner-section elementor-element elementor-element-f3c76d2 elementor-section-boxed elementor-section-height-default elementor-section-height-default elementor-invisible\" data-id=\"f3c76d2\" data-element_type=\"section\" data-e-type=\"section\" data-settings=\"{&quot;animation&quot;:&quot;fadeInUp&quot;}\">\n\t\t\t\t\t\t<div class=\"elementor-container elementor-column-gap-default\">\n\t\t\t\t\t<div class=\"elementor-column elementor-col-50 elementor-inner-column elementor-element elementor-element-2d690d8\" data-id=\"2d690d8\" data-element_type=\"column\" data-e-type=\"column\">\n\t\t\t<div class=\"elementor-widget-wrap elementor-element-populated\">\n\t\t\t\t\t\t<div class=\"elementor-element elementor-element-edce1a6 elementor-widget elementor-widget-elementskit-team\" data-id=\"edce1a6\" data-element_type=\"widget\" data-e-type=\"widget\" data-widget_type=\"elementskit-team.default\">\n\t\t\t\t<div class=\"elementor-widget-container\">\n\t\t\t\t\t<div class=\"ekit-wid-con\">\n\t\t\t\t\t\t\t\t\t\t\t\t\t\t\t <div class=\"style-circle ekit-team-img-fit\"> \t\t\t\t\t\t\t\t\t<div class=\"profile-image-card elementor-animation- ekit-team-img ekit-team-style-overlay_circle text-center\">\n\n\t\t\t\t\t\t\t\t\t\t\t\t\t<img fetchpriority=\"high\" decoding=\"async\" width=\"800\" height=\"772\" src=\"https:\/\/www.icpmuenchen.de\/wp-content\/uploads\/2025\/09\/Foto_Homepage_Burckart-1024x988.jpg\" class=\"attachment-large size-large wp-image-18343\" alt=\"\" srcset=\"https:\/\/www.icpmuenchen.de\/wp-content\/uploads\/2025\/09\/Foto_Homepage_Burckart-1024x988.jpg 1024w, https:\/\/www.icpmuenchen.de\/wp-content\/uploads\/2025\/09\/Foto_Homepage_Burckart-300x289.jpg 300w, https:\/\/www.icpmuenchen.de\/wp-content\/uploads\/2025\/09\/Foto_Homepage_Burckart-768x741.jpg 768w, https:\/\/www.icpmuenchen.de\/wp-content\/uploads\/2025\/09\/Foto_Homepage_Burckart-1536x1482.jpg 1536w, https:\/\/www.icpmuenchen.de\/wp-content\/uploads\/2025\/09\/Foto_Homepage_Burckart-2048x1976.jpg 2048w\" sizes=\"(max-width: 800px) 100vw, 800px\" \/>\t\t\t\t\t\t\t\t\t\t\t\t<div class=\"hover-area\">\n\t\t\t\t\t\t\t<div class=\"profile-body\">\n\t\t\t\t\t\t\t\t<h2 class=\"profile-title\">\n\t\t\t\t\t\t\t\t\t\t\t\t\t\t\t\t\t\t\t\t\t\t\t\t\t\t\t\t\t\t\t\t\t<\/h2>\n\t\t\t\t\t\t\t\t<p class=\"profile-designation\"><\/p>\n\t\t\t\t\t\t\t\t\t\t\t\t\t\t\t<\/div>\n\t\t\t\t\t\t\t\t\t\t\t\t\t<\/div>\n\t\t\t\t\t<\/div>\n\t\t\t\t\t <\/div> \n\t\t\t\t\n\t\t\t\t<\/div>\t\t\t\t<\/div>\n\t\t\t\t<\/div>\n\t\t\t\t<div class=\"elementor-element elementor-element-79c6317 elementor-widget elementor-widget-elementskit-heading\" data-id=\"79c6317\" data-element_type=\"widget\" data-e-type=\"widget\" data-widget_type=\"elementskit-heading.default\">\n\t\t\t\t<div class=\"elementor-widget-container\">\n\t\t\t\t\t<div class=\"ekit-wid-con\" ><div class=\"ekit-heading elementskit-section-title-wraper text_center   ekit_heading_tablet-   ekit_heading_mobile-\"><h2 class=\"ekit-heading--title elementskit-section-title \">Hannah Burckart<\/h2><h3 class=\"ekit-heading--subtitle elementskit-section-subtitle  \">\n\t\t\t\t\t\tService p\u00e9dagogique\n\t\t\t\t\t<\/h3>\t\t\t\t<div class='ekit-heading__description'>\n\t\t\t\t\t<p><a href=\"tel:+498971007248\">+49 89 71007-248<\/a><br \/><a href=\"mailto:lara.wehner@icp.de\">hannah.burckart@icp.de<\/a><\/p>\n\t\t\t\t<\/div>\n\t\t\t<\/div><\/div>\t\t\t\t<\/div>\n\t\t\t\t<\/div>\n\t\t\t\t\t<\/div>\n\t\t<\/div>\n\t\t\t\t<div class=\"elementor-column elementor-col-50 elementor-inner-column elementor-element elementor-element-7a9bb7d\" data-id=\"7a9bb7d\" data-element_type=\"column\" data-e-type=\"column\">\n\t\t\t<div class=\"elementor-widget-wrap elementor-element-populated\">\n\t\t\t\t\t\t<div class=\"elementor-element elementor-element-144ea62 elementor-widget elementor-widget-elementskit-team\" data-id=\"144ea62\" data-element_type=\"widget\" data-e-type=\"widget\" data-widget_type=\"elementskit-team.default\">\n\t\t\t\t<div class=\"elementor-widget-container\">\n\t\t\t\t\t<div class=\"ekit-wid-con\">\n\t\t\t\t\t\t\t\t\t\t\t\t\t\t\t <div class=\"style-circle ekit-team-img-fit\"> \t\t\t\t\t\t\t\t\t<div class=\"profile-image-card elementor-animation- ekit-team-img ekit-team-style-overlay_circle text-center\">\n\n\t\t\t\t\t\t\t\t\t\t\t\t\t<img decoding=\"async\" width=\"800\" height=\"906\" src=\"https:\/\/www.icpmuenchen.de\/wp-content\/uploads\/2025\/06\/alina-preller-Bild-904x1024.png\" class=\"attachment-large size-large wp-image-18255\" alt=\"\" srcset=\"https:\/\/www.icpmuenchen.de\/wp-content\/uploads\/2025\/06\/alina-preller-Bild-904x1024.png 904w, https:\/\/www.icpmuenchen.de\/wp-content\/uploads\/2025\/06\/alina-preller-Bild-265x300.png 265w, https:\/\/www.icpmuenchen.de\/wp-content\/uploads\/2025\/06\/alina-preller-Bild-768x870.png 768w, https:\/\/www.icpmuenchen.de\/wp-content\/uploads\/2025\/06\/alina-preller-Bild-1356x1536.png 1356w, https:\/\/www.icpmuenchen.de\/wp-content\/uploads\/2025\/06\/alina-preller-Bild.png 1412w\" sizes=\"(max-width: 800px) 100vw, 800px\" \/>\t\t\t\t\t\t\t\t\t\t\t\t<div class=\"hover-area\">\n\t\t\t\t\t\t\t<div class=\"profile-body\">\n\t\t\t\t\t\t\t\t<h2 class=\"profile-title\">\n\t\t\t\t\t\t\t\t\t\t\t\t\t\t\t\t\t\t\t\t\t\t\t\t\t\t\t\t\t\t\t\t\t<\/h2>\n\t\t\t\t\t\t\t\t<p class=\"profile-designation\"><\/p>\n\t\t\t\t\t\t\t\t\t\t\t\t\t\t\t<\/div>\n\t\t\t\t\t\t\t\t\t\t\t\t\t<\/div>\n\t\t\t\t\t<\/div>\n\t\t\t\t\t <\/div> \n\t\t\t\t\n\t\t\t\t<\/div>\t\t\t\t<\/div>\n\t\t\t\t<\/div>\n\t\t\t\t<div class=\"elementor-element elementor-element-2337e29 elementor-widget elementor-widget-elementskit-heading\" data-id=\"2337e29\" data-element_type=\"widget\" data-e-type=\"widget\" data-widget_type=\"elementskit-heading.default\">\n\t\t\t\t<div class=\"elementor-widget-container\">\n\t\t\t\t\t<div class=\"ekit-wid-con\" ><div class=\"ekit-heading elementskit-section-title-wraper text_center   ekit_heading_tablet-   ekit_heading_mobile-\"><h2 class=\"ekit-heading--title elementskit-section-title \">Alina Preller<\/h2><h3 class=\"ekit-heading--subtitle elementskit-section-subtitle  \">\n\t\t\t\t\t\tService p\u00e9dagogique\n\t\t\t\t\t<\/h3>\t\t\t\t<div class='ekit-heading__description'>\n\t\t\t\t\t<p><a href=\"tel:+49897100771007252\">+49 89 71007-252<\/a><br \/><a href=\"mailto:alina.preller@icp.de\">alina.preller@icp.de<\/a><\/p>\n\t\t\t\t<\/div>\n\t\t\t<\/div><\/div>\t\t\t\t<\/div>\n\t\t\t\t<\/div>\n\t\t\t\t\t<\/div>\n\t\t<\/div>\n\t\t\t\t\t<\/div>\n\t\t<\/section>\n\t\t\t\t<div class=\"elementor-element elementor-element-b9c9676 elementor-widget elementor-widget-image\" data-id=\"b9c9676\" data-element_type=\"widget\" data-e-type=\"widget\" data-widget_type=\"image.default\">\n\t\t\t\t<div class=\"elementor-widget-container\">\n\t\t\t\t\t\t\t\t\t\t\t\t\t\t\t<img decoding=\"async\" width=\"800\" height=\"400\" src=\"https:\/\/www.icpmuenchen.de\/wp-content\/uploads\/2021\/04\/hpt-2-1024x512.jpg\" class=\"attachment-large size-large wp-image-5033\" alt=\"\" srcset=\"https:\/\/www.icpmuenchen.de\/wp-content\/uploads\/2021\/04\/hpt-2-1024x512.jpg 1024w, https:\/\/www.icpmuenchen.de\/wp-content\/uploads\/2021\/04\/hpt-2-300x150.jpg 300w, https:\/\/www.icpmuenchen.de\/wp-content\/uploads\/2021\/04\/hpt-2-768x384.jpg 768w, https:\/\/www.icpmuenchen.de\/wp-content\/uploads\/2021\/04\/hpt-2.jpg 1200w\" sizes=\"(max-width: 800px) 100vw, 800px\" \/>\t\t\t\t\t\t\t\t\t\t\t\t\t\t\t<\/div>\n\t\t\t\t<\/div>\n\t\t\t\t<div class=\"elementor-element elementor-element-c29f36f elementor-widget elementor-widget-heading\" data-id=\"c29f36f\" data-element_type=\"widget\" data-e-type=\"widget\" data-widget_type=\"heading.default\">\n\t\t\t\t<div class=\"elementor-widget-container\">\n\t\t\t\t\t<h3 class=\"elementor-heading-title elementor-size-default\">R\u00f4les du service sp\u00e9cialis\u00e9 de psychologie <\/h3>\t\t\t\t<\/div>\n\t\t\t\t<\/div>\n\t\t\t\t<div class=\"elementor-element elementor-element-3206ad8 elementor-widget elementor-widget-text-editor\" data-id=\"3206ad8\" data-element_type=\"widget\" data-e-type=\"widget\" data-widget_type=\"text-editor.default\">\n\t\t\t\t<div class=\"elementor-widget-container\">\n\t\t\t\t\t\t\t\t\tLe service sp\u00e9cialis\u00e9 de psychologie est compos\u00e9 de trois psychologues dipl\u00f4m\u00e9s et exp\u00e9riment\u00e9s ayant suivi diff\u00e9rentes formations th\u00e9rapeutiques. La base de notre travail en psychologie est une approche orient\u00e9e sur les ressources: en adoptant une posture marqu\u00e9e par l&rsquo;acceptation, l&#8217;empathie, l&rsquo;impartialit\u00e9 et l&rsquo;estime, l&rsquo;accent est toujours mis sur l&rsquo;int\u00e9gration sociale et la mise en place de moyens de soutien pour les personnes en recherche de conseils.\n\nLe conseil et la th\u00e9rapie cr\u00e9ent des conditions mettant les enfants, les adolescents et les adultes en contact avec leur potentiel d&rsquo;action. De cette mani\u00e8re, ils peuvent activer leurs ressources personnelles et sociales et parvenir de mani\u00e8re autonome \u00e0 des solutions et des objectifs individuels.\n<h5>Les professionnels du service psychologique<\/h5>\n<ul>\n \t<li>proposent des diagnostics, des conseils et des th\u00e9rapies pour les parents et les enfants;<\/li>\n \t<li>conseillent les autres professionnels dans la gestion des troubles psychiques des enfants et des adolescents et fournissent des mod\u00e8les d&rsquo;explication;<\/li>\n \t<li>organisent r\u00e9guli\u00e8rement des consultations psychologiques en \u00e9quipe permettant aux professionnels de r\u00e9fl\u00e9chir sur leurs actes, de (re)d\u00e9couvrir leurs ressources personnelles, de g\u00e9rer le stress de mani\u00e8re appropri\u00e9e et de conserver le plaisir de travailler;<\/li>\n \t<li>aident les \u00e9quipes \u00e0 formuler des objectifs communs d\u2019accompagnement pour les enfants et les adolescents ;<\/li>\n \t<li>organisent des formations internes pour les professionnels de la fondation ICP M\u00fcnchen.<\/li>\n<\/ul>\t\t\t\t\t\t\t\t<\/div>\n\t\t\t\t<\/div>\n\t\t\t\t<section class=\"elementor-section elementor-inner-section elementor-element elementor-element-1e52118 animated-slow elementor-section-boxed elementor-section-height-default elementor-section-height-default elementor-invisible\" data-id=\"1e52118\" data-element_type=\"section\" data-e-type=\"section\" data-settings=\"{&quot;animation&quot;:&quot;fadeInUp&quot;}\">\n\t\t\t\t\t\t<div class=\"elementor-container elementor-column-gap-default\">\n\t\t\t\t\t<div class=\"elementor-column elementor-col-100 elementor-inner-column elementor-element elementor-element-53fbefc\" data-id=\"53fbefc\" data-element_type=\"column\" data-e-type=\"column\">\n\t\t\t<div class=\"elementor-widget-wrap elementor-element-populated\">\n\t\t\t\t\t\t<div class=\"elementor-element elementor-element-c5b69f1 animated-slow elementor-invisible elementor-widget elementor-widget-elementskit-heading\" data-id=\"c5b69f1\" data-element_type=\"widget\" data-e-type=\"widget\" data-settings=\"{&quot;_animation&quot;:&quot;fadeInUp&quot;}\" data-widget_type=\"elementskit-heading.default\">\n\t\t\t\t<div class=\"elementor-widget-container\">\n\t\t\t\t\t<div class=\"ekit-wid-con\" ><div class=\"ekit-heading elementskit-section-title-wraper text_center   ekit_heading_tablet-   ekit_heading_mobile-\"><h3 class=\"elementskit-section-subtitle  \">\n\t\t\t\t\t\tPOUR TOUTE QUESTION CONCERNANT LE SERVICE SP\u00c9CIALIS\u00c9 DE PSYCHOLOGIE \n\t\t\t\t\t<\/h3><h2 class=\"ekit-heading--title elementskit-section-title \">Votre interlocutrice<\/h2><\/div><\/div>\t\t\t\t<\/div>\n\t\t\t\t<\/div>\n\t\t\t\t<div class=\"elementor-element elementor-element-d822175 elementor-widget elementor-widget-elementskit-team\" data-id=\"d822175\" data-element_type=\"widget\" data-e-type=\"widget\" data-widget_type=\"elementskit-team.default\">\n\t\t\t\t<div class=\"elementor-widget-container\">\n\t\t\t\t\t<div class=\"ekit-wid-con\">\n\t\t\t\t\t\t\t\t\t\t\t\t\t\t\t <div class=\"style-circle ekit-team-img-fit\"> \t\t\t\t\t\t\t\t\t<div class=\"profile-image-card elementor-animation- ekit-team-img ekit-team-style-overlay_circle text-center\">\n\n\t\t\t\t\t\t\t\t\t\t\t\t\t<img loading=\"lazy\" decoding=\"async\" width=\"400\" height=\"400\" src=\"https:\/\/www.icpmuenchen.de\/wp-content\/uploads\/2021\/06\/wagatha.jpg\" class=\"attachment-large size-large wp-image-2468\" alt=\"\" srcset=\"https:\/\/www.icpmuenchen.de\/wp-content\/uploads\/2021\/06\/wagatha.jpg 400w, https:\/\/www.icpmuenchen.de\/wp-content\/uploads\/2021\/06\/wagatha-300x300.jpg 300w, https:\/\/www.icpmuenchen.de\/wp-content\/uploads\/2021\/06\/wagatha-150x150.jpg 150w\" sizes=\"(max-width: 400px) 100vw, 400px\" \/>\t\t\t\t\t\t\t\t\t\t\t\t<div class=\"hover-area\">\n\t\t\t\t\t\t\t<div class=\"profile-body\">\n\t\t\t\t\t\t\t\t<h2 class=\"profile-title\">\n\t\t\t\t\t\t\t\t\t\t\t\t\t\t\t\t\t\t\t\t\t\t\t\t\t\t\t\t\t\t\t\t\t<\/h2>\n\t\t\t\t\t\t\t\t<p class=\"profile-designation\"><\/p>\n\t\t\t\t\t\t\t\t\t\t\t\t\t\t\t<\/div>\n\t\t\t\t\t\t\t\t\t\t\t\t\t<\/div>\n\t\t\t\t\t<\/div>\n\t\t\t\t\t <\/div> \n\t\t\t\t\n\t\t\t\t<\/div>\t\t\t\t<\/div>\n\t\t\t\t<\/div>\n\t\t\t\t<div class=\"elementor-element elementor-element-ff5cf5e elementor-widget elementor-widget-elementskit-heading\" data-id=\"ff5cf5e\" data-element_type=\"widget\" data-e-type=\"widget\" data-widget_type=\"elementskit-heading.default\">\n\t\t\t\t<div class=\"elementor-widget-container\">\n\t\t\t\t\t<div class=\"ekit-wid-con\" ><div class=\"ekit-heading elementskit-section-title-wraper text_center   ekit_heading_tablet-   ekit_heading_mobile-\"><h2 class=\"ekit-heading--title elementskit-section-title \">Dr. Petra Wagatha <\/h2><h3 class=\"ekit-heading--subtitle elementskit-section-subtitle  \">\n\t\t\t\t\t\tDirection du service sp\u00e9cialis\u00e9 de psychologie\n\t\t\t\t\t<\/h3>\t\t\t\t<div class='ekit-heading__description'>\n\t\t\t\t\t<p><a href=\"tel:+498971007237\">+49 89 71007-237<\/a><br \/><a href=\"mailto:petra.wagatha@icp.de\">petra.wagatha@icp.de<\/a><\/p>\n\t\t\t\t<\/div>\n\t\t\t<\/div><\/div>\t\t\t\t<\/div>\n\t\t\t\t<\/div>\n\t\t\t\t\t<\/div>\n\t\t<\/div>\n\t\t\t\t\t<\/div>\n\t\t<\/section>\n\t\t\t\t<div class=\"elementor-element elementor-element-42fae1a elementor-widget elementor-widget-image\" data-id=\"42fae1a\" data-element_type=\"widget\" data-e-type=\"widget\" data-widget_type=\"image.default\">\n\t\t\t\t<div class=\"elementor-widget-container\">\n\t\t\t\t\t\t\t\t\t\t\t\t\t\t\t<img loading=\"lazy\" decoding=\"async\" width=\"800\" height=\"400\" src=\"https:\/\/www.icpmuenchen.de\/wp-content\/uploads\/2021\/04\/hpt_1-1024x512.jpg\" class=\"attachment-large size-large wp-image-5028\" alt=\"\" srcset=\"https:\/\/www.icpmuenchen.de\/wp-content\/uploads\/2021\/04\/hpt_1-1024x512.jpg 1024w, https:\/\/www.icpmuenchen.de\/wp-content\/uploads\/2021\/04\/hpt_1-300x150.jpg 300w, https:\/\/www.icpmuenchen.de\/wp-content\/uploads\/2021\/04\/hpt_1-768x384.jpg 768w, https:\/\/www.icpmuenchen.de\/wp-content\/uploads\/2021\/04\/hpt_1.jpg 1200w\" sizes=\"(max-width: 800px) 100vw, 800px\" \/>\t\t\t\t\t\t\t\t\t\t\t\t\t\t\t<\/div>\n\t\t\t\t<\/div>\n\t\t\t\t\t<\/div>\n\t\t<\/div>\n\t\t\t\t\t<\/div>\n\t\t<\/section>\n\t\t\t\t<section class=\"elementor-section elementor-top-section elementor-element elementor-element-944d76d elementor-section-boxed elementor-section-height-default elementor-section-height-default\" data-id=\"944d76d\" data-element_type=\"section\" data-e-type=\"section\">\n\t\t\t\t\t\t<div class=\"elementor-container elementor-column-gap-default\">\n\t\t\t\t\t<div class=\"elementor-column elementor-col-100 elementor-top-column elementor-element elementor-element-509a7ce\" data-id=\"509a7ce\" data-element_type=\"column\" data-e-type=\"column\">\n\t\t\t<div class=\"elementor-widget-wrap elementor-element-populated\">\n\t\t\t\t\t\t\t<\/div>\n\t\t<\/div>\n\t\t\t\t\t<\/div>\n\t\t<\/section>\n\t\t\t\t<\/div>\n\t\t","protected":false},"excerpt":{"rendered":"<p>STRUCTURES D\u2019ACCUEIL POUR ENFANTS, \u00c9COLE PRIMAIRE INCLUSIVE, HEILP\u00c4DAGOGISCHE TAGESST\u00c4TTE, F\u00d6RDERSCHULE, CENTRE DE FORMATION D\u2019APPRENTIS (BERUFSSCHULE), R\u00c9SIDENCE \u00c9TUDIANTE Formation &amp; \u00e9ducation Formation &amp; \u00e9ducation Service sp\u00e9cialis\u00e9 de Heilp\u00e4dagogik* &amp; de psychologie En plus des professionnels p\u00e9dagogiques et soignants de la heilp\u00e4dagogische Tagest\u00e4tte, nos enfants et adolescents, ainsi que leurs parents, peuvent faire appel aux professionnels du [&hellip;]<\/p>\n","protected":false},"author":1,"featured_media":0,"parent":5907,"menu_order":0,"comment_status":"closed","ping_status":"closed","template":"","meta":{"footnotes":""},"class_list":["post-5953","page","type-page","status-publish","hentry"],"yoast_head":"<!-- This site is optimized with the Yoast SEO plugin v26.8 - https:\/\/yoast.com\/product\/yoast-seo-wordpress\/ -->\n<title>Service sp\u00e9cialis\u00e9 de Heilp\u00e4dagogik et de psychologie - ICP M\u00fcnchen<\/title>\n<meta name=\"robots\" content=\"index, follow, max-snippet:-1, max-image-preview:large, max-video-preview:-1\" \/>\n<link rel=\"canonical\" href=\"https:\/\/www.icpmuenchen.de\/fr\/formation-education\/service-specialise-de-heilpadagogik-et-de-psychologie\/\" \/>\n<meta property=\"og:locale\" content=\"fr_FR\" \/>\n<meta property=\"og:type\" content=\"article\" \/>\n<meta property=\"og:title\" content=\"Service sp\u00e9cialis\u00e9 de Heilp\u00e4dagogik et de psychologie - ICP M\u00fcnchen\" \/>\n<meta property=\"og:description\" content=\"STRUCTURES D\u2019ACCUEIL POUR ENFANTS, \u00c9COLE PRIMAIRE INCLUSIVE, HEILP\u00c4DAGOGISCHE TAGESST\u00c4TTE, F\u00d6RDERSCHULE, CENTRE DE FORMATION D\u2019APPRENTIS (BERUFSSCHULE), R\u00c9SIDENCE \u00c9TUDIANTE Formation &amp; \u00e9ducation Formation &amp; \u00e9ducation Service sp\u00e9cialis\u00e9 de Heilp\u00e4dagogik* &amp; de psychologie En plus des professionnels p\u00e9dagogiques et soignants de la heilp\u00e4dagogische Tagest\u00e4tte, nos enfants et adolescents, ainsi que leurs parents, peuvent faire appel aux professionnels du [&hellip;]\" \/>\n<meta property=\"og:url\" content=\"https:\/\/www.icpmuenchen.de\/fr\/formation-education\/service-specialise-de-heilpadagogik-et-de-psychologie\/\" \/>\n<meta property=\"og:site_name\" content=\"ICP M\u00fcnchen\" \/>\n<meta property=\"article:modified_time\" content=\"2025-09-05T06:38:06+00:00\" \/>\n<meta property=\"og:image\" content=\"https:\/\/www.icpmuenchen.de\/wp-content\/uploads\/2025\/09\/Foto_Homepage_Burckart-1024x988.jpg\" \/>\n<meta name=\"twitter:card\" content=\"summary_large_image\" \/>\n<meta name=\"twitter:label1\" content=\"Dur\u00e9e de lecture estim\u00e9e\" \/>\n\t<meta name=\"twitter:data1\" content=\"5 minutes\" \/>\n<script type=\"application\/ld+json\" class=\"yoast-schema-graph\">{\"@context\":\"https:\/\/schema.org\",\"@graph\":[{\"@type\":\"WebPage\",\"@id\":\"https:\/\/www.icpmuenchen.de\/fr\/formation-education\/service-specialise-de-heilpadagogik-et-de-psychologie\/\",\"url\":\"https:\/\/www.icpmuenchen.de\/fr\/formation-education\/service-specialise-de-heilpadagogik-et-de-psychologie\/\",\"name\":\"Service sp\u00e9cialis\u00e9 de Heilp\u00e4dagogik et de psychologie - ICP M\u00fcnchen\",\"isPartOf\":{\"@id\":\"https:\/\/www.icpmuenchen.de\/fr\/#website\"},\"primaryImageOfPage\":{\"@id\":\"https:\/\/www.icpmuenchen.de\/fr\/formation-education\/service-specialise-de-heilpadagogik-et-de-psychologie\/#primaryimage\"},\"image\":{\"@id\":\"https:\/\/www.icpmuenchen.de\/fr\/formation-education\/service-specialise-de-heilpadagogik-et-de-psychologie\/#primaryimage\"},\"thumbnailUrl\":\"https:\/\/www.icpmuenchen.de\/wp-content\/uploads\/2025\/09\/Foto_Homepage_Burckart-1024x988.jpg\",\"datePublished\":\"2021-04-15T14:49:39+00:00\",\"dateModified\":\"2025-09-05T06:38:06+00:00\",\"breadcrumb\":{\"@id\":\"https:\/\/www.icpmuenchen.de\/fr\/formation-education\/service-specialise-de-heilpadagogik-et-de-psychologie\/#breadcrumb\"},\"inLanguage\":\"fr-FR\",\"potentialAction\":[{\"@type\":\"ReadAction\",\"target\":[\"https:\/\/www.icpmuenchen.de\/fr\/formation-education\/service-specialise-de-heilpadagogik-et-de-psychologie\/\"]}]},{\"@type\":\"ImageObject\",\"inLanguage\":\"fr-FR\",\"@id\":\"https:\/\/www.icpmuenchen.de\/fr\/formation-education\/service-specialise-de-heilpadagogik-et-de-psychologie\/#primaryimage\",\"url\":\"https:\/\/www.icpmuenchen.de\/wp-content\/uploads\/2025\/09\/Foto_Homepage_Burckart-1024x988.jpg\",\"contentUrl\":\"https:\/\/www.icpmuenchen.de\/wp-content\/uploads\/2025\/09\/Foto_Homepage_Burckart-1024x988.jpg\"},{\"@type\":\"BreadcrumbList\",\"@id\":\"https:\/\/www.icpmuenchen.de\/fr\/formation-education\/service-specialise-de-heilpadagogik-et-de-psychologie\/#breadcrumb\",\"itemListElement\":[{\"@type\":\"ListItem\",\"position\":1,\"name\":\"Startseite\",\"item\":\"https:\/\/www.icpmuenchen.de\/fr\/\"},{\"@type\":\"ListItem\",\"position\":2,\"name\":\"Formation &#038; \u00c9ducation\",\"item\":\"https:\/\/www.icpmuenchen.de\/fr\/formation-education\/\"},{\"@type\":\"ListItem\",\"position\":3,\"name\":\"Service sp\u00e9cialis\u00e9 de Heilp\u00e4dagogik et de psychologie\"}]},{\"@type\":\"WebSite\",\"@id\":\"https:\/\/www.icpmuenchen.de\/fr\/#website\",\"url\":\"https:\/\/www.icpmuenchen.de\/fr\/\",\"name\":\"ICP M\u00fcnchen\",\"description\":\"Integrationszentrum f\u00fcr K\u00f6rperbehinderte\",\"publisher\":{\"@id\":\"https:\/\/www.icpmuenchen.de\/fr\/#organization\"},\"potentialAction\":[{\"@type\":\"SearchAction\",\"target\":{\"@type\":\"EntryPoint\",\"urlTemplate\":\"https:\/\/www.icpmuenchen.de\/fr\/?s={search_term_string}\"},\"query-input\":{\"@type\":\"PropertyValueSpecification\",\"valueRequired\":true,\"valueName\":\"search_term_string\"}}],\"inLanguage\":\"fr-FR\"},{\"@type\":\"Organization\",\"@id\":\"https:\/\/www.icpmuenchen.de\/fr\/#organization\",\"name\":\"ICP M\u00fcnchen\",\"url\":\"https:\/\/www.icpmuenchen.de\/fr\/\",\"logo\":{\"@type\":\"ImageObject\",\"inLanguage\":\"fr-FR\",\"@id\":\"https:\/\/www.icpmuenchen.de\/fr\/#\/schema\/logo\/image\/\",\"url\":\"https:\/\/www.icpmuenchen.de\/wp-content\/uploads\/2020\/08\/Logo_Stiftung-ICP.svg\",\"contentUrl\":\"https:\/\/www.icpmuenchen.de\/wp-content\/uploads\/2020\/08\/Logo_Stiftung-ICP.svg\",\"width\":1,\"height\":1,\"caption\":\"ICP M\u00fcnchen\"},\"image\":{\"@id\":\"https:\/\/www.icpmuenchen.de\/fr\/#\/schema\/logo\/image\/\"}}]}<\/script>\n<!-- \/ Yoast SEO plugin. -->","yoast_head_json":{"title":"Service sp\u00e9cialis\u00e9 de Heilp\u00e4dagogik et de psychologie - ICP M\u00fcnchen","robots":{"index":"index","follow":"follow","max-snippet":"max-snippet:-1","max-image-preview":"max-image-preview:large","max-video-preview":"max-video-preview:-1"},"canonical":"https:\/\/www.icpmuenchen.de\/fr\/formation-education\/service-specialise-de-heilpadagogik-et-de-psychologie\/","og_locale":"fr_FR","og_type":"article","og_title":"Service sp\u00e9cialis\u00e9 de Heilp\u00e4dagogik et de psychologie - ICP M\u00fcnchen","og_description":"STRUCTURES D\u2019ACCUEIL POUR ENFANTS, \u00c9COLE PRIMAIRE INCLUSIVE, HEILP\u00c4DAGOGISCHE TAGESST\u00c4TTE, F\u00d6RDERSCHULE, CENTRE DE FORMATION D\u2019APPRENTIS (BERUFSSCHULE), R\u00c9SIDENCE \u00c9TUDIANTE Formation &amp; \u00e9ducation Formation &amp; \u00e9ducation Service sp\u00e9cialis\u00e9 de Heilp\u00e4dagogik* &amp; de psychologie En plus des professionnels p\u00e9dagogiques et soignants de la heilp\u00e4dagogische Tagest\u00e4tte, nos enfants et adolescents, ainsi que leurs parents, peuvent faire appel aux professionnels du [&hellip;]","og_url":"https:\/\/www.icpmuenchen.de\/fr\/formation-education\/service-specialise-de-heilpadagogik-et-de-psychologie\/","og_site_name":"ICP M\u00fcnchen","article_modified_time":"2025-09-05T06:38:06+00:00","og_image":[{"url":"https:\/\/www.icpmuenchen.de\/wp-content\/uploads\/2025\/09\/Foto_Homepage_Burckart-1024x988.jpg","type":"","width":"","height":""}],"twitter_card":"summary_large_image","twitter_misc":{"Dur\u00e9e de lecture estim\u00e9e":"5 minutes"},"schema":{"@context":"https:\/\/schema.org","@graph":[{"@type":"WebPage","@id":"https:\/\/www.icpmuenchen.de\/fr\/formation-education\/service-specialise-de-heilpadagogik-et-de-psychologie\/","url":"https:\/\/www.icpmuenchen.de\/fr\/formation-education\/service-specialise-de-heilpadagogik-et-de-psychologie\/","name":"Service sp\u00e9cialis\u00e9 de Heilp\u00e4dagogik et de psychologie - ICP M\u00fcnchen","isPartOf":{"@id":"https:\/\/www.icpmuenchen.de\/fr\/#website"},"primaryImageOfPage":{"@id":"https:\/\/www.icpmuenchen.de\/fr\/formation-education\/service-specialise-de-heilpadagogik-et-de-psychologie\/#primaryimage"},"image":{"@id":"https:\/\/www.icpmuenchen.de\/fr\/formation-education\/service-specialise-de-heilpadagogik-et-de-psychologie\/#primaryimage"},"thumbnailUrl":"https:\/\/www.icpmuenchen.de\/wp-content\/uploads\/2025\/09\/Foto_Homepage_Burckart-1024x988.jpg","datePublished":"2021-04-15T14:49:39+00:00","dateModified":"2025-09-05T06:38:06+00:00","breadcrumb":{"@id":"https:\/\/www.icpmuenchen.de\/fr\/formation-education\/service-specialise-de-heilpadagogik-et-de-psychologie\/#breadcrumb"},"inLanguage":"fr-FR","potentialAction":[{"@type":"ReadAction","target":["https:\/\/www.icpmuenchen.de\/fr\/formation-education\/service-specialise-de-heilpadagogik-et-de-psychologie\/"]}]},{"@type":"ImageObject","inLanguage":"fr-FR","@id":"https:\/\/www.icpmuenchen.de\/fr\/formation-education\/service-specialise-de-heilpadagogik-et-de-psychologie\/#primaryimage","url":"https:\/\/www.icpmuenchen.de\/wp-content\/uploads\/2025\/09\/Foto_Homepage_Burckart-1024x988.jpg","contentUrl":"https:\/\/www.icpmuenchen.de\/wp-content\/uploads\/2025\/09\/Foto_Homepage_Burckart-1024x988.jpg"},{"@type":"BreadcrumbList","@id":"https:\/\/www.icpmuenchen.de\/fr\/formation-education\/service-specialise-de-heilpadagogik-et-de-psychologie\/#breadcrumb","itemListElement":[{"@type":"ListItem","position":1,"name":"Startseite","item":"https:\/\/www.icpmuenchen.de\/fr\/"},{"@type":"ListItem","position":2,"name":"Formation &#038; \u00c9ducation","item":"https:\/\/www.icpmuenchen.de\/fr\/formation-education\/"},{"@type":"ListItem","position":3,"name":"Service sp\u00e9cialis\u00e9 de Heilp\u00e4dagogik et de psychologie"}]},{"@type":"WebSite","@id":"https:\/\/www.icpmuenchen.de\/fr\/#website","url":"https:\/\/www.icpmuenchen.de\/fr\/","name":"ICP M\u00fcnchen","description":"Integrationszentrum f\u00fcr K\u00f6rperbehinderte","publisher":{"@id":"https:\/\/www.icpmuenchen.de\/fr\/#organization"},"potentialAction":[{"@type":"SearchAction","target":{"@type":"EntryPoint","urlTemplate":"https:\/\/www.icpmuenchen.de\/fr\/?s={search_term_string}"},"query-input":{"@type":"PropertyValueSpecification","valueRequired":true,"valueName":"search_term_string"}}],"inLanguage":"fr-FR"},{"@type":"Organization","@id":"https:\/\/www.icpmuenchen.de\/fr\/#organization","name":"ICP M\u00fcnchen","url":"https:\/\/www.icpmuenchen.de\/fr\/","logo":{"@type":"ImageObject","inLanguage":"fr-FR","@id":"https:\/\/www.icpmuenchen.de\/fr\/#\/schema\/logo\/image\/","url":"https:\/\/www.icpmuenchen.de\/wp-content\/uploads\/2020\/08\/Logo_Stiftung-ICP.svg","contentUrl":"https:\/\/www.icpmuenchen.de\/wp-content\/uploads\/2020\/08\/Logo_Stiftung-ICP.svg","width":1,"height":1,"caption":"ICP M\u00fcnchen"},"image":{"@id":"https:\/\/www.icpmuenchen.de\/fr\/#\/schema\/logo\/image\/"}}]}},"_links":{"self":[{"href":"https:\/\/www.icpmuenchen.de\/fr\/wp-json\/wp\/v2\/pages\/5953","targetHints":{"allow":["GET"]}}],"collection":[{"href":"https:\/\/www.icpmuenchen.de\/fr\/wp-json\/wp\/v2\/pages"}],"about":[{"href":"https:\/\/www.icpmuenchen.de\/fr\/wp-json\/wp\/v2\/types\/page"}],"author":[{"embeddable":true,"href":"https:\/\/www.icpmuenchen.de\/fr\/wp-json\/wp\/v2\/users\/1"}],"replies":[{"embeddable":true,"href":"https:\/\/www.icpmuenchen.de\/fr\/wp-json\/wp\/v2\/comments?post=5953"}],"version-history":[{"count":18,"href":"https:\/\/www.icpmuenchen.de\/fr\/wp-json\/wp\/v2\/pages\/5953\/revisions"}],"predecessor-version":[{"id":18357,"href":"https:\/\/www.icpmuenchen.de\/fr\/wp-json\/wp\/v2\/pages\/5953\/revisions\/18357"}],"up":[{"embeddable":true,"href":"https:\/\/www.icpmuenchen.de\/fr\/wp-json\/wp\/v2\/pages\/5907"}],"wp:attachment":[{"href":"https:\/\/www.icpmuenchen.de\/fr\/wp-json\/wp\/v2\/media?parent=5953"}],"curies":[{"name":"wp","href":"https:\/\/api.w.org\/{rel}","templated":true}]}}