{"id":6109,"date":"2021-04-15T10:20:35","date_gmt":"2021-04-15T08:20:35","guid":{"rendered":"https:\/\/www.icpmuenchen.de\/wohnen-arbeit\/werkstatt-fuer-menschen-mit-behinderung-wfbm\/"},"modified":"2023-12-13T15:03:30","modified_gmt":"2023-12-13T14:03:30","slug":"atelier-pour-personnes-handicapees-wfbm","status":"publish","type":"page","link":"https:\/\/www.icpmuenchen.de\/fr\/logement-travail\/atelier-pour-personnes-handicapees-wfbm\/","title":{"rendered":"Atelier pour personnes handicap\u00e9es (WfbM)"},"content":{"rendered":"\t\t<div data-elementor-type=\"wp-page\" data-elementor-id=\"6109\" class=\"elementor elementor-6109 elementor-918\" data-elementor-post-type=\"page\">\n\t\t\t\t\t\t<section class=\"elementor-section elementor-top-section elementor-element elementor-element-79cb3bb9 elementor-section-height-min-height elementor-section-content-middle elementor-section-boxed elementor-section-height-default elementor-section-items-middle\" data-id=\"79cb3bb9\" data-element_type=\"section\" data-e-type=\"section\" data-settings=\"{&quot;background_background&quot;:&quot;classic&quot;}\">\n\t\t\t\t\t\t\t<div class=\"elementor-background-overlay\"><\/div>\n\t\t\t\t\t\t\t<div class=\"elementor-container elementor-column-gap-default\">\n\t\t\t\t\t<div class=\"elementor-column elementor-col-100 elementor-top-column elementor-element elementor-element-16b0ae4a\" data-id=\"16b0ae4a\" data-element_type=\"column\" data-e-type=\"column\">\n\t\t\t<div class=\"elementor-widget-wrap elementor-element-populated\">\n\t\t\t\t\t\t<div class=\"elementor-element elementor-element-7c736fc8 elementor-widget elementor-widget-elementskit-heading\" data-id=\"7c736fc8\" data-element_type=\"widget\" data-e-type=\"widget\" data-widget_type=\"elementskit-heading.default\">\n\t\t\t\t<div class=\"elementor-widget-container\">\n\t\t\t\t\t<div class=\"ekit-wid-con\" ><div class=\"ekit-heading elementskit-section-title-wraper text_left   ekit_heading_tablet-   ekit_heading_mobile-\"><h3 class=\"elementskit-section-subtitle  \">\n\t\t\t\t\t\tLOGEMENT, FOYER DE VIE (F\u00d6RDERST\u00c4TTE) ATELIER POUR PERSONNES HANDICAP\u00c9ES\n\t\t\t\t\t<\/h3><h2 class=\"ekit-heading--title elementskit-section-title \">Logement &amp; travail<\/h2><\/div><\/div>\t\t\t\t<\/div>\n\t\t\t\t<\/div>\n\t\t\t\t\t<\/div>\n\t\t<\/div>\n\t\t\t\t\t<\/div>\n\t\t<\/section>\n\t\t\t\t<section class=\"elementor-section elementor-top-section elementor-element elementor-element-6869b901 elementor-section-boxed elementor-section-height-default elementor-section-height-default\" data-id=\"6869b901\" data-element_type=\"section\" data-e-type=\"section\">\n\t\t\t\t\t\t<div class=\"elementor-container elementor-column-gap-default\">\n\t\t\t\t\t<div class=\"elementor-column elementor-col-100 elementor-top-column elementor-element elementor-element-3f5e81a4\" data-id=\"3f5e81a4\" data-element_type=\"column\" data-e-type=\"column\">\n\t\t\t<div class=\"elementor-widget-wrap elementor-element-populated\">\n\t\t\t\t\t\t<div class=\"elementor-element elementor-element-3d491935 elementor-widget__width-auto elementor-absolute elementor-hidden-tablet elementor-hidden-phone animated-slow elementor-invisible elementor-widget elementor-widget-elementskit-heading\" data-id=\"3d491935\" data-element_type=\"widget\" data-e-type=\"widget\" data-settings=\"{&quot;_position&quot;:&quot;absolute&quot;,&quot;_animation&quot;:&quot;fadeInUp&quot;}\" data-widget_type=\"elementskit-heading.default\">\n\t\t\t\t<div class=\"elementor-widget-container\">\n\t\t\t\t\t<div class=\"ekit-wid-con\" ><div class=\"ekit-heading elementskit-section-title-wraper text_center   ekit_heading_tablet-   ekit_heading_mobile-\"><\/div><\/div>\t\t\t\t<\/div>\n\t\t\t\t<\/div>\n\t\t\t\t<div class=\"elementor-element elementor-element-4ccc8f12 animated-slow elementor-invisible elementor-widget elementor-widget-elementskit-heading\" data-id=\"4ccc8f12\" data-element_type=\"widget\" data-e-type=\"widget\" data-settings=\"{&quot;_animation&quot;:&quot;fadeInUp&quot;}\" data-widget_type=\"elementskit-heading.default\">\n\t\t\t\t<div class=\"elementor-widget-container\">\n\t\t\t\t\t<div class=\"ekit-wid-con\" ><div class=\"ekit-heading elementskit-section-title-wraper text_center   ekit_heading_tablet-   ekit_heading_mobile-\"><h3 class=\"elementskit-section-subtitle  \">\n\t\t\t\t\t\tLogement &amp; travail\n\t\t\t\t\t<\/h3><h2 class=\"ekit-heading--title elementskit-section-title \">Atelier pour personnes handicap\u00e9es (Werkstatt f\u00fcr Menschen mit Behinderung - WfbM)<\/h2>\t\t\t\t<div class='ekit-heading__description'>\n\t\t\t\t\t<p>Notre atelier pour personnes handicap\u00e9es au MFZ Freimann est un atelier sp\u00e9cialis\u00e9 pour les personnes atteintes de paralysie c\u00e9r\u00e9brale ou d'autres maladies neuro-orthop\u00e9diques. Afin de permettre aux clients d\u2019\u00e9valuer si notre atelier est l'institution qui leur convient, nous leur proposons de s\u2019en faire une premi\u00e8re id\u00e9e dans le cadre d'un processus d'entr\u00e9e (Eingangsverfahren). Lors de celui-ci, nous \u00e9tablissons avec le client un plan d'insertion qui recense ses comp\u00e9tences ainsi que ses objectifs.<\/p>\n<p>Nos clients participent tout d'abord \u00e0 un cours de base puis \u00e0 un cours de perfectionnement dans le Berufsbildungsbereich* afin d'acqu\u00e9rir les diff\u00e9rentes comp\u00e9tences n\u00e9cessaires pour travailler au sein de l'atelier. Nos formateurs \u00e9valuent avec le client ses capacit\u00e9s et ses pr\u00e9f\u00e9rences afin de garantir son affectation ult\u00e9rieure dans le secteur de travail de l'atelier qui lui convient le plus. Outre les aptitudes techniques au travail, le Berufsbildungsbereich* comprend \u00e9galement la stimulation des comp\u00e9tences pratiques de la vie quotidienne telles que les soins corporels et de sant\u00e9, l'\u00e9ducation routi\u00e8re ou la gestion de l'argent.<\/p>\n<p>*Le Berufsbildungsbereich pr\u00e9pare \u00e0 une activit\u00e9 professionnelle : sur le march\u00e9 du travail g\u00e9n\u00e9ral ou dans le domaine de travail des ateliers. Pour ce faire, les participants sont soutenus dans leur d\u00e9veloppement personnel, pratique et professionnel. Il dure normalement deux ans.<\/p>\n\t\t\t\t<\/div>\n\t\t\t<\/div><\/div>\t\t\t\t<\/div>\n\t\t\t\t<\/div>\n\t\t\t\t<section class=\"elementor-section elementor-inner-section elementor-element elementor-element-07c27fc elementor-section-boxed elementor-section-height-default elementor-section-height-default\" data-id=\"07c27fc\" data-element_type=\"section\" data-e-type=\"section\">\n\t\t\t\t\t\t<div class=\"elementor-container elementor-column-gap-default\">\n\t\t\t\t\t<div class=\"elementor-column elementor-col-100 elementor-inner-column elementor-element elementor-element-7f6428e\" data-id=\"7f6428e\" data-element_type=\"column\" data-e-type=\"column\" data-settings=\"{&quot;background_background&quot;:&quot;classic&quot;}\">\n\t\t\t<div class=\"elementor-widget-wrap elementor-element-populated\">\n\t\t\t\t\t\t<div class=\"elementor-element elementor-element-76b1850 elementor-widget elementor-widget-image\" data-id=\"76b1850\" data-element_type=\"widget\" data-e-type=\"widget\" data-widget_type=\"image.default\">\n\t\t\t\t<div class=\"elementor-widget-container\">\n\t\t\t\t\t\t\t\t\t\t\t\t\t\t\t<img fetchpriority=\"high\" decoding=\"async\" width=\"800\" height=\"400\" src=\"https:\/\/www.icpmuenchen.de\/wp-content\/uploads\/2021\/05\/icp-wbfm_2-1024x512.jpg\" class=\"attachment-large size-large wp-image-5203\" alt=\"\" srcset=\"https:\/\/www.icpmuenchen.de\/wp-content\/uploads\/2021\/05\/icp-wbfm_2-1024x512.jpg 1024w, https:\/\/www.icpmuenchen.de\/wp-content\/uploads\/2021\/05\/icp-wbfm_2-300x150.jpg 300w, https:\/\/www.icpmuenchen.de\/wp-content\/uploads\/2021\/05\/icp-wbfm_2-768x384.jpg 768w, https:\/\/www.icpmuenchen.de\/wp-content\/uploads\/2021\/05\/icp-wbfm_2.jpg 1200w\" sizes=\"(max-width: 800px) 100vw, 800px\" \/>\t\t\t\t\t\t\t\t\t\t\t\t\t\t\t<\/div>\n\t\t\t\t<\/div>\n\t\t\t\t\t<\/div>\n\t\t<\/div>\n\t\t\t\t\t<\/div>\n\t\t<\/section>\n\t\t\t\t<div class=\"elementor-element elementor-element-38db67a elementor-widget elementor-widget-heading\" data-id=\"38db67a\" data-element_type=\"widget\" data-e-type=\"widget\" data-widget_type=\"heading.default\">\n\t\t\t\t<div class=\"elementor-widget-container\">\n\t\t\t\t\t<h3 class=\"elementor-heading-title elementor-size-default\">Dans notre atelier, les clients peuvent travailler dans les domaines suivants:<\/h3>\t\t\t\t<\/div>\n\t\t\t\t<\/div>\n\t\t\t\t<section class=\"elementor-section elementor-inner-section elementor-element elementor-element-b11e1b1 elementor-section-boxed elementor-section-height-default elementor-section-height-default\" data-id=\"b11e1b1\" data-element_type=\"section\" data-e-type=\"section\">\n\t\t\t\t\t\t<div class=\"elementor-container elementor-column-gap-default\">\n\t\t\t\t\t<div class=\"elementor-column elementor-col-50 elementor-inner-column elementor-element elementor-element-293e1dc\" data-id=\"293e1dc\" data-element_type=\"column\" data-e-type=\"column\" data-settings=\"{&quot;background_background&quot;:&quot;classic&quot;}\">\n\t\t\t<div class=\"elementor-widget-wrap elementor-element-populated\">\n\t\t\t\t\t\t<div class=\"elementor-element elementor-element-98dd8f0 elementor-widget elementor-widget-text-editor\" data-id=\"98dd8f0\" data-element_type=\"widget\" data-e-type=\"widget\" data-widget_type=\"text-editor.default\">\n\t\t\t\t<div class=\"elementor-widget-container\">\n\t\t\t\t\t\t\t\t\t<h4>Activit\u00e9s de bureau et traitement \u00e9lectronique de donn\u00e9es telles que<\/h4>\n<ul>\n \t<li>Publipostages<\/li>\n \t<li>Actions promotionnelles<\/li>\n \t<li>R\u00e9daction de lettres<\/li>\n \t<li>Envoi de courrier<\/li>\n \t<li>Triage<\/li>\n \t<li>Traitement \u00e9lectronique de donn\u00e9es<\/li>\n \t<li>Recherches sur Internet<\/li>\n \t<li>Vente de livres sur Internet<\/li>\n \t<li>Exp\u00e9dition<\/li>\n \t<li>Travail administratif<\/li>\n \t<li>et bien d&rsquo;autres<\/li>\n<\/ul>\t\t\t\t\t\t\t\t<\/div>\n\t\t\t\t<\/div>\n\t\t\t\t\t<\/div>\n\t\t<\/div>\n\t\t\t\t<div class=\"elementor-column elementor-col-50 elementor-inner-column elementor-element elementor-element-5ac65cf\" data-id=\"5ac65cf\" data-element_type=\"column\" data-e-type=\"column\">\n\t\t\t<div class=\"elementor-widget-wrap elementor-element-populated\">\n\t\t\t\t\t\t<div class=\"elementor-element elementor-element-530513d elementor-widget elementor-widget-text-editor\" data-id=\"530513d\" data-element_type=\"widget\" data-e-type=\"widget\" data-widget_type=\"text-editor.default\">\n\t\t\t\t<div class=\"elementor-widget-container\">\n\t\t\t\t\t\t\t\t\t<h4>Activit\u00e9s d\u2019installation et emballage telles que<\/h4>\n<ul>\n<li>Installation partielle et compl\u00e8te<\/li>\n<li>Travaux de v\u00e9rification et de contr\u00f4le<\/li>\n<li>Travaux d&#8217;emballage<\/li>\n<li>Travaux de tri et de confection<\/li>\n<\/ul>\n<div><br><\/div>\n<p>Nous sommes convaincus qu&rsquo;avec cette diversit\u00e9, chaque futur client trouvera l&rsquo;offre qui lui convient.<\/p><p>Le travail quotidien n&rsquo;est toutefois pas la seule chose que notre Atelier offre \u00e0 ses clients.<\/p>\t\t\t\t\t\t\t\t<\/div>\n\t\t\t\t<\/div>\n\t\t\t\t\t<\/div>\n\t\t<\/div>\n\t\t\t\t\t<\/div>\n\t\t<\/section>\n\t\t\t\t<section class=\"elementor-section elementor-inner-section elementor-element elementor-element-8c2b517 elementor-section-boxed elementor-section-height-default elementor-section-height-default\" data-id=\"8c2b517\" data-element_type=\"section\" data-e-type=\"section\">\n\t\t\t\t\t\t<div class=\"elementor-container elementor-column-gap-default\">\n\t\t\t\t\t<div class=\"elementor-column elementor-col-100 elementor-inner-column elementor-element elementor-element-8819cf5\" data-id=\"8819cf5\" data-element_type=\"column\" data-e-type=\"column\" data-settings=\"{&quot;background_background&quot;:&quot;classic&quot;}\">\n\t\t\t<div class=\"elementor-widget-wrap elementor-element-populated\">\n\t\t\t\t\t\t<div class=\"elementor-element elementor-element-1e835e3 elementor-widget elementor-widget-image\" data-id=\"1e835e3\" data-element_type=\"widget\" data-e-type=\"widget\" data-widget_type=\"image.default\">\n\t\t\t\t<div class=\"elementor-widget-container\">\n\t\t\t\t\t\t\t\t\t\t\t\t\t\t\t<img decoding=\"async\" width=\"800\" height=\"400\" src=\"https:\/\/www.icpmuenchen.de\/wp-content\/uploads\/2021\/05\/icp-wbfm_1-1024x512.jpg\" class=\"attachment-large size-large wp-image-5198\" alt=\"\" srcset=\"https:\/\/www.icpmuenchen.de\/wp-content\/uploads\/2021\/05\/icp-wbfm_1-1024x512.jpg 1024w, https:\/\/www.icpmuenchen.de\/wp-content\/uploads\/2021\/05\/icp-wbfm_1-300x150.jpg 300w, https:\/\/www.icpmuenchen.de\/wp-content\/uploads\/2021\/05\/icp-wbfm_1-768x384.jpg 768w, https:\/\/www.icpmuenchen.de\/wp-content\/uploads\/2021\/05\/icp-wbfm_1.jpg 1200w\" sizes=\"(max-width: 800px) 100vw, 800px\" \/>\t\t\t\t\t\t\t\t\t\t\t\t\t\t\t<\/div>\n\t\t\t\t<\/div>\n\t\t\t\t<div class=\"elementor-element elementor-element-bb47e65 elementor-widget elementor-widget-text-editor\" data-id=\"bb47e65\" data-element_type=\"widget\" data-e-type=\"widget\" data-widget_type=\"text-editor.default\">\n\t\t\t\t<div class=\"elementor-widget-container\">\n\t\t\t\t\t\t\t\t\t<p>En plus du travail quotidien, il existe des groupes de projet dans les domaines du th\u00e9\u00e2tre, des journaux, de la politique, etc. et des aides individuelles cibl\u00e9es selon le projet d\u2019accompagnement individualis\u00e9 de chaque client. Des voyages de formation, par exemple au Bundestag, sont \u00e9galement organis\u00e9s de mani\u00e8re r\u00e9guli\u00e8re.<\/p><p>Une offre sp\u00e9ciale suppl\u00e9mentaire dans le cadre de notre atelier est la possibilit\u00e9 de profiter, sous prescriptions th\u00e9rapeutiques, des offres de nos cabinets th\u00e9rapeutiques internes (notamment kin\u00e9sith\u00e9rapie et ergoth\u00e9rapie, orthophonie, th\u00e9rapie en piscine).<\/p>\t\t\t\t\t\t\t\t<\/div>\n\t\t\t\t<\/div>\n\t\t\t\t<div class=\"elementor-element elementor-element-2693e6f elementor-widget elementor-widget-heading\" data-id=\"2693e6f\" data-element_type=\"widget\" data-e-type=\"widget\" data-widget_type=\"heading.default\">\n\t\t\t\t<div class=\"elementor-widget-container\">\n\t\t\t\t\t<h3 class=\"elementor-heading-title elementor-size-default\">Documentation \u00e0 t\u00e9l\u00e9charger<\/h3>\t\t\t\t<\/div>\n\t\t\t\t<\/div>\n\t\t\t\t<div class=\"elementor-element elementor-element-e33b580 elementor-align-center elementor-widget elementor-widget-button\" data-id=\"e33b580\" data-element_type=\"widget\" data-e-type=\"widget\" data-widget_type=\"button.default\">\n\t\t\t\t<div class=\"elementor-widget-container\">\n\t\t\t\t\t\t\t\t\t<div class=\"elementor-button-wrapper\">\n\t\t\t\t\t<a class=\"elementor-button elementor-button-link elementor-size-sm\" href=\"https:\/\/www.icpmuenchen.de\/fr\/telechargements\/\" target=\"_blank\">\n\t\t\t\t\t\t<span class=\"elementor-button-content-wrapper\">\n\t\t\t\t\t\t\t\t\t<span class=\"elementor-button-text\">Vers la zone de t\u00e9l\u00e9chargement<\/span>\n\t\t\t\t\t<\/span>\n\t\t\t\t\t<\/a>\n\t\t\t\t<\/div>\n\t\t\t\t\t\t\t\t<\/div>\n\t\t\t\t<\/div>\n\t\t\t\t\t<\/div>\n\t\t<\/div>\n\t\t\t\t\t<\/div>\n\t\t<\/section>\n\t\t\t\t\t<\/div>\n\t\t<\/div>\n\t\t\t\t\t<\/div>\n\t\t<\/section>\n\t\t\t\t<section class=\"elementor-section elementor-top-section elementor-element elementor-element-1df555e7 elementor-section-boxed elementor-section-height-default elementor-section-height-default\" data-id=\"1df555e7\" data-element_type=\"section\" data-e-type=\"section\" data-settings=\"{&quot;background_background&quot;:&quot;classic&quot;}\">\n\t\t\t\t\t\t<div class=\"elementor-container elementor-column-gap-no\">\n\t\t\t\t\t<div class=\"elementor-column elementor-col-100 elementor-top-column elementor-element elementor-element-15592f42\" data-id=\"15592f42\" data-element_type=\"column\" data-e-type=\"column\">\n\t\t\t<div class=\"elementor-widget-wrap elementor-element-populated\">\n\t\t\t\t\t\t<section class=\"elementor-section elementor-inner-section elementor-element elementor-element-56b7dc73 animated-slow elementor-section-boxed elementor-section-height-default elementor-section-height-default elementor-invisible\" data-id=\"56b7dc73\" data-element_type=\"section\" data-e-type=\"section\" data-settings=\"{&quot;animation&quot;:&quot;fadeInUp&quot;}\">\n\t\t\t\t\t\t<div class=\"elementor-container elementor-column-gap-default\">\n\t\t\t\t\t<div class=\"elementor-column elementor-col-100 elementor-inner-column elementor-element elementor-element-10a5c219\" data-id=\"10a5c219\" data-element_type=\"column\" data-e-type=\"column\">\n\t\t\t<div class=\"elementor-widget-wrap elementor-element-populated\">\n\t\t\t\t\t\t<div class=\"elementor-element elementor-element-12216c7 elementor-widget elementor-widget-elementskit-heading\" data-id=\"12216c7\" data-element_type=\"widget\" data-e-type=\"widget\" data-widget_type=\"elementskit-heading.default\">\n\t\t\t\t<div class=\"elementor-widget-container\">\n\t\t\t\t\t<div class=\"ekit-wid-con\" ><div class=\"ekit-heading elementskit-section-title-wraper text_center   ekit_heading_tablet-   ekit_heading_mobile-\"><h2 class=\"ekit-heading--title elementskit-section-title \">Atelier pour personnes handicap\u00e9es -\u2013 <br>Votre avantage en tant qu'entreprise<\/h2>\t\t\t\t<div class='ekit-heading__description'>\n\t\t\t\t\t<p>Confiez vos commandes \u00e0 notre atelier agr\u00e9\u00e9 pour personnes handicap\u00e9es et b\u00e9n\u00e9ficiez de nombreux avantages. Nous pr\u00e9parons votre commande de mani\u00e8re fiable, soign\u00e9e et dans les d\u00e9lais. De plus, vous pouvez d\u00e9duire jusqu'\u00e0 50% de la part salariale dans le montant de la facture sur votre taxe compensatoire.<\/p>\n<p>Environ 60 personnes handicap\u00e9es travaillent dans notre atelier ICP du foyer de vie de Freimann \u00e0 Munich. Elles assemblent, emballent et exp\u00e9dient des produits pour diff\u00e9rents clients. Pour ce faire, notre atelier dispose de machines et d'outils ultra modernes.<\/p>\n\t\t\t\t<\/div>\n\t\t\t<\/div><\/div>\t\t\t\t<\/div>\n\t\t\t\t<\/div>\n\t\t\t\t<div class=\"elementor-element elementor-element-98306c6 elementor-align-center elementor-widget elementor-widget-button\" data-id=\"98306c6\" data-element_type=\"widget\" data-e-type=\"widget\" data-widget_type=\"button.default\">\n\t\t\t\t<div class=\"elementor-widget-container\">\n\t\t\t\t\t\t\t\t\t<div class=\"elementor-button-wrapper\">\n\t\t\t\t\t<a class=\"elementor-button elementor-button-link elementor-size-sm\" href=\"\/wp-content\/uploads\/2021\/05\/Anschreiben-Betriebe-WfbM-20-05-21.pdf\" target=\"_blank\">\n\t\t\t\t\t\t<span class=\"elementor-button-content-wrapper\">\n\t\t\t\t\t\t\t\t\t<span class=\"elementor-button-text\">En savoir plus sur notre offre<\/span>\n\t\t\t\t\t<\/span>\n\t\t\t\t\t<\/a>\n\t\t\t\t<\/div>\n\t\t\t\t\t\t\t\t<\/div>\n\t\t\t\t<\/div>\n\t\t\t\t\t<\/div>\n\t\t<\/div>\n\t\t\t\t\t<\/div>\n\t\t<\/section>\n\t\t\t\t\t<\/div>\n\t\t<\/div>\n\t\t\t\t\t<\/div>\n\t\t<\/section>\n\t\t\t\t<section class=\"elementor-section elementor-top-section elementor-element elementor-element-83c4281 elementor-section-boxed elementor-section-height-default elementor-section-height-default\" data-id=\"83c4281\" data-element_type=\"section\" data-e-type=\"section\" data-settings=\"{&quot;background_background&quot;:&quot;classic&quot;}\">\n\t\t\t\t\t\t<div class=\"elementor-container elementor-column-gap-no\">\n\t\t\t\t\t<div class=\"elementor-column elementor-col-100 elementor-top-column elementor-element elementor-element-03afbb2\" data-id=\"03afbb2\" data-element_type=\"column\" data-e-type=\"column\">\n\t\t\t<div class=\"elementor-widget-wrap elementor-element-populated\">\n\t\t\t\t\t\t<section class=\"elementor-section elementor-inner-section elementor-element elementor-element-b6c2de6 animated-slow elementor-section-boxed elementor-section-height-default elementor-section-height-default elementor-invisible\" data-id=\"b6c2de6\" data-element_type=\"section\" data-e-type=\"section\" data-settings=\"{&quot;animation&quot;:&quot;fadeInUp&quot;}\">\n\t\t\t\t\t\t<div class=\"elementor-container elementor-column-gap-default\">\n\t\t\t\t\t<div class=\"elementor-column elementor-col-100 elementor-inner-column elementor-element elementor-element-cbef2ef\" data-id=\"cbef2ef\" data-element_type=\"column\" data-e-type=\"column\">\n\t\t\t<div class=\"elementor-widget-wrap elementor-element-populated\">\n\t\t\t\t\t\t<div class=\"elementor-element elementor-element-23713ab animated-slow elementor-invisible elementor-widget elementor-widget-elementskit-heading\" data-id=\"23713ab\" data-element_type=\"widget\" data-e-type=\"widget\" data-settings=\"{&quot;_animation&quot;:&quot;fadeInUp&quot;}\" data-widget_type=\"elementskit-heading.default\">\n\t\t\t\t<div class=\"elementor-widget-container\">\n\t\t\t\t\t<div class=\"ekit-wid-con\" ><div class=\"ekit-heading elementskit-section-title-wraper text_center   ekit_heading_tablet-   ekit_heading_mobile-\"><h3 class=\"elementskit-section-subtitle  \">\n\t\t\t\t\t\tPOUR TOUTE QUESTION CONCERNANT L\u2019ATELIER POUR PERSONNES HANDICAP\u00c9ES\n\t\t\t\t\t<\/h3><h2 class=\"ekit-heading--title elementskit-section-title \">Votre interlocuteur<\/h2><\/div><\/div>\t\t\t\t<\/div>\n\t\t\t\t<\/div>\n\t\t\t\t<div class=\"elementor-element elementor-element-2364077 elementor-widget elementor-widget-elementskit-team\" data-id=\"2364077\" data-element_type=\"widget\" data-e-type=\"widget\" data-widget_type=\"elementskit-team.default\">\n\t\t\t\t<div class=\"elementor-widget-container\">\n\t\t\t\t\t<div class=\"ekit-wid-con\">\n\t\t\t\t\t\t\t\t\t\t\t\t\t\t\t <div class=\"style-circle ekit-team-img-fit\"> \t\t\t\t\t\t\t\t\t<div class=\"profile-image-card elementor-animation- ekit-team-img ekit-team-style-overlay_circle text-center\">\n\n\t\t\t\t\t\t\t\t\t\t\t\t\t<img decoding=\"async\" width=\"673\" height=\"1024\" src=\"https:\/\/www.icpmuenchen.de\/wp-content\/uploads\/2023\/12\/Kohlenberger-673x1024.jpg\" class=\"attachment-large size-large wp-image-15879\" alt=\"\" srcset=\"https:\/\/www.icpmuenchen.de\/wp-content\/uploads\/2023\/12\/Kohlenberger-673x1024.jpg 673w, https:\/\/www.icpmuenchen.de\/wp-content\/uploads\/2023\/12\/Kohlenberger-197x300.jpg 197w, https:\/\/www.icpmuenchen.de\/wp-content\/uploads\/2023\/12\/Kohlenberger-768x1168.jpg 768w, https:\/\/www.icpmuenchen.de\/wp-content\/uploads\/2023\/12\/Kohlenberger-1010x1536.jpg 1010w, https:\/\/www.icpmuenchen.de\/wp-content\/uploads\/2023\/12\/Kohlenberger.jpg 1052w\" sizes=\"(max-width: 673px) 100vw, 673px\" \/>\t\t\t\t\t\t\t\t\t\t\t\t<div class=\"hover-area\">\n\t\t\t\t\t\t\t<div class=\"profile-body\">\n\t\t\t\t\t\t\t\t<h2 class=\"profile-title\">\n\t\t\t\t\t\t\t\t\t\t\t\t\t\t\t\t\t\t\t\t\t\t\t\t\t\t\t\t\t\t\t\t\t<\/h2>\n\t\t\t\t\t\t\t\t<p class=\"profile-designation\"><\/p>\n\t\t\t\t\t\t\t\t\t\t\t\t\t\t\t<\/div>\n\t\t\t\t\t\t\t\t\t\t\t\t\t<\/div>\n\t\t\t\t\t<\/div>\n\t\t\t\t\t <\/div> \n\t\t\t\t\n\t\t\t\t<\/div>\t\t\t\t<\/div>\n\t\t\t\t<\/div>\n\t\t\t\t<div class=\"elementor-element elementor-element-bb0a1ab elementor-widget elementor-widget-elementskit-heading\" data-id=\"bb0a1ab\" data-element_type=\"widget\" data-e-type=\"widget\" data-widget_type=\"elementskit-heading.default\">\n\t\t\t\t<div class=\"elementor-widget-container\">\n\t\t\t\t\t<div class=\"ekit-wid-con\" ><div class=\"ekit-heading elementskit-section-title-wraper text_center   ekit_heading_tablet-   ekit_heading_mobile-\"><h2 class=\"ekit-heading--title elementskit-section-title \">Ernesto Kohlenberger<\/h2><h3 class=\"ekit-heading--subtitle elementskit-section-subtitle  \">\n\t\t\t\t\t\tDirection Atelier pour personnes handicap\u00e9es \n\t\t\t\t\t<\/h3>\t\t\t\t<div class='ekit-heading__description'>\n\t\t\t\t\t<p><a href=\"tel:+498972013200\">+49 89 72013-200<\/a><br \/><a href=\"mailto:ernesto.kohlenberger@icp.de\">ernesto.kohlenberger@icp.de<\/a><\/p>\n\t\t\t\t<\/div>\n\t\t\t<\/div><\/div>\t\t\t\t<\/div>\n\t\t\t\t<\/div>\n\t\t\t\t\t<\/div>\n\t\t<\/div>\n\t\t\t\t\t<\/div>\n\t\t<\/section>\n\t\t\t\t\t<\/div>\n\t\t<\/div>\n\t\t\t\t\t<\/div>\n\t\t<\/section>\n\t\t\t\t<section class=\"elementor-section elementor-top-section elementor-element elementor-element-944d76d elementor-section-boxed elementor-section-height-default elementor-section-height-default\" data-id=\"944d76d\" data-element_type=\"section\" data-e-type=\"section\">\n\t\t\t\t\t\t<div class=\"elementor-container elementor-column-gap-default\">\n\t\t\t\t\t<div class=\"elementor-column elementor-col-100 elementor-top-column elementor-element elementor-element-509a7ce\" data-id=\"509a7ce\" data-element_type=\"column\" data-e-type=\"column\">\n\t\t\t<div class=\"elementor-widget-wrap elementor-element-populated\">\n\t\t\t\t\t\t\t<\/div>\n\t\t<\/div>\n\t\t\t\t\t<\/div>\n\t\t<\/section>\n\t\t\t\t<\/div>\n\t\t","protected":false},"excerpt":{"rendered":"<p>LOGEMENT, FOYER DE VIE (F\u00d6RDERST\u00c4TTE) ATELIER POUR PERSONNES HANDICAP\u00c9ES Logement &amp; travail Logement &amp; travail Atelier pour personnes handicap\u00e9es (Werkstatt f\u00fcr Menschen mit Behinderung &#8211; WfbM) Notre atelier pour personnes handicap\u00e9es au MFZ Freimann est un atelier sp\u00e9cialis\u00e9 pour les personnes atteintes de paralysie c\u00e9r\u00e9brale ou d&rsquo;autres maladies neuro-orthop\u00e9diques. Afin de permettre aux clients d\u2019\u00e9valuer [&hellip;]<\/p>\n","protected":false},"author":1,"featured_media":0,"parent":6088,"menu_order":2,"comment_status":"closed","ping_status":"closed","template":"","meta":{"footnotes":""},"class_list":["post-6109","page","type-page","status-publish","hentry"],"yoast_head":"<!-- This site is optimized with the Yoast SEO plugin v26.8 - https:\/\/yoast.com\/product\/yoast-seo-wordpress\/ -->\n<title>Atelier pour personnes handicap\u00e9es (WfbM) - ICP M\u00fcnchen<\/title>\n<meta name=\"robots\" content=\"index, follow, max-snippet:-1, max-image-preview:large, max-video-preview:-1\" \/>\n<link rel=\"canonical\" href=\"https:\/\/www.icpmuenchen.de\/fr\/logement-travail\/atelier-pour-personnes-handicapees-wfbm\/\" \/>\n<meta property=\"og:locale\" content=\"fr_FR\" \/>\n<meta property=\"og:type\" content=\"article\" \/>\n<meta property=\"og:title\" content=\"Atelier pour personnes handicap\u00e9es (WfbM) - ICP M\u00fcnchen\" \/>\n<meta property=\"og:description\" content=\"LOGEMENT, FOYER DE VIE (F\u00d6RDERST\u00c4TTE) ATELIER POUR PERSONNES HANDICAP\u00c9ES Logement &amp; travail Logement &amp; travail Atelier pour personnes handicap\u00e9es (Werkstatt f\u00fcr Menschen mit Behinderung &#8211; WfbM) Notre atelier pour personnes handicap\u00e9es au MFZ Freimann est un atelier sp\u00e9cialis\u00e9 pour les personnes atteintes de paralysie c\u00e9r\u00e9brale ou d&rsquo;autres maladies neuro-orthop\u00e9diques. Afin de permettre aux clients d\u2019\u00e9valuer [&hellip;]\" \/>\n<meta property=\"og:url\" content=\"https:\/\/www.icpmuenchen.de\/fr\/logement-travail\/atelier-pour-personnes-handicapees-wfbm\/\" \/>\n<meta property=\"og:site_name\" content=\"ICP M\u00fcnchen\" \/>\n<meta property=\"article:modified_time\" content=\"2023-12-13T14:03:30+00:00\" \/>\n<meta property=\"og:image\" content=\"https:\/\/www.icpmuenchen.de\/wp-content\/uploads\/2021\/05\/icp-wbfm_2-1024x512.jpg\" \/>\n<meta name=\"twitter:card\" content=\"summary_large_image\" \/>\n<meta name=\"twitter:label1\" content=\"Dur\u00e9e de lecture estim\u00e9e\" \/>\n\t<meta name=\"twitter:data1\" content=\"4 minutes\" \/>\n<script type=\"application\/ld+json\" class=\"yoast-schema-graph\">{\"@context\":\"https:\/\/schema.org\",\"@graph\":[{\"@type\":\"WebPage\",\"@id\":\"https:\/\/www.icpmuenchen.de\/fr\/logement-travail\/atelier-pour-personnes-handicapees-wfbm\/\",\"url\":\"https:\/\/www.icpmuenchen.de\/fr\/logement-travail\/atelier-pour-personnes-handicapees-wfbm\/\",\"name\":\"Atelier pour personnes handicap\u00e9es (WfbM) - ICP M\u00fcnchen\",\"isPartOf\":{\"@id\":\"https:\/\/www.icpmuenchen.de\/fr\/#website\"},\"primaryImageOfPage\":{\"@id\":\"https:\/\/www.icpmuenchen.de\/fr\/logement-travail\/atelier-pour-personnes-handicapees-wfbm\/#primaryimage\"},\"image\":{\"@id\":\"https:\/\/www.icpmuenchen.de\/fr\/logement-travail\/atelier-pour-personnes-handicapees-wfbm\/#primaryimage\"},\"thumbnailUrl\":\"https:\/\/www.icpmuenchen.de\/wp-content\/uploads\/2021\/05\/icp-wbfm_2-1024x512.jpg\",\"datePublished\":\"2021-04-15T08:20:35+00:00\",\"dateModified\":\"2023-12-13T14:03:30+00:00\",\"breadcrumb\":{\"@id\":\"https:\/\/www.icpmuenchen.de\/fr\/logement-travail\/atelier-pour-personnes-handicapees-wfbm\/#breadcrumb\"},\"inLanguage\":\"fr-FR\",\"potentialAction\":[{\"@type\":\"ReadAction\",\"target\":[\"https:\/\/www.icpmuenchen.de\/fr\/logement-travail\/atelier-pour-personnes-handicapees-wfbm\/\"]}]},{\"@type\":\"ImageObject\",\"inLanguage\":\"fr-FR\",\"@id\":\"https:\/\/www.icpmuenchen.de\/fr\/logement-travail\/atelier-pour-personnes-handicapees-wfbm\/#primaryimage\",\"url\":\"https:\/\/www.icpmuenchen.de\/wp-content\/uploads\/2021\/05\/icp-wbfm_2-1024x512.jpg\",\"contentUrl\":\"https:\/\/www.icpmuenchen.de\/wp-content\/uploads\/2021\/05\/icp-wbfm_2-1024x512.jpg\"},{\"@type\":\"BreadcrumbList\",\"@id\":\"https:\/\/www.icpmuenchen.de\/fr\/logement-travail\/atelier-pour-personnes-handicapees-wfbm\/#breadcrumb\",\"itemListElement\":[{\"@type\":\"ListItem\",\"position\":1,\"name\":\"Startseite\",\"item\":\"https:\/\/www.icpmuenchen.de\/fr\/\"},{\"@type\":\"ListItem\",\"position\":2,\"name\":\"Logement &#038; Travail\",\"item\":\"https:\/\/www.icpmuenchen.de\/fr\/logement-travail\/\"},{\"@type\":\"ListItem\",\"position\":3,\"name\":\"Atelier pour personnes handicap\u00e9es (WfbM)\"}]},{\"@type\":\"WebSite\",\"@id\":\"https:\/\/www.icpmuenchen.de\/fr\/#website\",\"url\":\"https:\/\/www.icpmuenchen.de\/fr\/\",\"name\":\"ICP M\u00fcnchen\",\"description\":\"Integrationszentrum f\u00fcr K\u00f6rperbehinderte\",\"publisher\":{\"@id\":\"https:\/\/www.icpmuenchen.de\/fr\/#organization\"},\"potentialAction\":[{\"@type\":\"SearchAction\",\"target\":{\"@type\":\"EntryPoint\",\"urlTemplate\":\"https:\/\/www.icpmuenchen.de\/fr\/?s={search_term_string}\"},\"query-input\":{\"@type\":\"PropertyValueSpecification\",\"valueRequired\":true,\"valueName\":\"search_term_string\"}}],\"inLanguage\":\"fr-FR\"},{\"@type\":\"Organization\",\"@id\":\"https:\/\/www.icpmuenchen.de\/fr\/#organization\",\"name\":\"ICP M\u00fcnchen\",\"url\":\"https:\/\/www.icpmuenchen.de\/fr\/\",\"logo\":{\"@type\":\"ImageObject\",\"inLanguage\":\"fr-FR\",\"@id\":\"https:\/\/www.icpmuenchen.de\/fr\/#\/schema\/logo\/image\/\",\"url\":\"https:\/\/www.icpmuenchen.de\/wp-content\/uploads\/2020\/08\/Logo_Stiftung-ICP.svg\",\"contentUrl\":\"https:\/\/www.icpmuenchen.de\/wp-content\/uploads\/2020\/08\/Logo_Stiftung-ICP.svg\",\"width\":1,\"height\":1,\"caption\":\"ICP M\u00fcnchen\"},\"image\":{\"@id\":\"https:\/\/www.icpmuenchen.de\/fr\/#\/schema\/logo\/image\/\"}}]}<\/script>\n<!-- \/ Yoast SEO plugin. -->","yoast_head_json":{"title":"Atelier pour personnes handicap\u00e9es (WfbM) - ICP M\u00fcnchen","robots":{"index":"index","follow":"follow","max-snippet":"max-snippet:-1","max-image-preview":"max-image-preview:large","max-video-preview":"max-video-preview:-1"},"canonical":"https:\/\/www.icpmuenchen.de\/fr\/logement-travail\/atelier-pour-personnes-handicapees-wfbm\/","og_locale":"fr_FR","og_type":"article","og_title":"Atelier pour personnes handicap\u00e9es (WfbM) - ICP M\u00fcnchen","og_description":"LOGEMENT, FOYER DE VIE (F\u00d6RDERST\u00c4TTE) ATELIER POUR PERSONNES HANDICAP\u00c9ES Logement &amp; travail Logement &amp; travail Atelier pour personnes handicap\u00e9es (Werkstatt f\u00fcr Menschen mit Behinderung &#8211; WfbM) Notre atelier pour personnes handicap\u00e9es au MFZ Freimann est un atelier sp\u00e9cialis\u00e9 pour les personnes atteintes de paralysie c\u00e9r\u00e9brale ou d&rsquo;autres maladies neuro-orthop\u00e9diques. Afin de permettre aux clients d\u2019\u00e9valuer [&hellip;]","og_url":"https:\/\/www.icpmuenchen.de\/fr\/logement-travail\/atelier-pour-personnes-handicapees-wfbm\/","og_site_name":"ICP M\u00fcnchen","article_modified_time":"2023-12-13T14:03:30+00:00","og_image":[{"url":"https:\/\/www.icpmuenchen.de\/wp-content\/uploads\/2021\/05\/icp-wbfm_2-1024x512.jpg","type":"","width":"","height":""}],"twitter_card":"summary_large_image","twitter_misc":{"Dur\u00e9e de lecture estim\u00e9e":"4 minutes"},"schema":{"@context":"https:\/\/schema.org","@graph":[{"@type":"WebPage","@id":"https:\/\/www.icpmuenchen.de\/fr\/logement-travail\/atelier-pour-personnes-handicapees-wfbm\/","url":"https:\/\/www.icpmuenchen.de\/fr\/logement-travail\/atelier-pour-personnes-handicapees-wfbm\/","name":"Atelier pour personnes handicap\u00e9es (WfbM) - ICP M\u00fcnchen","isPartOf":{"@id":"https:\/\/www.icpmuenchen.de\/fr\/#website"},"primaryImageOfPage":{"@id":"https:\/\/www.icpmuenchen.de\/fr\/logement-travail\/atelier-pour-personnes-handicapees-wfbm\/#primaryimage"},"image":{"@id":"https:\/\/www.icpmuenchen.de\/fr\/logement-travail\/atelier-pour-personnes-handicapees-wfbm\/#primaryimage"},"thumbnailUrl":"https:\/\/www.icpmuenchen.de\/wp-content\/uploads\/2021\/05\/icp-wbfm_2-1024x512.jpg","datePublished":"2021-04-15T08:20:35+00:00","dateModified":"2023-12-13T14:03:30+00:00","breadcrumb":{"@id":"https:\/\/www.icpmuenchen.de\/fr\/logement-travail\/atelier-pour-personnes-handicapees-wfbm\/#breadcrumb"},"inLanguage":"fr-FR","potentialAction":[{"@type":"ReadAction","target":["https:\/\/www.icpmuenchen.de\/fr\/logement-travail\/atelier-pour-personnes-handicapees-wfbm\/"]}]},{"@type":"ImageObject","inLanguage":"fr-FR","@id":"https:\/\/www.icpmuenchen.de\/fr\/logement-travail\/atelier-pour-personnes-handicapees-wfbm\/#primaryimage","url":"https:\/\/www.icpmuenchen.de\/wp-content\/uploads\/2021\/05\/icp-wbfm_2-1024x512.jpg","contentUrl":"https:\/\/www.icpmuenchen.de\/wp-content\/uploads\/2021\/05\/icp-wbfm_2-1024x512.jpg"},{"@type":"BreadcrumbList","@id":"https:\/\/www.icpmuenchen.de\/fr\/logement-travail\/atelier-pour-personnes-handicapees-wfbm\/#breadcrumb","itemListElement":[{"@type":"ListItem","position":1,"name":"Startseite","item":"https:\/\/www.icpmuenchen.de\/fr\/"},{"@type":"ListItem","position":2,"name":"Logement &#038; Travail","item":"https:\/\/www.icpmuenchen.de\/fr\/logement-travail\/"},{"@type":"ListItem","position":3,"name":"Atelier pour personnes handicap\u00e9es (WfbM)"}]},{"@type":"WebSite","@id":"https:\/\/www.icpmuenchen.de\/fr\/#website","url":"https:\/\/www.icpmuenchen.de\/fr\/","name":"ICP M\u00fcnchen","description":"Integrationszentrum f\u00fcr K\u00f6rperbehinderte","publisher":{"@id":"https:\/\/www.icpmuenchen.de\/fr\/#organization"},"potentialAction":[{"@type":"SearchAction","target":{"@type":"EntryPoint","urlTemplate":"https:\/\/www.icpmuenchen.de\/fr\/?s={search_term_string}"},"query-input":{"@type":"PropertyValueSpecification","valueRequired":true,"valueName":"search_term_string"}}],"inLanguage":"fr-FR"},{"@type":"Organization","@id":"https:\/\/www.icpmuenchen.de\/fr\/#organization","name":"ICP M\u00fcnchen","url":"https:\/\/www.icpmuenchen.de\/fr\/","logo":{"@type":"ImageObject","inLanguage":"fr-FR","@id":"https:\/\/www.icpmuenchen.de\/fr\/#\/schema\/logo\/image\/","url":"https:\/\/www.icpmuenchen.de\/wp-content\/uploads\/2020\/08\/Logo_Stiftung-ICP.svg","contentUrl":"https:\/\/www.icpmuenchen.de\/wp-content\/uploads\/2020\/08\/Logo_Stiftung-ICP.svg","width":1,"height":1,"caption":"ICP M\u00fcnchen"},"image":{"@id":"https:\/\/www.icpmuenchen.de\/fr\/#\/schema\/logo\/image\/"}}]}},"_links":{"self":[{"href":"https:\/\/www.icpmuenchen.de\/fr\/wp-json\/wp\/v2\/pages\/6109","targetHints":{"allow":["GET"]}}],"collection":[{"href":"https:\/\/www.icpmuenchen.de\/fr\/wp-json\/wp\/v2\/pages"}],"about":[{"href":"https:\/\/www.icpmuenchen.de\/fr\/wp-json\/wp\/v2\/types\/page"}],"author":[{"embeddable":true,"href":"https:\/\/www.icpmuenchen.de\/fr\/wp-json\/wp\/v2\/users\/1"}],"replies":[{"embeddable":true,"href":"https:\/\/www.icpmuenchen.de\/fr\/wp-json\/wp\/v2\/comments?post=6109"}],"version-history":[{"count":24,"href":"https:\/\/www.icpmuenchen.de\/fr\/wp-json\/wp\/v2\/pages\/6109\/revisions"}],"predecessor-version":[{"id":15896,"href":"https:\/\/www.icpmuenchen.de\/fr\/wp-json\/wp\/v2\/pages\/6109\/revisions\/15896"}],"up":[{"embeddable":true,"href":"https:\/\/www.icpmuenchen.de\/fr\/wp-json\/wp\/v2\/pages\/6088"}],"wp:attachment":[{"href":"https:\/\/www.icpmuenchen.de\/fr\/wp-json\/wp\/v2\/media?parent=6109"}],"curies":[{"name":"wp","href":"https:\/\/api.w.org\/{rel}","templated":true}]}}