{"id":6207,"date":"2021-05-17T12:35:02","date_gmt":"2021-05-17T10:35:02","guid":{"rendered":"https:\/\/www.icpmuenchen.de\/ausbildung-karriere\/insidertipps-fuer-eine-bewerbung\/"},"modified":"2024-04-15T10:08:45","modified_gmt":"2024-04-15T08:08:45","slug":"conseils-pour-votre-candidature","status":"publish","type":"page","link":"https:\/\/www.icpmuenchen.de\/fr\/formation-carriere-professionnelle\/conseils-pour-votre-candidature\/","title":{"rendered":"Conseils pour votre candidature\ufffc"},"content":{"rendered":"\t\t<div data-elementor-type=\"wp-page\" data-elementor-id=\"6207\" class=\"elementor elementor-6207 elementor-1683\" data-elementor-post-type=\"page\">\n\t\t\t\t\t\t<section class=\"elementor-section elementor-top-section elementor-element elementor-element-79cb3bb9 elementor-section-height-min-height elementor-section-content-middle elementor-section-boxed elementor-section-height-default elementor-section-items-middle\" data-id=\"79cb3bb9\" data-element_type=\"section\" data-e-type=\"section\" data-settings=\"{&quot;background_background&quot;:&quot;classic&quot;}\">\n\t\t\t\t\t\t\t<div class=\"elementor-background-overlay\"><\/div>\n\t\t\t\t\t\t\t<div class=\"elementor-container elementor-column-gap-default\">\n\t\t\t\t\t<div class=\"elementor-column elementor-col-100 elementor-top-column elementor-element elementor-element-16b0ae4a\" data-id=\"16b0ae4a\" data-element_type=\"column\" data-e-type=\"column\">\n\t\t\t<div class=\"elementor-widget-wrap elementor-element-populated\">\n\t\t\t\t\t\t<div class=\"elementor-element elementor-element-7c736fc8 elementor-widget elementor-widget-elementskit-heading\" data-id=\"7c736fc8\" data-element_type=\"widget\" data-e-type=\"widget\" data-widget_type=\"elementskit-heading.default\">\n\t\t\t\t<div class=\"elementor-widget-container\">\n\t\t\t\t\t<div class=\"ekit-wid-con\" ><div class=\"ekit-heading elementskit-section-title-wraper text_left   ekit_heading_tablet-   ekit_heading_mobile-\"><h3 class=\"elementskit-section-subtitle  \">\n\t\t\t\t\t\tFORMATION D&#039;HEILERZIEHUNGSPFLEGER, CONSEILS POUR VOTRE CANDIDATURE, OFFRES D&#039;EMPLOI, SERVICE CIVIQUE (FSJ) &amp; STAGE\n\t\t\t\t\t<\/h3><h2 class=\"ekit-heading--title elementskit-section-title \">Formation &amp; carri\u00e8re professionnelle<\/h2><\/div><\/div>\t\t\t\t<\/div>\n\t\t\t\t<\/div>\n\t\t\t\t\t<\/div>\n\t\t<\/div>\n\t\t\t\t\t<\/div>\n\t\t<\/section>\n\t\t\t\t<section class=\"elementor-section elementor-top-section elementor-element elementor-element-6869b901 elementor-section-boxed elementor-section-height-default elementor-section-height-default\" data-id=\"6869b901\" data-element_type=\"section\" data-e-type=\"section\">\n\t\t\t\t\t\t<div class=\"elementor-container elementor-column-gap-default\">\n\t\t\t\t\t<div class=\"elementor-column elementor-col-100 elementor-top-column elementor-element elementor-element-3f5e81a4\" data-id=\"3f5e81a4\" data-element_type=\"column\" data-e-type=\"column\">\n\t\t\t<div class=\"elementor-widget-wrap elementor-element-populated\">\n\t\t\t\t\t\t<div class=\"elementor-element elementor-element-3d491935 elementor-widget__width-auto elementor-absolute elementor-hidden-tablet elementor-hidden-phone animated-slow elementor-invisible elementor-widget elementor-widget-elementskit-heading\" data-id=\"3d491935\" data-element_type=\"widget\" data-e-type=\"widget\" data-settings=\"{&quot;_position&quot;:&quot;absolute&quot;,&quot;_animation&quot;:&quot;fadeInUp&quot;}\" data-widget_type=\"elementskit-heading.default\">\n\t\t\t\t<div class=\"elementor-widget-container\">\n\t\t\t\t\t<div class=\"ekit-wid-con\" ><div class=\"ekit-heading elementskit-section-title-wraper text_center   ekit_heading_tablet-   ekit_heading_mobile-\"><\/div><\/div>\t\t\t\t<\/div>\n\t\t\t\t<\/div>\n\t\t\t\t<section class=\"elementor-section elementor-inner-section elementor-element elementor-element-b11e1b1 elementor-section-boxed elementor-section-height-default elementor-section-height-default\" data-id=\"b11e1b1\" data-element_type=\"section\" data-e-type=\"section\">\n\t\t\t\t\t\t<div class=\"elementor-container elementor-column-gap-default\">\n\t\t\t\t\t<div class=\"elementor-column elementor-col-100 elementor-inner-column elementor-element elementor-element-293e1dc\" data-id=\"293e1dc\" data-element_type=\"column\" data-e-type=\"column\" data-settings=\"{&quot;background_background&quot;:&quot;classic&quot;}\">\n\t\t\t<div class=\"elementor-widget-wrap elementor-element-populated\">\n\t\t\t\t\t\t<div class=\"elementor-element elementor-element-4ccc8f12 animated-slow elementor-invisible elementor-widget elementor-widget-elementskit-heading\" data-id=\"4ccc8f12\" data-element_type=\"widget\" data-e-type=\"widget\" data-settings=\"{&quot;_animation&quot;:&quot;fadeInUp&quot;}\" data-widget_type=\"elementskit-heading.default\">\n\t\t\t\t<div class=\"elementor-widget-container\">\n\t\t\t\t\t<div class=\"ekit-wid-con\" ><div class=\"ekit-heading elementskit-section-title-wraper text_center   ekit_heading_tablet-   ekit_heading_mobile-\"><h3 class=\"elementskit-section-subtitle  \">\n\t\t\t\t\t\tFormation &amp; carri\u00e8re professionnelle\n\t\t\t\t\t<\/h3><h2 class=\"ekit-heading--title elementskit-section-title \">Conseils pour une candidature aupr\u00e8s de la fondation ICP M\u00fcnchen et de ses filiales<\/h2>\t\t\t\t<div class='ekit-heading__description'>\n\t\t\t\t\t<p>L'une de nos offres d'emploi a retenu votre attention ? Alors n'h\u00e9sitez pas, car les premiers arriv\u00e9s seront les premiers servis! Prenez un peu de temps, respirez profond\u00e9ment, r\u00e9digez une courte candidature et envoyez-la nous le plus vite possible.<\/p>\n\t\t\t\t<\/div>\n\t\t\t<\/div><\/div>\t\t\t\t<\/div>\n\t\t\t\t<\/div>\n\t\t\t\t<div class=\"elementor-element elementor-element-38db67a elementor-widget elementor-widget-heading\" data-id=\"38db67a\" data-element_type=\"widget\" data-e-type=\"widget\" data-widget_type=\"heading.default\">\n\t\t\t\t<div class=\"elementor-widget-container\">\n\t\t\t\t\t<h3 class=\"elementor-heading-title elementor-size-default\">Notre type de candidature pr\u00e9f\u00e9r\u00e9 est la candidature en ligne<\/h3>\t\t\t\t<\/div>\n\t\t\t\t<\/div>\n\t\t\t\t<div class=\"elementor-element elementor-element-073e8ab elementor-widget elementor-widget-text-editor\" data-id=\"073e8ab\" data-element_type=\"widget\" data-e-type=\"widget\" data-widget_type=\"text-editor.default\">\n\t\t\t\t<div class=\"elementor-widget-container\">\n\t\t\t\t\t\t\t\t\t<p>\u00c0 la fin de chaque offre d&#8217;emploi que vous trouverez sur le site <a href=\"https:\/\/www.icpmuenchen.de\/fr\/formation-carriere-professionnelle\/offres-demploi\/\">carri\u00e8re professionnelle<\/a> de la fondation ICP M\u00fcnchen, vous avez la possibilit\u00e9 de postuler directement \u00e0 l&#8217;emploi que vous avez choisi. C&rsquo;est rapide, simple et conforme \u00e0 la protection des donn\u00e9es.<br><br> Cliquez sur le bouton \u00ab\u00a0Postuler ici\u00a0\u00bb (en bas \u00e0 gauche) et vous serez redirig\u00e9 vers notre formulaire en ligne. Les donn\u00e9es les plus importantes vous seront demand\u00e9es et vous pourrez t\u00e9l\u00e9charger les documents demand\u00e9s. De plus, la candidature en ligne offre l&rsquo;avantage de pouvoir envoyer votre candidature au service concern\u00e9 le plus rapidement possible. En r\u00e8gle g\u00e9n\u00e9rale, nous vous r\u00e9pondons dans les 24 heures (Hors Week-end)<\/p>\t\t\t\t\t\t\t\t<\/div>\n\t\t\t\t<\/div>\n\t\t\t\t\t<\/div>\n\t\t<\/div>\n\t\t\t\t\t<\/div>\n\t\t<\/section>\n\t\t\t\t<section class=\"elementor-section elementor-inner-section elementor-element elementor-element-d849014 elementor-section-boxed elementor-section-height-default elementor-section-height-default\" data-id=\"d849014\" data-element_type=\"section\" data-e-type=\"section\">\n\t\t\t\t\t\t<div class=\"elementor-container elementor-column-gap-default\">\n\t\t\t\t\t<div class=\"elementor-column elementor-col-50 elementor-inner-column elementor-element elementor-element-0905fb1\" data-id=\"0905fb1\" data-element_type=\"column\" data-e-type=\"column\" data-settings=\"{&quot;background_background&quot;:&quot;classic&quot;}\">\n\t\t\t<div class=\"elementor-widget-wrap elementor-element-populated\">\n\t\t\t\t\t\t<div class=\"elementor-element elementor-element-31642dc elementor-widget elementor-widget-heading\" data-id=\"31642dc\" data-element_type=\"widget\" data-e-type=\"widget\" data-widget_type=\"heading.default\">\n\t\t\t\t<div class=\"elementor-widget-container\">\n\t\t\t\t\t<h3 class=\"elementor-heading-title elementor-size-default\">Candidature par E-mail ou par courrier ? Bien s\u00fbr, cela reste \u00e9galement possible!<\/h3>\t\t\t\t<\/div>\n\t\t\t\t<\/div>\n\t\t\t\t<div class=\"elementor-element elementor-element-b0b0fb1 elementor-widget elementor-widget-text-editor\" data-id=\"b0b0fb1\" data-element_type=\"widget\" data-e-type=\"widget\" data-widget_type=\"text-editor.default\">\n\t\t\t\t<div class=\"elementor-widget-container\">\n\t\t\t\t\t\t\t\t\t<p>Vous pouvez bien entendu continuer \u00e0 nous envoyer vos candidatures par E-mail ou par courrier. Vous pouvez les envoyer \u00e0\u00a0\u00a0<a href=\"mailto:bewerbung@icp.de\">bewerbung@icp.de<\/a> ou par courrier \u00e0 l&rsquo;adresse de la fondation ICP M\u00fcnchen. Nous nous occupons ensuite du reste :<\/p>\t\t\t\t\t\t\t\t<\/div>\n\t\t\t\t<\/div>\n\t\t\t\t<div class=\"elementor-element elementor-element-9aedf58 elementor-widget elementor-widget-elementskit-heading\" data-id=\"9aedf58\" data-element_type=\"widget\" data-e-type=\"widget\" data-widget_type=\"elementskit-heading.default\">\n\t\t\t\t<div class=\"elementor-widget-container\">\n\t\t\t\t\t<div class=\"ekit-wid-con\" ><div class=\"ekit-heading elementskit-section-title-wraper text_left   ekit_heading_tablet-   ekit_heading_mobile-\"><h2 class=\"ekit-heading--title elementskit-section-title \">Fondation ICP M\u00fcnchen<\/h2><h3 class=\"ekit-heading--subtitle elementskit-section-subtitle  \">\n\t\t\t\t\t\tRecruting\n\t\t\t\t\t<\/h3>\t\t\t\t<div class='ekit-heading__description'>\n\t\t\t\t\t<p>Garmischerstr. 241<br \/>81377 M\u00fcnchen<\/p>\n\t\t\t\t<\/div>\n\t\t\t<\/div><\/div>\t\t\t\t<\/div>\n\t\t\t\t<\/div>\n\t\t\t\t\t<\/div>\n\t\t<\/div>\n\t\t\t\t<div class=\"elementor-column elementor-col-50 elementor-inner-column elementor-element elementor-element-c2fff01\" data-id=\"c2fff01\" data-element_type=\"column\" data-e-type=\"column\" data-settings=\"{&quot;background_background&quot;:&quot;classic&quot;}\">\n\t\t\t<div class=\"elementor-widget-wrap elementor-element-populated\">\n\t\t\t\t\t\t<div class=\"elementor-element elementor-element-fbf2b35 elementor-widget elementor-widget-heading\" data-id=\"fbf2b35\" data-element_type=\"widget\" data-e-type=\"widget\" data-widget_type=\"heading.default\">\n\t\t\t\t<div class=\"elementor-widget-container\">\n\t\t\t\t\t<h3 class=\"elementor-heading-title elementor-size-default\">De quels documents avons-nous besoin ? C'est tr\u00e8s simple.<\/h3>\t\t\t\t<\/div>\n\t\t\t\t<\/div>\n\t\t\t\t<div class=\"elementor-element elementor-element-4cb7889 elementor-widget elementor-widget-text-editor\" data-id=\"4cb7889\" data-element_type=\"widget\" data-e-type=\"widget\" data-widget_type=\"text-editor.default\">\n\t\t\t\t<div class=\"elementor-widget-container\">\n\t\t\t\t\t\t\t\t\tNous demandons \u00e0 tous les candidats de fournir, dans la mesure du possible, les documents suivants:\n<ul>\n \t<li>un CV complet, comprenant vos coordonn\u00e9es actuelles (adresse, e-mail, num\u00e9ro de t\u00e9l\u00e9phone)<\/li>\n \t<li>Certificats et dipl\u00f4mes pertinents<\/li>\n \t<li>certificats de travail et attestations (si disponibles)<\/li>\n \t<li>Reconnaissances de formations\/\u00e9tudes acquises \u00e0 l&rsquo;\u00e9tranger (le cas \u00e9ch\u00e9ant)<\/li>\n \t<li>Lors de la prise de fonction, preuve d&rsquo;une protection compl\u00e8te contre la rougeole et d&rsquo;un extrait de casier judiciaire<\/li>\n<\/ul>\t\t\t\t\t\t\t\t<\/div>\n\t\t\t\t<\/div>\n\t\t\t\t\t<\/div>\n\t\t<\/div>\n\t\t\t\t\t<\/div>\n\t\t<\/section>\n\t\t\t\t<div class=\"elementor-element elementor-element-25d9903 elementor-widget elementor-widget-elementskit-heading\" data-id=\"25d9903\" data-element_type=\"widget\" data-e-type=\"widget\" data-widget_type=\"elementskit-heading.default\">\n\t\t\t\t<div class=\"elementor-widget-container\">\n\t\t\t\t\t<div class=\"ekit-wid-con\" ><div class=\"ekit-heading elementskit-section-title-wraper text_center   ekit_heading_tablet-   ekit_heading_mobile-\"><h2 class=\"ekit-heading--title elementskit-section-title \">Le processus de recrutement<\/h2><\/div><\/div>\t\t\t\t<\/div>\n\t\t\t\t<\/div>\n\t\t\t\t<section class=\"elementor-section elementor-inner-section elementor-element elementor-element-221a76c elementor-section-boxed elementor-section-height-default elementor-section-height-default\" data-id=\"221a76c\" data-element_type=\"section\" data-e-type=\"section\">\n\t\t\t\t\t\t<div class=\"elementor-container elementor-column-gap-default\">\n\t\t\t\t\t<div class=\"elementor-column elementor-col-50 elementor-inner-column elementor-element elementor-element-1d4e429\" data-id=\"1d4e429\" data-element_type=\"column\" data-e-type=\"column\" data-settings=\"{&quot;background_background&quot;:&quot;classic&quot;}\">\n\t\t\t<div class=\"elementor-widget-wrap elementor-element-populated\">\n\t\t\t\t\t\t<div class=\"elementor-element elementor-element-c4fed5f elementor-widget elementor-widget-heading\" data-id=\"c4fed5f\" data-element_type=\"widget\" data-e-type=\"widget\" data-widget_type=\"heading.default\">\n\t\t\t\t<div class=\"elementor-widget-container\">\n\t\t\t\t\t<h3 class=\"elementor-heading-title elementor-size-default\">Les premi\u00e8res \u00e9tapes de votre candidature<\/h3>\t\t\t\t<\/div>\n\t\t\t\t<\/div>\n\t\t\t\t<div class=\"elementor-element elementor-element-0615bdb elementor-widget elementor-widget-text-editor\" data-id=\"0615bdb\" data-element_type=\"widget\" data-e-type=\"widget\" data-widget_type=\"text-editor.default\">\n\t\t\t\t<div class=\"elementor-widget-container\">\n\t\t\t\t\t\t\t\t\t<p>Une fois votre candidature re\u00e7ue, elle est trait\u00e9e par notre d\u00e9partement de recrutement soit le jour m\u00eame, soit le lendemain. Comme mentionn\u00e9 pr\u00e9c\u00e9demment, le responsable du service concern\u00e9 vous contactera g\u00e9n\u00e9ralement dans les 24 heures ou au plus tard dans les 48 heures. Vous aurez alors la possibilit\u00e9 de poser \u00e0 l&rsquo;avance toutes les questions qui vous int\u00e9ressent. Si tout se passe bien, une date pour effectuer une journ\u00e9e d\u2019essai vous sera propos\u00e9e dans les meilleurs d\u00e9lais.<\/p>\t\t\t\t\t\t\t\t<\/div>\n\t\t\t\t<\/div>\n\t\t\t\t\t<\/div>\n\t\t<\/div>\n\t\t\t\t<div class=\"elementor-column elementor-col-50 elementor-inner-column elementor-element elementor-element-439c84b\" data-id=\"439c84b\" data-element_type=\"column\" data-e-type=\"column\" data-settings=\"{&quot;background_background&quot;:&quot;classic&quot;}\">\n\t\t\t<div class=\"elementor-widget-wrap elementor-element-populated\">\n\t\t\t\t\t\t<div class=\"elementor-element elementor-element-040592b elementor-widget elementor-widget-heading\" data-id=\"040592b\" data-element_type=\"widget\" data-e-type=\"widget\" data-widget_type=\"heading.default\">\n\t\t\t\t<div class=\"elementor-widget-container\">\n\t\t\t\t\t<h3 class=\"elementor-heading-title elementor-size-default\">La journ\u00e9e d\u2019essai dans l'\u00e9tablissement que vous avez choisi<\/h3>\t\t\t\t<\/div>\n\t\t\t\t<\/div>\n\t\t\t\t<div class=\"elementor-element elementor-element-5183382 elementor-widget elementor-widget-text-editor\" data-id=\"5183382\" data-element_type=\"widget\" data-e-type=\"widget\" data-widget_type=\"text-editor.default\">\n\t\t\t\t<div class=\"elementor-widget-container\">\n\t\t\t\t\t\t\t\t\t<p>La journ\u00e9e d\u2019essai est parfois la partie la plus importante de tout processus de candidature. C&rsquo;est l&rsquo;occasion de faire connaissance avec l&rsquo;\u00e9quipe, l&rsquo;\u00e9tablissement, l&rsquo;organisme responsable ainsi qu&rsquo;avec les enfants, les jeunes, les participants et, parfois m\u00eame, avec certains parents et proches. C&rsquo;est ici que se fait la premi\u00e8re impression, la plus importante, \u00e0 savoir si vous vous sentez bien chez nous et si nous pouvons nous aussi envisager une collaboration avec vous en tant que nouveau\/nouvelle coll\u00e8gue.<\/p>\t\t\t\t\t\t\t\t<\/div>\n\t\t\t\t<\/div>\n\t\t\t\t\t<\/div>\n\t\t<\/div>\n\t\t\t\t\t<\/div>\n\t\t<\/section>\n\t\t\t\t<section class=\"elementor-section elementor-inner-section elementor-element elementor-element-5344dbc elementor-section-boxed elementor-section-height-default elementor-section-height-default\" data-id=\"5344dbc\" data-element_type=\"section\" data-e-type=\"section\">\n\t\t\t\t\t\t<div class=\"elementor-container elementor-column-gap-default\">\n\t\t\t\t\t<div class=\"elementor-column elementor-col-100 elementor-inner-column elementor-element elementor-element-d63c372\" data-id=\"d63c372\" data-element_type=\"column\" data-e-type=\"column\" data-settings=\"{&quot;background_background&quot;:&quot;classic&quot;}\">\n\t\t\t<div class=\"elementor-widget-wrap elementor-element-populated\">\n\t\t\t\t\t\t<div class=\"elementor-element elementor-element-32282f6 elementor-widget elementor-widget-heading\" data-id=\"32282f6\" data-element_type=\"widget\" data-e-type=\"widget\" data-widget_type=\"heading.default\">\n\t\t\t\t<div class=\"elementor-widget-container\">\n\t\t\t\t\t<h3 class=\"elementor-heading-title elementor-size-default\">Le choix d'une collaboration fructueuse<\/h3>\t\t\t\t<\/div>\n\t\t\t\t<\/div>\n\t\t\t\t<div class=\"elementor-element elementor-element-d042a86 elementor-widget elementor-widget-text-editor\" data-id=\"d042a86\" data-element_type=\"widget\" data-e-type=\"widget\" data-widget_type=\"text-editor.default\">\n\t\t\t\t<div class=\"elementor-widget-container\">\n\t\t\t\t\t\t\t\t\t<p>La fondation ICP M\u00fcnchen est toujours int\u00e9ress\u00e9e par le recrutement de nouveaux salari\u00e9s qui pensent \u00e0 leur futur. Il est important pour nous que les conditions de travail soient appropri\u00e9es, mais aussi et surtout que les personnes qui travaillent ensemble puissent bien s\u2019entendre. Si, apr\u00e8s nos entretiens et la journ\u00e9e d\u2019essai, nous avons tous les deux toujours un bon feeling, nous pouvons nous mettre au travail! Nous sommes impatients de vous rencontrer!<\/p>\t\t\t\t\t\t\t\t<\/div>\n\t\t\t\t<\/div>\n\t\t\t\t\t<\/div>\n\t\t<\/div>\n\t\t\t\t\t<\/div>\n\t\t<\/section>\n\t\t\t\t\t<\/div>\n\t\t<\/div>\n\t\t\t\t\t<\/div>\n\t\t<\/section>\n\t\t\t\t<section class=\"elementor-section elementor-top-section elementor-element elementor-element-57843eae elementor-section-boxed elementor-section-height-default elementor-section-height-default\" data-id=\"57843eae\" data-element_type=\"section\" data-e-type=\"section\" data-settings=\"{&quot;background_background&quot;:&quot;classic&quot;}\">\n\t\t\t\t\t\t<div class=\"elementor-container elementor-column-gap-no\">\n\t\t\t\t\t<div class=\"elementor-column elementor-col-100 elementor-top-column elementor-element elementor-element-a16fbc9\" data-id=\"a16fbc9\" data-element_type=\"column\" data-e-type=\"column\">\n\t\t\t<div class=\"elementor-widget-wrap elementor-element-populated\">\n\t\t\t\t\t\t<section class=\"elementor-section elementor-inner-section elementor-element elementor-element-37fd0b79 animated-slow elementor-section-boxed elementor-section-height-default elementor-section-height-default elementor-invisible\" data-id=\"37fd0b79\" data-element_type=\"section\" data-e-type=\"section\" data-settings=\"{&quot;animation&quot;:&quot;fadeInUp&quot;}\">\n\t\t\t\t\t\t<div class=\"elementor-container elementor-column-gap-default\">\n\t\t\t\t\t<div class=\"elementor-column elementor-col-100 elementor-inner-column elementor-element elementor-element-99eae84\" data-id=\"99eae84\" data-element_type=\"column\" data-e-type=\"column\">\n\t\t\t<div class=\"elementor-widget-wrap elementor-element-populated\">\n\t\t\t\t\t\t<div class=\"elementor-element elementor-element-41632d4c animated-slow elementor-invisible elementor-widget elementor-widget-elementskit-heading\" data-id=\"41632d4c\" data-element_type=\"widget\" data-e-type=\"widget\" data-settings=\"{&quot;_animation&quot;:&quot;fadeInUp&quot;}\" data-widget_type=\"elementskit-heading.default\">\n\t\t\t\t<div class=\"elementor-widget-container\">\n\t\t\t\t\t<div class=\"ekit-wid-con\" ><div class=\"ekit-heading elementskit-section-title-wraper text_center   ekit_heading_tablet-   ekit_heading_mobile-\"><h3 class=\"elementskit-section-subtitle  \">\n\t\t\t\t\t\tLe chemin rapide vers le bonheur au travail\n\t\t\t\t\t<\/h3><h2 class=\"ekit-heading--title elementskit-section-title \">Vos interlocuteurs<\/h2>\t\t\t\t<div class='ekit-heading__description'>\n\t\t\t\t\t<p>Vous avez encore des questions concernant un poste ou un site? N'h\u00e9sitez pas ! Vous pouvez joindre le service de recrutement de la fondation ICP M\u00fcnchen par t\u00e9l\u00e9phone du lundi au vendredi de 8h \u00e0 17h.<br \/>Mme Franziska Schilling et M. Sebastian G\u00e4belein attendent votre appel avec impatience.<\/p>\n\t\t\t\t<\/div>\n\t\t\t<\/div><\/div>\t\t\t\t<\/div>\n\t\t\t\t<\/div>\n\t\t\t\t\t<\/div>\n\t\t<\/div>\n\t\t\t\t\t<\/div>\n\t\t<\/section>\n\t\t\t\t<section class=\"elementor-section elementor-inner-section elementor-element elementor-element-649cf2e8 elementor-section-boxed elementor-section-height-default elementor-section-height-default elementor-invisible\" data-id=\"649cf2e8\" data-element_type=\"section\" data-e-type=\"section\" data-settings=\"{&quot;animation&quot;:&quot;fadeInUp&quot;}\">\n\t\t\t\t\t\t<div class=\"elementor-container elementor-column-gap-default\">\n\t\t\t\t\t<div class=\"elementor-column elementor-col-50 elementor-inner-column elementor-element elementor-element-1c9c8168\" data-id=\"1c9c8168\" data-element_type=\"column\" data-e-type=\"column\">\n\t\t\t<div class=\"elementor-widget-wrap elementor-element-populated\">\n\t\t\t\t\t\t<div class=\"elementor-element elementor-element-524b1362 elementor-widget elementor-widget-elementskit-team\" data-id=\"524b1362\" data-element_type=\"widget\" data-e-type=\"widget\" data-widget_type=\"elementskit-team.default\">\n\t\t\t\t<div class=\"elementor-widget-container\">\n\t\t\t\t\t<div class=\"ekit-wid-con\">\n\t\t\t\t\t\t\t\t\t\t\t\t\t\t\t <div class=\"style-circle ekit-team-img-fit\"> \t\t\t\t\t\t\t\t\t<div class=\"profile-image-card elementor-animation- ekit-team-img ekit-team-style-overlay_circle text-center\">\n\n\t\t\t\t\t\t\t\t\t\t\t\t\t<img fetchpriority=\"high\" decoding=\"async\" width=\"683\" height=\"1024\" src=\"https:\/\/www.icpmuenchen.de\/wp-content\/uploads\/2023\/03\/Foto-Sebastian-683x1024.jpg\" class=\"attachment-large size-large wp-image-14187\" alt=\"\" srcset=\"https:\/\/www.icpmuenchen.de\/wp-content\/uploads\/2023\/03\/Foto-Sebastian-683x1024.jpg 683w, https:\/\/www.icpmuenchen.de\/wp-content\/uploads\/2023\/03\/Foto-Sebastian-200x300.jpg 200w, https:\/\/www.icpmuenchen.de\/wp-content\/uploads\/2023\/03\/Foto-Sebastian-768x1152.jpg 768w, https:\/\/www.icpmuenchen.de\/wp-content\/uploads\/2023\/03\/Foto-Sebastian-1024x1536.jpg 1024w, https:\/\/www.icpmuenchen.de\/wp-content\/uploads\/2023\/03\/Foto-Sebastian-1365x2048.jpg 1365w\" sizes=\"(max-width: 683px) 100vw, 683px\" \/>\t\t\t\t\t\t\t\t\t\t\t\t<div class=\"hover-area\">\n\t\t\t\t\t\t\t<div class=\"profile-body\">\n\t\t\t\t\t\t\t\t<h2 class=\"profile-title\">\n\t\t\t\t\t\t\t\t\t\t\t\t\t\t\t\t\t\t\t\t\t\t\t\t\t\t\t\t\t\t\t\t\t<\/h2>\n\t\t\t\t\t\t\t\t<p class=\"profile-designation\"><\/p>\n\t\t\t\t\t\t\t\t\t\t\t\t\t\t\t<\/div>\n\t\t\t\t\t\t\t\t\t\t\t\t\t<\/div>\n\t\t\t\t\t<\/div>\n\t\t\t\t\t <\/div> \n\t\t\t\t\n\t\t\t\t<\/div>\t\t\t\t<\/div>\n\t\t\t\t<\/div>\n\t\t\t\t<div class=\"elementor-element elementor-element-77ea346d elementor-widget elementor-widget-elementskit-heading\" data-id=\"77ea346d\" data-element_type=\"widget\" data-e-type=\"widget\" data-widget_type=\"elementskit-heading.default\">\n\t\t\t\t<div class=\"elementor-widget-container\">\n\t\t\t\t\t<div class=\"ekit-wid-con\" ><div class=\"ekit-heading elementskit-section-title-wraper text_center   ekit_heading_tablet-   ekit_heading_mobile-\"><h2 class=\"ekit-heading--title elementskit-section-title \">Sebastian G\u00e4belein<\/h2><h3 class=\"ekit-heading--subtitle elementskit-section-subtitle  \">\n\t\t\t\t\t\tRecrutement\n\t\t\t\t\t<\/h3>\t\t\t\t<div class='ekit-heading__description'>\n\t\t\t\t\t<p><a href=\"tel:+498971007143\">089 71007-143<\/a><br \/><a href=\"mailto:sebastian.gaebelein@icp.de\">sebastian.gaebelein@icp.de<\/a><\/p>\n\t\t\t\t<\/div>\n\t\t\t<\/div><\/div>\t\t\t\t<\/div>\n\t\t\t\t<\/div>\n\t\t\t\t\t<\/div>\n\t\t<\/div>\n\t\t\t\t<div class=\"elementor-column elementor-col-50 elementor-inner-column elementor-element elementor-element-1d8cb5db\" data-id=\"1d8cb5db\" data-element_type=\"column\" data-e-type=\"column\">\n\t\t\t<div class=\"elementor-widget-wrap elementor-element-populated\">\n\t\t\t\t\t\t<div class=\"elementor-element elementor-element-4d21d653 elementor-widget elementor-widget-elementskit-team\" data-id=\"4d21d653\" data-element_type=\"widget\" data-e-type=\"widget\" data-widget_type=\"elementskit-team.default\">\n\t\t\t\t<div class=\"elementor-widget-container\">\n\t\t\t\t\t<div class=\"ekit-wid-con\">\n\t\t\t\t\t\t\t\t\t\t\t\t\t\t\t <div class=\"style-circle ekit-team-img-fit\"> \t\t\t\t\t\t\t\t\t<div class=\"profile-image-card elementor-animation- ekit-team-img ekit-team-style-overlay_circle text-center\">\n\n\t\t\t\t\t\t\t\t\t\t\t\t\t<img decoding=\"async\" width=\"707\" height=\"1024\" src=\"https:\/\/www.icpmuenchen.de\/wp-content\/uploads\/2024\/04\/F_Schilling_2022-707x1024.jpg\" class=\"attachment-large size-large wp-image-16834\" alt=\"\" srcset=\"https:\/\/www.icpmuenchen.de\/wp-content\/uploads\/2024\/04\/F_Schilling_2022-707x1024.jpg 707w, https:\/\/www.icpmuenchen.de\/wp-content\/uploads\/2024\/04\/F_Schilling_2022-207x300.jpg 207w, https:\/\/www.icpmuenchen.de\/wp-content\/uploads\/2024\/04\/F_Schilling_2022-768x1112.jpg 768w, https:\/\/www.icpmuenchen.de\/wp-content\/uploads\/2024\/04\/F_Schilling_2022-1061x1536.jpg 1061w, https:\/\/www.icpmuenchen.de\/wp-content\/uploads\/2024\/04\/F_Schilling_2022-1415x2048.jpg 1415w, https:\/\/www.icpmuenchen.de\/wp-content\/uploads\/2024\/04\/F_Schilling_2022.jpg 1524w\" sizes=\"(max-width: 707px) 100vw, 707px\" \/>\t\t\t\t\t\t\t\t\t\t\t\t<div class=\"hover-area\">\n\t\t\t\t\t\t\t<div class=\"profile-body\">\n\t\t\t\t\t\t\t\t<h2 class=\"profile-title\">\n\t\t\t\t\t\t\t\t\t\t\t\t\t\t\t\t\t\t\t\t\t\t\t\t\t\t\t\t\t\t\t\t\t<\/h2>\n\t\t\t\t\t\t\t\t<p class=\"profile-designation\"><\/p>\n\t\t\t\t\t\t\t\t\t\t\t\t\t\t\t<\/div>\n\t\t\t\t\t\t\t\t\t\t\t\t\t<\/div>\n\t\t\t\t\t<\/div>\n\t\t\t\t\t <\/div> \n\t\t\t\t\n\t\t\t\t<\/div>\t\t\t\t<\/div>\n\t\t\t\t<\/div>\n\t\t\t\t<div class=\"elementor-element elementor-element-72982199 elementor-widget elementor-widget-elementskit-heading\" data-id=\"72982199\" data-element_type=\"widget\" data-e-type=\"widget\" data-widget_type=\"elementskit-heading.default\">\n\t\t\t\t<div class=\"elementor-widget-container\">\n\t\t\t\t\t<div class=\"ekit-wid-con\" ><div class=\"ekit-heading elementskit-section-title-wraper text_center   ekit_heading_tablet-   ekit_heading_mobile-\"><h2 class=\"ekit-heading--title elementskit-section-title \">Franziska Schilling<\/h2><h3 class=\"ekit-heading--subtitle elementskit-section-subtitle  \">\n\t\t\t\t\t\tRecrutement &amp; Relations publiques\n\t\t\t\t\t<\/h3>\t\t\t\t<div class='ekit-heading__description'>\n\t\t\t\t\t<p><a href=\"tel:+498971007123\">089 71007-123<\/a><br \/><a href=\"mailto:franziska.schilling@icp.de\">franziska.schilling@icp.de<\/a><\/p>\n\t\t\t\t<\/div>\n\t\t\t<\/div><\/div>\t\t\t\t<\/div>\n\t\t\t\t<\/div>\n\t\t\t\t\t<\/div>\n\t\t<\/div>\n\t\t\t\t\t<\/div>\n\t\t<\/section>\n\t\t\t\t\t<\/div>\n\t\t<\/div>\n\t\t\t\t\t<\/div>\n\t\t<\/section>\n\t\t\t\t<\/div>\n\t\t","protected":false},"excerpt":{"rendered":"<p>FORMATION D&#039;HEILERZIEHUNGSPFLEGER, CONSEILS POUR VOTRE CANDIDATURE, OFFRES D&#039;EMPLOI, SERVICE CIVIQUE (FSJ) &amp; STAGE Formation &amp; carri\u00e8re professionnelle Formation &amp; carri\u00e8re professionnelle Conseils pour une candidature aupr\u00e8s de la fondation ICP M\u00fcnchen et de ses filiales L&rsquo;une de nos offres d&#8217;emploi a retenu votre attention ? Alors n&rsquo;h\u00e9sitez pas, car les premiers arriv\u00e9s seront les premiers [&hellip;]<\/p>\n","protected":false},"author":1,"featured_media":0,"parent":6164,"menu_order":2,"comment_status":"closed","ping_status":"closed","template":"","meta":{"footnotes":""},"class_list":["post-6207","page","type-page","status-publish","hentry"],"yoast_head":"<!-- This site is optimized with the Yoast SEO plugin v26.8 - https:\/\/yoast.com\/product\/yoast-seo-wordpress\/ -->\n<title>Conseils pour votre candidature\ufffc - ICP M\u00fcnchen<\/title>\n<meta name=\"robots\" content=\"index, follow, max-snippet:-1, max-image-preview:large, max-video-preview:-1\" \/>\n<link rel=\"canonical\" href=\"https:\/\/www.icpmuenchen.de\/fr\/formation-carriere-professionnelle\/conseils-pour-votre-candidature\/\" \/>\n<meta property=\"og:locale\" content=\"fr_FR\" \/>\n<meta property=\"og:type\" content=\"article\" \/>\n<meta property=\"og:title\" content=\"Conseils pour votre candidature\ufffc - ICP M\u00fcnchen\" \/>\n<meta property=\"og:description\" content=\"FORMATION D&#039;HEILERZIEHUNGSPFLEGER, CONSEILS POUR VOTRE CANDIDATURE, OFFRES D&#039;EMPLOI, SERVICE CIVIQUE (FSJ) &amp; STAGE Formation &amp; carri\u00e8re professionnelle Formation &amp; carri\u00e8re professionnelle Conseils pour une candidature aupr\u00e8s de la fondation ICP M\u00fcnchen et de ses filiales L&rsquo;une de nos offres d&#8217;emploi a retenu votre attention ? Alors n&rsquo;h\u00e9sitez pas, car les premiers arriv\u00e9s seront les premiers [&hellip;]\" \/>\n<meta property=\"og:url\" content=\"https:\/\/www.icpmuenchen.de\/fr\/formation-carriere-professionnelle\/conseils-pour-votre-candidature\/\" \/>\n<meta property=\"og:site_name\" content=\"ICP M\u00fcnchen\" \/>\n<meta property=\"article:modified_time\" content=\"2024-04-15T08:08:45+00:00\" \/>\n<meta property=\"og:image\" content=\"https:\/\/www.icpmuenchen.de\/wp-content\/uploads\/2023\/03\/Foto-Sebastian-683x1024.jpg\" \/>\n<meta name=\"twitter:card\" content=\"summary_large_image\" \/>\n<meta name=\"twitter:label1\" content=\"Dur\u00e9e de lecture estim\u00e9e\" \/>\n\t<meta name=\"twitter:data1\" content=\"4 minutes\" \/>\n<script type=\"application\/ld+json\" class=\"yoast-schema-graph\">{\"@context\":\"https:\/\/schema.org\",\"@graph\":[{\"@type\":\"WebPage\",\"@id\":\"https:\/\/www.icpmuenchen.de\/fr\/formation-carriere-professionnelle\/conseils-pour-votre-candidature\/\",\"url\":\"https:\/\/www.icpmuenchen.de\/fr\/formation-carriere-professionnelle\/conseils-pour-votre-candidature\/\",\"name\":\"Conseils pour votre candidature\ufffc - ICP M\u00fcnchen\",\"isPartOf\":{\"@id\":\"https:\/\/www.icpmuenchen.de\/fr\/#website\"},\"primaryImageOfPage\":{\"@id\":\"https:\/\/www.icpmuenchen.de\/fr\/formation-carriere-professionnelle\/conseils-pour-votre-candidature\/#primaryimage\"},\"image\":{\"@id\":\"https:\/\/www.icpmuenchen.de\/fr\/formation-carriere-professionnelle\/conseils-pour-votre-candidature\/#primaryimage\"},\"thumbnailUrl\":\"https:\/\/www.icpmuenchen.de\/wp-content\/uploads\/2023\/03\/Foto-Sebastian-981x1024.jpg\",\"datePublished\":\"2021-05-17T10:35:02+00:00\",\"dateModified\":\"2024-04-15T08:08:45+00:00\",\"breadcrumb\":{\"@id\":\"https:\/\/www.icpmuenchen.de\/fr\/formation-carriere-professionnelle\/conseils-pour-votre-candidature\/#breadcrumb\"},\"inLanguage\":\"fr-FR\",\"potentialAction\":[{\"@type\":\"ReadAction\",\"target\":[\"https:\/\/www.icpmuenchen.de\/fr\/formation-carriere-professionnelle\/conseils-pour-votre-candidature\/\"]}]},{\"@type\":\"ImageObject\",\"inLanguage\":\"fr-FR\",\"@id\":\"https:\/\/www.icpmuenchen.de\/fr\/formation-carriere-professionnelle\/conseils-pour-votre-candidature\/#primaryimage\",\"url\":\"https:\/\/www.icpmuenchen.de\/wp-content\/uploads\/2023\/03\/Foto-Sebastian-981x1024.jpg\",\"contentUrl\":\"https:\/\/www.icpmuenchen.de\/wp-content\/uploads\/2023\/03\/Foto-Sebastian-981x1024.jpg\"},{\"@type\":\"BreadcrumbList\",\"@id\":\"https:\/\/www.icpmuenchen.de\/fr\/formation-carriere-professionnelle\/conseils-pour-votre-candidature\/#breadcrumb\",\"itemListElement\":[{\"@type\":\"ListItem\",\"position\":1,\"name\":\"Startseite\",\"item\":\"https:\/\/www.icpmuenchen.de\/fr\/\"},{\"@type\":\"ListItem\",\"position\":2,\"name\":\"Formation &#038; carri\u00e8re professionnelle\",\"item\":\"https:\/\/www.icpmuenchen.de\/fr\/formation-carriere-professionnelle\/\"},{\"@type\":\"ListItem\",\"position\":3,\"name\":\"Conseils pour votre candidature\ufffc\"}]},{\"@type\":\"WebSite\",\"@id\":\"https:\/\/www.icpmuenchen.de\/fr\/#website\",\"url\":\"https:\/\/www.icpmuenchen.de\/fr\/\",\"name\":\"ICP M\u00fcnchen\",\"description\":\"Integrationszentrum f\u00fcr K\u00f6rperbehinderte\",\"publisher\":{\"@id\":\"https:\/\/www.icpmuenchen.de\/fr\/#organization\"},\"potentialAction\":[{\"@type\":\"SearchAction\",\"target\":{\"@type\":\"EntryPoint\",\"urlTemplate\":\"https:\/\/www.icpmuenchen.de\/fr\/?s={search_term_string}\"},\"query-input\":{\"@type\":\"PropertyValueSpecification\",\"valueRequired\":true,\"valueName\":\"search_term_string\"}}],\"inLanguage\":\"fr-FR\"},{\"@type\":\"Organization\",\"@id\":\"https:\/\/www.icpmuenchen.de\/fr\/#organization\",\"name\":\"ICP M\u00fcnchen\",\"url\":\"https:\/\/www.icpmuenchen.de\/fr\/\",\"logo\":{\"@type\":\"ImageObject\",\"inLanguage\":\"fr-FR\",\"@id\":\"https:\/\/www.icpmuenchen.de\/fr\/#\/schema\/logo\/image\/\",\"url\":\"https:\/\/www.icpmuenchen.de\/wp-content\/uploads\/2020\/08\/Logo_Stiftung-ICP.svg\",\"contentUrl\":\"https:\/\/www.icpmuenchen.de\/wp-content\/uploads\/2020\/08\/Logo_Stiftung-ICP.svg\",\"width\":1,\"height\":1,\"caption\":\"ICP M\u00fcnchen\"},\"image\":{\"@id\":\"https:\/\/www.icpmuenchen.de\/fr\/#\/schema\/logo\/image\/\"}}]}<\/script>\n<!-- \/ Yoast SEO plugin. -->","yoast_head_json":{"title":"Conseils pour votre candidature\ufffc - ICP M\u00fcnchen","robots":{"index":"index","follow":"follow","max-snippet":"max-snippet:-1","max-image-preview":"max-image-preview:large","max-video-preview":"max-video-preview:-1"},"canonical":"https:\/\/www.icpmuenchen.de\/fr\/formation-carriere-professionnelle\/conseils-pour-votre-candidature\/","og_locale":"fr_FR","og_type":"article","og_title":"Conseils pour votre candidature\ufffc - ICP M\u00fcnchen","og_description":"FORMATION D&#039;HEILERZIEHUNGSPFLEGER, CONSEILS POUR VOTRE CANDIDATURE, OFFRES D&#039;EMPLOI, SERVICE CIVIQUE (FSJ) &amp; STAGE Formation &amp; carri\u00e8re professionnelle Formation &amp; carri\u00e8re professionnelle Conseils pour une candidature aupr\u00e8s de la fondation ICP M\u00fcnchen et de ses filiales L&rsquo;une de nos offres d&#8217;emploi a retenu votre attention ? Alors n&rsquo;h\u00e9sitez pas, car les premiers arriv\u00e9s seront les premiers [&hellip;]","og_url":"https:\/\/www.icpmuenchen.de\/fr\/formation-carriere-professionnelle\/conseils-pour-votre-candidature\/","og_site_name":"ICP M\u00fcnchen","article_modified_time":"2024-04-15T08:08:45+00:00","og_image":[{"url":"https:\/\/www.icpmuenchen.de\/wp-content\/uploads\/2023\/03\/Foto-Sebastian-683x1024.jpg","type":"","width":"","height":""}],"twitter_card":"summary_large_image","twitter_misc":{"Dur\u00e9e de lecture estim\u00e9e":"4 minutes"},"schema":{"@context":"https:\/\/schema.org","@graph":[{"@type":"WebPage","@id":"https:\/\/www.icpmuenchen.de\/fr\/formation-carriere-professionnelle\/conseils-pour-votre-candidature\/","url":"https:\/\/www.icpmuenchen.de\/fr\/formation-carriere-professionnelle\/conseils-pour-votre-candidature\/","name":"Conseils pour votre candidature\ufffc - ICP M\u00fcnchen","isPartOf":{"@id":"https:\/\/www.icpmuenchen.de\/fr\/#website"},"primaryImageOfPage":{"@id":"https:\/\/www.icpmuenchen.de\/fr\/formation-carriere-professionnelle\/conseils-pour-votre-candidature\/#primaryimage"},"image":{"@id":"https:\/\/www.icpmuenchen.de\/fr\/formation-carriere-professionnelle\/conseils-pour-votre-candidature\/#primaryimage"},"thumbnailUrl":"https:\/\/www.icpmuenchen.de\/wp-content\/uploads\/2023\/03\/Foto-Sebastian-981x1024.jpg","datePublished":"2021-05-17T10:35:02+00:00","dateModified":"2024-04-15T08:08:45+00:00","breadcrumb":{"@id":"https:\/\/www.icpmuenchen.de\/fr\/formation-carriere-professionnelle\/conseils-pour-votre-candidature\/#breadcrumb"},"inLanguage":"fr-FR","potentialAction":[{"@type":"ReadAction","target":["https:\/\/www.icpmuenchen.de\/fr\/formation-carriere-professionnelle\/conseils-pour-votre-candidature\/"]}]},{"@type":"ImageObject","inLanguage":"fr-FR","@id":"https:\/\/www.icpmuenchen.de\/fr\/formation-carriere-professionnelle\/conseils-pour-votre-candidature\/#primaryimage","url":"https:\/\/www.icpmuenchen.de\/wp-content\/uploads\/2023\/03\/Foto-Sebastian-981x1024.jpg","contentUrl":"https:\/\/www.icpmuenchen.de\/wp-content\/uploads\/2023\/03\/Foto-Sebastian-981x1024.jpg"},{"@type":"BreadcrumbList","@id":"https:\/\/www.icpmuenchen.de\/fr\/formation-carriere-professionnelle\/conseils-pour-votre-candidature\/#breadcrumb","itemListElement":[{"@type":"ListItem","position":1,"name":"Startseite","item":"https:\/\/www.icpmuenchen.de\/fr\/"},{"@type":"ListItem","position":2,"name":"Formation &#038; carri\u00e8re professionnelle","item":"https:\/\/www.icpmuenchen.de\/fr\/formation-carriere-professionnelle\/"},{"@type":"ListItem","position":3,"name":"Conseils pour votre candidature\ufffc"}]},{"@type":"WebSite","@id":"https:\/\/www.icpmuenchen.de\/fr\/#website","url":"https:\/\/www.icpmuenchen.de\/fr\/","name":"ICP M\u00fcnchen","description":"Integrationszentrum f\u00fcr K\u00f6rperbehinderte","publisher":{"@id":"https:\/\/www.icpmuenchen.de\/fr\/#organization"},"potentialAction":[{"@type":"SearchAction","target":{"@type":"EntryPoint","urlTemplate":"https:\/\/www.icpmuenchen.de\/fr\/?s={search_term_string}"},"query-input":{"@type":"PropertyValueSpecification","valueRequired":true,"valueName":"search_term_string"}}],"inLanguage":"fr-FR"},{"@type":"Organization","@id":"https:\/\/www.icpmuenchen.de\/fr\/#organization","name":"ICP M\u00fcnchen","url":"https:\/\/www.icpmuenchen.de\/fr\/","logo":{"@type":"ImageObject","inLanguage":"fr-FR","@id":"https:\/\/www.icpmuenchen.de\/fr\/#\/schema\/logo\/image\/","url":"https:\/\/www.icpmuenchen.de\/wp-content\/uploads\/2020\/08\/Logo_Stiftung-ICP.svg","contentUrl":"https:\/\/www.icpmuenchen.de\/wp-content\/uploads\/2020\/08\/Logo_Stiftung-ICP.svg","width":1,"height":1,"caption":"ICP M\u00fcnchen"},"image":{"@id":"https:\/\/www.icpmuenchen.de\/fr\/#\/schema\/logo\/image\/"}}]}},"_links":{"self":[{"href":"https:\/\/www.icpmuenchen.de\/fr\/wp-json\/wp\/v2\/pages\/6207","targetHints":{"allow":["GET"]}}],"collection":[{"href":"https:\/\/www.icpmuenchen.de\/fr\/wp-json\/wp\/v2\/pages"}],"about":[{"href":"https:\/\/www.icpmuenchen.de\/fr\/wp-json\/wp\/v2\/types\/page"}],"author":[{"embeddable":true,"href":"https:\/\/www.icpmuenchen.de\/fr\/wp-json\/wp\/v2\/users\/1"}],"replies":[{"embeddable":true,"href":"https:\/\/www.icpmuenchen.de\/fr\/wp-json\/wp\/v2\/comments?post=6207"}],"version-history":[{"count":14,"href":"https:\/\/www.icpmuenchen.de\/fr\/wp-json\/wp\/v2\/pages\/6207\/revisions"}],"predecessor-version":[{"id":16914,"href":"https:\/\/www.icpmuenchen.de\/fr\/wp-json\/wp\/v2\/pages\/6207\/revisions\/16914"}],"up":[{"embeddable":true,"href":"https:\/\/www.icpmuenchen.de\/fr\/wp-json\/wp\/v2\/pages\/6164"}],"wp:attachment":[{"href":"https:\/\/www.icpmuenchen.de\/fr\/wp-json\/wp\/v2\/media?parent=6207"}],"curies":[{"name":"wp","href":"https:\/\/api.w.org\/{rel}","templated":true}]}}