{"id":6284,"date":"2021-05-10T16:52:27","date_gmt":"2021-05-10T14:52:27","guid":{"rendered":"https:\/\/www.icpmuenchen.de\/ehrenamt-foerderstiftung\/foerderverein-spenden\/"},"modified":"2025-02-25T16:43:39","modified_gmt":"2025-02-25T15:43:39","slug":"forderverein-dons","status":"publish","type":"page","link":"https:\/\/www.icpmuenchen.de\/fr\/benevolat-forderstiftung\/forderverein-dons\/","title":{"rendered":"F\u00f6rderverein &#038; Dons\ufffc"},"content":{"rendered":"\t\t<div data-elementor-type=\"wp-page\" data-elementor-id=\"6284\" class=\"elementor elementor-6284 elementor-1471\" data-elementor-post-type=\"page\">\n\t\t\t\t\t\t<section class=\"elementor-section elementor-top-section elementor-element elementor-element-79cb3bb9 elementor-section-height-min-height elementor-section-content-middle elementor-section-boxed elementor-section-height-default elementor-section-items-middle\" data-id=\"79cb3bb9\" data-element_type=\"section\" data-e-type=\"section\" data-settings=\"{&quot;background_background&quot;:&quot;classic&quot;}\">\n\t\t\t\t\t\t\t<div class=\"elementor-background-overlay\"><\/div>\n\t\t\t\t\t\t\t<div class=\"elementor-container elementor-column-gap-default\">\n\t\t\t\t\t<div class=\"elementor-column elementor-col-100 elementor-top-column elementor-element elementor-element-16b0ae4a\" data-id=\"16b0ae4a\" data-element_type=\"column\" data-e-type=\"column\">\n\t\t\t<div class=\"elementor-widget-wrap elementor-element-populated\">\n\t\t\t\t\t\t<div class=\"elementor-element elementor-element-7c736fc8 elementor-widget elementor-widget-elementskit-heading\" data-id=\"7c736fc8\" data-element_type=\"widget\" data-e-type=\"widget\" data-widget_type=\"elementskit-heading.default\">\n\t\t\t\t<div class=\"elementor-widget-container\">\n\t\t\t\t\t<div class=\"ekit-wid-con\" ><div class=\"ekit-heading elementskit-section-title-wraper text_left   ekit_heading_tablet-   ekit_heading_mobile-\"><h3 class=\"elementskit-section-subtitle  \">\n\t\t\t\t\t\tDons\n\t\t\t\t\t<\/h3><h2 class=\"ekit-heading--title elementskit-section-title \">B\u00e9n\u00e9volat &amp; F\u00f6rderverein (association de soutien)<\/h2><\/div><\/div>\t\t\t\t<\/div>\n\t\t\t\t<\/div>\n\t\t\t\t\t<\/div>\n\t\t<\/div>\n\t\t\t\t\t<\/div>\n\t\t<\/section>\n\t\t\t\t<section class=\"elementor-section elementor-top-section elementor-element elementor-element-6869b901 elementor-section-boxed elementor-section-height-default elementor-section-height-default\" data-id=\"6869b901\" data-element_type=\"section\" data-e-type=\"section\">\n\t\t\t\t\t\t<div class=\"elementor-container elementor-column-gap-default\">\n\t\t\t\t\t<div class=\"elementor-column elementor-col-100 elementor-top-column elementor-element elementor-element-3f5e81a4\" data-id=\"3f5e81a4\" data-element_type=\"column\" data-e-type=\"column\">\n\t\t\t<div class=\"elementor-widget-wrap elementor-element-populated\">\n\t\t\t\t\t\t<div class=\"elementor-element elementor-element-3d491935 elementor-widget__width-auto elementor-absolute elementor-hidden-tablet elementor-hidden-phone animated-slow elementor-invisible elementor-widget elementor-widget-elementskit-heading\" data-id=\"3d491935\" data-element_type=\"widget\" data-e-type=\"widget\" data-settings=\"{&quot;_position&quot;:&quot;absolute&quot;,&quot;_animation&quot;:&quot;fadeInUp&quot;}\" data-widget_type=\"elementskit-heading.default\">\n\t\t\t\t<div class=\"elementor-widget-container\">\n\t\t\t\t\t<div class=\"ekit-wid-con\" ><div class=\"ekit-heading elementskit-section-title-wraper text_center   ekit_heading_tablet-   ekit_heading_mobile-\"><\/div><\/div>\t\t\t\t<\/div>\n\t\t\t\t<\/div>\n\t\t\t\t<div class=\"elementor-element elementor-element-4ccc8f12 animated-slow elementor-invisible elementor-widget elementor-widget-elementskit-heading\" data-id=\"4ccc8f12\" data-element_type=\"widget\" data-e-type=\"widget\" data-settings=\"{&quot;_animation&quot;:&quot;fadeInUp&quot;}\" data-widget_type=\"elementskit-heading.default\">\n\t\t\t\t<div class=\"elementor-widget-container\">\n\t\t\t\t\t<div class=\"ekit-wid-con\" ><div class=\"ekit-heading elementskit-section-title-wraper text_center   ekit_heading_tablet-   ekit_heading_mobile-\"><h3 class=\"elementskit-section-subtitle  \">\n\t\t\t\t\t\tB\u00e9n\u00e9volat &amp; F\u00f6rderverein (association de soutien)\n\t\t\t\t\t<\/h3><h2 class=\"ekit-heading--title elementskit-section-title \">Dons<\/h2><\/div><\/div>\t\t\t\t<\/div>\n\t\t\t\t<\/div>\n\t\t\t\t<section class=\"elementor-section elementor-inner-section elementor-element elementor-element-b11e1b1 elementor-section-boxed elementor-section-height-default elementor-section-height-default\" data-id=\"b11e1b1\" data-element_type=\"section\" data-e-type=\"section\">\n\t\t\t\t\t\t<div class=\"elementor-container elementor-column-gap-default\">\n\t\t\t\t\t<div class=\"elementor-column elementor-col-100 elementor-inner-column elementor-element elementor-element-293e1dc\" data-id=\"293e1dc\" data-element_type=\"column\" data-e-type=\"column\" data-settings=\"{&quot;background_background&quot;:&quot;classic&quot;}\">\n\t\t\t<div class=\"elementor-widget-wrap elementor-element-populated\">\n\t\t\t\t\t\t<div class=\"elementor-element elementor-element-38db67a elementor-widget elementor-widget-heading\" data-id=\"38db67a\" data-element_type=\"widget\" data-e-type=\"widget\" data-widget_type=\"heading.default\">\n\t\t\t\t<div class=\"elementor-widget-container\">\n\t\t\t\t\t<h3 class=\"elementor-heading-title elementor-size-default\">Votre soutien compte<\/h3>\t\t\t\t<\/div>\n\t\t\t\t<\/div>\n\t\t\t\t<div class=\"elementor-element elementor-element-073e8ab elementor-widget elementor-widget-text-editor\" data-id=\"073e8ab\" data-element_type=\"widget\" data-e-type=\"widget\" data-widget_type=\"text-editor.default\">\n\t\t\t\t<div class=\"elementor-widget-container\">\n\t\t\t\t\t\t\t\t\t<p>Nous nous r\u00e9jouissons de tout type de soutien, qu&rsquo;il s&rsquo;agisse de dons ou de b\u00e9n\u00e9volat. Votre soutien est important et nous aide \u00e0 soutenir et \u00e0 encourager nos enfants, adolescents et adultes en situation de handicap.<\/p>\t\t\t\t\t\t\t\t<\/div>\n\t\t\t\t<\/div>\n\t\t\t\t\t<\/div>\n\t\t<\/div>\n\t\t\t\t\t<\/div>\n\t\t<\/section>\n\t\t\t\t<section class=\"elementor-section elementor-inner-section elementor-element elementor-element-183bbf8 elementor-section-boxed elementor-section-height-default elementor-section-height-default\" data-id=\"183bbf8\" data-element_type=\"section\" data-e-type=\"section\">\n\t\t\t\t\t\t<div class=\"elementor-container elementor-column-gap-default\">\n\t\t\t\t\t<div class=\"elementor-column elementor-col-100 elementor-inner-column elementor-element elementor-element-a29fba5\" data-id=\"a29fba5\" data-element_type=\"column\" data-e-type=\"column\" data-settings=\"{&quot;background_background&quot;:&quot;classic&quot;}\">\n\t\t\t<div class=\"elementor-widget-wrap elementor-element-populated\">\n\t\t\t\t\t\t<div class=\"elementor-element elementor-element-f6c3e49 elementor-widget elementor-widget-heading\" data-id=\"f6c3e49\" data-element_type=\"widget\" data-e-type=\"widget\" data-widget_type=\"heading.default\">\n\t\t\t\t<div class=\"elementor-widget-container\">\n\t\t\t\t\t<h3 class=\"elementor-heading-title elementor-size-default\">Dons<\/h3>\t\t\t\t<\/div>\n\t\t\t\t<\/div>\n\t\t\t\t<div class=\"elementor-element elementor-element-74a4ac4 elementor-widget elementor-widget-text-editor\" data-id=\"74a4ac4\" data-element_type=\"widget\" data-e-type=\"widget\" data-widget_type=\"text-editor.default\">\n\t\t\t\t<div class=\"elementor-widget-container\">\n\t\t\t\t\t\t\t\t\t<p>Vos dons nous permettent de financer des projets et des \u00e9quipements pouvant aider nos participants et nos r\u00e9sidents \u00e0 faire de nouvelles exp\u00e9riences ou \u00e0 devenir plus autonomes.<\/p><p>Gr\u00e2ce aux dons, nous pouvons par exemple acqu\u00e9rir des appareils th\u00e9rapeutiques et des aides \u00e0 la mobilit\u00e9 permettant de favoriser ou de maintenir la capacit\u00e9 de mouvement de nos participants et de nos r\u00e9sidents. Cela nous permet \u00e9galement de proposer des offres th\u00e9rapeutiques telles que la musicoth\u00e9rapie ou l&rsquo;art-th\u00e9rapie ainsi que des formes de th\u00e9rapie assist\u00e9e par l\u2019animal, am\u00e9liorant le bien-\u00eatre des participants.<\/p><p>De m\u00eame, les dons permettent de soutenir financi\u00e8rement les accompagnateurs, qui rendent possibles les excursions et les exp\u00e9riences culturelles.<\/p><p>Les offres visant \u00e0 promouvoir l&rsquo;autonomie et les comp\u00e9tences n\u00e9cessaires \u00e0 la vie quotidienne, comme la danse en fauteuil roulant, les groupes de relaxation ou les cours d&rsquo;affirmation de soi en collaboration avec des prestataires externes, ne peuvent \u00eatre financ\u00e9es que gr\u00e2ce aux dons.<\/p><p>Ces offres ont une valeur inestimable pour nos participants, car elles vont au-del\u00e0 des soins de base et permettent une participation plus profonde \u00e0 la vie sociale.<\/p>\t\t\t\t\t\t\t\t<\/div>\n\t\t\t\t<\/div>\n\t\t\t\t\t<\/div>\n\t\t<\/div>\n\t\t\t\t\t<\/div>\n\t\t<\/section>\n\t\t\t\t<section class=\"elementor-section elementor-inner-section elementor-element elementor-element-2f0a20a elementor-section-boxed elementor-section-height-default elementor-section-height-default\" data-id=\"2f0a20a\" data-element_type=\"section\" data-e-type=\"section\">\n\t\t\t\t\t\t<div class=\"elementor-container elementor-column-gap-default\">\n\t\t\t\t\t<div class=\"elementor-column elementor-col-100 elementor-inner-column elementor-element elementor-element-63c9adb\" data-id=\"63c9adb\" data-element_type=\"column\" data-e-type=\"column\">\n\t\t\t<div class=\"elementor-widget-wrap elementor-element-populated\">\n\t\t\t\t\t\t<div class=\"elementor-element elementor-element-2d175e0 elementor-widget elementor-widget-text-editor\" data-id=\"2d175e0\" data-element_type=\"widget\" data-e-type=\"widget\" data-widget_type=\"text-editor.default\">\n\t\t\t\t<div class=\"elementor-widget-container\">\n\t\t\t\t\t\t\t\t\t<p>Chaque don aide et profite directement \u00e0 nos enfants, adolescents et adultes.<\/p><p>Compte pour les dons :<\/p><p>Titulaire du compte: Stiftung ICP M\u00fcnchen<\/p><p>Bank im Bistum Essen eG<br \/>IBAN: DE57 3606 0295 0000 1314 15<br \/>BIC: GENODED1BBE<\/p>\t\t\t\t\t\t\t\t<\/div>\n\t\t\t\t<\/div>\n\t\t\t\t\t<\/div>\n\t\t<\/div>\n\t\t\t\t\t<\/div>\n\t\t<\/section>\n\t\t\t\t\t<\/div>\n\t\t<\/div>\n\t\t\t\t\t<\/div>\n\t\t<\/section>\n\t\t\t\t<section class=\"elementor-section elementor-top-section elementor-element elementor-element-b21c8ad elementor-section-boxed elementor-section-height-default elementor-section-height-default\" data-id=\"b21c8ad\" data-element_type=\"section\" data-e-type=\"section\">\n\t\t\t\t\t\t<div class=\"elementor-container elementor-column-gap-default\">\n\t\t\t\t\t<div class=\"elementor-column elementor-col-100 elementor-top-column elementor-element elementor-element-be59f34\" data-id=\"be59f34\" data-element_type=\"column\" data-e-type=\"column\">\n\t\t\t<div class=\"elementor-widget-wrap elementor-element-populated\">\n\t\t\t\t\t\t<div class=\"elementor-element elementor-element-7101a8f elementor-widget__width-auto elementor-absolute elementor-hidden-tablet elementor-hidden-phone animated-slow elementor-invisible elementor-widget elementor-widget-elementskit-heading\" data-id=\"7101a8f\" data-element_type=\"widget\" data-e-type=\"widget\" data-settings=\"{&quot;_position&quot;:&quot;absolute&quot;,&quot;_animation&quot;:&quot;fadeInUp&quot;}\" data-widget_type=\"elementskit-heading.default\">\n\t\t\t\t<div class=\"elementor-widget-container\">\n\t\t\t\t\t<div class=\"ekit-wid-con\" ><div class=\"ekit-heading elementskit-section-title-wraper text_center   ekit_heading_tablet-   ekit_heading_mobile-\"><\/div><\/div>\t\t\t\t<\/div>\n\t\t\t\t<\/div>\n\t\t\t\t<section class=\"elementor-section elementor-inner-section elementor-element elementor-element-e466655 elementor-section-boxed elementor-section-height-default elementor-section-height-default\" data-id=\"e466655\" data-element_type=\"section\" data-e-type=\"section\">\n\t\t\t\t\t\t<div class=\"elementor-container elementor-column-gap-default\">\n\t\t\t\t\t<div class=\"elementor-column elementor-col-100 elementor-inner-column elementor-element elementor-element-7b0b6e9\" data-id=\"7b0b6e9\" data-element_type=\"column\" data-e-type=\"column\">\n\t\t\t<div class=\"elementor-widget-wrap elementor-element-populated\">\n\t\t\t\t\t\t<div class=\"elementor-element elementor-element-165839b elementor-widget elementor-widget-elementskit-heading\" data-id=\"165839b\" data-element_type=\"widget\" data-e-type=\"widget\" data-widget_type=\"elementskit-heading.default\">\n\t\t\t\t<div class=\"elementor-widget-container\">\n\t\t\t\t\t<div class=\"ekit-wid-con\" ><div class=\"ekit-heading elementskit-section-title-wraper text_center   ekit_heading_tablet-   ekit_heading_mobile-\"><h2 class=\"ekit-heading--title elementskit-section-title \">Dons \u00e0 la F\u00f6rderstiftung (fondation de soutien)<\/h2>\t\t\t\t<div class='ekit-heading__description'>\n\t\t\t\t\t<p>Vous pouvez \u00e9galement faire un don ou une donation directement \u00e0 notre F\u00f6rderstiftung Spastiker-Zentrum M\u00fcnchen. Une donation vous donne droit \u00e0 des avantages fiscaux suppl\u00e9mentaires:<\/p>\n<p>Vous pouvez faire valoir jusqu'\u00e0 20 450 Euros par an en tant que charges d\u00e9ductibles et, dans le cadre des diff\u00e9rents dispositifs de d\u00e9fiscalisation \u00e9ventuellement m\u00eame plus. Ces avantages fiscaux s'appliquent en sus des abattements pr\u00e9vus pour la d\u00e9duction de dons. En plus de l'argent et des liquidit\u00e9s, vous pouvez faire don de titres, de biens immobiliers ou d'autres valeurs mat\u00e9rielles. Il est \u00e9galement possible de faire une donation \u00e0 partir de votre testament.<\/p>\n\t\t\t\t<\/div>\n\t\t\t<\/div><\/div>\t\t\t\t<\/div>\n\t\t\t\t<\/div>\n\t\t\t\t<div class=\"elementor-element elementor-element-bdfade4 elementor-widget elementor-widget-text-editor\" data-id=\"bdfade4\" data-element_type=\"widget\" data-e-type=\"widget\" data-widget_type=\"text-editor.default\">\n\t\t\t\t<div class=\"elementor-widget-container\">\n\t\t\t\t\t\t\t\t\t<p>Vous pouvez effectuer votre don ou votre donation par virement bancaire sur le compte de la F\u00f6rderstiftung (Fondation de soutien) Spastiker Zentrum M\u00fcnchen:<\/p><p>Stadtsparkasse M\u00fcnchen<br \/>IBAN: DE03 7015 0000 0000 0443 47<br \/>BIC: SSKMDEMM<\/p><p>Mentionnez dans le motif du virement la mention \u00ab\u00a0Zustiftung\u00a0\u00bb (donation) ou \u00ab\u00a0Spende\u00a0\u00bb (don) ainsi que le nom et l&rsquo;adresse du donateur\/de la donatrice, afin que le don ou la donation soit reconnue par l&rsquo;administration fiscale.<\/p>\t\t\t\t\t\t\t\t<\/div>\n\t\t\t\t<\/div>\n\t\t\t\t\t<\/div>\n\t\t<\/div>\n\t\t\t\t\t<\/div>\n\t\t<\/section>\n\t\t\t\t\t<\/div>\n\t\t<\/div>\n\t\t\t\t\t<\/div>\n\t\t<\/section>\n\t\t\t\t<section class=\"elementor-section elementor-top-section elementor-element elementor-element-3c3096a elementor-section-boxed elementor-section-height-default elementor-section-height-default\" data-id=\"3c3096a\" data-element_type=\"section\" data-e-type=\"section\">\n\t\t\t\t\t\t<div class=\"elementor-container elementor-column-gap-default\">\n\t\t\t\t\t<div class=\"elementor-column elementor-col-100 elementor-top-column elementor-element elementor-element-f9db56a\" data-id=\"f9db56a\" data-element_type=\"column\" data-e-type=\"column\">\n\t\t\t<div class=\"elementor-widget-wrap elementor-element-populated\">\n\t\t\t\t\t\t<div class=\"elementor-element elementor-element-d8816fa elementor-widget elementor-widget-heading\" data-id=\"d8816fa\" data-element_type=\"widget\" data-e-type=\"widget\" data-widget_type=\"heading.default\">\n\t\t\t\t<div class=\"elementor-widget-container\">\n\t\t\t\t\t<h2 class=\"elementor-heading-title elementor-size-default\">Offrir de la joie<\/h2>\t\t\t\t<\/div>\n\t\t\t\t<\/div>\n\t\t\t\t\t<\/div>\n\t\t<\/div>\n\t\t\t\t\t<\/div>\n\t\t<\/section>\n\t\t\t\t<section class=\"elementor-section elementor-top-section elementor-element elementor-element-4209dec elementor-section-boxed elementor-section-height-default elementor-section-height-default\" data-id=\"4209dec\" data-element_type=\"section\" data-e-type=\"section\">\n\t\t\t\t\t\t<div class=\"elementor-container elementor-column-gap-default\">\n\t\t\t\t\t<div class=\"elementor-column elementor-col-100 elementor-top-column elementor-element elementor-element-b2dff8f\" data-id=\"b2dff8f\" data-element_type=\"column\" data-e-type=\"column\">\n\t\t\t<div class=\"elementor-widget-wrap elementor-element-populated\">\n\t\t\t\t\t\t<div class=\"elementor-element elementor-element-f8edbae elementor-widget elementor-widget-text-editor\" data-id=\"f8edbae\" data-element_type=\"widget\" data-e-type=\"widget\" data-widget_type=\"text-editor.default\">\n\t\t\t\t<div class=\"elementor-widget-container\">\n\t\t\t\t\t\t\t\t\t<p>Notre engagement profite particuli\u00e8rement aux projets b\u00e9n\u00e9voles et aux activit\u00e9s de groupe. Ainsi, nous pouvons financer diff\u00e9rentes activit\u00e9s de loisirs favorisant la mobilit\u00e9 qui est essentielle \u00e0 la participation \u00e0 la soci\u00e9t\u00e9. Nous pouvons \u00e9galement am\u00e9liorer les offres du secteur de l&rsquo;\u00e9ducation des adultes, en particulier dans le domaine des maisons de soins r\u00e9sidentiels. Nous soutenons des cours et des groupes (groupe politique, chorale, cours d&rsquo;anglais, apr\u00e8s-midi de lecture) et sommes ouverts \u00e0 de nouvelles id\u00e9es.<\/p><p>Nous nous r\u00e9jouissons de chaque don.<br \/><br \/>Titulaire du compte: F\u00f6rderverein Spastiker-Zentrum e.V.<\/p><p>Stadtsparkasse M\u00fcnchen<br \/>IBAN: DE48 7015 0000 1003 1640 90<br \/>BIC: SSKMDEMMXXX<\/p><p>Veuillez indiquer \u00ab Spende \u00bb (Don) comme motif de paiement sur le justificatif de virement. Si vous le souhaitez, vous pouvez \u00e9galement y ajouter un motif de paiement plus sp\u00e9cifique.<\/p>\t\t\t\t\t\t\t\t<\/div>\n\t\t\t\t<\/div>\n\t\t\t\t\t<\/div>\n\t\t<\/div>\n\t\t\t\t\t<\/div>\n\t\t<\/section>\n\t\t\t\t<section class=\"elementor-section elementor-top-section elementor-element elementor-element-4c40b8f elementor-section-boxed elementor-section-height-default elementor-section-height-default\" data-id=\"4c40b8f\" data-element_type=\"section\" data-e-type=\"section\">\n\t\t\t\t\t\t<div class=\"elementor-container elementor-column-gap-default\">\n\t\t\t\t\t<div class=\"elementor-column elementor-col-100 elementor-top-column elementor-element elementor-element-41dfd81\" data-id=\"41dfd81\" data-element_type=\"column\" data-e-type=\"column\">\n\t\t\t<div class=\"elementor-widget-wrap elementor-element-populated\">\n\t\t\t\t\t\t<div class=\"elementor-element elementor-element-e7be55d elementor-widget__width-auto elementor-absolute elementor-hidden-tablet elementor-hidden-phone animated-slow elementor-invisible elementor-widget elementor-widget-elementskit-heading\" data-id=\"e7be55d\" data-element_type=\"widget\" data-e-type=\"widget\" data-settings=\"{&quot;_position&quot;:&quot;absolute&quot;,&quot;_animation&quot;:&quot;fadeInUp&quot;}\" data-widget_type=\"elementskit-heading.default\">\n\t\t\t\t<div class=\"elementor-widget-container\">\n\t\t\t\t\t<div class=\"ekit-wid-con\" ><div class=\"ekit-heading elementskit-section-title-wraper text_center   ekit_heading_tablet-   ekit_heading_mobile-\"><\/div><\/div>\t\t\t\t<\/div>\n\t\t\t\t<\/div>\n\t\t\t\t<div class=\"elementor-element elementor-element-599dc3f elementor-widget elementor-widget-elementskit-heading\" data-id=\"599dc3f\" data-element_type=\"widget\" data-e-type=\"widget\" data-widget_type=\"elementskit-heading.default\">\n\t\t\t\t<div class=\"elementor-widget-container\">\n\t\t\t\t\t<div class=\"ekit-wid-con\" ><div class=\"ekit-heading elementskit-section-title-wraper text_center   ekit_heading_tablet-   ekit_heading_mobile-\"><h2 class=\"ekit-heading--title elementskit-section-title \">F\u00f6rderverein (Association de soutien)<\/h2><\/div><\/div>\t\t\t\t<\/div>\n\t\t\t\t<\/div>\n\t\t\t\t\t<\/div>\n\t\t<\/div>\n\t\t\t\t\t<\/div>\n\t\t<\/section>\n\t\t\t\t<section class=\"elementor-section elementor-top-section elementor-element elementor-element-a8cc600 elementor-section-boxed elementor-section-height-default elementor-section-height-default\" data-id=\"a8cc600\" data-element_type=\"section\" data-e-type=\"section\">\n\t\t\t\t\t\t<div class=\"elementor-container elementor-column-gap-default\">\n\t\t\t\t\t<div class=\"elementor-column elementor-col-100 elementor-top-column elementor-element elementor-element-a81f689\" data-id=\"a81f689\" data-element_type=\"column\" data-e-type=\"column\">\n\t\t\t<div class=\"elementor-widget-wrap elementor-element-populated\">\n\t\t\t\t\t\t<div class=\"elementor-element elementor-element-8482a79 elementor-widget elementor-widget-text-editor\" data-id=\"8482a79\" data-element_type=\"widget\" data-e-type=\"widget\" data-widget_type=\"text-editor.default\">\n\t\t\t\t<div class=\"elementor-widget-container\">\n\t\t\t\t\t\t\t\t\t<p>Au sein de la F\u00f6rderverein, des proches, des amis et des personnes concern\u00e9es s&rsquo;engagent b\u00e9n\u00e9volement pour soutenir la fondation ICP M\u00fcnchen.<\/p><p>Nos missions et objectifs :<\/p><ul><li>Nous d\u00e9fendons les droits des personnes en situation de handicap \u00e0 une vie ind\u00e9pendante et autonome, de m\u00eame qu&rsquo; \u00e0 une \u00e9ducation et une formation globales, inclusives et int\u00e9gratives les meilleures qu\u2019il soit. A cela s\u2019ajoute une \u00e9galit\u00e9 de participation, non seulement dans le monde du travail, mais aussi dans les loisirs.<\/li><li>Nous encourageons l&rsquo;engagement b\u00e9n\u00e9vole dans les \u00e9tablissements et les diff\u00e9rents services de m\u00eame que la participation aux instances de la fondation ICP M\u00fcnchen.<\/li><li>Nous encourageons les activit\u00e9s qui renforcent un sentiment de groupe dans les \u00e9tablissements.<\/li><li>Nous soutenons financi\u00e8rement le travail de la fondation ICP M\u00fcnchen.<\/li><\/ul><p>Pour toute question sur le travail de la F\u00f6rderverein (association de soutien) ou bien si vous souhaitez y devenir membre, veuillez contacter la F\u00f6rderverein \u00e0 l&rsquo;adresse suivante:<\/p><p>foerderverein@icp.de<\/p>\t\t\t\t\t\t\t\t<\/div>\n\t\t\t\t<\/div>\n\t\t\t\t\t<\/div>\n\t\t<\/div>\n\t\t\t\t\t<\/div>\n\t\t<\/section>\n\t\t\t\t<section class=\"elementor-section elementor-top-section elementor-element elementor-element-8b69ba9 elementor-section-boxed elementor-section-height-default elementor-section-height-default\" data-id=\"8b69ba9\" data-element_type=\"section\" data-e-type=\"section\" data-settings=\"{&quot;background_background&quot;:&quot;classic&quot;}\">\n\t\t\t\t\t\t<div class=\"elementor-container elementor-column-gap-no\">\n\t\t\t\t\t<div class=\"elementor-column elementor-col-100 elementor-top-column elementor-element elementor-element-e17d911\" data-id=\"e17d911\" data-element_type=\"column\" data-e-type=\"column\">\n\t\t\t<div class=\"elementor-widget-wrap\">\n\t\t\t\t\t\t\t<\/div>\n\t\t<\/div>\n\t\t\t\t\t<\/div>\n\t\t<\/section>\n\t\t\t\t<section class=\"elementor-section elementor-top-section elementor-element elementor-element-91a9169 elementor-section-boxed elementor-section-height-default elementor-section-height-default\" data-id=\"91a9169\" data-element_type=\"section\" data-e-type=\"section\">\n\t\t\t\t\t\t<div class=\"elementor-container elementor-column-gap-default\">\n\t\t\t\t\t<div class=\"elementor-column elementor-col-50 elementor-top-column elementor-element elementor-element-e927d79\" data-id=\"e927d79\" data-element_type=\"column\" data-e-type=\"column\">\n\t\t\t<div class=\"elementor-widget-wrap elementor-element-populated\">\n\t\t\t\t\t\t<div class=\"elementor-element elementor-element-9c9cd11 elementor-widget elementor-widget-elementskit-team\" data-id=\"9c9cd11\" data-element_type=\"widget\" data-e-type=\"widget\" data-widget_type=\"elementskit-team.default\">\n\t\t\t\t<div class=\"elementor-widget-container\">\n\t\t\t\t\t<div class=\"ekit-wid-con\">\n\t\t\t\t\t\t\t\t\t\t\t\t\t\t\t <div class=\"style-circle ekit-team-img-fit\"> \t\t\t\t\t\t\t\t\t<div class=\"profile-image-card elementor-animation- ekit-team-img ekit-team-style-overlay_circle text-center\">\n\n\t\t\t\t\t\t\t\t\t\t\t\t\t<img fetchpriority=\"high\" decoding=\"async\" width=\"279\" height=\"370\" src=\"https:\/\/www.icpmuenchen.de\/wp-content\/uploads\/2021\/05\/Ulrike-Fuerst.jpg\" class=\"attachment-large size-large wp-image-5123\" alt=\"\" srcset=\"https:\/\/www.icpmuenchen.de\/wp-content\/uploads\/2021\/05\/Ulrike-Fuerst.jpg 279w, https:\/\/www.icpmuenchen.de\/wp-content\/uploads\/2021\/05\/Ulrike-Fuerst-226x300.jpg 226w\" sizes=\"(max-width: 279px) 100vw, 279px\" \/>\t\t\t\t\t\t\t\t\t\t\t\t<div class=\"hover-area\">\n\t\t\t\t\t\t\t<div class=\"profile-body\">\n\t\t\t\t\t\t\t\t<h2 class=\"profile-title\">\n\t\t\t\t\t\t\t\t\t\t\t\t\t\t\t\t\t\t\t\t\t\t\t\t\t\t\t\t\t\t\t\t\t<\/h2>\n\t\t\t\t\t\t\t\t<p class=\"profile-designation\"><\/p>\n\t\t\t\t\t\t\t\t\t\t\t\t\t\t\t<\/div>\n\t\t\t\t\t\t\t\t\t\t\t\t\t<\/div>\n\t\t\t\t\t<\/div>\n\t\t\t\t\t <\/div> \n\t\t\t\t\n\t\t\t\t<\/div>\t\t\t\t<\/div>\n\t\t\t\t<\/div>\n\t\t\t\t<div class=\"elementor-element elementor-element-09e7cbc elementor-widget elementor-widget-elementskit-heading\" data-id=\"09e7cbc\" data-element_type=\"widget\" data-e-type=\"widget\" data-widget_type=\"elementskit-heading.default\">\n\t\t\t\t<div class=\"elementor-widget-container\">\n\t\t\t\t\t<div class=\"ekit-wid-con\" ><div class=\"ekit-heading elementskit-section-title-wraper text_center   ekit_heading_tablet-   ekit_heading_mobile-\"><h2 class=\"ekit-heading--title elementskit-section-title \">Ulrike F\u00fcrst<\/h2><h3 class=\"ekit-heading--subtitle elementskit-section-subtitle  \">\n\t\t\t\t\t\tPr\u00e9sident\n\t\t\t\t\t<\/h3><\/div><\/div>\t\t\t\t<\/div>\n\t\t\t\t<\/div>\n\t\t\t\t\t<\/div>\n\t\t<\/div>\n\t\t\t\t<div class=\"elementor-column elementor-col-50 elementor-top-column elementor-element elementor-element-b7ba779\" data-id=\"b7ba779\" data-element_type=\"column\" data-e-type=\"column\">\n\t\t\t<div class=\"elementor-widget-wrap elementor-element-populated\">\n\t\t\t\t\t\t<div class=\"elementor-element elementor-element-0ca84cf elementor-widget elementor-widget-elementskit-team\" data-id=\"0ca84cf\" data-element_type=\"widget\" data-e-type=\"widget\" data-widget_type=\"elementskit-team.default\">\n\t\t\t\t<div class=\"elementor-widget-container\">\n\t\t\t\t\t<div class=\"ekit-wid-con\">\n\t\t\t\t\t\t\t\t\t\t\t\t\t\t\t <div class=\"style-circle ekit-team-img-fit\"> \t\t\t\t\t\t\t\t\t<div class=\"profile-image-card elementor-animation- ekit-team-img ekit-team-style-overlay_circle text-center\">\n\n\t\t\t\t\t\t\t\t\t\t\t\t\t<img decoding=\"async\" width=\"400\" height=\"400\" src=\"https:\/\/www.icpmuenchen.de\/wp-content\/uploads\/2021\/05\/bauer.jpg\" class=\"attachment-large size-large wp-image-7337\" alt=\"\" srcset=\"https:\/\/www.icpmuenchen.de\/wp-content\/uploads\/2021\/05\/bauer.jpg 400w, https:\/\/www.icpmuenchen.de\/wp-content\/uploads\/2021\/05\/bauer-300x300.jpg 300w, https:\/\/www.icpmuenchen.de\/wp-content\/uploads\/2021\/05\/bauer-150x150.jpg 150w\" sizes=\"(max-width: 400px) 100vw, 400px\" \/>\t\t\t\t\t\t\t\t\t\t\t\t<div class=\"hover-area\">\n\t\t\t\t\t\t\t<div class=\"profile-body\">\n\t\t\t\t\t\t\t\t<h2 class=\"profile-title\">\n\t\t\t\t\t\t\t\t\t\t\t\t\t\t\t\t\t\t\t\t\t\t\t\t\t\t\t\t\t\t\t\t\t<\/h2>\n\t\t\t\t\t\t\t\t<p class=\"profile-designation\"><\/p>\n\t\t\t\t\t\t\t\t\t\t\t\t\t\t\t<\/div>\n\t\t\t\t\t\t\t\t\t\t\t\t\t<\/div>\n\t\t\t\t\t<\/div>\n\t\t\t\t\t <\/div> \n\t\t\t\t\n\t\t\t\t<\/div>\t\t\t\t<\/div>\n\t\t\t\t<\/div>\n\t\t\t\t<div class=\"elementor-element elementor-element-360cea0 elementor-widget elementor-widget-elementskit-heading\" data-id=\"360cea0\" data-element_type=\"widget\" data-e-type=\"widget\" data-widget_type=\"elementskit-heading.default\">\n\t\t\t\t<div class=\"elementor-widget-container\">\n\t\t\t\t\t<div class=\"ekit-wid-con\" ><div class=\"ekit-heading elementskit-section-title-wraper text_center   ekit_heading_tablet-   ekit_heading_mobile-\"><h2 class=\"ekit-heading--title elementskit-section-title \">Dr. G\u00fcnther Bauer<\/h2><h3 class=\"ekit-heading--subtitle elementskit-section-subtitle  \">\n\t\t\t\t\t\tVice-pr\u00e9sident\n\t\t\t\t\t<\/h3><\/div><\/div>\t\t\t\t<\/div>\n\t\t\t\t<\/div>\n\t\t\t\t\t<\/div>\n\t\t<\/div>\n\t\t\t\t\t<\/div>\n\t\t<\/section>\n\t\t\t\t<section class=\"elementor-section elementor-top-section elementor-element elementor-element-7cf72fb elementor-section-boxed elementor-section-height-default elementor-section-height-default\" data-id=\"7cf72fb\" data-element_type=\"section\" data-e-type=\"section\">\n\t\t\t\t\t\t<div class=\"elementor-container elementor-column-gap-default\">\n\t\t\t\t\t<div class=\"elementor-column elementor-col-100 elementor-top-column elementor-element elementor-element-e0c893e\" data-id=\"e0c893e\" data-element_type=\"column\" data-e-type=\"column\">\n\t\t\t<div class=\"elementor-widget-wrap\">\n\t\t\t\t\t\t\t<\/div>\n\t\t<\/div>\n\t\t\t\t\t<\/div>\n\t\t<\/section>\n\t\t\t\t<section class=\"elementor-section elementor-top-section elementor-element elementor-element-cf3c54c elementor-section-boxed elementor-section-height-default elementor-section-height-default\" data-id=\"cf3c54c\" data-element_type=\"section\" data-e-type=\"section\">\n\t\t\t\t\t\t<div class=\"elementor-container elementor-column-gap-default\">\n\t\t\t\t\t<div class=\"elementor-column elementor-col-100 elementor-top-column elementor-element elementor-element-4937a30\" data-id=\"4937a30\" data-element_type=\"column\" data-e-type=\"column\">\n\t\t\t<div class=\"elementor-widget-wrap elementor-element-populated\">\n\t\t\t\t\t\t<div class=\"elementor-element elementor-element-704109e elementor-widget__width-auto elementor-absolute elementor-hidden-tablet elementor-hidden-phone animated-slow elementor-invisible elementor-widget elementor-widget-elementskit-heading\" data-id=\"704109e\" data-element_type=\"widget\" data-e-type=\"widget\" data-settings=\"{&quot;_position&quot;:&quot;absolute&quot;,&quot;_animation&quot;:&quot;fadeInUp&quot;}\" data-widget_type=\"elementskit-heading.default\">\n\t\t\t\t<div class=\"elementor-widget-container\">\n\t\t\t\t\t<div class=\"ekit-wid-con\" ><div class=\"ekit-heading elementskit-section-title-wraper text_center   ekit_heading_tablet-   ekit_heading_mobile-\"><\/div><\/div>\t\t\t\t<\/div>\n\t\t\t\t<\/div>\n\t\t\t\t<div class=\"elementor-element elementor-element-3206401 elementor-widget elementor-widget-elementskit-heading\" data-id=\"3206401\" data-element_type=\"widget\" data-e-type=\"widget\" data-widget_type=\"elementskit-heading.default\">\n\t\t\t\t<div class=\"elementor-widget-container\">\n\t\t\t\t\t<div class=\"ekit-wid-con\" ><div class=\"ekit-heading elementskit-section-title-wraper text_center   ekit_heading_tablet-   ekit_heading_mobile-\"><h2 class=\"ekit-heading--title elementskit-section-title \">Conseil d\u2018administration<\/h2>\t\t\t\t<div class='ekit-heading__description'>\n\t\t\t\t\t<p>Ulrike F\u00fcrst (Pr\u00e9sidente)<br \/>Dr. G\u00fcnther Bauer (Vice-pr\u00e9sident)<br \/>Wolfram Holzmair (Secr\u00e9taire)<br \/>Susanne Gaunitz (Tr\u00e9sori\u00e8re)<br \/>Hans Dieter Klose (Conseiller)<\/p>\n\t\t\t\t<\/div>\n\t\t\t<\/div><\/div>\t\t\t\t<\/div>\n\t\t\t\t<\/div>\n\t\t\t\t\t<\/div>\n\t\t<\/div>\n\t\t\t\t\t<\/div>\n\t\t<\/section>\n\t\t\t\t<\/div>\n\t\t","protected":false},"excerpt":{"rendered":"<p>Dons B\u00e9n\u00e9volat &amp; F\u00f6rderverein (association de soutien) B\u00e9n\u00e9volat &amp; F\u00f6rderverein (association de soutien) Dons Votre soutien compte Nous nous r\u00e9jouissons de tout type de soutien, qu&rsquo;il s&rsquo;agisse de dons ou de b\u00e9n\u00e9volat. Votre soutien est important et nous aide \u00e0 soutenir et \u00e0 encourager nos enfants, adolescents et adultes en situation de handicap. Dons Vos [&hellip;]<\/p>\n","protected":false},"author":1,"featured_media":0,"parent":6274,"menu_order":2,"comment_status":"closed","ping_status":"closed","template":"","meta":{"footnotes":""},"class_list":["post-6284","page","type-page","status-publish","hentry"],"yoast_head":"<!-- This site is optimized with the Yoast SEO plugin v26.8 - https:\/\/yoast.com\/product\/yoast-seo-wordpress\/ -->\n<title>F\u00f6rderverein &amp; Dons\ufffc - ICP M\u00fcnchen<\/title>\n<meta name=\"robots\" content=\"index, follow, max-snippet:-1, max-image-preview:large, max-video-preview:-1\" \/>\n<link rel=\"canonical\" href=\"https:\/\/www.icpmuenchen.de\/fr\/benevolat-forderstiftung\/forderverein-dons\/\" \/>\n<meta property=\"og:locale\" content=\"fr_FR\" \/>\n<meta property=\"og:type\" content=\"article\" \/>\n<meta property=\"og:title\" content=\"F\u00f6rderverein &amp; Dons\ufffc - ICP M\u00fcnchen\" \/>\n<meta property=\"og:description\" content=\"Dons B\u00e9n\u00e9volat &amp; F\u00f6rderverein (association de soutien) B\u00e9n\u00e9volat &amp; F\u00f6rderverein (association de soutien) Dons Votre soutien compte Nous nous r\u00e9jouissons de tout type de soutien, qu&rsquo;il s&rsquo;agisse de dons ou de b\u00e9n\u00e9volat. Votre soutien est important et nous aide \u00e0 soutenir et \u00e0 encourager nos enfants, adolescents et adultes en situation de handicap. Dons Vos [&hellip;]\" \/>\n<meta property=\"og:url\" content=\"https:\/\/www.icpmuenchen.de\/fr\/benevolat-forderstiftung\/forderverein-dons\/\" \/>\n<meta property=\"og:site_name\" content=\"ICP M\u00fcnchen\" \/>\n<meta property=\"article:modified_time\" content=\"2025-02-25T15:43:39+00:00\" \/>\n<meta property=\"og:image\" content=\"https:\/\/www.icpmuenchen.de\/wp-content\/uploads\/2021\/05\/Ulrike-Fuerst.jpg\" \/>\n\t<meta property=\"og:image:width\" content=\"279\" \/>\n\t<meta property=\"og:image:height\" content=\"370\" \/>\n\t<meta property=\"og:image:type\" content=\"image\/jpeg\" \/>\n<meta name=\"twitter:card\" content=\"summary_large_image\" \/>\n<meta name=\"twitter:label1\" content=\"Dur\u00e9e de lecture estim\u00e9e\" \/>\n\t<meta name=\"twitter:data1\" content=\"5 minutes\" \/>\n<script type=\"application\/ld+json\" class=\"yoast-schema-graph\">{\"@context\":\"https:\/\/schema.org\",\"@graph\":[{\"@type\":\"WebPage\",\"@id\":\"https:\/\/www.icpmuenchen.de\/fr\/benevolat-forderstiftung\/forderverein-dons\/\",\"url\":\"https:\/\/www.icpmuenchen.de\/fr\/benevolat-forderstiftung\/forderverein-dons\/\",\"name\":\"F\u00f6rderverein & Dons\ufffc - ICP M\u00fcnchen\",\"isPartOf\":{\"@id\":\"https:\/\/www.icpmuenchen.de\/fr\/#website\"},\"primaryImageOfPage\":{\"@id\":\"https:\/\/www.icpmuenchen.de\/fr\/benevolat-forderstiftung\/forderverein-dons\/#primaryimage\"},\"image\":{\"@id\":\"https:\/\/www.icpmuenchen.de\/fr\/benevolat-forderstiftung\/forderverein-dons\/#primaryimage\"},\"thumbnailUrl\":\"https:\/\/www.icpmuenchen.de\/wp-content\/uploads\/2021\/05\/Ulrike-Fuerst.jpg\",\"datePublished\":\"2021-05-10T14:52:27+00:00\",\"dateModified\":\"2025-02-25T15:43:39+00:00\",\"breadcrumb\":{\"@id\":\"https:\/\/www.icpmuenchen.de\/fr\/benevolat-forderstiftung\/forderverein-dons\/#breadcrumb\"},\"inLanguage\":\"fr-FR\",\"potentialAction\":[{\"@type\":\"ReadAction\",\"target\":[\"https:\/\/www.icpmuenchen.de\/fr\/benevolat-forderstiftung\/forderverein-dons\/\"]}]},{\"@type\":\"ImageObject\",\"inLanguage\":\"fr-FR\",\"@id\":\"https:\/\/www.icpmuenchen.de\/fr\/benevolat-forderstiftung\/forderverein-dons\/#primaryimage\",\"url\":\"https:\/\/www.icpmuenchen.de\/wp-content\/uploads\/2021\/05\/Ulrike-Fuerst.jpg\",\"contentUrl\":\"https:\/\/www.icpmuenchen.de\/wp-content\/uploads\/2021\/05\/Ulrike-Fuerst.jpg\"},{\"@type\":\"BreadcrumbList\",\"@id\":\"https:\/\/www.icpmuenchen.de\/fr\/benevolat-forderstiftung\/forderverein-dons\/#breadcrumb\",\"itemListElement\":[{\"@type\":\"ListItem\",\"position\":1,\"name\":\"Startseite\",\"item\":\"https:\/\/www.icpmuenchen.de\/fr\/\"},{\"@type\":\"ListItem\",\"position\":2,\"name\":\"B\u00e9n\u00e9volat &#038; F\u00f6rderstiftung\",\"item\":\"https:\/\/www.icpmuenchen.de\/fr\/benevolat-forderstiftung\/\"},{\"@type\":\"ListItem\",\"position\":3,\"name\":\"F\u00f6rderverein &#038; Dons\ufffc\"}]},{\"@type\":\"WebSite\",\"@id\":\"https:\/\/www.icpmuenchen.de\/fr\/#website\",\"url\":\"https:\/\/www.icpmuenchen.de\/fr\/\",\"name\":\"ICP M\u00fcnchen\",\"description\":\"Integrationszentrum f\u00fcr K\u00f6rperbehinderte\",\"publisher\":{\"@id\":\"https:\/\/www.icpmuenchen.de\/fr\/#organization\"},\"potentialAction\":[{\"@type\":\"SearchAction\",\"target\":{\"@type\":\"EntryPoint\",\"urlTemplate\":\"https:\/\/www.icpmuenchen.de\/fr\/?s={search_term_string}\"},\"query-input\":{\"@type\":\"PropertyValueSpecification\",\"valueRequired\":true,\"valueName\":\"search_term_string\"}}],\"inLanguage\":\"fr-FR\"},{\"@type\":\"Organization\",\"@id\":\"https:\/\/www.icpmuenchen.de\/fr\/#organization\",\"name\":\"ICP M\u00fcnchen\",\"url\":\"https:\/\/www.icpmuenchen.de\/fr\/\",\"logo\":{\"@type\":\"ImageObject\",\"inLanguage\":\"fr-FR\",\"@id\":\"https:\/\/www.icpmuenchen.de\/fr\/#\/schema\/logo\/image\/\",\"url\":\"https:\/\/www.icpmuenchen.de\/wp-content\/uploads\/2020\/08\/Logo_Stiftung-ICP.svg\",\"contentUrl\":\"https:\/\/www.icpmuenchen.de\/wp-content\/uploads\/2020\/08\/Logo_Stiftung-ICP.svg\",\"width\":1,\"height\":1,\"caption\":\"ICP M\u00fcnchen\"},\"image\":{\"@id\":\"https:\/\/www.icpmuenchen.de\/fr\/#\/schema\/logo\/image\/\"}}]}<\/script>\n<!-- \/ Yoast SEO plugin. -->","yoast_head_json":{"title":"F\u00f6rderverein & Dons\ufffc - ICP M\u00fcnchen","robots":{"index":"index","follow":"follow","max-snippet":"max-snippet:-1","max-image-preview":"max-image-preview:large","max-video-preview":"max-video-preview:-1"},"canonical":"https:\/\/www.icpmuenchen.de\/fr\/benevolat-forderstiftung\/forderverein-dons\/","og_locale":"fr_FR","og_type":"article","og_title":"F\u00f6rderverein & Dons\ufffc - ICP M\u00fcnchen","og_description":"Dons B\u00e9n\u00e9volat &amp; F\u00f6rderverein (association de soutien) B\u00e9n\u00e9volat &amp; F\u00f6rderverein (association de soutien) Dons Votre soutien compte Nous nous r\u00e9jouissons de tout type de soutien, qu&rsquo;il s&rsquo;agisse de dons ou de b\u00e9n\u00e9volat. Votre soutien est important et nous aide \u00e0 soutenir et \u00e0 encourager nos enfants, adolescents et adultes en situation de handicap. Dons Vos [&hellip;]","og_url":"https:\/\/www.icpmuenchen.de\/fr\/benevolat-forderstiftung\/forderverein-dons\/","og_site_name":"ICP M\u00fcnchen","article_modified_time":"2025-02-25T15:43:39+00:00","og_image":[{"width":279,"height":370,"url":"https:\/\/www.icpmuenchen.de\/wp-content\/uploads\/2021\/05\/Ulrike-Fuerst.jpg","type":"image\/jpeg"}],"twitter_card":"summary_large_image","twitter_misc":{"Dur\u00e9e de lecture estim\u00e9e":"5 minutes"},"schema":{"@context":"https:\/\/schema.org","@graph":[{"@type":"WebPage","@id":"https:\/\/www.icpmuenchen.de\/fr\/benevolat-forderstiftung\/forderverein-dons\/","url":"https:\/\/www.icpmuenchen.de\/fr\/benevolat-forderstiftung\/forderverein-dons\/","name":"F\u00f6rderverein & Dons\ufffc - ICP M\u00fcnchen","isPartOf":{"@id":"https:\/\/www.icpmuenchen.de\/fr\/#website"},"primaryImageOfPage":{"@id":"https:\/\/www.icpmuenchen.de\/fr\/benevolat-forderstiftung\/forderverein-dons\/#primaryimage"},"image":{"@id":"https:\/\/www.icpmuenchen.de\/fr\/benevolat-forderstiftung\/forderverein-dons\/#primaryimage"},"thumbnailUrl":"https:\/\/www.icpmuenchen.de\/wp-content\/uploads\/2021\/05\/Ulrike-Fuerst.jpg","datePublished":"2021-05-10T14:52:27+00:00","dateModified":"2025-02-25T15:43:39+00:00","breadcrumb":{"@id":"https:\/\/www.icpmuenchen.de\/fr\/benevolat-forderstiftung\/forderverein-dons\/#breadcrumb"},"inLanguage":"fr-FR","potentialAction":[{"@type":"ReadAction","target":["https:\/\/www.icpmuenchen.de\/fr\/benevolat-forderstiftung\/forderverein-dons\/"]}]},{"@type":"ImageObject","inLanguage":"fr-FR","@id":"https:\/\/www.icpmuenchen.de\/fr\/benevolat-forderstiftung\/forderverein-dons\/#primaryimage","url":"https:\/\/www.icpmuenchen.de\/wp-content\/uploads\/2021\/05\/Ulrike-Fuerst.jpg","contentUrl":"https:\/\/www.icpmuenchen.de\/wp-content\/uploads\/2021\/05\/Ulrike-Fuerst.jpg"},{"@type":"BreadcrumbList","@id":"https:\/\/www.icpmuenchen.de\/fr\/benevolat-forderstiftung\/forderverein-dons\/#breadcrumb","itemListElement":[{"@type":"ListItem","position":1,"name":"Startseite","item":"https:\/\/www.icpmuenchen.de\/fr\/"},{"@type":"ListItem","position":2,"name":"B\u00e9n\u00e9volat &#038; F\u00f6rderstiftung","item":"https:\/\/www.icpmuenchen.de\/fr\/benevolat-forderstiftung\/"},{"@type":"ListItem","position":3,"name":"F\u00f6rderverein &#038; Dons\ufffc"}]},{"@type":"WebSite","@id":"https:\/\/www.icpmuenchen.de\/fr\/#website","url":"https:\/\/www.icpmuenchen.de\/fr\/","name":"ICP M\u00fcnchen","description":"Integrationszentrum f\u00fcr K\u00f6rperbehinderte","publisher":{"@id":"https:\/\/www.icpmuenchen.de\/fr\/#organization"},"potentialAction":[{"@type":"SearchAction","target":{"@type":"EntryPoint","urlTemplate":"https:\/\/www.icpmuenchen.de\/fr\/?s={search_term_string}"},"query-input":{"@type":"PropertyValueSpecification","valueRequired":true,"valueName":"search_term_string"}}],"inLanguage":"fr-FR"},{"@type":"Organization","@id":"https:\/\/www.icpmuenchen.de\/fr\/#organization","name":"ICP M\u00fcnchen","url":"https:\/\/www.icpmuenchen.de\/fr\/","logo":{"@type":"ImageObject","inLanguage":"fr-FR","@id":"https:\/\/www.icpmuenchen.de\/fr\/#\/schema\/logo\/image\/","url":"https:\/\/www.icpmuenchen.de\/wp-content\/uploads\/2020\/08\/Logo_Stiftung-ICP.svg","contentUrl":"https:\/\/www.icpmuenchen.de\/wp-content\/uploads\/2020\/08\/Logo_Stiftung-ICP.svg","width":1,"height":1,"caption":"ICP M\u00fcnchen"},"image":{"@id":"https:\/\/www.icpmuenchen.de\/fr\/#\/schema\/logo\/image\/"}}]}},"_links":{"self":[{"href":"https:\/\/www.icpmuenchen.de\/fr\/wp-json\/wp\/v2\/pages\/6284","targetHints":{"allow":["GET"]}}],"collection":[{"href":"https:\/\/www.icpmuenchen.de\/fr\/wp-json\/wp\/v2\/pages"}],"about":[{"href":"https:\/\/www.icpmuenchen.de\/fr\/wp-json\/wp\/v2\/types\/page"}],"author":[{"embeddable":true,"href":"https:\/\/www.icpmuenchen.de\/fr\/wp-json\/wp\/v2\/users\/1"}],"replies":[{"embeddable":true,"href":"https:\/\/www.icpmuenchen.de\/fr\/wp-json\/wp\/v2\/comments?post=6284"}],"version-history":[{"count":23,"href":"https:\/\/www.icpmuenchen.de\/fr\/wp-json\/wp\/v2\/pages\/6284\/revisions"}],"predecessor-version":[{"id":17900,"href":"https:\/\/www.icpmuenchen.de\/fr\/wp-json\/wp\/v2\/pages\/6284\/revisions\/17900"}],"up":[{"embeddable":true,"href":"https:\/\/www.icpmuenchen.de\/fr\/wp-json\/wp\/v2\/pages\/6274"}],"wp:attachment":[{"href":"https:\/\/www.icpmuenchen.de\/fr\/wp-json\/wp\/v2\/media?parent=6284"}],"curies":[{"name":"wp","href":"https:\/\/api.w.org\/{rel}","templated":true}]}}