{"id":8327,"date":"2021-04-08T16:25:32","date_gmt":"2021-04-08T14:25:32","guid":{"rendered":"https:\/\/www.icpmuenchen.de\/stiftung-icp-muenchen\/"},"modified":"2023-02-13T14:13:21","modified_gmt":"2023-02-13T13:13:21","slug":"zaklada-icp-minhen","status":"publish","type":"page","link":"https:\/\/www.icpmuenchen.de\/hr\/zaklada-icp-minhen\/","title":{"rendered":"Zaklada ICP Minhen"},"content":{"rendered":"\t\t<div data-elementor-type=\"wp-page\" data-elementor-id=\"8327\" class=\"elementor elementor-8327 elementor-692\" data-elementor-post-type=\"page\">\n\t\t\t\t\t\t<section class=\"elementor-section elementor-top-section elementor-element elementor-element-395939d2 elementor-section-height-min-height elementor-section-content-middle elementor-section-boxed elementor-section-height-default elementor-section-items-middle\" data-id=\"395939d2\" data-element_type=\"section\" data-e-type=\"section\" data-settings=\"{&quot;background_background&quot;:&quot;classic&quot;}\">\n\t\t\t\t\t\t\t<div class=\"elementor-background-overlay\"><\/div>\n\t\t\t\t\t\t\t<div class=\"elementor-container elementor-column-gap-default\">\n\t\t\t\t\t<div class=\"elementor-column elementor-col-66 elementor-top-column elementor-element elementor-element-579622df\" data-id=\"579622df\" data-element_type=\"column\" data-e-type=\"column\" data-settings=\"{&quot;background_background&quot;:&quot;classic&quot;}\">\n\t\t\t<div class=\"elementor-widget-wrap\">\n\t\t\t\t\t\t\t<\/div>\n\t\t<\/div>\n\t\t\t\t<div class=\"elementor-column elementor-col-33 elementor-top-column elementor-element elementor-element-22a19889\" data-id=\"22a19889\" data-element_type=\"column\" data-e-type=\"column\">\n\t\t\t<div class=\"elementor-widget-wrap elementor-element-populated\">\n\t\t\t\t\t\t<div class=\"elementor-element elementor-element-13286ff elementor-widget elementor-widget-text-editor\" data-id=\"13286ff\" data-element_type=\"widget\" data-e-type=\"widget\" data-widget_type=\"text-editor.default\">\n\t\t\t\t<div class=\"elementor-widget-container\">\n\t\t\t\t\t\t\t\t\tFilozofija,organizacija &amp; mamagment,<br>povijest,godi\u0161nje izvje\u0161\u0107e\t\t\t\t\t\t\t\t<\/div>\n\t\t\t\t<\/div>\n\t\t\t\t<div class=\"elementor-element elementor-element-27c73ef elementor-widget elementor-widget-heading\" data-id=\"27c73ef\" data-element_type=\"widget\" data-e-type=\"widget\" data-widget_type=\"heading.default\">\n\t\t\t\t<div class=\"elementor-widget-container\">\n\t\t\t\t\t<h2 class=\"elementor-heading-title elementor-size-default\">Zaklada <br>ICP Minhen<\/h2>\t\t\t\t<\/div>\n\t\t\t\t<\/div>\n\t\t\t\t\t<\/div>\n\t\t<\/div>\n\t\t\t\t\t<\/div>\n\t\t<\/section>\n\t\t\t\t<section class=\"elementor-section elementor-top-section elementor-element elementor-element-6869b901 elementor-section-boxed elementor-section-height-default elementor-section-height-default\" data-id=\"6869b901\" data-element_type=\"section\" data-e-type=\"section\">\n\t\t\t\t\t\t<div class=\"elementor-container elementor-column-gap-default\">\n\t\t\t\t\t<div class=\"elementor-column elementor-col-100 elementor-top-column elementor-element elementor-element-3f5e81a4\" data-id=\"3f5e81a4\" data-element_type=\"column\" data-e-type=\"column\">\n\t\t\t<div class=\"elementor-widget-wrap elementor-element-populated\">\n\t\t\t\t\t\t<div class=\"elementor-element elementor-element-3d491935 elementor-widget__width-auto elementor-absolute elementor-hidden-tablet elementor-hidden-phone animated-slow elementor-invisible elementor-widget elementor-widget-elementskit-heading\" data-id=\"3d491935\" data-element_type=\"widget\" data-e-type=\"widget\" data-settings=\"{&quot;_position&quot;:&quot;absolute&quot;,&quot;_animation&quot;:&quot;fadeInUp&quot;}\" data-widget_type=\"elementskit-heading.default\">\n\t\t\t\t<div class=\"elementor-widget-container\">\n\t\t\t\t\t<div class=\"ekit-wid-con\" ><div class=\"ekit-heading elementskit-section-title-wraper text_center   ekit_heading_tablet-   ekit_heading_mobile-\"><\/div><\/div>\t\t\t\t<\/div>\n\t\t\t\t<\/div>\n\t\t\t\t<div class=\"elementor-element elementor-element-9980885 elementor-widget elementor-widget-menu-anchor\" data-id=\"9980885\" data-element_type=\"widget\" data-e-type=\"widget\" data-widget_type=\"menu-anchor.default\">\n\t\t\t\t<div class=\"elementor-widget-container\">\n\t\t\t\t\t\t\t<div class=\"elementor-menu-anchor\" id=\"ueberuns\"><\/div>\n\t\t\t\t\t\t<\/div>\n\t\t\t\t<\/div>\n\t\t\t\t<div class=\"elementor-element elementor-element-4ccc8f12 animated-slow elementor-invisible elementor-widget elementor-widget-elementskit-heading\" data-id=\"4ccc8f12\" data-element_type=\"widget\" data-e-type=\"widget\" data-settings=\"{&quot;_animation&quot;:&quot;fadeInUp&quot;}\" data-widget_type=\"elementskit-heading.default\">\n\t\t\t\t<div class=\"elementor-widget-container\">\n\t\t\t\t\t<div class=\"ekit-wid-con\" ><div class=\"ekit-heading elementskit-section-title-wraper text_center   ekit_heading_tablet-   ekit_heading_mobile-\"><h3 class=\"elementskit-section-subtitle  \">\n\t\t\t\t\t\tFilozofija\n\t\t\t\t\t<\/h3><h2 class=\"ekit-heading--title elementskit-section-title \">O nama<\/h2><\/div><\/div>\t\t\t\t<\/div>\n\t\t\t\t<\/div>\n\t\t\t\t<section class=\"elementor-section elementor-inner-section elementor-element elementor-element-1266145 animated-slow elementor-section-boxed elementor-section-height-default elementor-section-height-default\" data-id=\"1266145\" data-element_type=\"section\" data-e-type=\"section\" data-settings=\"{&quot;animation&quot;:&quot;none&quot;}\">\n\t\t\t\t\t\t<div class=\"elementor-container elementor-column-gap-default\">\n\t\t\t\t\t<div class=\"elementor-column elementor-col-100 elementor-inner-column elementor-element elementor-element-d8b92fd\" data-id=\"d8b92fd\" data-element_type=\"column\" data-e-type=\"column\">\n\t\t\t<div class=\"elementor-widget-wrap elementor-element-populated\">\n\t\t\t\t\t\t<div class=\"elementor-element elementor-element-aeca5aa elementor-widget elementor-widget-text-editor\" data-id=\"aeca5aa\" data-element_type=\"widget\" data-e-type=\"widget\" data-widget_type=\"text-editor.default\">\n\t\t\t\t<div class=\"elementor-widget-container\">\n\t\t\t\t\t\t\t\t\t<p>Mi Zaklada ICP Minhen poma\u017eemo, pratimo i podsti\u010demo u raznim ustanovama djecu, mlade i odrasle osobe s cerebralnom parezom i drugim tjelesnim vi\u0161estrukim o\u0161te\u0107enjima. Cilj je pri tome najbolja mogu\u0107a \u0161kolska i radna integracija i sudjelovanje u dru\u0161tvu.<\/p><p>Na\u0161a podr\u0161ka je raznovrsna i usmjerena ka svim \u017eivotnim fazama. Ne radimo udaljeni od na\u0161ih klijenata, nego s njima skupa- uvjek usmjereni na njihove \u017eivotne potrebe. To se ne odnosi samo na pedagoge, njegovatelje, u\u010ditelje, lije\u010dnike i terapeute, nego i djelatnike uprave i upravu. Optimalna i sveobuhvatna podr\u0161ka i podsticanje na\u0161ih klijenata je svakodnevno u fokusu na\u0161eg rada. Pri tome radimo na principu minhenskog dnevnog koncepta, jednom integrativnom i interdisciplinarnom pristupu, koji prostorno povezuje ne samo znanja nego i osobe iz raznih disciplina kao npr: specijalne, kurativne, radne pedagogije, medicine i terapije.<\/p>\t\t\t\t\t\t\t\t<\/div>\n\t\t\t\t<\/div>\n\t\t\t\t\t<\/div>\n\t\t<\/div>\n\t\t\t\t\t<\/div>\n\t\t<\/section>\n\t\t\t\t<section class=\"elementor-section elementor-inner-section elementor-element elementor-element-e457f22 animated-slow elementor-section-boxed elementor-section-height-default elementor-section-height-default\" data-id=\"e457f22\" data-element_type=\"section\" data-e-type=\"section\" data-settings=\"{&quot;animation&quot;:&quot;none&quot;}\">\n\t\t\t\t\t\t<div class=\"elementor-container elementor-column-gap-default\">\n\t\t\t\t\t<div class=\"elementor-column elementor-col-100 elementor-inner-column elementor-element elementor-element-af629f7\" data-id=\"af629f7\" data-element_type=\"column\" data-e-type=\"column\">\n\t\t\t<div class=\"elementor-widget-wrap elementor-element-populated\">\n\t\t\t\t\t\t<div class=\"elementor-element elementor-element-e25b847 elementor-widget elementor-widget-image\" data-id=\"e25b847\" data-element_type=\"widget\" data-e-type=\"widget\" data-widget_type=\"image.default\">\n\t\t\t\t<div class=\"elementor-widget-container\">\n\t\t\t\t\t\t\t\t\t\t\t\t\t\t\t<img fetchpriority=\"high\" decoding=\"async\" width=\"1600\" height=\"1067\" src=\"https:\/\/www.icpmuenchen.de\/wp-content\/uploads\/2021\/08\/ISI_0642-scaled.jpg\" class=\"attachment-full size-full wp-image-8076\" alt=\"\" srcset=\"https:\/\/www.icpmuenchen.de\/wp-content\/uploads\/2021\/08\/ISI_0642-scaled.jpg 1600w, https:\/\/www.icpmuenchen.de\/wp-content\/uploads\/2021\/08\/ISI_0642-300x200.jpg 300w, https:\/\/www.icpmuenchen.de\/wp-content\/uploads\/2021\/08\/ISI_0642-1024x683.jpg 1024w, https:\/\/www.icpmuenchen.de\/wp-content\/uploads\/2021\/08\/ISI_0642-768x512.jpg 768w, https:\/\/www.icpmuenchen.de\/wp-content\/uploads\/2021\/08\/ISI_0642-1536x1024.jpg 1536w, https:\/\/www.icpmuenchen.de\/wp-content\/uploads\/2021\/08\/ISI_0642-2048x1365.jpg 2048w\" sizes=\"(max-width: 1600px) 100vw, 1600px\" \/>\t\t\t\t\t\t\t\t\t\t\t\t\t\t\t<\/div>\n\t\t\t\t<\/div>\n\t\t\t\t\t<\/div>\n\t\t<\/div>\n\t\t\t\t\t<\/div>\n\t\t<\/section>\n\t\t\t\t<div class=\"elementor-element elementor-element-103e053 elementor-widget elementor-widget-text-editor\" data-id=\"103e053\" data-element_type=\"widget\" data-e-type=\"widget\" data-settings=\"{&quot;_animation&quot;:&quot;none&quot;}\" data-widget_type=\"text-editor.default\">\n\t\t\t\t<div class=\"elementor-widget-container\">\n\t\t\t\t\t\t\t\t\t<p>Ovu bliskost i intergraciju prakticiramo i u odnosu na religije i razli\u010dite kulture. Mi smo religijski neutralni. U na\u0161im ustanovama rade djelatnici iz najrazli\u010ditijih zemalja i sa najrazli\u010ditijim kulturama kao i razli\u010ditim vjerskim uvjerenjima. Ovu raznolikost do\u017eivljavamo kao veliki dobitak ne samo za djelatnike, nego i za korisnike. <br \/>U Zakladi ICP priznajemo raznolikost kao ne\u0161to, \u0161to oboga\u0107uje i kao pozitivni izazov, koji nas poti\u010de na stalni razvoj za dobrobit na\u0161ih klijenata.<\/p>\t\t\t\t\t\t\t\t<\/div>\n\t\t\t\t<\/div>\n\t\t\t\t\t<\/div>\n\t\t<\/div>\n\t\t\t\t\t<\/div>\n\t\t<\/section>\n\t\t\t\t<section class=\"elementor-section elementor-inner-section elementor-element elementor-element-23be19d elementor-section-boxed elementor-section-height-default elementor-section-height-default\" data-id=\"23be19d\" data-element_type=\"section\" data-e-type=\"section\">\n\t\t\t\t\t\t<div class=\"elementor-container elementor-column-gap-default\">\n\t\t\t\t\t\t<\/div>\n\t\t<\/section>\n\t\t\t\t<section class=\"elementor-section elementor-top-section elementor-element elementor-element-3b4bbf9c elementor-section-height-min-height elementor-section-boxed elementor-section-height-default elementor-section-items-middle\" data-id=\"3b4bbf9c\" data-element_type=\"section\" data-e-type=\"section\" data-settings=\"{&quot;background_background&quot;:&quot;classic&quot;}\">\n\t\t\t\t\t\t\t<div class=\"elementor-background-overlay\"><\/div>\n\t\t\t\t\t\t\t<div class=\"elementor-container elementor-column-gap-default\">\n\t\t\t\t\t<div class=\"elementor-column elementor-col-100 elementor-top-column elementor-element elementor-element-451a0d50\" data-id=\"451a0d50\" data-element_type=\"column\" data-e-type=\"column\">\n\t\t\t<div class=\"elementor-widget-wrap elementor-element-populated\">\n\t\t\t\t\t\t<div class=\"elementor-element elementor-element-d31336e elementor-align-center elementor-icon-list--layout-traditional elementor-list-item-link-full_width elementor-widget elementor-widget-icon-list\" data-id=\"d31336e\" data-element_type=\"widget\" data-e-type=\"widget\" data-widget_type=\"icon-list.default\">\n\t\t\t\t<div class=\"elementor-widget-container\">\n\t\t\t\t\t\t\t<ul class=\"elementor-icon-list-items\">\n\t\t\t\t\t\t\t<li class=\"elementor-icon-list-item\">\n\t\t\t\t\t\t\t\t\t\t\t<a href=\"\/stellenangebote\" target=\"_blank\">\n\n\t\t\t\t\t\t\t\t\t\t\t\t<span class=\"elementor-icon-list-icon\">\n\t\t\t\t\t\t\t<i aria-hidden=\"true\" class=\"fas fa-chevron-circle-right\"><\/i>\t\t\t\t\t\t<\/span>\n\t\t\t\t\t\t\t\t\t\t<span class=\"elementor-icon-list-text\">PRIJAVI SE SADA<\/span>\n\t\t\t\t\t\t\t\t\t\t\t<\/a>\n\t\t\t\t\t\t\t\t\t<\/li>\n\t\t\t\t\t\t<\/ul>\n\t\t\t\t\t\t<\/div>\n\t\t\t\t<\/div>\n\t\t\t\t\t<\/div>\n\t\t<\/div>\n\t\t\t\t\t<\/div>\n\t\t<\/section>\n\t\t\t\t<\/div>\n\t\t","protected":false},"excerpt":{"rendered":"<p>Filozofija,organizacija &amp; mamagment,povijest,godi\u0161nje izvje\u0161\u0107e Zaklada ICP Minhen Filozofija O nama Mi Zaklada ICP Minhen poma\u017eemo, pratimo i podsti\u010demo u raznim ustanovama djecu, mlade i odrasle osobe s cerebralnom parezom i drugim tjelesnim vi\u0161estrukim o\u0161te\u0107enjima. Cilj je pri tome najbolja mogu\u0107a \u0161kolska i radna integracija i sudjelovanje u dru\u0161tvu. Na\u0161a podr\u0161ka je raznovrsna i usmjerena ka [&hellip;]<\/p>\n","protected":false},"author":1,"featured_media":0,"parent":0,"menu_order":0,"comment_status":"closed","ping_status":"closed","template":"","meta":{"footnotes":""},"class_list":["post-8327","page","type-page","status-publish","hentry"],"yoast_head":"<!-- This site is optimized with the Yoast SEO plugin v26.8 - https:\/\/yoast.com\/product\/yoast-seo-wordpress\/ -->\n<title>Zaklada ICP Minhen - ICP M\u00fcnchen<\/title>\n<meta name=\"robots\" content=\"index, follow, max-snippet:-1, max-image-preview:large, max-video-preview:-1\" \/>\n<link rel=\"canonical\" href=\"https:\/\/www.icpmuenchen.de\/hr\/zaklada-icp-minhen\/\" \/>\n<meta property=\"og:locale\" content=\"hr_HR\" \/>\n<meta property=\"og:type\" content=\"article\" \/>\n<meta property=\"og:title\" content=\"Zaklada ICP Minhen - ICP M\u00fcnchen\" \/>\n<meta property=\"og:description\" content=\"Filozofija,organizacija &amp; mamagment,povijest,godi\u0161nje izvje\u0161\u0107e Zaklada ICP Minhen Filozofija O nama Mi Zaklada ICP Minhen poma\u017eemo, pratimo i podsti\u010demo u raznim ustanovama djecu, mlade i odrasle osobe s cerebralnom parezom i drugim tjelesnim vi\u0161estrukim o\u0161te\u0107enjima. Cilj je pri tome najbolja mogu\u0107a \u0161kolska i radna integracija i sudjelovanje u dru\u0161tvu. Na\u0161a podr\u0161ka je raznovrsna i usmjerena ka [&hellip;]\" \/>\n<meta property=\"og:url\" content=\"https:\/\/www.icpmuenchen.de\/hr\/zaklada-icp-minhen\/\" \/>\n<meta property=\"og:site_name\" content=\"ICP M\u00fcnchen\" \/>\n<meta property=\"article:modified_time\" content=\"2023-02-13T13:13:21+00:00\" \/>\n<meta property=\"og:image\" content=\"https:\/\/www.icpmuenchen.de\/wp-content\/uploads\/2021\/08\/ISI_0642-scaled.jpg\" \/>\n<meta name=\"twitter:card\" content=\"summary_large_image\" \/>\n<meta name=\"twitter:label1\" content=\"Procijenjeno vrijeme \u010ditanja\" \/>\n\t<meta name=\"twitter:data1\" content=\"2 minute\" \/>\n<script type=\"application\/ld+json\" class=\"yoast-schema-graph\">{\"@context\":\"https:\/\/schema.org\",\"@graph\":[{\"@type\":\"WebPage\",\"@id\":\"https:\/\/www.icpmuenchen.de\/hr\/zaklada-icp-minhen\/\",\"url\":\"https:\/\/www.icpmuenchen.de\/hr\/zaklada-icp-minhen\/\",\"name\":\"Zaklada ICP Minhen - ICP M\u00fcnchen\",\"isPartOf\":{\"@id\":\"https:\/\/www.icpmuenchen.de\/hr\/#website\"},\"primaryImageOfPage\":{\"@id\":\"https:\/\/www.icpmuenchen.de\/hr\/zaklada-icp-minhen\/#primaryimage\"},\"image\":{\"@id\":\"https:\/\/www.icpmuenchen.de\/hr\/zaklada-icp-minhen\/#primaryimage\"},\"thumbnailUrl\":\"https:\/\/www.icpmuenchen.de\/wp-content\/uploads\/2021\/08\/ISI_0642-scaled.jpg\",\"datePublished\":\"2021-04-08T14:25:32+00:00\",\"dateModified\":\"2023-02-13T13:13:21+00:00\",\"breadcrumb\":{\"@id\":\"https:\/\/www.icpmuenchen.de\/hr\/zaklada-icp-minhen\/#breadcrumb\"},\"inLanguage\":\"hr\",\"potentialAction\":[{\"@type\":\"ReadAction\",\"target\":[\"https:\/\/www.icpmuenchen.de\/hr\/zaklada-icp-minhen\/\"]}]},{\"@type\":\"ImageObject\",\"inLanguage\":\"hr\",\"@id\":\"https:\/\/www.icpmuenchen.de\/hr\/zaklada-icp-minhen\/#primaryimage\",\"url\":\"https:\/\/www.icpmuenchen.de\/wp-content\/uploads\/2021\/08\/ISI_0642-scaled.jpg\",\"contentUrl\":\"https:\/\/www.icpmuenchen.de\/wp-content\/uploads\/2021\/08\/ISI_0642-scaled.jpg\"},{\"@type\":\"BreadcrumbList\",\"@id\":\"https:\/\/www.icpmuenchen.de\/hr\/zaklada-icp-minhen\/#breadcrumb\",\"itemListElement\":[{\"@type\":\"ListItem\",\"position\":1,\"name\":\"Startseite\",\"item\":\"https:\/\/www.icpmuenchen.de\/hr\/\"},{\"@type\":\"ListItem\",\"position\":2,\"name\":\"Zaklada ICP Minhen\"}]},{\"@type\":\"WebSite\",\"@id\":\"https:\/\/www.icpmuenchen.de\/hr\/#website\",\"url\":\"https:\/\/www.icpmuenchen.de\/hr\/\",\"name\":\"ICP M\u00fcnchen\",\"description\":\"Integrationszentrum f\u00fcr K\u00f6rperbehinderte\",\"publisher\":{\"@id\":\"https:\/\/www.icpmuenchen.de\/hr\/#organization\"},\"potentialAction\":[{\"@type\":\"SearchAction\",\"target\":{\"@type\":\"EntryPoint\",\"urlTemplate\":\"https:\/\/www.icpmuenchen.de\/hr\/?s={search_term_string}\"},\"query-input\":{\"@type\":\"PropertyValueSpecification\",\"valueRequired\":true,\"valueName\":\"search_term_string\"}}],\"inLanguage\":\"hr\"},{\"@type\":\"Organization\",\"@id\":\"https:\/\/www.icpmuenchen.de\/hr\/#organization\",\"name\":\"ICP M\u00fcnchen\",\"url\":\"https:\/\/www.icpmuenchen.de\/hr\/\",\"logo\":{\"@type\":\"ImageObject\",\"inLanguage\":\"hr\",\"@id\":\"https:\/\/www.icpmuenchen.de\/hr\/#\/schema\/logo\/image\/\",\"url\":\"https:\/\/www.icpmuenchen.de\/wp-content\/uploads\/2020\/08\/Logo_Stiftung-ICP.svg\",\"contentUrl\":\"https:\/\/www.icpmuenchen.de\/wp-content\/uploads\/2020\/08\/Logo_Stiftung-ICP.svg\",\"width\":1,\"height\":1,\"caption\":\"ICP M\u00fcnchen\"},\"image\":{\"@id\":\"https:\/\/www.icpmuenchen.de\/hr\/#\/schema\/logo\/image\/\"}}]}<\/script>\n<!-- \/ Yoast SEO plugin. -->","yoast_head_json":{"title":"Zaklada ICP Minhen - ICP M\u00fcnchen","robots":{"index":"index","follow":"follow","max-snippet":"max-snippet:-1","max-image-preview":"max-image-preview:large","max-video-preview":"max-video-preview:-1"},"canonical":"https:\/\/www.icpmuenchen.de\/hr\/zaklada-icp-minhen\/","og_locale":"hr_HR","og_type":"article","og_title":"Zaklada ICP Minhen - ICP M\u00fcnchen","og_description":"Filozofija,organizacija &amp; mamagment,povijest,godi\u0161nje izvje\u0161\u0107e Zaklada ICP Minhen Filozofija O nama Mi Zaklada ICP Minhen poma\u017eemo, pratimo i podsti\u010demo u raznim ustanovama djecu, mlade i odrasle osobe s cerebralnom parezom i drugim tjelesnim vi\u0161estrukim o\u0161te\u0107enjima. Cilj je pri tome najbolja mogu\u0107a \u0161kolska i radna integracija i sudjelovanje u dru\u0161tvu. Na\u0161a podr\u0161ka je raznovrsna i usmjerena ka [&hellip;]","og_url":"https:\/\/www.icpmuenchen.de\/hr\/zaklada-icp-minhen\/","og_site_name":"ICP M\u00fcnchen","article_modified_time":"2023-02-13T13:13:21+00:00","og_image":[{"url":"https:\/\/www.icpmuenchen.de\/wp-content\/uploads\/2021\/08\/ISI_0642-scaled.jpg","type":"","width":"","height":""}],"twitter_card":"summary_large_image","twitter_misc":{"Procijenjeno vrijeme \u010ditanja":"2 minute"},"schema":{"@context":"https:\/\/schema.org","@graph":[{"@type":"WebPage","@id":"https:\/\/www.icpmuenchen.de\/hr\/zaklada-icp-minhen\/","url":"https:\/\/www.icpmuenchen.de\/hr\/zaklada-icp-minhen\/","name":"Zaklada ICP Minhen - ICP M\u00fcnchen","isPartOf":{"@id":"https:\/\/www.icpmuenchen.de\/hr\/#website"},"primaryImageOfPage":{"@id":"https:\/\/www.icpmuenchen.de\/hr\/zaklada-icp-minhen\/#primaryimage"},"image":{"@id":"https:\/\/www.icpmuenchen.de\/hr\/zaklada-icp-minhen\/#primaryimage"},"thumbnailUrl":"https:\/\/www.icpmuenchen.de\/wp-content\/uploads\/2021\/08\/ISI_0642-scaled.jpg","datePublished":"2021-04-08T14:25:32+00:00","dateModified":"2023-02-13T13:13:21+00:00","breadcrumb":{"@id":"https:\/\/www.icpmuenchen.de\/hr\/zaklada-icp-minhen\/#breadcrumb"},"inLanguage":"hr","potentialAction":[{"@type":"ReadAction","target":["https:\/\/www.icpmuenchen.de\/hr\/zaklada-icp-minhen\/"]}]},{"@type":"ImageObject","inLanguage":"hr","@id":"https:\/\/www.icpmuenchen.de\/hr\/zaklada-icp-minhen\/#primaryimage","url":"https:\/\/www.icpmuenchen.de\/wp-content\/uploads\/2021\/08\/ISI_0642-scaled.jpg","contentUrl":"https:\/\/www.icpmuenchen.de\/wp-content\/uploads\/2021\/08\/ISI_0642-scaled.jpg"},{"@type":"BreadcrumbList","@id":"https:\/\/www.icpmuenchen.de\/hr\/zaklada-icp-minhen\/#breadcrumb","itemListElement":[{"@type":"ListItem","position":1,"name":"Startseite","item":"https:\/\/www.icpmuenchen.de\/hr\/"},{"@type":"ListItem","position":2,"name":"Zaklada ICP Minhen"}]},{"@type":"WebSite","@id":"https:\/\/www.icpmuenchen.de\/hr\/#website","url":"https:\/\/www.icpmuenchen.de\/hr\/","name":"ICP M\u00fcnchen","description":"Integrationszentrum f\u00fcr K\u00f6rperbehinderte","publisher":{"@id":"https:\/\/www.icpmuenchen.de\/hr\/#organization"},"potentialAction":[{"@type":"SearchAction","target":{"@type":"EntryPoint","urlTemplate":"https:\/\/www.icpmuenchen.de\/hr\/?s={search_term_string}"},"query-input":{"@type":"PropertyValueSpecification","valueRequired":true,"valueName":"search_term_string"}}],"inLanguage":"hr"},{"@type":"Organization","@id":"https:\/\/www.icpmuenchen.de\/hr\/#organization","name":"ICP M\u00fcnchen","url":"https:\/\/www.icpmuenchen.de\/hr\/","logo":{"@type":"ImageObject","inLanguage":"hr","@id":"https:\/\/www.icpmuenchen.de\/hr\/#\/schema\/logo\/image\/","url":"https:\/\/www.icpmuenchen.de\/wp-content\/uploads\/2020\/08\/Logo_Stiftung-ICP.svg","contentUrl":"https:\/\/www.icpmuenchen.de\/wp-content\/uploads\/2020\/08\/Logo_Stiftung-ICP.svg","width":1,"height":1,"caption":"ICP M\u00fcnchen"},"image":{"@id":"https:\/\/www.icpmuenchen.de\/hr\/#\/schema\/logo\/image\/"}}]}},"_links":{"self":[{"href":"https:\/\/www.icpmuenchen.de\/hr\/wp-json\/wp\/v2\/pages\/8327","targetHints":{"allow":["GET"]}}],"collection":[{"href":"https:\/\/www.icpmuenchen.de\/hr\/wp-json\/wp\/v2\/pages"}],"about":[{"href":"https:\/\/www.icpmuenchen.de\/hr\/wp-json\/wp\/v2\/types\/page"}],"author":[{"embeddable":true,"href":"https:\/\/www.icpmuenchen.de\/hr\/wp-json\/wp\/v2\/users\/1"}],"replies":[{"embeddable":true,"href":"https:\/\/www.icpmuenchen.de\/hr\/wp-json\/wp\/v2\/comments?post=8327"}],"version-history":[{"count":10,"href":"https:\/\/www.icpmuenchen.de\/hr\/wp-json\/wp\/v2\/pages\/8327\/revisions"}],"predecessor-version":[{"id":10143,"href":"https:\/\/www.icpmuenchen.de\/hr\/wp-json\/wp\/v2\/pages\/8327\/revisions\/10143"}],"wp:attachment":[{"href":"https:\/\/www.icpmuenchen.de\/hr\/wp-json\/wp\/v2\/media?parent=8327"}],"curies":[{"name":"wp","href":"https:\/\/api.w.org\/{rel}","templated":true}]}}