{"id":8377,"date":"2021-12-20T13:48:59","date_gmt":"2021-12-20T12:48:59","guid":{"rendered":"https:\/\/www.icpmuenchen.de\/medizin-therapie\/fachaerztliche-betreuung-3\/"},"modified":"2023-02-13T14:12:26","modified_gmt":"2023-02-13T13:12:26","slug":"lijecnicko-specijalisticka-obrada","status":"publish","type":"page","link":"https:\/\/www.icpmuenchen.de\/hr\/medicina-terapija\/lijecnicko-specijalisticka-obrada\/","title":{"rendered":"Lije\u010dni\u010dko specijalisti\u010dka obrada"},"content":{"rendered":"\t\t<div data-elementor-type=\"wp-page\" data-elementor-id=\"8377\" class=\"elementor elementor-8377 elementor-4406\" data-elementor-post-type=\"page\">\n\t\t\t\t\t\t<section class=\"elementor-section elementor-top-section elementor-element elementor-element-42c4a261 elementor-section-height-min-height elementor-section-content-middle elementor-section-boxed elementor-section-height-default elementor-section-items-middle\" data-id=\"42c4a261\" data-element_type=\"section\" data-e-type=\"section\" data-settings=\"{&quot;background_background&quot;:&quot;classic&quot;}\">\n\t\t\t\t\t\t\t<div class=\"elementor-background-overlay\"><\/div>\n\t\t\t\t\t\t\t<div class=\"elementor-container elementor-column-gap-default\">\n\t\t\t\t\t<div class=\"elementor-column elementor-col-100 elementor-top-column elementor-element elementor-element-4946e212\" data-id=\"4946e212\" data-element_type=\"column\" data-e-type=\"column\">\n\t\t\t<div class=\"elementor-widget-wrap elementor-element-populated\">\n\t\t\t\t\t\t<div class=\"elementor-element elementor-element-beddfc elementor-widget elementor-widget-elementskit-heading\" data-id=\"beddfc\" data-element_type=\"widget\" data-e-type=\"widget\" data-widget_type=\"elementskit-heading.default\">\n\t\t\t\t<div class=\"elementor-widget-container\">\n\t\t\t\t\t<div class=\"ekit-wid-con\" ><div class=\"ekit-heading elementskit-section-title-wraper text_left   ekit_heading_tablet-   ekit_heading_mobile-\"><h3 class=\"elementskit-section-subtitle  \">\n\t\t\t\t\t\tDIJAGNOSTIKA, SAVJETOVANJE, TERAPIJA I PODSTICANJE POD JEDNIM KROVOM\n\t\t\t\t\t<\/h3><h2 class=\"ekit-heading--title elementskit-section-title \">Medicina &amp; terapija<\/h2><\/div><\/div>\t\t\t\t<\/div>\n\t\t\t\t<\/div>\n\t\t\t\t\t<\/div>\n\t\t<\/div>\n\t\t\t\t\t<\/div>\n\t\t<\/section>\n\t\t\t\t<section class=\"elementor-section elementor-top-section elementor-element elementor-element-6869b901 elementor-section-boxed elementor-section-height-default elementor-section-height-default elementor-invisible\" data-id=\"6869b901\" data-element_type=\"section\" data-e-type=\"section\" data-settings=\"{&quot;animation&quot;:&quot;fadeInUp&quot;}\">\n\t\t\t\t\t\t<div class=\"elementor-container elementor-column-gap-default\">\n\t\t\t\t\t<div class=\"elementor-column elementor-col-100 elementor-top-column elementor-element elementor-element-3f5e81a4\" data-id=\"3f5e81a4\" data-element_type=\"column\" data-e-type=\"column\">\n\t\t\t<div class=\"elementor-widget-wrap elementor-element-populated\">\n\t\t\t\t\t\t<div class=\"elementor-element elementor-element-3d491935 elementor-widget__width-auto elementor-absolute elementor-hidden-tablet elementor-hidden-phone animated-slow elementor-invisible elementor-widget elementor-widget-elementskit-heading\" data-id=\"3d491935\" data-element_type=\"widget\" data-e-type=\"widget\" data-settings=\"{&quot;_position&quot;:&quot;absolute&quot;,&quot;_animation&quot;:&quot;fadeInUp&quot;}\" data-widget_type=\"elementskit-heading.default\">\n\t\t\t\t<div class=\"elementor-widget-container\">\n\t\t\t\t\t<div class=\"ekit-wid-con\" ><div class=\"ekit-heading elementskit-section-title-wraper text_center   ekit_heading_tablet-   ekit_heading_mobile-\"><\/div><\/div>\t\t\t\t<\/div>\n\t\t\t\t<\/div>\n\t\t\t\t<div class=\"elementor-element elementor-element-4ccc8f12 elementor-widget elementor-widget-elementskit-heading\" data-id=\"4ccc8f12\" data-element_type=\"widget\" data-e-type=\"widget\" data-widget_type=\"elementskit-heading.default\">\n\t\t\t\t<div class=\"elementor-widget-container\">\n\t\t\t\t\t<div class=\"ekit-wid-con\" ><div class=\"ekit-heading elementskit-section-title-wraper text_center   ekit_heading_tablet-   ekit_heading_mobile-\"><h3 class=\"elementskit-section-subtitle  \">\n\t\t\t\t\t\tMedicina &amp; terapija\n\t\t\t\t\t<\/h3><h2 class=\"ekit-heading--title elementskit-section-title \">Lije\u010dni\u010dko specijalisti\u010dka obrada<\/h2><\/div><\/div>\t\t\t\t<\/div>\n\t\t\t\t<\/div>\n\t\t\t\t\t<\/div>\n\t\t<\/div>\n\t\t\t\t\t<\/div>\n\t\t<\/section>\n\t\t\t\t<section class=\"elementor-section elementor-top-section elementor-element elementor-element-b5f0043 elementor-section-boxed elementor-section-height-default elementor-section-height-default\" data-id=\"b5f0043\" data-element_type=\"section\" data-e-type=\"section\" data-settings=\"{&quot;background_background&quot;:&quot;classic&quot;}\">\n\t\t\t\t\t\t<div class=\"elementor-container elementor-column-gap-no\">\n\t\t\t\t\t<div class=\"elementor-column elementor-col-100 elementor-top-column elementor-element elementor-element-15625e2\" data-id=\"15625e2\" data-element_type=\"column\" data-e-type=\"column\">\n\t\t\t<div class=\"elementor-widget-wrap elementor-element-populated\">\n\t\t\t\t\t\t<section class=\"elementor-section elementor-inner-section elementor-element elementor-element-c67782c animated-slow elementor-section-boxed elementor-section-height-default elementor-section-height-default\" data-id=\"c67782c\" data-element_type=\"section\" data-e-type=\"section\" data-settings=\"{&quot;animation&quot;:&quot;none&quot;}\">\n\t\t\t\t\t\t<div class=\"elementor-container elementor-column-gap-default\">\n\t\t\t\t\t<div class=\"elementor-column elementor-col-100 elementor-inner-column elementor-element elementor-element-3b8edd6\" data-id=\"3b8edd6\" data-element_type=\"column\" data-e-type=\"column\">\n\t\t\t<div class=\"elementor-widget-wrap elementor-element-populated\">\n\t\t\t\t\t\t<div class=\"elementor-element elementor-element-4e130a8 elementor-widget elementor-widget-text-editor\" data-id=\"4e130a8\" data-element_type=\"widget\" data-e-type=\"widget\" data-widget_type=\"text-editor.default\">\n\t\t\t\t<div class=\"elementor-widget-container\">\n\t\t\t\t\t\t\t\t\t<p>U svim ustanovama zaklade ICP Minhen mo\u017eete se osloniti na visoko kvalificiranu i detaljnu obradu na\u0161ih lije\u010dnika specijalista. Nakon prijemnog pregleda na\u0161 tim lije\u010dnika specijalista odlu\u010duje i odre\u0111uje individualnu terapiju u centralnim podru\u010djima fizio, radne i govorne terapije kao i psihoterapije. Nudimo Vam medicinske preglede i savjetovanje za sva zdravstvena pitanja kao i za nabavu pomogala. Vizita se odr\u017eava dva puta tjedno.<br \/><br \/>Na\u0161a predsjednica upravnog odbora za medicinu i terapiju zaklade ICP Minhen je Dr.med. Veronika Wegener, koja ima podr\u0161ku lije\u010dnika specijalista za pedijatriju i ortopediju.<\/p>\t\t\t\t\t\t\t\t<\/div>\n\t\t\t\t<\/div>\n\t\t\t\t<div class=\"elementor-element elementor-element-10ac42f elementor-widget elementor-widget-image\" data-id=\"10ac42f\" data-element_type=\"widget\" data-e-type=\"widget\" data-widget_type=\"image.default\">\n\t\t\t\t<div class=\"elementor-widget-container\">\n\t\t\t\t\t\t\t\t\t\t\t\t\t\t\t<img fetchpriority=\"high\" decoding=\"async\" width=\"800\" height=\"400\" src=\"https:\/\/www.icpmuenchen.de\/wp-content\/uploads\/2021\/06\/fachaerztliche-betreuung-1024x512.jpg\" class=\"attachment-large size-large wp-image-7401\" alt=\"\" srcset=\"https:\/\/www.icpmuenchen.de\/wp-content\/uploads\/2021\/06\/fachaerztliche-betreuung-1024x512.jpg 1024w, https:\/\/www.icpmuenchen.de\/wp-content\/uploads\/2021\/06\/fachaerztliche-betreuung-300x150.jpg 300w, https:\/\/www.icpmuenchen.de\/wp-content\/uploads\/2021\/06\/fachaerztliche-betreuung-768x384.jpg 768w, https:\/\/www.icpmuenchen.de\/wp-content\/uploads\/2021\/06\/fachaerztliche-betreuung.jpg 1200w\" sizes=\"(max-width: 800px) 100vw, 800px\" \/>\t\t\t\t\t\t\t\t\t\t\t\t\t\t\t<\/div>\n\t\t\t\t<\/div>\n\t\t\t\t\t<\/div>\n\t\t<\/div>\n\t\t\t\t\t<\/div>\n\t\t<\/section>\n\t\t\t\t<section class=\"elementor-section elementor-inner-section elementor-element elementor-element-9aefea2 animated-slow elementor-section-boxed elementor-section-height-default elementor-section-height-default\" data-id=\"9aefea2\" data-element_type=\"section\" data-e-type=\"section\" data-settings=\"{&quot;animation&quot;:&quot;none&quot;}\">\n\t\t\t\t\t\t<div class=\"elementor-container elementor-column-gap-default\">\n\t\t\t\t\t<div class=\"elementor-column elementor-col-100 elementor-inner-column elementor-element elementor-element-e139932\" data-id=\"e139932\" data-element_type=\"column\" data-e-type=\"column\" data-settings=\"{&quot;background_background&quot;:&quot;classic&quot;}\">\n\t\t\t<div class=\"elementor-widget-wrap elementor-element-populated\">\n\t\t\t\t\t\t<div class=\"elementor-element elementor-element-67ba102 elementor-widget elementor-widget-heading\" data-id=\"67ba102\" data-element_type=\"widget\" data-e-type=\"widget\" data-widget_type=\"heading.default\">\n\t\t\t\t<div class=\"elementor-widget-container\">\n\t\t\t\t\t<h3 class=\"elementor-heading-title elementor-size-default\">U medicinsku skrb se ubrajaju:<\/h3>\t\t\t\t<\/div>\n\t\t\t\t<\/div>\n\t\t\t\t<div class=\"elementor-element elementor-element-7504cfe elementor-widget elementor-widget-text-editor\" data-id=\"7504cfe\" data-element_type=\"widget\" data-e-type=\"widget\" data-widget_type=\"text-editor.default\">\n\t\t\t\t<div class=\"elementor-widget-container\">\n\t\t\t\t\t\t\t\t\t<ul><li>Prijamni pregled<\/li><li>Planiranje terapije<\/li><li>Redovne vizite<\/li><li>Individualna analiza hoda<\/li><li>Preporuka i kordinacija operativnih zahvata<\/li><li>Upu\u0107ivanje drugim specijalistima<\/li><li>Uputnice za fizio, radnu i govornu terapiju<\/li><li>Uputnica i razdu\u017eivanje pomagala, ortopedska pomagala se mogu napraviti i u na\u0161oj radionici<\/li><li>Izrada plana medikacije, va\u017ee\u0107eg na nivou dr\u017eave<\/li><li>Postoperativna skrb<\/li><\/ul><p>Sa ovom intenzivnom lije\u010dni\u010dkom skrbi, \u017eelimo Vama roditeljima, djeci, mladima i odraslima sa invaliditetom ponuditi sigurnost, koju zaslu\u017eujete.<\/p>\t\t\t\t\t\t\t\t<\/div>\n\t\t\t\t<\/div>\n\t\t\t\t\t<\/div>\n\t\t<\/div>\n\t\t\t\t\t<\/div>\n\t\t<\/section>\n\t\t\t\t\t<\/div>\n\t\t<\/div>\n\t\t\t\t\t<\/div>\n\t\t<\/section>\n\t\t\t\t<section class=\"elementor-section elementor-inner-section elementor-element elementor-element-2d53673c elementor-section-boxed elementor-section-height-default elementor-section-height-default\" data-id=\"2d53673c\" data-element_type=\"section\" data-e-type=\"section\">\n\t\t\t\t\t\t<div class=\"elementor-container elementor-column-gap-default\">\n\t\t\t\t\t<div class=\"elementor-column elementor-col-100 elementor-inner-column elementor-element elementor-element-15bff152\" data-id=\"15bff152\" data-element_type=\"column\" data-e-type=\"column\" data-settings=\"{&quot;background_background&quot;:&quot;classic&quot;}\">\n\t\t\t<div class=\"elementor-widget-wrap elementor-element-populated\">\n\t\t\t\t\t\t<div class=\"elementor-element elementor-element-ca1f8eb elementor-widget elementor-widget-heading\" data-id=\"ca1f8eb\" data-element_type=\"widget\" data-e-type=\"widget\" data-widget_type=\"heading.default\">\n\t\t\t\t<div class=\"elementor-widget-container\">\n\t\t\t\t\t<h3 class=\"elementor-heading-title elementor-size-default\">Info materijal za preuzimanje<\/h3>\t\t\t\t<\/div>\n\t\t\t\t<\/div>\n\t\t\t\t<div class=\"elementor-element elementor-element-3e055767 elementor-align-center elementor-widget elementor-widget-button\" data-id=\"3e055767\" data-element_type=\"widget\" data-e-type=\"widget\" data-widget_type=\"button.default\">\n\t\t\t\t<div class=\"elementor-widget-container\">\n\t\t\t\t\t\t\t\t\t<div class=\"elementor-button-wrapper\">\n\t\t\t\t\t<a class=\"elementor-button elementor-button-link elementor-size-sm\" href=\"\/downloads\/#medizin-therapie\">\n\t\t\t\t\t\t<span class=\"elementor-button-content-wrapper\">\n\t\t\t\t\t\t\t\t\t<span class=\"elementor-button-text\">Datoteka za preuzimanje<\/span>\n\t\t\t\t\t<\/span>\n\t\t\t\t\t<\/a>\n\t\t\t\t<\/div>\n\t\t\t\t\t\t\t\t<\/div>\n\t\t\t\t<\/div>\n\t\t\t\t\t<\/div>\n\t\t<\/div>\n\t\t\t\t\t<\/div>\n\t\t<\/section>\n\t\t\t\t<section class=\"elementor-section elementor-top-section elementor-element elementor-element-1df555e7 elementor-section-boxed elementor-section-height-default elementor-section-height-default elementor-invisible\" data-id=\"1df555e7\" data-element_type=\"section\" data-e-type=\"section\" data-settings=\"{&quot;background_background&quot;:&quot;classic&quot;,&quot;animation&quot;:&quot;fadeInUp&quot;}\">\n\t\t\t\t\t\t<div class=\"elementor-container elementor-column-gap-no\">\n\t\t\t\t\t<div class=\"elementor-column elementor-col-100 elementor-top-column elementor-element elementor-element-15592f42\" data-id=\"15592f42\" data-element_type=\"column\" data-e-type=\"column\">\n\t\t\t<div class=\"elementor-widget-wrap elementor-element-populated\">\n\t\t\t\t\t\t<section class=\"elementor-section elementor-inner-section elementor-element elementor-element-56b7dc73 animated-slow elementor-section-boxed elementor-section-height-default elementor-section-height-default elementor-invisible\" data-id=\"56b7dc73\" data-element_type=\"section\" data-e-type=\"section\" data-settings=\"{&quot;animation&quot;:&quot;fadeInUp&quot;}\">\n\t\t\t\t\t\t<div class=\"elementor-container elementor-column-gap-default\">\n\t\t\t\t\t<div class=\"elementor-column elementor-col-100 elementor-inner-column elementor-element elementor-element-10a5c219\" data-id=\"10a5c219\" data-element_type=\"column\" data-e-type=\"column\">\n\t\t\t<div class=\"elementor-widget-wrap elementor-element-populated\">\n\t\t\t\t\t\t<div class=\"elementor-element elementor-element-7d93ba5b animated-slow elementor-invisible elementor-widget elementor-widget-elementskit-heading\" data-id=\"7d93ba5b\" data-element_type=\"widget\" data-e-type=\"widget\" data-settings=\"{&quot;_animation&quot;:&quot;fadeInUp&quot;}\" data-widget_type=\"elementskit-heading.default\">\n\t\t\t\t<div class=\"elementor-widget-container\">\n\t\t\t\t\t<div class=\"ekit-wid-con\" ><div class=\"ekit-heading elementskit-section-title-wraper text_center   ekit_heading_tablet-   ekit_heading_mobile-\"><h3 class=\"elementskit-section-subtitle  \">\n\t\t\t\t\t\tAko imate pitanja u svezi lije\u010dni\u010dke skrbi\n\t\t\t\t\t<\/h3><h2 class=\"ekit-heading--title elementskit-section-title \">Va\u0161e kontakt osobe<\/h2><\/div><\/div>\t\t\t\t<\/div>\n\t\t\t\t<\/div>\n\t\t\t\t\t<\/div>\n\t\t<\/div>\n\t\t\t\t\t<\/div>\n\t\t<\/section>\n\t\t\t\t<section class=\"elementor-section elementor-inner-section elementor-element elementor-element-6503952a elementor-section-boxed elementor-section-height-default elementor-section-height-default\" data-id=\"6503952a\" data-element_type=\"section\" data-e-type=\"section\">\n\t\t\t\t\t\t<div class=\"elementor-container elementor-column-gap-default\">\n\t\t\t\t\t<div class=\"elementor-column elementor-col-50 elementor-inner-column elementor-element elementor-element-59684e57\" data-id=\"59684e57\" data-element_type=\"column\" data-e-type=\"column\">\n\t\t\t<div class=\"elementor-widget-wrap elementor-element-populated\">\n\t\t\t\t\t\t<div class=\"elementor-element elementor-element-fb00a40 elementor-widget elementor-widget-elementskit-team\" data-id=\"fb00a40\" data-element_type=\"widget\" data-e-type=\"widget\" data-widget_type=\"elementskit-team.default\">\n\t\t\t\t<div class=\"elementor-widget-container\">\n\t\t\t\t\t<div class=\"ekit-wid-con\">\n\t\t\t\t\t\t\t\t\t\t\t\t\t\t\t <div class=\"style-circle ekit-team-img-fit\"> \t\t\t\t\t\t\t\t\t<div class=\"profile-image-card elementor-animation- ekit-team-img ekit-team-style-overlay_circle text-center\">\n\n\t\t\t\t\t\t\t\t\t\t\t\t\t<img decoding=\"async\" width=\"800\" height=\"796\" src=\"https:\/\/www.icpmuenchen.de\/wp-content\/uploads\/2021\/05\/icp-wegnener-2-1024x1019.jpg\" class=\"attachment-large size-large wp-image-1350\" alt=\"\" srcset=\"https:\/\/www.icpmuenchen.de\/wp-content\/uploads\/2021\/05\/icp-wegnener-2-1024x1019.jpg 1024w, https:\/\/www.icpmuenchen.de\/wp-content\/uploads\/2021\/05\/icp-wegnener-2-300x300.jpg 300w, https:\/\/www.icpmuenchen.de\/wp-content\/uploads\/2021\/05\/icp-wegnener-2-150x150.jpg 150w, https:\/\/www.icpmuenchen.de\/wp-content\/uploads\/2021\/05\/icp-wegnener-2-768x765.jpg 768w, https:\/\/www.icpmuenchen.de\/wp-content\/uploads\/2021\/05\/icp-wegnener-2-1536x1529.jpg 1536w, https:\/\/www.icpmuenchen.de\/wp-content\/uploads\/2021\/05\/icp-wegnener-2-2048x2039.jpg 2048w\" sizes=\"(max-width: 800px) 100vw, 800px\" \/>\t\t\t\t\t\t\t\t\t\t\t\t<div class=\"hover-area\">\n\t\t\t\t\t\t\t<div class=\"profile-body\">\n\t\t\t\t\t\t\t\t<h2 class=\"profile-title\">\n\t\t\t\t\t\t\t\t\t\t\t\t\t\t\t\t\t\t\t\t\t\t\t\t\t\t\t\t\t\t\t\t\t<\/h2>\n\t\t\t\t\t\t\t\t<p class=\"profile-designation\"><\/p>\n\t\t\t\t\t\t\t\t\t\t\t\t\t\t\t<\/div>\n\t\t\t\t\t\t\t\t\t\t\t\t\t<\/div>\n\t\t\t\t\t<\/div>\n\t\t\t\t\t <\/div> \n\t\t\t\t\n\t\t\t\t<\/div>\t\t\t\t<\/div>\n\t\t\t\t<\/div>\n\t\t\t\t<div class=\"elementor-element elementor-element-9aedf58 elementor-widget elementor-widget-elementskit-heading\" data-id=\"9aedf58\" data-element_type=\"widget\" data-e-type=\"widget\" data-widget_type=\"elementskit-heading.default\">\n\t\t\t\t<div class=\"elementor-widget-container\">\n\t\t\t\t\t<div class=\"ekit-wid-con\" ><div class=\"ekit-heading elementskit-section-title-wraper text_center   ekit_heading_tablet-   ekit_heading_mobile-\"><h2 class=\"ekit-heading--title elementskit-section-title \">Dr. med. Veronika Wegener<\/h2><h3 class=\"ekit-heading--subtitle elementskit-section-subtitle  \">\n\t\t\t\t\t\tPredsjednica nadzornog odbora za medicinu i terapiju\n\t\t\t\t\t<\/h3>\t\t\t\t<div class='ekit-heading__description'>\n\t\t\t\t\t<p><a href=\"tel:+498971007200\">+49 89 71007-200<\/a><br \/><a href=\"mailto:veronika.wegener@icp.de\">veronika.wegener@icp.de<\/a><\/p>\n\t\t\t\t<\/div>\n\t\t\t<\/div><\/div>\t\t\t\t<\/div>\n\t\t\t\t<\/div>\n\t\t\t\t\t<\/div>\n\t\t<\/div>\n\t\t\t\t<div class=\"elementor-column elementor-col-50 elementor-inner-column elementor-element elementor-element-b155265\" data-id=\"b155265\" data-element_type=\"column\" data-e-type=\"column\">\n\t\t\t<div class=\"elementor-widget-wrap elementor-element-populated\">\n\t\t\t\t\t\t<div class=\"elementor-element elementor-element-a8fe458 elementor-widget elementor-widget-elementskit-team\" data-id=\"a8fe458\" data-element_type=\"widget\" data-e-type=\"widget\" data-widget_type=\"elementskit-team.default\">\n\t\t\t\t<div class=\"elementor-widget-container\">\n\t\t\t\t\t<div class=\"ekit-wid-con\">\n\t\t\t\t\t\t\t\t\t\t\t\t\t\t\t <div class=\"style-circle ekit-team-img-fit\"> \t\t\t\t\t\t\t\t\t<div class=\"profile-image-card elementor-animation- ekit-team-img ekit-team-style-overlay_circle text-center\">\n\n\t\t\t\t\t\t\t\t\t\t\t\t\t<img decoding=\"async\" width=\"800\" height=\"754\" src=\"https:\/\/www.icpmuenchen.de\/wp-content\/uploads\/2021\/09\/Fr.-Kremer_2a-1024x965.jpg\" class=\"attachment-large size-large wp-image-4185\" alt=\"\" srcset=\"https:\/\/www.icpmuenchen.de\/wp-content\/uploads\/2021\/09\/Fr.-Kremer_2a-1024x965.jpg 1024w, https:\/\/www.icpmuenchen.de\/wp-content\/uploads\/2021\/09\/Fr.-Kremer_2a-300x283.jpg 300w, https:\/\/www.icpmuenchen.de\/wp-content\/uploads\/2021\/09\/Fr.-Kremer_2a-768x724.jpg 768w, https:\/\/www.icpmuenchen.de\/wp-content\/uploads\/2021\/09\/Fr.-Kremer_2a.jpg 1061w\" sizes=\"(max-width: 800px) 100vw, 800px\" \/>\t\t\t\t\t\t\t\t\t\t\t\t<div class=\"hover-area\">\n\t\t\t\t\t\t\t<div class=\"profile-body\">\n\t\t\t\t\t\t\t\t<h2 class=\"profile-title\">\n\t\t\t\t\t\t\t\t\t\t\t\t\t\t\t\t\t\t\t\t\t\t\t\t\t\t\t\t\t\t\t\t\t<\/h2>\n\t\t\t\t\t\t\t\t<p class=\"profile-designation\"><\/p>\n\t\t\t\t\t\t\t\t\t\t\t\t\t\t\t<\/div>\n\t\t\t\t\t\t\t\t\t\t\t\t\t<\/div>\n\t\t\t\t\t<\/div>\n\t\t\t\t\t <\/div> \n\t\t\t\t\n\t\t\t\t<\/div>\t\t\t\t<\/div>\n\t\t\t\t<\/div>\n\t\t\t\t<div class=\"elementor-element elementor-element-9211ac8 elementor-widget elementor-widget-elementskit-heading\" data-id=\"9211ac8\" data-element_type=\"widget\" data-e-type=\"widget\" data-widget_type=\"elementskit-heading.default\">\n\t\t\t\t<div class=\"elementor-widget-container\">\n\t\t\t\t\t<div class=\"ekit-wid-con\" ><div class=\"ekit-heading elementskit-section-title-wraper text_center   ekit_heading_tablet-   ekit_heading_mobile-\"><h2 class=\"ekit-heading--title elementskit-section-title \">Helene Kremer<\/h2><h3 class=\"ekit-heading--subtitle elementskit-section-subtitle  \">\n\t\t\t\t\t\tLije\u010dni\u010dki sekreterijat Zaklade ICP\n\t\t\t\t\t<\/h3>\t\t\t\t<div class='ekit-heading__description'>\n\t\t\t\t\t<p><a href=\"tel:+498971007200\">+49 89 71007-200<\/a><br \/>\n<a href=\"mailto:helene.kremer@icp.de\">helene.kremer@icp.de<\/a><\/p>\n\t\t\t\t<\/div>\n\t\t\t<\/div><\/div>\t\t\t\t<\/div>\n\t\t\t\t<\/div>\n\t\t\t\t\t<\/div>\n\t\t<\/div>\n\t\t\t\t\t<\/div>\n\t\t<\/section>\n\t\t\t\t<div class=\"elementor-element elementor-element-57f0c80 elementor-widget elementor-widget-menu-anchor\" data-id=\"57f0c80\" data-element_type=\"widget\" data-e-type=\"widget\" data-widget_type=\"menu-anchor.default\">\n\t\t\t\t<div class=\"elementor-widget-container\">\n\t\t\t\t\t\t\t<div class=\"elementor-menu-anchor\" id=\"pflegedienst\"><\/div>\n\t\t\t\t\t\t<\/div>\n\t\t\t\t<\/div>\n\t\t\t\t\t<\/div>\n\t\t<\/div>\n\t\t\t\t\t<\/div>\n\t\t<\/section>\n\t\t\t\t<section class=\"elementor-section elementor-top-section elementor-element elementor-element-756b2b9 elementor-section-boxed elementor-section-height-default elementor-section-height-default\" data-id=\"756b2b9\" data-element_type=\"section\" data-e-type=\"section\" id=\"u-medicinsku-skrb-se-ubrajaju\" data-settings=\"{&quot;background_background&quot;:&quot;classic&quot;}\">\n\t\t\t\t\t\t<div class=\"elementor-container elementor-column-gap-no\">\n\t\t\t\t\t<div class=\"elementor-column elementor-col-100 elementor-top-column elementor-element elementor-element-d84690e\" data-id=\"d84690e\" data-element_type=\"column\" data-e-type=\"column\">\n\t\t\t<div class=\"elementor-widget-wrap elementor-element-populated\">\n\t\t\t\t\t\t<section class=\"elementor-section elementor-inner-section elementor-element elementor-element-92c26a7 animated-slow elementor-section-boxed elementor-section-height-default elementor-section-height-default\" data-id=\"92c26a7\" data-element_type=\"section\" data-e-type=\"section\" data-settings=\"{&quot;animation&quot;:&quot;none&quot;}\">\n\t\t\t\t\t\t<div class=\"elementor-container elementor-column-gap-default\">\n\t\t\t\t\t<div class=\"elementor-column elementor-col-100 elementor-inner-column elementor-element elementor-element-c51df31\" data-id=\"c51df31\" data-element_type=\"column\" data-e-type=\"column\">\n\t\t\t<div class=\"elementor-widget-wrap elementor-element-populated\">\n\t\t\t\t\t\t<div class=\"elementor-element elementor-element-833f222 elementor-widget elementor-widget-heading\" data-id=\"833f222\" data-element_type=\"widget\" data-e-type=\"widget\" data-widget_type=\"heading.default\">\n\t\t\t\t<div class=\"elementor-widget-container\">\n\t\t\t\t\t<h3 class=\"elementor-heading-title elementor-size-default\">Usluge zdravstvene skrbi<\/h3>\t\t\t\t<\/div>\n\t\t\t\t<\/div>\n\t\t\t\t<div class=\"elementor-element elementor-element-2aea97f elementor-widget elementor-widget-text-editor\" data-id=\"2aea97f\" data-element_type=\"widget\" data-e-type=\"widget\" data-widget_type=\"text-editor.default\">\n\t\t\t\t<div class=\"elementor-widget-container\">\n\t\t\t\t\t\t\t\t\t<p>Na\u0161a slu\u017eba zdravstvene skrbi u centrali ICP Minhen je multiprofesionalno organizirana. Na\u0161e stru\u010dno medicinsko osoblje se sastoji od medicinskih (dje\u010dijih) sestara kao i jednog stru\u010dnjaka za rane, jednog stu\u010dnjaka za higijenu i jedne medicinske sestre za intezivnu njegu djece. Kroz prostornu blizinu na\u0161em lije\u010dni\u010dkom timu i pedago\u0161kim odjelima mogu\u0107a je brza i usko povezana, personalizirana medicinska i njegovateljska podr\u0161ka djeci, mladima i odraslima.<\/p>\t\t\t\t\t\t\t\t<\/div>\n\t\t\t\t<\/div>\n\t\t\t\t<div class=\"elementor-element elementor-element-5eccfbe elementor-widget elementor-widget-image\" data-id=\"5eccfbe\" data-element_type=\"widget\" data-e-type=\"widget\" data-widget_type=\"image.default\">\n\t\t\t\t<div class=\"elementor-widget-container\">\n\t\t\t\t\t\t\t\t\t\t\t\t\t\t\t<img loading=\"lazy\" decoding=\"async\" width=\"800\" height=\"400\" src=\"https:\/\/www.icpmuenchen.de\/wp-content\/uploads\/2021\/06\/pflegedienst-1024x512.jpg\" class=\"attachment-large size-large wp-image-7407\" alt=\"\" srcset=\"https:\/\/www.icpmuenchen.de\/wp-content\/uploads\/2021\/06\/pflegedienst-1024x512.jpg 1024w, https:\/\/www.icpmuenchen.de\/wp-content\/uploads\/2021\/06\/pflegedienst-300x150.jpg 300w, https:\/\/www.icpmuenchen.de\/wp-content\/uploads\/2021\/06\/pflegedienst-768x384.jpg 768w, https:\/\/www.icpmuenchen.de\/wp-content\/uploads\/2021\/06\/pflegedienst.jpg 1200w\" sizes=\"(max-width: 800px) 100vw, 800px\" \/>\t\t\t\t\t\t\t\t\t\t\t\t\t\t\t<\/div>\n\t\t\t\t<\/div>\n\t\t\t\t\t<\/div>\n\t\t<\/div>\n\t\t\t\t\t<\/div>\n\t\t<\/section>\n\t\t\t\t<section class=\"elementor-section elementor-inner-section elementor-element elementor-element-b924019 animated-slow elementor-section-boxed elementor-section-height-default elementor-section-height-default\" data-id=\"b924019\" data-element_type=\"section\" data-e-type=\"section\" data-settings=\"{&quot;animation&quot;:&quot;none&quot;}\">\n\t\t\t\t\t\t<div class=\"elementor-container elementor-column-gap-default\">\n\t\t\t\t\t<div class=\"elementor-column elementor-col-100 elementor-inner-column elementor-element elementor-element-4085ef4\" data-id=\"4085ef4\" data-element_type=\"column\" data-e-type=\"column\" data-settings=\"{&quot;background_background&quot;:&quot;classic&quot;}\">\n\t\t\t<div class=\"elementor-widget-wrap elementor-element-populated\">\n\t\t\t\t\t\t<div class=\"elementor-element elementor-element-3797db9 elementor-widget elementor-widget-heading\" data-id=\"3797db9\" data-element_type=\"widget\" data-e-type=\"widget\" data-widget_type=\"heading.default\">\n\t\t\t\t<div class=\"elementor-widget-container\">\n\t\t\t\t\t<h3 class=\"elementor-heading-title elementor-size-default\">Na\u0161a njegovateljska i zdravstvena skrb obuhva\u0107a pored ostalog<\/h3>\t\t\t\t<\/div>\n\t\t\t\t<\/div>\n\t\t\t\t<div class=\"elementor-element elementor-element-1b230ed elementor-widget elementor-widget-text-editor\" data-id=\"1b230ed\" data-element_type=\"widget\" data-e-type=\"widget\" data-widget_type=\"text-editor.default\">\n\t\t\t\t<div class=\"elementor-widget-container\">\n\t\t\t\t\t\t\t\t\t<ul><li>Nadzor vitalnih parametara<\/li><li>Opskrba sa sistemima kao kateterima i sondama<\/li><li>inhaliranje<\/li><li>Saniranje rana<\/li><li>postoperativna skrb<\/li><\/ul><p><br \/>Pored medicinske hitne opskrbe na\u0161 tima za zdravstvenu njegu organizira jednom tjedno lije\u010dni\u010dke konzultacije i usko je uklju\u010den u postoperativnu rehabilitaciju. Na\u0161 tim za zdravstevnu skrb usko interdisciplinarno sura\u0111uje sa svim na\u0161im odjelima. Njegovo stru\u010dno osoblje podu\u010dava kolege i kolegice bez medicinske izobrazbe u op\u0107im medicinskim pitanjima i upu\u0107uje ih pri njegovateljskim zada\u0107ama. U slu\u010daju medicinskih problema klijenata i klijentica stoji kolegama i kolegicama neprestano na usluzi. Na taj na\u010din se osigurava stalna medicinska skrb, koja je na najaktualnijem nivou.<\/p>\t\t\t\t\t\t\t\t<\/div>\n\t\t\t\t<\/div>\n\t\t\t\t\t<\/div>\n\t\t<\/div>\n\t\t\t\t\t<\/div>\n\t\t<\/section>\n\t\t\t\t\t<\/div>\n\t\t<\/div>\n\t\t\t\t\t<\/div>\n\t\t<\/section>\n\t\t\t\t<section class=\"elementor-section elementor-inner-section elementor-element elementor-element-e812dc9 elementor-section-boxed elementor-section-height-default elementor-section-height-default\" data-id=\"e812dc9\" data-element_type=\"section\" data-e-type=\"section\">\n\t\t\t\t\t\t<div class=\"elementor-container elementor-column-gap-default\">\n\t\t\t\t\t<div class=\"elementor-column elementor-col-100 elementor-inner-column elementor-element elementor-element-6b083a1\" data-id=\"6b083a1\" data-element_type=\"column\" data-e-type=\"column\" data-settings=\"{&quot;background_background&quot;:&quot;classic&quot;}\">\n\t\t\t<div class=\"elementor-widget-wrap elementor-element-populated\">\n\t\t\t\t\t\t<div class=\"elementor-element elementor-element-e8d3c0d elementor-widget elementor-widget-heading\" data-id=\"e8d3c0d\" data-element_type=\"widget\" data-e-type=\"widget\" data-widget_type=\"heading.default\">\n\t\t\t\t<div class=\"elementor-widget-container\">\n\t\t\t\t\t<h3 class=\"elementor-heading-title elementor-size-default\">Informativni materijal za preuzimanja<\/h3>\t\t\t\t<\/div>\n\t\t\t\t<\/div>\n\t\t\t\t<div class=\"elementor-element elementor-element-ec661ad elementor-align-center elementor-widget elementor-widget-button\" data-id=\"ec661ad\" data-element_type=\"widget\" data-e-type=\"widget\" data-widget_type=\"button.default\">\n\t\t\t\t<div class=\"elementor-widget-container\">\n\t\t\t\t\t\t\t\t\t<div class=\"elementor-button-wrapper\">\n\t\t\t\t\t<a class=\"elementor-button elementor-button-link elementor-size-sm\" href=\"\/downloads\/#medizin-therapie\">\n\t\t\t\t\t\t<span class=\"elementor-button-content-wrapper\">\n\t\t\t\t\t\t\t\t\t<span class=\"elementor-button-text\">Zum Downloadbereich<\/span>\n\t\t\t\t\t<\/span>\n\t\t\t\t\t<\/a>\n\t\t\t\t<\/div>\n\t\t\t\t\t\t\t\t<\/div>\n\t\t\t\t<\/div>\n\t\t\t\t\t<\/div>\n\t\t<\/div>\n\t\t\t\t\t<\/div>\n\t\t<\/section>\n\t\t\t\t<section class=\"elementor-section elementor-top-section elementor-element elementor-element-cee1d45 elementor-section-boxed elementor-section-height-default elementor-section-height-default elementor-invisible\" data-id=\"cee1d45\" data-element_type=\"section\" data-e-type=\"section\" data-settings=\"{&quot;background_background&quot;:&quot;classic&quot;,&quot;animation&quot;:&quot;fadeInUp&quot;}\">\n\t\t\t\t\t\t<div class=\"elementor-container elementor-column-gap-no\">\n\t\t\t\t\t<div class=\"elementor-column elementor-col-100 elementor-top-column elementor-element elementor-element-bfb3f6f\" data-id=\"bfb3f6f\" data-element_type=\"column\" data-e-type=\"column\">\n\t\t\t<div class=\"elementor-widget-wrap elementor-element-populated\">\n\t\t\t\t\t\t<section class=\"elementor-section elementor-inner-section elementor-element elementor-element-2d8af8b animated-slow elementor-section-boxed elementor-section-height-default elementor-section-height-default elementor-invisible\" data-id=\"2d8af8b\" data-element_type=\"section\" data-e-type=\"section\" data-settings=\"{&quot;animation&quot;:&quot;fadeInUp&quot;}\">\n\t\t\t\t\t\t<div class=\"elementor-container elementor-column-gap-default\">\n\t\t\t\t\t<div class=\"elementor-column elementor-col-100 elementor-inner-column elementor-element elementor-element-6bf6e5f\" data-id=\"6bf6e5f\" data-element_type=\"column\" data-e-type=\"column\">\n\t\t\t<div class=\"elementor-widget-wrap elementor-element-populated\">\n\t\t\t\t\t\t<div class=\"elementor-element elementor-element-ed0cb95 animated-slow elementor-widget elementor-widget-elementskit-heading\" data-id=\"ed0cb95\" data-element_type=\"widget\" data-e-type=\"widget\" data-settings=\"{&quot;_animation&quot;:&quot;none&quot;}\" data-widget_type=\"elementskit-heading.default\">\n\t\t\t\t<div class=\"elementor-widget-container\">\n\t\t\t\t\t<div class=\"ekit-wid-con\" ><div class=\"ekit-heading elementskit-section-title-wraper text_center   ekit_heading_tablet-   ekit_heading_mobile-\"><h3 class=\"elementskit-section-subtitle  \">\n\t\t\t\t\t\tAko imate pitanja vezana za usluge zdravstvene skrbi\n\t\t\t\t\t<\/h3><h2 class=\"ekit-heading--title elementskit-section-title \">Va\u0161e kontakt osobe<\/h2><\/div><\/div>\t\t\t\t<\/div>\n\t\t\t\t<\/div>\n\t\t\t\t<div class=\"elementor-element elementor-element-b42e244 elementor-widget elementor-widget-elementskit-team\" data-id=\"b42e244\" data-element_type=\"widget\" data-e-type=\"widget\" data-widget_type=\"elementskit-team.default\">\n\t\t\t\t<div class=\"elementor-widget-container\">\n\t\t\t\t\t<div class=\"ekit-wid-con\">\n\t\t\t\t\t\t\t\t\t\t\t\t\t\t\t <div class=\"style-circle ekit-team-img-fit\"> \t\t\t\t\t\t\t\t\t<div class=\"profile-image-card elementor-animation- ekit-team-img ekit-team-style-overlay_circle text-center\">\n\n\t\t\t\t\t\t\t\t\t\t\t\t\t<img decoding=\"async\" src=\"https:\/\/www.icpmuenchen.de\/wp-content\/uploads\/2021\/06\/astrid-doboeser.jpg\" title=\"\" alt=\"\" loading=\"lazy\" \/>\t\t\t\t\t\t\t\t\t\t\t\t<div class=\"hover-area\">\n\t\t\t\t\t\t\t<div class=\"profile-body\">\n\t\t\t\t\t\t\t\t<h2 class=\"profile-title\">\n\t\t\t\t\t\t\t\t\t\t\t\t\t\t\t\t\t\t\t\t\t\t\t\t\t\t\t\t\t\t\t\t\t<\/h2>\n\t\t\t\t\t\t\t\t<p class=\"profile-designation\"><\/p>\n\t\t\t\t\t\t\t\t\t\t\t\t\t\t\t<\/div>\n\t\t\t\t\t\t\t\t\t\t\t\t\t<\/div>\n\t\t\t\t\t<\/div>\n\t\t\t\t\t <\/div> \n\t\t\t\t\n\t\t\t\t<\/div>\t\t\t\t<\/div>\n\t\t\t\t<\/div>\n\t\t\t\t<div class=\"elementor-element elementor-element-1fe914e elementor-widget elementor-widget-elementskit-heading\" data-id=\"1fe914e\" data-element_type=\"widget\" data-e-type=\"widget\" data-widget_type=\"elementskit-heading.default\">\n\t\t\t\t<div class=\"elementor-widget-container\">\n\t\t\t\t\t<div class=\"ekit-wid-con\" ><div class=\"ekit-heading elementskit-section-title-wraper text_center   ekit_heading_tablet-   ekit_heading_mobile-\"><h2 class=\"ekit-heading--title elementskit-section-title \">Andra Deboeser<\/h2><h3 class=\"ekit-heading--subtitle elementskit-section-subtitle  \">\n\t\t\t\t\t\tRavnateljstvo zdravstvene skrbi\n\t\t\t\t\t<\/h3>\t\t\t\t<div class='ekit-heading__description'>\n\t\t\t\t\t<p><a href=\"tel:+498971007712\">+49 89 71007 712 <\/a><br \/>\n<a href=\"mailto:andra.deboeser@icp.de\">andra.deboeser@icp.de<\/a><\/p>\n\t\t\t\t<\/div>\n\t\t\t<\/div><\/div>\t\t\t\t<\/div>\n\t\t\t\t<\/div>\n\t\t\t\t\t<\/div>\n\t\t<\/div>\n\t\t\t\t\t<\/div>\n\t\t<\/section>\n\t\t\t\t\t<\/div>\n\t\t<\/div>\n\t\t\t\t\t<\/div>\n\t\t<\/section>\n\t\t\t\t<section class=\"elementor-section elementor-top-section elementor-element elementor-element-3b4bbf9c elementor-section-height-min-height elementor-section-boxed elementor-section-height-default elementor-section-items-middle\" data-id=\"3b4bbf9c\" data-element_type=\"section\" data-e-type=\"section\" data-settings=\"{&quot;background_background&quot;:&quot;classic&quot;}\">\n\t\t\t\t\t\t\t<div class=\"elementor-background-overlay\"><\/div>\n\t\t\t\t\t\t\t<div class=\"elementor-container elementor-column-gap-default\">\n\t\t\t\t\t<div class=\"elementor-column elementor-col-100 elementor-top-column elementor-element elementor-element-451a0d50\" data-id=\"451a0d50\" data-element_type=\"column\" data-e-type=\"column\">\n\t\t\t<div class=\"elementor-widget-wrap elementor-element-populated\">\n\t\t\t\t\t\t<div class=\"elementor-element elementor-element-d31336e elementor-align-center elementor-icon-list--layout-traditional elementor-list-item-link-full_width elementor-widget elementor-widget-icon-list\" data-id=\"d31336e\" data-element_type=\"widget\" data-e-type=\"widget\" data-widget_type=\"icon-list.default\">\n\t\t\t\t<div class=\"elementor-widget-container\">\n\t\t\t\t\t\t\t<ul class=\"elementor-icon-list-items\">\n\t\t\t\t\t\t\t<li class=\"elementor-icon-list-item\">\n\t\t\t\t\t\t\t\t\t\t\t<a href=\"\/stellenangebote\" target=\"_blank\">\n\n\t\t\t\t\t\t\t\t\t\t\t\t<span class=\"elementor-icon-list-icon\">\n\t\t\t\t\t\t\t<i aria-hidden=\"true\" class=\"fas fa-chevron-circle-right\"><\/i>\t\t\t\t\t\t<\/span>\n\t\t\t\t\t\t\t\t\t\t<span class=\"elementor-icon-list-text\">PRIJAVI SE SADA<\/span>\n\t\t\t\t\t\t\t\t\t\t\t<\/a>\n\t\t\t\t\t\t\t\t\t<\/li>\n\t\t\t\t\t\t<\/ul>\n\t\t\t\t\t\t<\/div>\n\t\t\t\t<\/div>\n\t\t\t\t\t<\/div>\n\t\t<\/div>\n\t\t\t\t\t<\/div>\n\t\t<\/section>\n\t\t\t\t<\/div>\n\t\t","protected":false},"excerpt":{"rendered":"<p>DIJAGNOSTIKA, SAVJETOVANJE, TERAPIJA I PODSTICANJE POD JEDNIM KROVOM Medicina &amp; terapija Medicina &amp; terapija Lije\u010dni\u010dko specijalisti\u010dka obrada U svim ustanovama zaklade ICP Minhen mo\u017eete se osloniti na visoko kvalificiranu i detaljnu obradu na\u0161ih lije\u010dnika specijalista. Nakon prijemnog pregleda na\u0161 tim lije\u010dnika specijalista odlu\u010duje i odre\u0111uje individualnu terapiju u centralnim podru\u010djima fizio, radne i govorne terapije [&hellip;]<\/p>\n","protected":false},"author":1,"featured_media":0,"parent":8372,"menu_order":1,"comment_status":"closed","ping_status":"closed","template":"","meta":{"footnotes":""},"class_list":["post-8377","page","type-page","status-publish","hentry"],"yoast_head":"<!-- This site is optimized with the Yoast SEO plugin v26.8 - https:\/\/yoast.com\/product\/yoast-seo-wordpress\/ -->\n<title>Lije\u010dni\u010dko specijalisti\u010dka obrada - ICP M\u00fcnchen<\/title>\n<meta name=\"robots\" content=\"index, follow, max-snippet:-1, max-image-preview:large, max-video-preview:-1\" \/>\n<link rel=\"canonical\" href=\"https:\/\/www.icpmuenchen.de\/hr\/medicina-terapija\/lijecnicko-specijalisticka-obrada\/\" \/>\n<meta property=\"og:locale\" content=\"hr_HR\" \/>\n<meta property=\"og:type\" content=\"article\" \/>\n<meta property=\"og:title\" content=\"Lije\u010dni\u010dko specijalisti\u010dka obrada - ICP M\u00fcnchen\" \/>\n<meta property=\"og:description\" content=\"DIJAGNOSTIKA, SAVJETOVANJE, TERAPIJA I PODSTICANJE POD JEDNIM KROVOM Medicina &amp; terapija Medicina &amp; terapija Lije\u010dni\u010dko specijalisti\u010dka obrada U svim ustanovama zaklade ICP Minhen mo\u017eete se osloniti na visoko kvalificiranu i detaljnu obradu na\u0161ih lije\u010dnika specijalista. Nakon prijemnog pregleda na\u0161 tim lije\u010dnika specijalista odlu\u010duje i odre\u0111uje individualnu terapiju u centralnim podru\u010djima fizio, radne i govorne terapije [&hellip;]\" \/>\n<meta property=\"og:url\" content=\"https:\/\/www.icpmuenchen.de\/hr\/medicina-terapija\/lijecnicko-specijalisticka-obrada\/\" \/>\n<meta property=\"og:site_name\" content=\"ICP M\u00fcnchen\" \/>\n<meta property=\"article:modified_time\" content=\"2023-02-13T13:12:26+00:00\" \/>\n<meta property=\"og:image\" content=\"https:\/\/www.icpmuenchen.de\/wp-content\/uploads\/2021\/06\/fachaerztliche-betreuung-1024x512.jpg\" \/>\n<meta name=\"twitter:card\" content=\"summary_large_image\" \/>\n<meta name=\"twitter:label1\" content=\"Procijenjeno vrijeme \u010ditanja\" \/>\n\t<meta name=\"twitter:data1\" content=\"4 minute\" \/>\n<script type=\"application\/ld+json\" class=\"yoast-schema-graph\">{\"@context\":\"https:\/\/schema.org\",\"@graph\":[{\"@type\":\"WebPage\",\"@id\":\"https:\/\/www.icpmuenchen.de\/hr\/medicina-terapija\/lijecnicko-specijalisticka-obrada\/\",\"url\":\"https:\/\/www.icpmuenchen.de\/hr\/medicina-terapija\/lijecnicko-specijalisticka-obrada\/\",\"name\":\"Lije\u010dni\u010dko specijalisti\u010dka obrada - ICP M\u00fcnchen\",\"isPartOf\":{\"@id\":\"https:\/\/www.icpmuenchen.de\/hr\/#website\"},\"primaryImageOfPage\":{\"@id\":\"https:\/\/www.icpmuenchen.de\/hr\/medicina-terapija\/lijecnicko-specijalisticka-obrada\/#primaryimage\"},\"image\":{\"@id\":\"https:\/\/www.icpmuenchen.de\/hr\/medicina-terapija\/lijecnicko-specijalisticka-obrada\/#primaryimage\"},\"thumbnailUrl\":\"https:\/\/www.icpmuenchen.de\/wp-content\/uploads\/2021\/06\/fachaerztliche-betreuung-1024x512.jpg\",\"datePublished\":\"2021-12-20T12:48:59+00:00\",\"dateModified\":\"2023-02-13T13:12:26+00:00\",\"breadcrumb\":{\"@id\":\"https:\/\/www.icpmuenchen.de\/hr\/medicina-terapija\/lijecnicko-specijalisticka-obrada\/#breadcrumb\"},\"inLanguage\":\"hr\",\"potentialAction\":[{\"@type\":\"ReadAction\",\"target\":[\"https:\/\/www.icpmuenchen.de\/hr\/medicina-terapija\/lijecnicko-specijalisticka-obrada\/\"]}]},{\"@type\":\"ImageObject\",\"inLanguage\":\"hr\",\"@id\":\"https:\/\/www.icpmuenchen.de\/hr\/medicina-terapija\/lijecnicko-specijalisticka-obrada\/#primaryimage\",\"url\":\"https:\/\/www.icpmuenchen.de\/wp-content\/uploads\/2021\/06\/fachaerztliche-betreuung-1024x512.jpg\",\"contentUrl\":\"https:\/\/www.icpmuenchen.de\/wp-content\/uploads\/2021\/06\/fachaerztliche-betreuung-1024x512.jpg\"},{\"@type\":\"BreadcrumbList\",\"@id\":\"https:\/\/www.icpmuenchen.de\/hr\/medicina-terapija\/lijecnicko-specijalisticka-obrada\/#breadcrumb\",\"itemListElement\":[{\"@type\":\"ListItem\",\"position\":1,\"name\":\"Startseite\",\"item\":\"https:\/\/www.icpmuenchen.de\/hr\/\"},{\"@type\":\"ListItem\",\"position\":2,\"name\":\"Medicina &#038; terapija\",\"item\":\"https:\/\/www.icpmuenchen.de\/hr\/medicina-terapija\/\"},{\"@type\":\"ListItem\",\"position\":3,\"name\":\"Lije\u010dni\u010dko specijalisti\u010dka obrada\"}]},{\"@type\":\"WebSite\",\"@id\":\"https:\/\/www.icpmuenchen.de\/hr\/#website\",\"url\":\"https:\/\/www.icpmuenchen.de\/hr\/\",\"name\":\"ICP M\u00fcnchen\",\"description\":\"Integrationszentrum f\u00fcr K\u00f6rperbehinderte\",\"publisher\":{\"@id\":\"https:\/\/www.icpmuenchen.de\/hr\/#organization\"},\"potentialAction\":[{\"@type\":\"SearchAction\",\"target\":{\"@type\":\"EntryPoint\",\"urlTemplate\":\"https:\/\/www.icpmuenchen.de\/hr\/?s={search_term_string}\"},\"query-input\":{\"@type\":\"PropertyValueSpecification\",\"valueRequired\":true,\"valueName\":\"search_term_string\"}}],\"inLanguage\":\"hr\"},{\"@type\":\"Organization\",\"@id\":\"https:\/\/www.icpmuenchen.de\/hr\/#organization\",\"name\":\"ICP M\u00fcnchen\",\"url\":\"https:\/\/www.icpmuenchen.de\/hr\/\",\"logo\":{\"@type\":\"ImageObject\",\"inLanguage\":\"hr\",\"@id\":\"https:\/\/www.icpmuenchen.de\/hr\/#\/schema\/logo\/image\/\",\"url\":\"https:\/\/www.icpmuenchen.de\/wp-content\/uploads\/2020\/08\/Logo_Stiftung-ICP.svg\",\"contentUrl\":\"https:\/\/www.icpmuenchen.de\/wp-content\/uploads\/2020\/08\/Logo_Stiftung-ICP.svg\",\"width\":1,\"height\":1,\"caption\":\"ICP M\u00fcnchen\"},\"image\":{\"@id\":\"https:\/\/www.icpmuenchen.de\/hr\/#\/schema\/logo\/image\/\"}}]}<\/script>\n<!-- \/ Yoast SEO plugin. -->","yoast_head_json":{"title":"Lije\u010dni\u010dko specijalisti\u010dka obrada - ICP M\u00fcnchen","robots":{"index":"index","follow":"follow","max-snippet":"max-snippet:-1","max-image-preview":"max-image-preview:large","max-video-preview":"max-video-preview:-1"},"canonical":"https:\/\/www.icpmuenchen.de\/hr\/medicina-terapija\/lijecnicko-specijalisticka-obrada\/","og_locale":"hr_HR","og_type":"article","og_title":"Lije\u010dni\u010dko specijalisti\u010dka obrada - ICP M\u00fcnchen","og_description":"DIJAGNOSTIKA, SAVJETOVANJE, TERAPIJA I PODSTICANJE POD JEDNIM KROVOM Medicina &amp; terapija Medicina &amp; terapija Lije\u010dni\u010dko specijalisti\u010dka obrada U svim ustanovama zaklade ICP Minhen mo\u017eete se osloniti na visoko kvalificiranu i detaljnu obradu na\u0161ih lije\u010dnika specijalista. Nakon prijemnog pregleda na\u0161 tim lije\u010dnika specijalista odlu\u010duje i odre\u0111uje individualnu terapiju u centralnim podru\u010djima fizio, radne i govorne terapije [&hellip;]","og_url":"https:\/\/www.icpmuenchen.de\/hr\/medicina-terapija\/lijecnicko-specijalisticka-obrada\/","og_site_name":"ICP M\u00fcnchen","article_modified_time":"2023-02-13T13:12:26+00:00","og_image":[{"url":"https:\/\/www.icpmuenchen.de\/wp-content\/uploads\/2021\/06\/fachaerztliche-betreuung-1024x512.jpg","type":"","width":"","height":""}],"twitter_card":"summary_large_image","twitter_misc":{"Procijenjeno vrijeme \u010ditanja":"4 minute"},"schema":{"@context":"https:\/\/schema.org","@graph":[{"@type":"WebPage","@id":"https:\/\/www.icpmuenchen.de\/hr\/medicina-terapija\/lijecnicko-specijalisticka-obrada\/","url":"https:\/\/www.icpmuenchen.de\/hr\/medicina-terapija\/lijecnicko-specijalisticka-obrada\/","name":"Lije\u010dni\u010dko specijalisti\u010dka obrada - ICP M\u00fcnchen","isPartOf":{"@id":"https:\/\/www.icpmuenchen.de\/hr\/#website"},"primaryImageOfPage":{"@id":"https:\/\/www.icpmuenchen.de\/hr\/medicina-terapija\/lijecnicko-specijalisticka-obrada\/#primaryimage"},"image":{"@id":"https:\/\/www.icpmuenchen.de\/hr\/medicina-terapija\/lijecnicko-specijalisticka-obrada\/#primaryimage"},"thumbnailUrl":"https:\/\/www.icpmuenchen.de\/wp-content\/uploads\/2021\/06\/fachaerztliche-betreuung-1024x512.jpg","datePublished":"2021-12-20T12:48:59+00:00","dateModified":"2023-02-13T13:12:26+00:00","breadcrumb":{"@id":"https:\/\/www.icpmuenchen.de\/hr\/medicina-terapija\/lijecnicko-specijalisticka-obrada\/#breadcrumb"},"inLanguage":"hr","potentialAction":[{"@type":"ReadAction","target":["https:\/\/www.icpmuenchen.de\/hr\/medicina-terapija\/lijecnicko-specijalisticka-obrada\/"]}]},{"@type":"ImageObject","inLanguage":"hr","@id":"https:\/\/www.icpmuenchen.de\/hr\/medicina-terapija\/lijecnicko-specijalisticka-obrada\/#primaryimage","url":"https:\/\/www.icpmuenchen.de\/wp-content\/uploads\/2021\/06\/fachaerztliche-betreuung-1024x512.jpg","contentUrl":"https:\/\/www.icpmuenchen.de\/wp-content\/uploads\/2021\/06\/fachaerztliche-betreuung-1024x512.jpg"},{"@type":"BreadcrumbList","@id":"https:\/\/www.icpmuenchen.de\/hr\/medicina-terapija\/lijecnicko-specijalisticka-obrada\/#breadcrumb","itemListElement":[{"@type":"ListItem","position":1,"name":"Startseite","item":"https:\/\/www.icpmuenchen.de\/hr\/"},{"@type":"ListItem","position":2,"name":"Medicina &#038; terapija","item":"https:\/\/www.icpmuenchen.de\/hr\/medicina-terapija\/"},{"@type":"ListItem","position":3,"name":"Lije\u010dni\u010dko specijalisti\u010dka obrada"}]},{"@type":"WebSite","@id":"https:\/\/www.icpmuenchen.de\/hr\/#website","url":"https:\/\/www.icpmuenchen.de\/hr\/","name":"ICP M\u00fcnchen","description":"Integrationszentrum f\u00fcr K\u00f6rperbehinderte","publisher":{"@id":"https:\/\/www.icpmuenchen.de\/hr\/#organization"},"potentialAction":[{"@type":"SearchAction","target":{"@type":"EntryPoint","urlTemplate":"https:\/\/www.icpmuenchen.de\/hr\/?s={search_term_string}"},"query-input":{"@type":"PropertyValueSpecification","valueRequired":true,"valueName":"search_term_string"}}],"inLanguage":"hr"},{"@type":"Organization","@id":"https:\/\/www.icpmuenchen.de\/hr\/#organization","name":"ICP M\u00fcnchen","url":"https:\/\/www.icpmuenchen.de\/hr\/","logo":{"@type":"ImageObject","inLanguage":"hr","@id":"https:\/\/www.icpmuenchen.de\/hr\/#\/schema\/logo\/image\/","url":"https:\/\/www.icpmuenchen.de\/wp-content\/uploads\/2020\/08\/Logo_Stiftung-ICP.svg","contentUrl":"https:\/\/www.icpmuenchen.de\/wp-content\/uploads\/2020\/08\/Logo_Stiftung-ICP.svg","width":1,"height":1,"caption":"ICP M\u00fcnchen"},"image":{"@id":"https:\/\/www.icpmuenchen.de\/hr\/#\/schema\/logo\/image\/"}}]}},"_links":{"self":[{"href":"https:\/\/www.icpmuenchen.de\/hr\/wp-json\/wp\/v2\/pages\/8377","targetHints":{"allow":["GET"]}}],"collection":[{"href":"https:\/\/www.icpmuenchen.de\/hr\/wp-json\/wp\/v2\/pages"}],"about":[{"href":"https:\/\/www.icpmuenchen.de\/hr\/wp-json\/wp\/v2\/types\/page"}],"author":[{"embeddable":true,"href":"https:\/\/www.icpmuenchen.de\/hr\/wp-json\/wp\/v2\/users\/1"}],"replies":[{"embeddable":true,"href":"https:\/\/www.icpmuenchen.de\/hr\/wp-json\/wp\/v2\/comments?post=8377"}],"version-history":[{"count":28,"href":"https:\/\/www.icpmuenchen.de\/hr\/wp-json\/wp\/v2\/pages\/8377\/revisions"}],"predecessor-version":[{"id":10210,"href":"https:\/\/www.icpmuenchen.de\/hr\/wp-json\/wp\/v2\/pages\/8377\/revisions\/10210"}],"up":[{"embeddable":true,"href":"https:\/\/www.icpmuenchen.de\/hr\/wp-json\/wp\/v2\/pages\/8372"}],"wp:attachment":[{"href":"https:\/\/www.icpmuenchen.de\/hr\/wp-json\/wp\/v2\/media?parent=8377"}],"curies":[{"name":"wp","href":"https:\/\/api.w.org\/{rel}","templated":true}]}}